{"id":1909,"date":"2026-04-22T13:45:36","date_gmt":"2026-04-22T16:45:36","guid":{"rendered":"https:\/\/ppgps.uenf.br\/?page_id=1909"},"modified":"2026-04-22T13:52:13","modified_gmt":"2026-04-22T16:52:13","slug":"elementor-1909","status":"publish","type":"page","link":"https:\/\/ppgps.uenf.br\/?page_id=1909","title":{"rendered":"Tese e Disserta\u00e7\u00e3o"},"content":{"rendered":"\t\t<div data-elementor-type=\"wp-page\" data-elementor-id=\"1909\" class=\"elementor elementor-1909\" data-elementor-post-type=\"page\">\n\t\t\t\t<div class=\"elementor-element elementor-element-66bcf608 e-flex e-con-boxed e-con e-parent\" data-id=\"66bcf608\" data-element_type=\"container\" data-e-type=\"container\">\n\t\t\t\t\t<div class=\"e-con-inner\">\n\t\t\t\t<div class=\"elementor-element elementor-element-635f6b3c elementor-widget elementor-widget-text-editor\" data-id=\"635f6b3c\" data-element_type=\"widget\" data-e-type=\"widget\" data-widget_type=\"text-editor.default\">\n\t\t\t\t<div class=\"elementor-widget-container\">\n\t\t\t\t\t\t\t\t\t<blockquote>\n<h1><span style=\"color: #547c46;\"><strong>+ Teses de Doutorado Defendidas<\/strong><\/span><\/h1>\n<\/blockquote>\n<p><!-- \/wp:paragraph --><\/p>\t\t\t\t\t\t\t\t<\/div>\n\t\t\t\t<\/div>\n\t\t\t\t<div class=\"elementor-element elementor-element-37bccce6 e-n-tabs-mobile elementor-widget elementor-widget-n-tabs\" data-id=\"37bccce6\" data-element_type=\"widget\" data-e-type=\"widget\" data-settings=\"{&quot;tabs_justify_horizontal&quot;:&quot;center&quot;,&quot;horizontal_scroll&quot;:&quot;enable&quot;}\" data-widget_type=\"nested-tabs.default\">\n\t\t\t\t<div class=\"elementor-widget-container\">\n\t\t\t\t\t\t\t<div class=\"e-n-tabs\" data-widget-number=\"935120102\" aria-label=\"Abas. Abra itens com &quot;Enter&quot; ou &quot;Espa\u00e7o&quot;, feche com &quot;Escape&quot; e navegue usando as teclas de &quot;Seta&quot;.\">\n\t\t\t<div class=\"e-n-tabs-heading\" role=\"tablist\">\n\t\t\t\t\t<button id=\"e-n-tab-title-9351201021\" data-tab-title-id=\"e-n-tab-title-9351201021\" class=\"e-n-tab-title elementor-animation-grow\" aria-selected=\"true\" data-tab-index=\"1\" role=\"tab\" tabindex=\"0\" aria-controls=\"e-n-tab-content-9351201021\" style=\"--n-tabs-title-order: 1;\">\n\t\t\t\t\t<span class=\"e-n-tab-icon\">\n\t\t\t<svg aria-hidden=\"true\" class=\"e-font-icon-svg e-far-calendar-alt\" viewBox=\"0 0 448 512\" xmlns=\"http:\/\/www.w3.org\/2000\/svg\"><path d=\"M148 288h-40c-6.6 0-12-5.4-12-12v-40c0-6.6 5.4-12 12-12h40c6.6 0 12 5.4 12 12v40c0 6.6-5.4 12-12 12zm108-12v-40c0-6.6-5.4-12-12-12h-40c-6.6 0-12 5.4-12 12v40c0 6.6 5.4 12 12 12h40c6.6 0 12-5.4 12-12zm96 0v-40c0-6.6-5.4-12-12-12h-40c-6.6 0-12 5.4-12 12v40c0 6.6 5.4 12 12 12h40c6.6 0 12-5.4 12-12zm-96 96v-40c0-6.6-5.4-12-12-12h-40c-6.6 0-12 5.4-12 12v40c0 6.6 5.4 12 12 12h40c6.6 0 12-5.4 12-12zm-96 0v-40c0-6.6-5.4-12-12-12h-40c-6.6 0-12 5.4-12 12v40c0 6.6 5.4 12 12 12h40c6.6 0 12-5.4 12-12zm192 0v-40c0-6.6-5.4-12-12-12h-40c-6.6 0-12 5.4-12 12v40c0 6.6 5.4 12 12 12h40c6.6 0 12-5.4 12-12zm96-260v352c0 26.5-21.5 48-48 48H48c-26.5 0-48-21.5-48-48V112c0-26.5 21.5-48 48-48h48V12c0-6.6 5.4-12 12-12h40c6.6 0 12 5.4 12 12v52h128V12c0-6.6 5.4-12 12-12h40c6.6 0 12 5.4 12 12v52h48c26.5 0 48 21.5 48 48zm-48 346V160H48v298c0 3.3 2.7 6 6 6h340c3.3 0 6-2.7 6-6z\"><\/path><\/svg>\t\t\t<svg aria-hidden=\"true\" class=\"e-font-icon-svg e-far-calendar-alt\" viewBox=\"0 0 448 512\" xmlns=\"http:\/\/www.w3.org\/2000\/svg\"><path d=\"M148 288h-40c-6.6 0-12-5.4-12-12v-40c0-6.6 5.4-12 12-12h40c6.6 0 12 5.4 12 12v40c0 6.6-5.4 12-12 12zm108-12v-40c0-6.6-5.4-12-12-12h-40c-6.6 0-12 5.4-12 12v40c0 6.6 5.4 12 12 12h40c6.6 0 12-5.4 12-12zm96 0v-40c0-6.6-5.4-12-12-12h-40c-6.6 0-12 5.4-12 12v40c0 6.6 5.4 12 12 12h40c6.6 0 12-5.4 12-12zm-96 96v-40c0-6.6-5.4-12-12-12h-40c-6.6 0-12 5.4-12 12v40c0 6.6 5.4 12 12 12h40c6.6 0 12-5.4 12-12zm-96 0v-40c0-6.6-5.4-12-12-12h-40c-6.6 0-12 5.4-12 12v40c0 6.6 5.4 12 12 12h40c6.6 0 12-5.4 12-12zm192 0v-40c0-6.6-5.4-12-12-12h-40c-6.6 0-12 5.4-12 12v40c0 6.6 5.4 12 12 12h40c6.6 0 12-5.4 12-12zm96-260v352c0 26.5-21.5 48-48 48H48c-26.5 0-48-21.5-48-48V112c0-26.5 21.5-48 48-48h48V12c0-6.6 5.4-12 12-12h40c6.6 0 12 5.4 12 12v52h128V12c0-6.6 5.4-12 12-12h40c6.6 0 12 5.4 12 12v52h48c26.5 0 48 21.5 48 48zm-48 346V160H48v298c0 3.3 2.7 6 6 6h340c3.3 0 6-2.7 6-6z\"><\/path><\/svg>\t\t<\/span>\n\t\t\t\t\t<span class=\"e-n-tab-title-text\">\n\t\t\t\t2026\t\t\t<\/span>\n\t\t<\/button>\n\t\t\t\t<button id=\"e-n-tab-title-9351201022\" data-tab-title-id=\"e-n-tab-title-9351201022\" class=\"e-n-tab-title elementor-animation-grow\" aria-selected=\"false\" data-tab-index=\"2\" role=\"tab\" tabindex=\"-1\" aria-controls=\"e-n-tab-content-9351201022\" style=\"--n-tabs-title-order: 2;\">\n\t\t\t\t\t<span class=\"e-n-tab-icon\">\n\t\t\t<svg aria-hidden=\"true\" class=\"e-font-icon-svg e-far-calendar-alt\" viewBox=\"0 0 448 512\" xmlns=\"http:\/\/www.w3.org\/2000\/svg\"><path d=\"M148 288h-40c-6.6 0-12-5.4-12-12v-40c0-6.6 5.4-12 12-12h40c6.6 0 12 5.4 12 12v40c0 6.6-5.4 12-12 12zm108-12v-40c0-6.6-5.4-12-12-12h-40c-6.6 0-12 5.4-12 12v40c0 6.6 5.4 12 12 12h40c6.6 0 12-5.4 12-12zm96 0v-40c0-6.6-5.4-12-12-12h-40c-6.6 0-12 5.4-12 12v40c0 6.6 5.4 12 12 12h40c6.6 0 12-5.4 12-12zm-96 96v-40c0-6.6-5.4-12-12-12h-40c-6.6 0-12 5.4-12 12v40c0 6.6 5.4 12 12 12h40c6.6 0 12-5.4 12-12zm-96 0v-40c0-6.6-5.4-12-12-12h-40c-6.6 0-12 5.4-12 12v40c0 6.6 5.4 12 12 12h40c6.6 0 12-5.4 12-12zm192 0v-40c0-6.6-5.4-12-12-12h-40c-6.6 0-12 5.4-12 12v40c0 6.6 5.4 12 12 12h40c6.6 0 12-5.4 12-12zm96-260v352c0 26.5-21.5 48-48 48H48c-26.5 0-48-21.5-48-48V112c0-26.5 21.5-48 48-48h48V12c0-6.6 5.4-12 12-12h40c6.6 0 12 5.4 12 12v52h128V12c0-6.6 5.4-12 12-12h40c6.6 0 12 5.4 12 12v52h48c26.5 0 48 21.5 48 48zm-48 346V160H48v298c0 3.3 2.7 6 6 6h340c3.3 0 6-2.7 6-6z\"><\/path><\/svg>\t\t\t<svg aria-hidden=\"true\" class=\"e-font-icon-svg e-far-calendar-alt\" viewBox=\"0 0 448 512\" xmlns=\"http:\/\/www.w3.org\/2000\/svg\"><path d=\"M148 288h-40c-6.6 0-12-5.4-12-12v-40c0-6.6 5.4-12 12-12h40c6.6 0 12 5.4 12 12v40c0 6.6-5.4 12-12 12zm108-12v-40c0-6.6-5.4-12-12-12h-40c-6.6 0-12 5.4-12 12v40c0 6.6 5.4 12 12 12h40c6.6 0 12-5.4 12-12zm96 0v-40c0-6.6-5.4-12-12-12h-40c-6.6 0-12 5.4-12 12v40c0 6.6 5.4 12 12 12h40c6.6 0 12-5.4 12-12zm-96 96v-40c0-6.6-5.4-12-12-12h-40c-6.6 0-12 5.4-12 12v40c0 6.6 5.4 12 12 12h40c6.6 0 12-5.4 12-12zm-96 0v-40c0-6.6-5.4-12-12-12h-40c-6.6 0-12 5.4-12 12v40c0 6.6 5.4 12 12 12h40c6.6 0 12-5.4 12-12zm192 0v-40c0-6.6-5.4-12-12-12h-40c-6.6 0-12 5.4-12 12v40c0 6.6 5.4 12 12 12h40c6.6 0 12-5.4 12-12zm96-260v352c0 26.5-21.5 48-48 48H48c-26.5 0-48-21.5-48-48V112c0-26.5 21.5-48 48-48h48V12c0-6.6 5.4-12 12-12h40c6.6 0 12 5.4 12 12v52h128V12c0-6.6 5.4-12 12-12h40c6.6 0 12 5.4 12 12v52h48c26.5 0 48 21.5 48 48zm-48 346V160H48v298c0 3.3 2.7 6 6 6h340c3.3 0 6-2.7 6-6z\"><\/path><\/svg>\t\t<\/span>\n\t\t\t\t\t<span class=\"e-n-tab-title-text\">\n\t\t\t\t2025\t\t\t<\/span>\n\t\t<\/button>\n\t\t\t\t<button id=\"e-n-tab-title-9351201023\" data-tab-title-id=\"e-n-tab-title-9351201023\" class=\"e-n-tab-title elementor-animation-grow\" aria-selected=\"false\" data-tab-index=\"3\" role=\"tab\" tabindex=\"-1\" aria-controls=\"e-n-tab-content-9351201023\" style=\"--n-tabs-title-order: 3;\">\n\t\t\t\t\t<span class=\"e-n-tab-icon\">\n\t\t\t<svg aria-hidden=\"true\" class=\"e-font-icon-svg e-far-calendar-alt\" viewBox=\"0 0 448 512\" xmlns=\"http:\/\/www.w3.org\/2000\/svg\"><path d=\"M148 288h-40c-6.6 0-12-5.4-12-12v-40c0-6.6 5.4-12 12-12h40c6.6 0 12 5.4 12 12v40c0 6.6-5.4 12-12 12zm108-12v-40c0-6.6-5.4-12-12-12h-40c-6.6 0-12 5.4-12 12v40c0 6.6 5.4 12 12 12h40c6.6 0 12-5.4 12-12zm96 0v-40c0-6.6-5.4-12-12-12h-40c-6.6 0-12 5.4-12 12v40c0 6.6 5.4 12 12 12h40c6.6 0 12-5.4 12-12zm-96 96v-40c0-6.6-5.4-12-12-12h-40c-6.6 0-12 5.4-12 12v40c0 6.6 5.4 12 12 12h40c6.6 0 12-5.4 12-12zm-96 0v-40c0-6.6-5.4-12-12-12h-40c-6.6 0-12 5.4-12 12v40c0 6.6 5.4 12 12 12h40c6.6 0 12-5.4 12-12zm192 0v-40c0-6.6-5.4-12-12-12h-40c-6.6 0-12 5.4-12 12v40c0 6.6 5.4 12 12 12h40c6.6 0 12-5.4 12-12zm96-260v352c0 26.5-21.5 48-48 48H48c-26.5 0-48-21.5-48-48V112c0-26.5 21.5-48 48-48h48V12c0-6.6 5.4-12 12-12h40c6.6 0 12 5.4 12 12v52h128V12c0-6.6 5.4-12 12-12h40c6.6 0 12 5.4 12 12v52h48c26.5 0 48 21.5 48 48zm-48 346V160H48v298c0 3.3 2.7 6 6 6h340c3.3 0 6-2.7 6-6z\"><\/path><\/svg>\t\t\t<svg aria-hidden=\"true\" class=\"e-font-icon-svg e-far-calendar-alt\" viewBox=\"0 0 448 512\" xmlns=\"http:\/\/www.w3.org\/2000\/svg\"><path d=\"M148 288h-40c-6.6 0-12-5.4-12-12v-40c0-6.6 5.4-12 12-12h40c6.6 0 12 5.4 12 12v40c0 6.6-5.4 12-12 12zm108-12v-40c0-6.6-5.4-12-12-12h-40c-6.6 0-12 5.4-12 12v40c0 6.6 5.4 12 12 12h40c6.6 0 12-5.4 12-12zm96 0v-40c0-6.6-5.4-12-12-12h-40c-6.6 0-12 5.4-12 12v40c0 6.6 5.4 12 12 12h40c6.6 0 12-5.4 12-12zm-96 96v-40c0-6.6-5.4-12-12-12h-40c-6.6 0-12 5.4-12 12v40c0 6.6 5.4 12 12 12h40c6.6 0 12-5.4 12-12zm-96 0v-40c0-6.6-5.4-12-12-12h-40c-6.6 0-12 5.4-12 12v40c0 6.6 5.4 12 12 12h40c6.6 0 12-5.4 12-12zm192 0v-40c0-6.6-5.4-12-12-12h-40c-6.6 0-12 5.4-12 12v40c0 6.6 5.4 12 12 12h40c6.6 0 12-5.4 12-12zm96-260v352c0 26.5-21.5 48-48 48H48c-26.5 0-48-21.5-48-48V112c0-26.5 21.5-48 48-48h48V12c0-6.6 5.4-12 12-12h40c6.6 0 12 5.4 12 12v52h128V12c0-6.6 5.4-12 12-12h40c6.6 0 12 5.4 12 12v52h48c26.5 0 48 21.5 48 48zm-48 346V160H48v298c0 3.3 2.7 6 6 6h340c3.3 0 6-2.7 6-6z\"><\/path><\/svg>\t\t<\/span>\n\t\t\t\t\t<span class=\"e-n-tab-title-text\">\n\t\t\t\t2024\t\t\t<\/span>\n\t\t<\/button>\n\t\t\t\t<button id=\"e-n-tab-title-9351201024\" data-tab-title-id=\"e-n-tab-title-9351201024\" class=\"e-n-tab-title elementor-animation-grow\" aria-selected=\"false\" data-tab-index=\"4\" role=\"tab\" tabindex=\"-1\" aria-controls=\"e-n-tab-content-9351201024\" style=\"--n-tabs-title-order: 4;\">\n\t\t\t\t\t<span class=\"e-n-tab-icon\">\n\t\t\t<svg aria-hidden=\"true\" class=\"e-font-icon-svg e-far-calendar-alt\" viewBox=\"0 0 448 512\" xmlns=\"http:\/\/www.w3.org\/2000\/svg\"><path d=\"M148 288h-40c-6.6 0-12-5.4-12-12v-40c0-6.6 5.4-12 12-12h40c6.6 0 12 5.4 12 12v40c0 6.6-5.4 12-12 12zm108-12v-40c0-6.6-5.4-12-12-12h-40c-6.6 0-12 5.4-12 12v40c0 6.6 5.4 12 12 12h40c6.6 0 12-5.4 12-12zm96 0v-40c0-6.6-5.4-12-12-12h-40c-6.6 0-12 5.4-12 12v40c0 6.6 5.4 12 12 12h40c6.6 0 12-5.4 12-12zm-96 96v-40c0-6.6-5.4-12-12-12h-40c-6.6 0-12 5.4-12 12v40c0 6.6 5.4 12 12 12h40c6.6 0 12-5.4 12-12zm-96 0v-40c0-6.6-5.4-12-12-12h-40c-6.6 0-12 5.4-12 12v40c0 6.6 5.4 12 12 12h40c6.6 0 12-5.4 12-12zm192 0v-40c0-6.6-5.4-12-12-12h-40c-6.6 0-12 5.4-12 12v40c0 6.6 5.4 12 12 12h40c6.6 0 12-5.4 12-12zm96-260v352c0 26.5-21.5 48-48 48H48c-26.5 0-48-21.5-48-48V112c0-26.5 21.5-48 48-48h48V12c0-6.6 5.4-12 12-12h40c6.6 0 12 5.4 12 12v52h128V12c0-6.6 5.4-12 12-12h40c6.6 0 12 5.4 12 12v52h48c26.5 0 48 21.5 48 48zm-48 346V160H48v298c0 3.3 2.7 6 6 6h340c3.3 0 6-2.7 6-6z\"><\/path><\/svg>\t\t\t<svg aria-hidden=\"true\" class=\"e-font-icon-svg e-far-calendar-alt\" viewBox=\"0 0 448 512\" xmlns=\"http:\/\/www.w3.org\/2000\/svg\"><path d=\"M148 288h-40c-6.6 0-12-5.4-12-12v-40c0-6.6 5.4-12 12-12h40c6.6 0 12 5.4 12 12v40c0 6.6-5.4 12-12 12zm108-12v-40c0-6.6-5.4-12-12-12h-40c-6.6 0-12 5.4-12 12v40c0 6.6 5.4 12 12 12h40c6.6 0 12-5.4 12-12zm96 0v-40c0-6.6-5.4-12-12-12h-40c-6.6 0-12 5.4-12 12v40c0 6.6 5.4 12 12 12h40c6.6 0 12-5.4 12-12zm-96 96v-40c0-6.6-5.4-12-12-12h-40c-6.6 0-12 5.4-12 12v40c0 6.6 5.4 12 12 12h40c6.6 0 12-5.4 12-12zm-96 0v-40c0-6.6-5.4-12-12-12h-40c-6.6 0-12 5.4-12 12v40c0 6.6 5.4 12 12 12h40c6.6 0 12-5.4 12-12zm192 0v-40c0-6.6-5.4-12-12-12h-40c-6.6 0-12 5.4-12 12v40c0 6.6 5.4 12 12 12h40c6.6 0 12-5.4 12-12zm96-260v352c0 26.5-21.5 48-48 48H48c-26.5 0-48-21.5-48-48V112c0-26.5 21.5-48 48-48h48V12c0-6.6 5.4-12 12-12h40c6.6 0 12 5.4 12 12v52h128V12c0-6.6 5.4-12 12-12h40c6.6 0 12 5.4 12 12v52h48c26.5 0 48 21.5 48 48zm-48 346V160H48v298c0 3.3 2.7 6 6 6h340c3.3 0 6-2.7 6-6z\"><\/path><\/svg>\t\t<\/span>\n\t\t\t\t\t<span class=\"e-n-tab-title-text\">\n\t\t\t\t2023\t\t\t<\/span>\n\t\t<\/button>\n\t\t\t\t<button id=\"e-n-tab-title-9351201025\" data-tab-title-id=\"e-n-tab-title-9351201025\" class=\"e-n-tab-title elementor-animation-grow\" aria-selected=\"false\" data-tab-index=\"5\" role=\"tab\" tabindex=\"-1\" aria-controls=\"e-n-tab-content-9351201025\" style=\"--n-tabs-title-order: 5;\">\n\t\t\t\t\t<span class=\"e-n-tab-icon\">\n\t\t\t<svg aria-hidden=\"true\" class=\"e-font-icon-svg e-far-calendar-alt\" viewBox=\"0 0 448 512\" xmlns=\"http:\/\/www.w3.org\/2000\/svg\"><path d=\"M148 288h-40c-6.6 0-12-5.4-12-12v-40c0-6.6 5.4-12 12-12h40c6.6 0 12 5.4 12 12v40c0 6.6-5.4 12-12 12zm108-12v-40c0-6.6-5.4-12-12-12h-40c-6.6 0-12 5.4-12 12v40c0 6.6 5.4 12 12 12h40c6.6 0 12-5.4 12-12zm96 0v-40c0-6.6-5.4-12-12-12h-40c-6.6 0-12 5.4-12 12v40c0 6.6 5.4 12 12 12h40c6.6 0 12-5.4 12-12zm-96 96v-40c0-6.6-5.4-12-12-12h-40c-6.6 0-12 5.4-12 12v40c0 6.6 5.4 12 12 12h40c6.6 0 12-5.4 12-12zm-96 0v-40c0-6.6-5.4-12-12-12h-40c-6.6 0-12 5.4-12 12v40c0 6.6 5.4 12 12 12h40c6.6 0 12-5.4 12-12zm192 0v-40c0-6.6-5.4-12-12-12h-40c-6.6 0-12 5.4-12 12v40c0 6.6 5.4 12 12 12h40c6.6 0 12-5.4 12-12zm96-260v352c0 26.5-21.5 48-48 48H48c-26.5 0-48-21.5-48-48V112c0-26.5 21.5-48 48-48h48V12c0-6.6 5.4-12 12-12h40c6.6 0 12 5.4 12 12v52h128V12c0-6.6 5.4-12 12-12h40c6.6 0 12 5.4 12 12v52h48c26.5 0 48 21.5 48 48zm-48 346V160H48v298c0 3.3 2.7 6 6 6h340c3.3 0 6-2.7 6-6z\"><\/path><\/svg>\t\t\t<svg aria-hidden=\"true\" class=\"e-font-icon-svg e-far-calendar-alt\" viewBox=\"0 0 448 512\" xmlns=\"http:\/\/www.w3.org\/2000\/svg\"><path d=\"M148 288h-40c-6.6 0-12-5.4-12-12v-40c0-6.6 5.4-12 12-12h40c6.6 0 12 5.4 12 12v40c0 6.6-5.4 12-12 12zm108-12v-40c0-6.6-5.4-12-12-12h-40c-6.6 0-12 5.4-12 12v40c0 6.6 5.4 12 12 12h40c6.6 0 12-5.4 12-12zm96 0v-40c0-6.6-5.4-12-12-12h-40c-6.6 0-12 5.4-12 12v40c0 6.6 5.4 12 12 12h40c6.6 0 12-5.4 12-12zm-96 96v-40c0-6.6-5.4-12-12-12h-40c-6.6 0-12 5.4-12 12v40c0 6.6 5.4 12 12 12h40c6.6 0 12-5.4 12-12zm-96 0v-40c0-6.6-5.4-12-12-12h-40c-6.6 0-12 5.4-12 12v40c0 6.6 5.4 12 12 12h40c6.6 0 12-5.4 12-12zm192 0v-40c0-6.6-5.4-12-12-12h-40c-6.6 0-12 5.4-12 12v40c0 6.6 5.4 12 12 12h40c6.6 0 12-5.4 12-12zm96-260v352c0 26.5-21.5 48-48 48H48c-26.5 0-48-21.5-48-48V112c0-26.5 21.5-48 48-48h48V12c0-6.6 5.4-12 12-12h40c6.6 0 12 5.4 12 12v52h128V12c0-6.6 5.4-12 12-12h40c6.6 0 12 5.4 12 12v52h48c26.5 0 48 21.5 48 48zm-48 346V160H48v298c0 3.3 2.7 6 6 6h340c3.3 0 6-2.7 6-6z\"><\/path><\/svg>\t\t<\/span>\n\t\t\t\t\t<span class=\"e-n-tab-title-text\">\n\t\t\t\t2022\t\t\t<\/span>\n\t\t<\/button>\n\t\t\t\t<button id=\"e-n-tab-title-9351201026\" data-tab-title-id=\"e-n-tab-title-9351201026\" class=\"e-n-tab-title elementor-animation-grow\" aria-selected=\"false\" data-tab-index=\"6\" role=\"tab\" tabindex=\"-1\" aria-controls=\"e-n-tab-content-9351201026\" style=\"--n-tabs-title-order: 6;\">\n\t\t\t\t\t<span class=\"e-n-tab-icon\">\n\t\t\t<svg aria-hidden=\"true\" class=\"e-font-icon-svg e-far-calendar-alt\" viewBox=\"0 0 448 512\" xmlns=\"http:\/\/www.w3.org\/2000\/svg\"><path d=\"M148 288h-40c-6.6 0-12-5.4-12-12v-40c0-6.6 5.4-12 12-12h40c6.6 0 12 5.4 12 12v40c0 6.6-5.4 12-12 12zm108-12v-40c0-6.6-5.4-12-12-12h-40c-6.6 0-12 5.4-12 12v40c0 6.6 5.4 12 12 12h40c6.6 0 12-5.4 12-12zm96 0v-40c0-6.6-5.4-12-12-12h-40c-6.6 0-12 5.4-12 12v40c0 6.6 5.4 12 12 12h40c6.6 0 12-5.4 12-12zm-96 96v-40c0-6.6-5.4-12-12-12h-40c-6.6 0-12 5.4-12 12v40c0 6.6 5.4 12 12 12h40c6.6 0 12-5.4 12-12zm-96 0v-40c0-6.6-5.4-12-12-12h-40c-6.6 0-12 5.4-12 12v40c0 6.6 5.4 12 12 12h40c6.6 0 12-5.4 12-12zm192 0v-40c0-6.6-5.4-12-12-12h-40c-6.6 0-12 5.4-12 12v40c0 6.6 5.4 12 12 12h40c6.6 0 12-5.4 12-12zm96-260v352c0 26.5-21.5 48-48 48H48c-26.5 0-48-21.5-48-48V112c0-26.5 21.5-48 48-48h48V12c0-6.6 5.4-12 12-12h40c6.6 0 12 5.4 12 12v52h128V12c0-6.6 5.4-12 12-12h40c6.6 0 12 5.4 12 12v52h48c26.5 0 48 21.5 48 48zm-48 346V160H48v298c0 3.3 2.7 6 6 6h340c3.3 0 6-2.7 6-6z\"><\/path><\/svg>\t\t\t<svg aria-hidden=\"true\" class=\"e-font-icon-svg e-far-calendar-alt\" viewBox=\"0 0 448 512\" xmlns=\"http:\/\/www.w3.org\/2000\/svg\"><path d=\"M148 288h-40c-6.6 0-12-5.4-12-12v-40c0-6.6 5.4-12 12-12h40c6.6 0 12 5.4 12 12v40c0 6.6-5.4 12-12 12zm108-12v-40c0-6.6-5.4-12-12-12h-40c-6.6 0-12 5.4-12 12v40c0 6.6 5.4 12 12 12h40c6.6 0 12-5.4 12-12zm96 0v-40c0-6.6-5.4-12-12-12h-40c-6.6 0-12 5.4-12 12v40c0 6.6 5.4 12 12 12h40c6.6 0 12-5.4 12-12zm-96 96v-40c0-6.6-5.4-12-12-12h-40c-6.6 0-12 5.4-12 12v40c0 6.6 5.4 12 12 12h40c6.6 0 12-5.4 12-12zm-96 0v-40c0-6.6-5.4-12-12-12h-40c-6.6 0-12 5.4-12 12v40c0 6.6 5.4 12 12 12h40c6.6 0 12-5.4 12-12zm192 0v-40c0-6.6-5.4-12-12-12h-40c-6.6 0-12 5.4-12 12v40c0 6.6 5.4 12 12 12h40c6.6 0 12-5.4 12-12zm96-260v352c0 26.5-21.5 48-48 48H48c-26.5 0-48-21.5-48-48V112c0-26.5 21.5-48 48-48h48V12c0-6.6 5.4-12 12-12h40c6.6 0 12 5.4 12 12v52h128V12c0-6.6 5.4-12 12-12h40c6.6 0 12 5.4 12 12v52h48c26.5 0 48 21.5 48 48zm-48 346V160H48v298c0 3.3 2.7 6 6 6h340c3.3 0 6-2.7 6-6z\"><\/path><\/svg>\t\t<\/span>\n\t\t\t\t\t<span class=\"e-n-tab-title-text\">\n\t\t\t\t2021\t\t\t<\/span>\n\t\t<\/button>\n\t\t\t\t<button id=\"e-n-tab-title-9351201027\" data-tab-title-id=\"e-n-tab-title-9351201027\" class=\"e-n-tab-title elementor-animation-grow\" aria-selected=\"false\" data-tab-index=\"7\" role=\"tab\" tabindex=\"-1\" aria-controls=\"e-n-tab-content-9351201027\" style=\"--n-tabs-title-order: 7;\">\n\t\t\t\t\t<span class=\"e-n-tab-icon\">\n\t\t\t<svg aria-hidden=\"true\" class=\"e-font-icon-svg e-far-calendar-alt\" viewBox=\"0 0 448 512\" xmlns=\"http:\/\/www.w3.org\/2000\/svg\"><path d=\"M148 288h-40c-6.6 0-12-5.4-12-12v-40c0-6.6 5.4-12 12-12h40c6.6 0 12 5.4 12 12v40c0 6.6-5.4 12-12 12zm108-12v-40c0-6.6-5.4-12-12-12h-40c-6.6 0-12 5.4-12 12v40c0 6.6 5.4 12 12 12h40c6.6 0 12-5.4 12-12zm96 0v-40c0-6.6-5.4-12-12-12h-40c-6.6 0-12 5.4-12 12v40c0 6.6 5.4 12 12 12h40c6.6 0 12-5.4 12-12zm-96 96v-40c0-6.6-5.4-12-12-12h-40c-6.6 0-12 5.4-12 12v40c0 6.6 5.4 12 12 12h40c6.6 0 12-5.4 12-12zm-96 0v-40c0-6.6-5.4-12-12-12h-40c-6.6 0-12 5.4-12 12v40c0 6.6 5.4 12 12 12h40c6.6 0 12-5.4 12-12zm192 0v-40c0-6.6-5.4-12-12-12h-40c-6.6 0-12 5.4-12 12v40c0 6.6 5.4 12 12 12h40c6.6 0 12-5.4 12-12zm96-260v352c0 26.5-21.5 48-48 48H48c-26.5 0-48-21.5-48-48V112c0-26.5 21.5-48 48-48h48V12c0-6.6 5.4-12 12-12h40c6.6 0 12 5.4 12 12v52h128V12c0-6.6 5.4-12 12-12h40c6.6 0 12 5.4 12 12v52h48c26.5 0 48 21.5 48 48zm-48 346V160H48v298c0 3.3 2.7 6 6 6h340c3.3 0 6-2.7 6-6z\"><\/path><\/svg>\t\t\t<svg aria-hidden=\"true\" class=\"e-font-icon-svg e-far-calendar-alt\" viewBox=\"0 0 448 512\" xmlns=\"http:\/\/www.w3.org\/2000\/svg\"><path d=\"M148 288h-40c-6.6 0-12-5.4-12-12v-40c0-6.6 5.4-12 12-12h40c6.6 0 12 5.4 12 12v40c0 6.6-5.4 12-12 12zm108-12v-40c0-6.6-5.4-12-12-12h-40c-6.6 0-12 5.4-12 12v40c0 6.6 5.4 12 12 12h40c6.6 0 12-5.4 12-12zm96 0v-40c0-6.6-5.4-12-12-12h-40c-6.6 0-12 5.4-12 12v40c0 6.6 5.4 12 12 12h40c6.6 0 12-5.4 12-12zm-96 96v-40c0-6.6-5.4-12-12-12h-40c-6.6 0-12 5.4-12 12v40c0 6.6 5.4 12 12 12h40c6.6 0 12-5.4 12-12zm-96 0v-40c0-6.6-5.4-12-12-12h-40c-6.6 0-12 5.4-12 12v40c0 6.6 5.4 12 12 12h40c6.6 0 12-5.4 12-12zm192 0v-40c0-6.6-5.4-12-12-12h-40c-6.6 0-12 5.4-12 12v40c0 6.6 5.4 12 12 12h40c6.6 0 12-5.4 12-12zm96-260v352c0 26.5-21.5 48-48 48H48c-26.5 0-48-21.5-48-48V112c0-26.5 21.5-48 48-48h48V12c0-6.6 5.4-12 12-12h40c6.6 0 12 5.4 12 12v52h128V12c0-6.6 5.4-12 12-12h40c6.6 0 12 5.4 12 12v52h48c26.5 0 48 21.5 48 48zm-48 346V160H48v298c0 3.3 2.7 6 6 6h340c3.3 0 6-2.7 6-6z\"><\/path><\/svg>\t\t<\/span>\n\t\t\t\t\t<span class=\"e-n-tab-title-text\">\n\t\t\t\t2020\t\t\t<\/span>\n\t\t<\/button>\n\t\t\t\t<button id=\"e-n-tab-title-9351201028\" data-tab-title-id=\"e-n-tab-title-9351201028\" class=\"e-n-tab-title elementor-animation-grow\" aria-selected=\"false\" data-tab-index=\"8\" role=\"tab\" tabindex=\"-1\" aria-controls=\"e-n-tab-content-9351201028\" style=\"--n-tabs-title-order: 8;\">\n\t\t\t\t\t<span class=\"e-n-tab-icon\">\n\t\t\t<svg aria-hidden=\"true\" class=\"e-font-icon-svg e-far-calendar-alt\" viewBox=\"0 0 448 512\" xmlns=\"http:\/\/www.w3.org\/2000\/svg\"><path d=\"M148 288h-40c-6.6 0-12-5.4-12-12v-40c0-6.6 5.4-12 12-12h40c6.6 0 12 5.4 12 12v40c0 6.6-5.4 12-12 12zm108-12v-40c0-6.6-5.4-12-12-12h-40c-6.6 0-12 5.4-12 12v40c0 6.6 5.4 12 12 12h40c6.6 0 12-5.4 12-12zm96 0v-40c0-6.6-5.4-12-12-12h-40c-6.6 0-12 5.4-12 12v40c0 6.6 5.4 12 12 12h40c6.6 0 12-5.4 12-12zm-96 96v-40c0-6.6-5.4-12-12-12h-40c-6.6 0-12 5.4-12 12v40c0 6.6 5.4 12 12 12h40c6.6 0 12-5.4 12-12zm-96 0v-40c0-6.6-5.4-12-12-12h-40c-6.6 0-12 5.4-12 12v40c0 6.6 5.4 12 12 12h40c6.6 0 12-5.4 12-12zm192 0v-40c0-6.6-5.4-12-12-12h-40c-6.6 0-12 5.4-12 12v40c0 6.6 5.4 12 12 12h40c6.6 0 12-5.4 12-12zm96-260v352c0 26.5-21.5 48-48 48H48c-26.5 0-48-21.5-48-48V112c0-26.5 21.5-48 48-48h48V12c0-6.6 5.4-12 12-12h40c6.6 0 12 5.4 12 12v52h128V12c0-6.6 5.4-12 12-12h40c6.6 0 12 5.4 12 12v52h48c26.5 0 48 21.5 48 48zm-48 346V160H48v298c0 3.3 2.7 6 6 6h340c3.3 0 6-2.7 6-6z\"><\/path><\/svg>\t\t\t<svg aria-hidden=\"true\" class=\"e-font-icon-svg e-far-calendar-alt\" viewBox=\"0 0 448 512\" xmlns=\"http:\/\/www.w3.org\/2000\/svg\"><path d=\"M148 288h-40c-6.6 0-12-5.4-12-12v-40c0-6.6 5.4-12 12-12h40c6.6 0 12 5.4 12 12v40c0 6.6-5.4 12-12 12zm108-12v-40c0-6.6-5.4-12-12-12h-40c-6.6 0-12 5.4-12 12v40c0 6.6 5.4 12 12 12h40c6.6 0 12-5.4 12-12zm96 0v-40c0-6.6-5.4-12-12-12h-40c-6.6 0-12 5.4-12 12v40c0 6.6 5.4 12 12 12h40c6.6 0 12-5.4 12-12zm-96 96v-40c0-6.6-5.4-12-12-12h-40c-6.6 0-12 5.4-12 12v40c0 6.6 5.4 12 12 12h40c6.6 0 12-5.4 12-12zm-96 0v-40c0-6.6-5.4-12-12-12h-40c-6.6 0-12 5.4-12 12v40c0 6.6 5.4 12 12 12h40c6.6 0 12-5.4 12-12zm192 0v-40c0-6.6-5.4-12-12-12h-40c-6.6 0-12 5.4-12 12v40c0 6.6 5.4 12 12 12h40c6.6 0 12-5.4 12-12zm96-260v352c0 26.5-21.5 48-48 48H48c-26.5 0-48-21.5-48-48V112c0-26.5 21.5-48 48-48h48V12c0-6.6 5.4-12 12-12h40c6.6 0 12 5.4 12 12v52h128V12c0-6.6 5.4-12 12-12h40c6.6 0 12 5.4 12 12v52h48c26.5 0 48 21.5 48 48zm-48 346V160H48v298c0 3.3 2.7 6 6 6h340c3.3 0 6-2.7 6-6z\"><\/path><\/svg>\t\t<\/span>\n\t\t\t\t\t<span class=\"e-n-tab-title-text\">\n\t\t\t\t2019\t\t\t<\/span>\n\t\t<\/button>\n\t\t\t\t<button id=\"e-n-tab-title-9351201029\" data-tab-title-id=\"e-n-tab-title-9351201029\" class=\"e-n-tab-title elementor-animation-grow\" aria-selected=\"false\" data-tab-index=\"9\" role=\"tab\" tabindex=\"-1\" aria-controls=\"e-n-tab-content-9351201029\" style=\"--n-tabs-title-order: 9;\">\n\t\t\t\t\t<span class=\"e-n-tab-icon\">\n\t\t\t<svg aria-hidden=\"true\" class=\"e-font-icon-svg e-far-calendar-alt\" viewBox=\"0 0 448 512\" xmlns=\"http:\/\/www.w3.org\/2000\/svg\"><path d=\"M148 288h-40c-6.6 0-12-5.4-12-12v-40c0-6.6 5.4-12 12-12h40c6.6 0 12 5.4 12 12v40c0 6.6-5.4 12-12 12zm108-12v-40c0-6.6-5.4-12-12-12h-40c-6.6 0-12 5.4-12 12v40c0 6.6 5.4 12 12 12h40c6.6 0 12-5.4 12-12zm96 0v-40c0-6.6-5.4-12-12-12h-40c-6.6 0-12 5.4-12 12v40c0 6.6 5.4 12 12 12h40c6.6 0 12-5.4 12-12zm-96 96v-40c0-6.6-5.4-12-12-12h-40c-6.6 0-12 5.4-12 12v40c0 6.6 5.4 12 12 12h40c6.6 0 12-5.4 12-12zm-96 0v-40c0-6.6-5.4-12-12-12h-40c-6.6 0-12 5.4-12 12v40c0 6.6 5.4 12 12 12h40c6.6 0 12-5.4 12-12zm192 0v-40c0-6.6-5.4-12-12-12h-40c-6.6 0-12 5.4-12 12v40c0 6.6 5.4 12 12 12h40c6.6 0 12-5.4 12-12zm96-260v352c0 26.5-21.5 48-48 48H48c-26.5 0-48-21.5-48-48V112c0-26.5 21.5-48 48-48h48V12c0-6.6 5.4-12 12-12h40c6.6 0 12 5.4 12 12v52h128V12c0-6.6 5.4-12 12-12h40c6.6 0 12 5.4 12 12v52h48c26.5 0 48 21.5 48 48zm-48 346V160H48v298c0 3.3 2.7 6 6 6h340c3.3 0 6-2.7 6-6z\"><\/path><\/svg>\t\t\t<svg aria-hidden=\"true\" class=\"e-font-icon-svg e-far-calendar-alt\" viewBox=\"0 0 448 512\" xmlns=\"http:\/\/www.w3.org\/2000\/svg\"><path d=\"M148 288h-40c-6.6 0-12-5.4-12-12v-40c0-6.6 5.4-12 12-12h40c6.6 0 12 5.4 12 12v40c0 6.6-5.4 12-12 12zm108-12v-40c0-6.6-5.4-12-12-12h-40c-6.6 0-12 5.4-12 12v40c0 6.6 5.4 12 12 12h40c6.6 0 12-5.4 12-12zm96 0v-40c0-6.6-5.4-12-12-12h-40c-6.6 0-12 5.4-12 12v40c0 6.6 5.4 12 12 12h40c6.6 0 12-5.4 12-12zm-96 96v-40c0-6.6-5.4-12-12-12h-40c-6.6 0-12 5.4-12 12v40c0 6.6 5.4 12 12 12h40c6.6 0 12-5.4 12-12zm-96 0v-40c0-6.6-5.4-12-12-12h-40c-6.6 0-12 5.4-12 12v40c0 6.6 5.4 12 12 12h40c6.6 0 12-5.4 12-12zm192 0v-40c0-6.6-5.4-12-12-12h-40c-6.6 0-12 5.4-12 12v40c0 6.6 5.4 12 12 12h40c6.6 0 12-5.4 12-12zm96-260v352c0 26.5-21.5 48-48 48H48c-26.5 0-48-21.5-48-48V112c0-26.5 21.5-48 48-48h48V12c0-6.6 5.4-12 12-12h40c6.6 0 12 5.4 12 12v52h128V12c0-6.6 5.4-12 12-12h40c6.6 0 12 5.4 12 12v52h48c26.5 0 48 21.5 48 48zm-48 346V160H48v298c0 3.3 2.7 6 6 6h340c3.3 0 6-2.7 6-6z\"><\/path><\/svg>\t\t<\/span>\n\t\t\t\t\t<span class=\"e-n-tab-title-text\">\n\t\t\t\t2018\t\t\t<\/span>\n\t\t<\/button>\n\t\t\t\t\t<\/div>\n\t\t\t<div class=\"e-n-tabs-content\">\n\t\t\t\t<div id=\"e-n-tab-content-9351201021\" role=\"tabpanel\" aria-labelledby=\"e-n-tab-title-9351201021\" data-tab-index=\"1\" style=\"--n-tabs-title-order: 1;\" class=\"e-active elementor-element elementor-element-66152a08 e-flex e-con-boxed e-con e-child\" data-id=\"66152a08\" data-element_type=\"container\" data-e-type=\"container\">\n\t\t\t\t\t<div class=\"e-con-inner\">\n\t\t\t\t<div class=\"elementor-element elementor-element-13529eea elementor-widget__width-initial elementor-widget elementor-widget-text-editor\" data-id=\"13529eea\" data-element_type=\"widget\" data-e-type=\"widget\" data-widget_type=\"text-editor.default\">\n\t\t\t\t<div class=\"elementor-widget-container\">\n\t\t\t\t\t\t\t\t\t<p><a href=\"https:\/\/ppgps.uenf.br\/wp-content\/uploads\/2026\/03\/TESE_LUCIANA_P_MORAES_PPGPS_UENF_2026.pdf\" target=\"_blank\" rel=\"noopener\"><strong><span style=\"color: #547c46;\">\u00bb LUCIANA PEREIRA DE MORAES<\/span><\/strong><\/a><\/p>\n<p><span style=\"color: #547c46;\">POL\u00cdTICAS P\u00daBLICAS DE ENFRENTAMENTO \u00c0 VIOL\u00caNCIA CONTRA AS MULHERES:UM ESTUDO ANAL\u00cdTICO A PARTIR DA INATIVA\u00c7\u00c3O DA CASA DAS MULHERES DE VI\u00c7OSA\/MG (2020-2022)<\/span><\/p>\n<p><span style=\"color: #547c46;\"><strong>Orientadora:<\/strong> Prof\u00aa. DSc. Lilian Sagio Cezar<\/span><\/p>\n<p><span style=\"color: #547c46;\">Data da defesa: 13\/01\/2026<\/span><\/p>\t\t\t\t\t\t\t\t<\/div>\n\t\t\t\t<\/div>\n\t\t\t\t\t<\/div>\n\t\t\t\t<\/div>\n\t\t<div id=\"e-n-tab-content-9351201022\" role=\"tabpanel\" aria-labelledby=\"e-n-tab-title-9351201022\" data-tab-index=\"2\" style=\"--n-tabs-title-order: 2;\" class=\" elementor-element elementor-element-17488e6e e-flex e-con-boxed e-con e-child\" data-id=\"17488e6e\" data-element_type=\"container\" data-e-type=\"container\">\n\t\t\t\t\t<div class=\"e-con-inner\">\n\t\t\t\t<div class=\"elementor-element elementor-element-5a7b4272 elementor-widget__width-initial elementor-widget elementor-widget-text-editor\" data-id=\"5a7b4272\" data-element_type=\"widget\" data-e-type=\"widget\" data-widget_type=\"text-editor.default\">\n\t\t\t\t<div class=\"elementor-widget-container\">\n\t\t\t\t\t\t\t\t\t<p><a href=\"https:\/\/ppgps.uenf.br\/wp-content\/uploads\/2025\/10\/Tese-Carolina-F.-Pessanha-2025.pdf\" target=\"_blank\" rel=\"noopener\"><strong><span style=\"color: #547c46;\">\u00bb CAROLINA FRAN\u00c7A PESSANHA<\/span><\/strong><\/a><\/p>\n<p><span style=\"color: #547c46;\">AS TRANSFORMA\u00c7\u00d5ES NA EDUCA\u00c7\u00c3O PROFISISONAL E TECNOL\u00d3GICA (EPT) NO CONTEXTO DA OFENSIVA DO PROJETO NEOLIBERAL ORTODOXO: AS CONCEP\u00c7\u00d5ES DO PROGRAMA NOVOS CAMINHOS<\/span><\/p>\n<p><span style=\"color: #547c46;\"><strong>Orientadora:<\/strong> Prof.\u00aa Dr.\u00aa Renata Maldonado da Silva.<\/span><\/p>\n<p><span style=\"color: #547c46;\">Data da defesa: 27\/06\/2025<\/span><\/p>\n<hr \/>\n<p><a href=\"https:\/\/ppgps.uenf.br\/wp-content\/uploads\/DOCs\/TeseCaremCristini.pdf\" target=\"_blank\" rel=\"noopener\"><strong><span style=\"color: #547c46;\">\u00bb CAREM CRISTINI NOBRE DE ABREU<\/span><\/strong><\/a><\/p>\n<p><span style=\"color: #547c46;\">REMEMORAR HIST\u00d3RIAS PESQUEIRAS: conhecimentos culturais afro-ind\u00edgenas e a\u00e7\u00e3o pol\u00edtico-social na pesca artesanal<\/span><\/p>\n<p><span style=\"color: #547c46;\"><strong>Orientadora:<\/strong> Prof.\u00aa Dr\u00aa. Maria Clareth G. Reis<\/span><br \/><span style=\"color: #547c46;\"><strong>Coorientador:<\/strong> Prof. Dr. Geraldo M\u00e1rcio Tim\u00f3teo<\/span><\/p>\n<p><span style=\"color: #547c46;\">Data da defesa: 13\/06\/2025<\/span><\/p>\n<hr \/>\n<p><a href=\"https:\/\/ppgps.uenf.br\/wp-content\/uploads\/2025\/10\/Tese-Vanessa-Rodrigues-Moreira-2025.pdf\" target=\"_blank\" rel=\"noopener\"><strong><span style=\"color: #547c46;\">\u00bb VANESSA RODRIGUES MOREIRA<\/span><\/strong><\/a><\/p>\n<p><span style=\"color: #547c46;\">ENTRE A ATRA\u00c7\u00c3O E A REJEI\u00c7\u00c3O: DIN\u00c2MICAS CONTRADIT\u00d3RIAS DO OR\u00c7AMENTO DA ASSIST\u00caNCIA SOCIAL NO BRASIL DIANTE DA LUTA DOS TRABALHADORES PELO ASSALARIAMENTO<\/span><\/p>\n<p><span style=\"color: #547c46;\"><strong>Orientador:<\/strong> Prof. Dr. Geraldo M\u00e1rcio Tim\u00f3teo<\/span><\/p>\n<p><span style=\"color: #547c46;\">Data da defesa: 24\/02\/2025<\/span><\/p>\t\t\t\t\t\t\t\t<\/div>\n\t\t\t\t<\/div>\n\t\t\t\t\t<\/div>\n\t\t\t\t<\/div>\n\t\t<div id=\"e-n-tab-content-9351201023\" role=\"tabpanel\" aria-labelledby=\"e-n-tab-title-9351201023\" data-tab-index=\"3\" style=\"--n-tabs-title-order: 3;\" class=\" elementor-element elementor-element-175b6e59 e-flex e-con-boxed e-con e-child\" data-id=\"175b6e59\" data-element_type=\"container\" data-e-type=\"container\">\n\t\t\t\t\t<div class=\"e-con-inner\">\n\t\t\t\t<div class=\"elementor-element elementor-element-ca92ddb elementor-widget__width-initial elementor-widget elementor-widget-text-editor\" data-id=\"ca92ddb\" data-element_type=\"widget\" data-e-type=\"widget\" data-widget_type=\"text-editor.default\">\n\t\t\t\t<div class=\"elementor-widget-container\">\n\t\t\t\t\t\t\t\t\t<p><a href=\"https:\/\/ppgps.uenf.br\/wp-content\/uploads\/2025\/10\/Tese-Ana-Cassia-2024.pdf\" target=\"_blank\" rel=\"noopener\"><strong><span style=\"color: #547c46;\">\u00bb ANNA C\u00c1SSIA FERREIRA GON\u00c7ALVES TEIXEIRA<\/span><\/strong><\/a><\/p>\n<p><span style=\"color: #547c46;\">A POL\u00cdTICA BRASILEIRA DE PREVEN\u00c7\u00c3O AO HIV E AIDS NOS GOVERNOS DILMA<\/span><\/p>\n<p><span style=\"color: #547c46;\"><strong>Orientador:<\/strong> Prof. Dr. Rodrigo da Costa Caetano<\/span><\/p>\n<p><span style=\"color: #547c46;\">Data da defesa: 09\/12\/2024<\/span><\/p>\n<hr \/>\n<p><a href=\"https:\/\/ppgps.uenf.br\/wp-content\/uploads\/2025\/10\/Tese-Hudson-Cassio-2024.pdf\" target=\"_blank\" rel=\"noopener\"><strong><span style=\"color: #547c46;\">\u00bb HUDSON CASSIO GOMES DE OLIVEIRA<\/span><\/strong><\/a><\/p>\n<p><span style=\"color: #547c46;\">PROJETO PEA PESCARTE: IMPLEMENTA\u00c7\u00c3O DE UMA PR\u00c1TICA DIAL\u00d3GICA NO LICENCIAMENTO AMBIENTAL DE PETR\u00d3LEO E G\u00c1S E O DESENVOLVIMENTO DE METODOLOGIAS PARTICIPATIVAS<\/span><\/p>\n<p><span style=\"color: #547c46;\"><strong>Orientador:<\/strong> Prof. Dr. Geraldo M\u00e1rcio Tim\u00f3teo<\/span><\/p>\n<p><span style=\"color: #547c46;\">Data da defesa: 14\/11\/2024<\/span><\/p>\n<hr \/>\n<p><a href=\"https:\/\/ppgps.uenf.br\/wp-content\/uploads\/2025\/10\/Tese-Hugo-Demesio-2024.pdf\" target=\"_blank\" rel=\"noopener\"><strong><span style=\"color: #547c46;\">\u00bb HUGO DEM\u00c9SIO MAIA TORQUATO PAREDES<\/span><\/strong><\/a><\/p>\n<p><span style=\"color: #547c46;\">VIV\u00caNCIAS DE MULHERES TRANSEXUAIS FRENTE A SITUA\u00c7\u00d5ES DE VIOL\u00caNCIA: desafios \u00e0s pol\u00edticas de sa\u00fade e de direitos humanos<\/span><\/p>\n<p><span style=\"color: #547c46;\"><strong>Orientadora:<\/strong> Profa. Doutora Lilian Sagio Cezar<\/span><br \/><span style=\"color: #547c46;\"><strong>Coorientador:<\/strong> Prof. Doutor Nilo Lima de Azevedo<\/span><\/p>\n<p><span style=\"color: #547c46;\">Data da defesa: 11\/11\/2024<\/span><\/p>\n<hr \/>\n<p><a href=\"https:\/\/ppgps.uenf.br\/wp-content\/uploads\/2025\/10\/Tese-Geovana-Santana-da-Silva-2024.pdf\" target=\"_blank\" rel=\"noopener\"><strong><span style=\"color: #547c46;\">\u00bb GEOVANA SANTANA DA SILVA<\/span><\/strong><\/a><\/p>\n<p><span style=\"color: #547c46;\">A POL\u00cdTICA DE COTAS NOS CURSOS DE P\u00d3S-GRADUA\u00c7\u00c3O STRICTO SENSU DAS UNIVERSIDADES ESTADUAIS DO RIO DE JANEIRO: IMPLEMENTA\u00c7\u00c3O, EXPERI\u00caNCIAS E PERSPECTIVAS DE ALTERA\u00c7\u00d5ES NA LEI ESTADUAL N\u00ba 6.914\/2014<\/span><\/p>\n<p><span style=\"color: #547c46;\"><strong>Orientadora:<\/strong> Professora Doutora Shirlena Campos de Souza Amaral<\/span><\/p>\n<p><span style=\"color: #547c46;\">Data da defesa: 24\/09\/2024<\/span><\/p>\n<hr \/>\n<p><a href=\"https:\/\/ppgps.uenf.br\/wp-content\/uploads\/2025\/10\/Tese-Jhonatan-Martins-2024.pdf\" target=\"_blank\" rel=\"noopener\"><strong><span style=\"color: #547c46;\">\u00bb JHONATAN DA SILVA MARTINS<\/span><\/strong><\/a><\/p>\n<p><span style=\"color: #547c46;\">POL\u00cdTICAS CULTURAIS NO MUNIC\u00cdPIO DE S\u00c3O JO\u00c3O DA BARRA: o bloco \u201cIndianos\u201d e a tradi\u00e7\u00e3o da marcha-rancho<\/span><\/p>\n<p><span style=\"color: #547c46;\"><strong>Orientador:<\/strong> Prof. Dra. Lilian Sagio Cezar<\/span><\/p>\n<p><span style=\"color: #547c46;\">Data da defesa: 02\/09\/2024<\/span><\/p>\n<hr \/>\n<p><a href=\"https:\/\/ppgps.uenf.br\/wp-content\/uploads\/2025\/10\/Tese-Vera-Lucia-2024.pdf\" target=\"_blank\" rel=\"noopener\"><strong><span style=\"color: #547c46;\">\u00bb VERA L\u00daCIA VASCONCELOS<\/span><\/strong><\/a><\/p>\n<p><span style=\"color: #547c46;\">EDUCA\u00c7\u00c3O PARA AS RELA\u00c7\u00d5ES \u00c9TNICO-RACIAIS NO CURSO DE PEDAGOGIA: AN\u00c1LISE DE UMA EXPERI\u00caNCIA \u2013 ISEPAM\/FAETEC- CAMPOS DOS GOYTACAZES-RJ (2012-2022)<\/span><\/p>\n<p><span style=\"color: #547c46;\"><strong>Orientadora:<\/strong> Prof\u00aa. Dr\u00aa. Silvia Alicia Martinez<\/span><br \/><span style=\"color: #547c46;\"><strong>Coorientador:<\/strong> Prof. Dr. S\u00e9rgio Arruda de Moura<\/span><\/p>\n<p><span style=\"color: #547c46;\">Data da defesa: 30\/08\/2024<\/span><\/p>\n<hr \/>\n<p><a href=\"https:\/\/ppgps.uenf.br\/wp-content\/uploads\/2025\/10\/Tese-Germano-Godoy-2024.pdf\" target=\"_blank\" rel=\"noopener\"><strong><span style=\"color: #547c46;\">\u00bb GERMANO GODOY AZEREDO<\/span><\/strong><\/a><\/p>\n<p><span style=\"color: #547c46;\">O RETRATO DE UM ESTADO VULNER\u00c1VEL: A POBREZA NOS MUNIC\u00cdPIOS MAIS RICOS DO RIO DE JANEIRO<\/span><\/p>\n<p><span style=\"color: #547c46;\"><strong>Orientadora:<\/strong> Prof\u00aa Dr\u00aa Joseane de Souza<\/span><br \/><span style=\"color: #547c46;\"><strong>Coorientadora:<\/strong> Prof\u00aa Dr\u00aa Teresa de Jesus Peixoto Faria<\/span><\/p>\n<p><span style=\"color: #547c46;\">Data da defesa: 28\/08\/2024<\/span><\/p>\n<hr \/>\n<p><a href=\"https:\/\/ppgps.uenf.br\/wp-content\/uploads\/2025\/10\/Tese-Isroberta-Rosa-2024.pdf\" target=\"_blank\" rel=\"noopener\"><strong><span style=\"color: #547c46;\">\u00bb ISROBERTA ROSA ARAUJO<\/span><\/strong><\/a><\/p>\n<p><span style=\"color: #547c46;\">GEST\u00c3O OR\u00c7AMENT\u00c1RIA PARTICIPATIVA E EDUCA\u00c7\u00c3O AMBIENTAL CR\u00cdTICA &#8211; UMA AN\u00c1LISE DA PARTICIPA\u00c7\u00c3O SOCIAL EM CAMPOS DOS GOYTACAZES<\/span><\/p>\n<p><span style=\"color: #547c46;\"><strong>Orientadora:<\/strong> Prof.\u00aa Dr. \u00aa Simonne Teixeira<\/span><br \/><span style=\"color: #547c46;\"><strong>Coorientador:<\/strong> Prof. Dr. Nilo Lima de Azevedo<\/span><\/p>\n<p><span style=\"color: #547c46;\">Data da defesa: 28\/08\/2024<\/span><\/p>\n<hr \/>\n<p><span style=\"color: #547c46;\"><strong>\u00bb M\u00d4NICA DO NASCIMENTO BRITO<\/strong><\/span><\/p>\n<p><span style=\"color: #547c46;\">\u201cSABERES FEMININOS E CONHECIMENTOS TRADICIONAIS DA PESCA ARTESANAL NA BA\u00cdA DE GUANABARA: ESTUDO DE CASO.\u201d<\/span><\/p>\n<p><span style=\"color: #547c46;\"><strong>Orientador:<\/strong> Lilian Sagio Cezar<\/span><\/p>\n<p><span style=\"color: #547c46;\">Data da Defesa: 01\/03\/2024<\/span><\/p>\n<hr \/>\n<p><strong><span style=\"color: #547c46;\"><a style=\"color: #547c46;\" href=\"https:\/\/uenf.br\/posgraduacao\/politicas-sociais\/wp-content\/uploads\/sites\/11\/2024\/08\/Tese_Nathani_VersaoFinal.pdf\" target=\"_blank\" rel=\"noopener\">\u00bb N\u00c1THANI SIQUEIRA LIMA<\/a><\/span><\/strong><\/p>\n<p><span style=\"color: #547c46;\">\u201cO CAMINHO SE FAZ AO CAMINHAR: JUVENTUDES E ENGAJAMENTO POL\u00cdTICO DOS JOVENS DO PROJETO DE<\/span><br \/><span style=\"color: #547c46;\">EDUCA\u00c7\u00c3O AMBIENTAL TERRIT\u00d3RIOS DO PETR\u00d3LEO\u201d<\/span><\/p>\n<p><span style=\"color: #547c46;\"><strong>Orientador:<\/strong> Marcelo Carlos Gantos<\/span><\/p>\n<p><span style=\"color: #547c46;\">Data da Defesa: 08\/03\/2024<\/span><\/p>\n<hr \/>\n<p><strong><span style=\"color: #547c46;\"><a style=\"color: #547c46;\" href=\"https:\/\/uenf.br\/posgraduacao\/politicas-sociais\/wp-content\/uploads\/sites\/11\/2024\/08\/Tese-VERSAO-FINAL-LUANA-LEAL-RIBEIRO.pdf\" target=\"_blank\" rel=\"noopener\">\u00bb LUANA LEAL RIBEIRO<\/a><\/span><\/strong><\/p>\n<p><span style=\"color: #547c46;\">\u201cDISPUTAS E CONSENSOS NA PROPOSI\u00c7\u00c3O DE UMA NOVA POL\u00cdTICA DE EDUCA\u00c7\u00c3O ESPECIAL NO BRASIL\u201d<\/span><\/p>\n<p><span style=\"color: #547c46;\"><strong>Orientador:<\/strong> Renata Maldonado da Silva<\/span><\/p>\n<p><span style=\"color: #547c46;\">Data da Defesa: 12\/03\/2024<\/span><\/p>\n<hr \/>\n<p><strong><span style=\"color: #547c46;\">\u00bb CL\u00c9A LEOPOLDINA MORAES ALMEIDA<\/span><\/strong><br \/><br \/><span style=\"color: #547c46;\">\u201cPROTAGONISMO FEMININO NA HIST\u00d3RIA DO SAMBA CARIOCA: AS \u2018TIAS BAIANAS\u2019 NA LAVAGEM DA MARQU\u00caS DE SAPUCA\u00cd\u201d<\/span><\/p>\n<p><span style=\"color: #547c46;\"><strong>Orientador:<\/strong> Lilian Sagio Cezar<\/span><\/p>\n<p><span style=\"color: #547c46;\">Data da Defesa: 26\/04\/2018<\/span><\/p>\n<hr \/>\n<p><strong><span style=\"color: #547c46;\"><a style=\"color: #547c46;\" href=\"https:\/\/uenf.br\/posgraduacao\/politicas-sociais\/wp-content\/uploads\/sites\/11\/2024\/08\/TESE-Wagner_Nobrega_Torres_PPGPS_UENF_V.-FINAL.pdf\" target=\"_blank\" rel=\"noopener\">\u00bb WAGNER NOBREGA TORRES<\/a><\/span><\/strong><\/p>\n<p><span style=\"color: #547c46;\">\u201cPOL\u00cdTICAS DE CURR\u00cdCULO PARA A FORMA\u00c7\u00c3O DE PROFESSORES: PROCESSOS DE RESSIGNIFICA\u00c7\u00c3O EM CURSOS DE PEDAGOGIA DE CAMPOS DOS GOYTACAZES\u201d<\/span><\/p>\n<p><span style=\"color: #547c46;\"><strong>Orientador:<\/strong> Silvia Alicia Martinez<\/span><\/p>\n<p><span style=\"color: #547c46;\">Data da Defesa: 25\/06\/2024<\/span><\/p>\n<hr \/>\n<p><a href=\"https:\/\/ppgps.uenf.br\/wp-content\/uploads\/2025\/11\/Tese-Samara-Azevedo-Versa\u0303o-Final.pdf\" target=\"_blank\" rel=\"noopener\"><strong><span style=\"color: #547c46;\">\u00bb SAMARA MO\u00c7O AZEVEDO<\/span><\/strong><\/a><\/p>\n<p><span style=\"color: #547c46;\">\u201cAS RELA\u00c7\u00d5ES \u00c9TNICO-RACIAIS NOS CURR\u00cdCULOS DOS CURSOS DE PEDAGOGIA DE INSTITUI\u00c7\u00d5ES P\u00daBLICAS DA CIDADE DE CAMPOS DOS GOYTACAZES \u2013 RJ.<\/span><\/p>\n<p><span style=\"color: #547c46;\"><strong>Orientador:<\/strong> Maria Clareth Goncalves Reis<\/span><\/p>\n<p><span style=\"color: #547c46;\">Data da Defesa: 01\/07\/2024<\/span><\/p>\n<hr \/>\n<p><strong><span style=\"color: #547c46;\">\u00bb VICTOR RIZO SCHIAVO<\/span><\/strong><\/p>\n<p><span style=\"color: #547c46;\">\u201cO LICENCIAMENTO AMBIENTAL COMO INSTRUMENTO DE POL\u00cdTICA P\u00daBLICA DE PROTE\u00c7\u00c3O AO MEIO AMBIENTE: AN\u00c1LISE DO SETOR DE EXPLORA\u00c7\u00c3O DE ROCHAS ORNAMENTAIS NO SUL DO ESP\u00cdRITO SANTO\u201d<\/span><\/p>\n<p><span style=\"color: #547c46;\"><strong>Orientador:<\/strong> Marcos Antonio Pedlowsk<\/span><\/p>\n<p><span style=\"color: #547c46;\">Data da Defesa:14\/08\/2024<\/span><\/p>\t\t\t\t\t\t\t\t<\/div>\n\t\t\t\t<\/div>\n\t\t\t\t\t<\/div>\n\t\t\t\t<\/div>\n\t\t<div id=\"e-n-tab-content-9351201024\" role=\"tabpanel\" aria-labelledby=\"e-n-tab-title-9351201024\" data-tab-index=\"4\" style=\"--n-tabs-title-order: 4;\" class=\" elementor-element elementor-element-69474c1 e-flex e-con-boxed e-con e-child\" data-id=\"69474c1\" data-element_type=\"container\" data-e-type=\"container\">\n\t\t\t\t\t<div class=\"e-con-inner\">\n\t\t\t\t<div class=\"elementor-element elementor-element-37957fbd elementor-widget__width-initial elementor-widget elementor-widget-text-editor\" data-id=\"37957fbd\" data-element_type=\"widget\" data-e-type=\"widget\" data-widget_type=\"text-editor.default\">\n\t\t\t\t<div class=\"elementor-widget-container\">\n\t\t\t\t\t\t\t\t\t<p><a href=\"https:\/\/ppgps.uenf.br\/wp-content\/uploads\/2025\/10\/Tese-Viviane-Ramiro-2023.pdf\" target=\"_blank\" rel=\"noopener\"><strong><span style=\"color: #547c46;\">\u00bb VIVIANE RAMIRO DA SILVA MARTINS<\/span><\/strong><\/a><\/p>\n<p><span style=\"color: #547c46;\">ORGANIZA\u00c7\u00c3O POL\u00cdTICA DE MULHERES NEGRAS NO ASSENTAMENTO ZUMBI DOS PALMARES, CAMPOS DOS GOYTACAZES (RJ)<\/span><\/p>\n<p><span style=\"color: #547c46;\"><strong>Orientador:<\/strong> Prof. Dr. Paulo Marcelo de Souza<\/span><\/p>\n<p><span style=\"color: #547c46;\"><strong>Coorientadora:<\/strong> Prof. Dr. Maria Clareth Gon\u00e7alves Reis<\/span><\/p>\n<p><span style=\"color: #547c46;\">Data da defesa: 19\/12\/2023<\/span><\/p>\n<hr \/>\n<p><strong><span style=\"color: #547c46;\"><a style=\"color: #547c46;\" href=\"https:\/\/uenf.br\/posgraduacao\/politicas-sociais\/wp-content\/uploads\/sites\/11\/2023\/11\/CLARISSA-MENEZES-DE-SOUZA-POUBEL.pdf\" target=\"_blank\" rel=\"noopener\">\u00bb CLARISSA MENEZES DE SOUZA POUBEL<\/a><\/span><\/strong><\/p>\n<p><span style=\"color: #547c46;\">\u201cESCOLA E ESCOLARIZA\u00c7\u00c3O DE PESCADORES E PESCADORAS EM GARGA\u00da\/S\u00c3O FRANCISCO DE ITABAPOANA\/RJ: NAVEGANDO POR MARES E MEM\u00d3RIAS\u201d<\/span><\/p>\n<p><span style=\"color: #547c46;\"><strong>Orientador:<\/strong> Leandro Garcia Pinho<\/span><\/p>\n<p><span style=\"color: #547c46;\">Data da Defesa: 10\/08\/2023<\/span><\/p>\n<hr \/>\n<p><strong><span style=\"color: #547c46;\">\u00bb CLAUDIO JORGE DA SILVA SOARES<\/span><\/strong><\/p>\n<p><span style=\"color: #547c46;\">\u201cUMA LEITURA DO SUB\u00daRBIO DA LEOPOLDINA A PARTIR DOS COLETIVOS DE CULTURA\u201d<\/span><\/p>\n<p><span style=\"color: #547c46;\"><strong>Orientadora:<\/strong> Caterine Reginense<\/span><\/p>\n<p><span style=\"color: #547c46;\">Data da Defesa: 12\/06\/2023<\/span><\/p>\n<hr \/>\n<p><strong><span style=\"color: #547c46;\"><a style=\"color: #547c46;\" href=\"https:\/\/uenf.br\/posgraduacao\/politicas-sociais\/wp-content\/uploads\/sites\/11\/2023\/09\/EDUARDO-MOREIRA.pdf\" target=\"_blank\" rel=\"noopener\">\u00bb EDUARDO MOREIRA<\/a><\/span><\/strong><\/p>\n<p><span style=\"color: #547c46;\">\u201cMEM\u00d3RIAS E VIV\u00caNCIAS NA PESCA EM GARGA\u00da: TECENDO CIRCUITOS LABORAIS E ECOSSOCIAIS ENTRE PESCADORES E PESCADORAS ARTESANAIS\u201d<\/span><\/p>\n<p><span style=\"color: #547c46;\"><strong>Orientador:<\/strong> Leandro Garcia Pinho<\/span><\/p>\n<p><span style=\"color: #547c46;\">Data da Defesa: 05\/05\/2023<\/span><\/p>\n<hr \/>\n<p><strong><span style=\"color: #547c46;\"><a style=\"color: #547c46;\" href=\"https:\/\/uenf.br\/posgraduacao\/politicas-sociais\/wp-content\/uploads\/sites\/11\/2023\/09\/ETUANY-MARTINS-RANGEL.pdf\" target=\"_blank\" rel=\"noopener\">\u00bb ETUANY MARTINS RANGEL<\/a><\/span><\/strong><\/p>\n<p><span style=\"color: #547c46;\">\u201cSEGURIDADE SOCIAL: O ACESSO AOS DIREITOS SOCIAIS PELAS MULHERES NA ATIVIDADE PESQUEIRA\u201d<\/span><\/p>\n<p><span style=\"color: #547c46;\"><strong>Orientador:<\/strong> Leandro Garcia Pinho<\/span><\/p>\n<p><span style=\"color: #547c46;\">Data da defesa: 05\/07\/202<\/span><\/p>\n<hr \/>\n<p><strong><span style=\"color: #547c46;\"><a style=\"color: #547c46;\" href=\"https:\/\/uenf.br\/posgraduacao\/politicas-sociais\/wp-content\/uploads\/sites\/11\/2023\/09\/FERNANDA-LUISA-DE-MIRANDA-CARDOSO.pdf\" target=\"_blank\" rel=\"noopener\">\u00bb FERNANDA LU\u00cdSA DE MIRANDA CARDOSO<\/a><\/span><\/strong><\/p>\n<p><span style=\"color: #547c46;\">\u201cA EDUCA\u00c7\u00c3O DOS CEGOS EM PAUTA NA AGENDA P\u00daBLICA BRASILEIRA: SEGUINDO OS PASSOS DA INTELECTUAL CEGA DORINA DE GOUV\u00caA NOWILL (1954- 1974)\u201d<\/span><\/p>\n<p><span style=\"color: #547c46;\"><strong>Orientadora:<\/strong> Silvia Alicia Martinez<\/span><\/p>\n<p><span style=\"color: #547c46;\">Data da Defesa: 04\/05\/2023<\/span><\/p>\n<hr \/>\n<p><strong><span style=\"color: #547c46;\"><a style=\"color: #547c46;\" href=\"https:\/\/uenf.br\/posgraduacao\/politicas-sociais\/wp-content\/uploads\/sites\/11\/2023\/07\/Tese-FredericoCarvalho-Versao7.1-1.pdf\" target=\"_blank\" rel=\"noopener\">\u00bb FREDERICO CASTRO DE CARVALHO<\/a><\/span><\/strong><\/p>\n<p><span style=\"color: #547c46;\">\u201cOS N\u00daCLEOS DE ESTUDOS AGROECOL\u00d3GICOS DO INSTITUTO FEDERAL DE EDUCA\u00c7\u00c3O, CI\u00caNCIA E TECNOLOGIA DO ESP\u00cdRITO SANTO: POL\u00cdTICA P\u00daBLICA, PR\u00c1XIS E REPRESENTA\u00c7\u00d5ES SOCIAIS\u201d<\/span><\/p>\n<p><span style=\"color: #547c46;\"><strong>Orientador:<\/strong> Rodrigo da Costa Caetano<\/span><\/p>\n<p><span style=\"color: #547c46;\">Data da Defesa: 24\/03\/2023<\/span><\/p>\n<hr \/>\n<p><strong><span style=\"color: #547c46;\"><a style=\"color: #547c46;\" href=\"https:\/\/uenf.br\/posgraduacao\/politicas-sociais\/wp-content\/uploads\/sites\/11\/2023\/11\/JULIA-BASTOS-BORGES.pdf\" target=\"_blank\" rel=\"noopener\">\u00bb J\u00daLIA BASTOS BORGES<\/a><\/span><\/strong><\/p>\n<p><span style=\"color: #547c46;\">\u201c\u00c1GUA: TERRIT\u00d3RIO EM DISPUTA. CULTURA DA \u00c1GUA E CICLO HIDROSSOCIAL: APRENDENDO COM OS POVOS E COMUNIDADES TRADICIONAIS.\u201d<\/span><\/p>\n<p><span style=\"color: #547c46;\"><strong>Orientador:<\/strong> Simonne Teixeira<\/span><\/p>\n<p><span style=\"color: #547c46;\">Data da Defesa: 22\/06\/2023<\/span><\/p>\n<hr \/>\n<p><strong><span style=\"color: #547c46;\"><a style=\"color: #547c46;\" href=\"https:\/\/uenf.br\/posgraduacao\/politicas-sociais\/wp-content\/uploads\/sites\/11\/2023\/11\/MIRIAN-DE-FREITAS-DA-SILVA-RAMOS.pdf\" target=\"_blank\" rel=\"noopener\">\u00bb MIRIAN DE FREITAS DA SILVA RAMOS<\/a><\/span><\/strong><\/p>\n<p><span style=\"color: #547c46;\">\u201cA INTERSETORIALIDADE E OS DILEMAS PARA SUA IMPLEMENTA\u00c7\u00c3O NA POL\u00cdTICA DE ASSIST\u00caNCIA SOCIAL:\u00a0REFLEX\u00d5ES A PARTIR DO SUAS NO CONTEXTO DO MUNIC\u00cdPIO DE CAMPOS DOS GOYTACAZES\/RJ\u201d<\/span><\/p>\n<p><span style=\"color: #547c46;\"><strong>Orientador:<\/strong> Geraldo Marcio Timoteo<\/span><\/p>\n<p><span style=\"color: #547c46;\">Data da Defesa: 03\/08\/2023<\/span><\/p>\n<hr \/>\n<p><strong><span style=\"color: #547c46;\"><a style=\"color: #547c46;\" href=\"https:\/\/uenf.br\/posgraduacao\/politicas-sociais\/wp-content\/uploads\/sites\/11\/2023\/07\/TESE-VERSAO-POS-BANCA-com-ficha-13.04-1.pdf\" target=\"_blank\" rel=\"noopener\">\u00bb PAULINE APARECIDA ILDEFONSO FERREIRA DA SILVA<\/a><\/span><\/strong><\/p>\n<p><span style=\"color: #547c46;\">POL\u00cdTICAS DE COTAS E INTERSECCIONALIDADE UMA AN\u00c1LISE SOBRE A INSER\u00c7\u00c3O DE MULHERES NEGRAS NOS CURSOS DE P\u00d3S-GRADUA\u00c7\u00c3O \u201cSTRICTO SENSO\u201d NAS UNIVERSIDADES ESTADUAIS DO RIO DE JANEIRO A PARTIR DA APROVA\u00c7\u00c3O DA LEI 6.914\/2014<\/span><\/p>\n<p><span style=\"color: #547c46;\"><strong>Orientadora:<\/strong> Shirlena Campos de Souza Amaral<\/span><\/p>\n<p><span style=\"color: #547c46;\">Data da Defesa: 09\/03\/2023<\/span><\/p>\n<hr \/>\n<p><strong><span style=\"color: #547c46;\"><a style=\"color: #547c46;\" href=\"https:\/\/uenf.br\/posgraduacao\/politicas-sociais\/wp-content\/uploads\/sites\/11\/2023\/07\/Tese-doutorado-Politicas-Sociais-Rafael-Neves-Atualizada-04.2023.pdf\" target=\"_blank\" rel=\"noopener\">\u00bb RAFAEL MOREIRA NEVES<\/a><\/span><\/strong><\/p>\n<p><span style=\"color: #547c46;\">\u201cAS CIDADES PEQUENAS NAS REGI\u00d5ES IMEDIATAS DE CAMPOS DOS GOYTACAZES E MACA\u00c9-RIO DAS OSTRAS: INTEGRA\u00c7\u00c3O REGIONAL, DIN\u00c2MICAS SOCIOESPACIAIS E INSTRUMENTOS DE PLANEJAMENTO URBANO.\u201d<\/span><\/p>\n<p><span style=\"color: #547c46;\"><strong>Orientadora:\u00a0<\/strong> Teresa de Jesus Peixoto Faria<\/span><\/p>\n<p><span style=\"color: #547c46;\">Data da Defesa: 27\/02\/2023<\/span><\/p>\t\t\t\t\t\t\t\t<\/div>\n\t\t\t\t<\/div>\n\t\t\t\t\t<\/div>\n\t\t\t\t<\/div>\n\t\t<div id=\"e-n-tab-content-9351201025\" role=\"tabpanel\" aria-labelledby=\"e-n-tab-title-9351201025\" data-tab-index=\"5\" style=\"--n-tabs-title-order: 5;\" class=\" elementor-element elementor-element-7f1378a0 e-flex e-con-boxed e-con e-child\" data-id=\"7f1378a0\" data-element_type=\"container\" data-e-type=\"container\">\n\t\t\t\t\t<div class=\"e-con-inner\">\n\t\t\t\t<div class=\"elementor-element elementor-element-655b0671 elementor-widget__width-initial elementor-widget elementor-widget-text-editor\" data-id=\"655b0671\" data-element_type=\"widget\" data-e-type=\"widget\" data-widget_type=\"text-editor.default\">\n\t\t\t\t<div class=\"elementor-widget-container\">\n\t\t\t\t\t\t\t\t\t<p><strong><span style=\"color: #547c46;\"><a style=\"color: #547c46;\" href=\"https:\/\/uenf.br\/posgraduacao\/politicas-sociais\/wp-content\/uploads\/sites\/11\/2023\/07\/DIOGO-DE-SOUZA-VARGAS.pdf\" target=\"_blank\" rel=\"noopener\">\u00bb DIOGO DE SOUZA VARGAS<\/a><\/span><\/strong><\/p>\n<p><span style=\"color: #547c46;\">\u201cPOR UM \u201cBRASIL SORRIDENTE\u201d: ACESSO \u00c0S POL\u00cdTICAS P\u00daBLICAS DE SA\u00daDE BUCAL EM CAMPOS DOS GOYTACAZES\/RJ\u201d<\/span><\/p>\n<p><span style=\"color: #547c46;\"><strong>Orientador:<\/strong> Rodrigo da Costa Caetano<\/span><\/p>\n<p><span style=\"color: #547c46;\">Data da Defesa: 29\/08\/2022<\/span><\/p>\n<hr \/>\n<p><strong><span style=\"color: #547c46;\"><a style=\"color: #547c46;\" href=\"https:\/\/uenf.br\/posgraduacao\/politicas-sociais\/wp-content\/uploads\/sites\/11\/2022\/10\/Tese_LuanaHespanhol_versaofinal.pdf\" target=\"_blank\" rel=\"noopener\">\u00bb LUANA HESPANHOL DE SOUZA<\/a><\/span><\/strong><\/p>\n<p><span style=\"color: #547c46;\">\u201cDESIGUALDADE SOCIOECON\u00d4MICA E O PROGRAMA BOLSA FAM\u00cdLIA: UMA AN\u00c1LISE DO BRASIL E GRANDES REGI\u00d5ES NO ANO DE 2019\u201d<\/span><\/p>\n<p><span style=\"color: #547c46;\"><strong>Orientador:<\/strong> Marlon Gomes Ney<\/span><\/p>\n<p><span style=\"color: #547c46;\">Data da Defesa: 22\/06\/2022<\/span><\/p>\n<hr \/>\n<p><strong><span style=\"color: #547c46;\"><a style=\"color: #547c46;\" href=\"https:\/\/uenf.br\/posgraduacao\/politicas-sociais\/wp-content\/uploads\/sites\/11\/2023\/07\/RENATA-MELO-DE-SOUZA.pdf\" target=\"_blank\" rel=\"noopener\">\u00bb RENATA MELO DE SOUZA<\/a><\/span><\/strong><\/p>\n<p><span style=\"color: #547c46;\">\u201cLIMITES E DESAFIOS DA SOCIOEDUCA\u00c7\u00c3O NA LIBERDADE ASSISTIDA PENSADOS A PARTIR DE CAMPOS DOS GOYTACAZES\/RJ\u201d<\/span><\/p>\n<p><span style=\"color: #547c46;\"><strong>Orientador:<\/strong> Renata Maldonado da Silva<\/span><\/p>\n<p><span style=\"color: #547c46;\">Data da Defesa: 03\/08\/2022<\/span><\/p>\n<hr \/>\n<p><strong><span style=\"color: #547c46;\"><a style=\"color: #547c46;\" href=\"https:\/\/uenf.br\/posgraduacao\/politicas-sociais\/wp-content\/uploads\/sites\/11\/2023\/07\/SIMONE-RODRIGUES-BARRETO.pdf\" target=\"_blank\" rel=\"noopener\">\u00bb SIMONE RODRIGUES BARRETO<\/a><\/span><\/strong><\/p>\n<p><span style=\"color: #547c46;\">\u201cCOMUNICA\u00c7\u00c3O E EDUCA\u00c7\u00c3O POPULAR NO LICENCIAMENTO AMBIENTAL: A VIG\u00cdLIA CIDAD\u00c3 COMO INSTRUMENTO DE CONTROLE SOCIAL E CIDADANIA PARTICIPATIVA\u201d<\/span><\/p>\n<p><span style=\"color: #547c46;\"><strong>Orientador:<\/strong> Marcelo Carlos Gantos<\/span><\/p>\n<p><span style=\"color: #547c46;\">Data da Defesa: 11\/08\/2022<\/span><\/p>\n<hr \/>\n<p><strong><span style=\"color: #547c46;\"><a style=\"color: #547c46;\" href=\"https:\/\/uenf.br\/posgraduacao\/politicas-sociais\/wp-content\/uploads\/sites\/11\/2023\/07\/SUELEN-VIANNA-BAHIENSE.pdf\" target=\"_blank\" rel=\"noopener\">\u00bb SUELEN VIANNA BAHIENSE<\/a><\/span><\/strong><\/p>\n<p><span style=\"color: #547c46;\">\u201cA INOVA\u00c7\u00c3O SOCIAL ATRAV\u00c9S DA UNIVERSIDADE ESTADUAL DO NORTE FLUMINENSE DARCY RIBEIRO: UM ESTUDO DE CASO DO PROJETO DE EXTENS\u00c3O UNIVERSIT\u00c1RIA CAMINHOS DE BARRO\u201d<\/span><\/p>\n<p><span style=\"color: #547c46;\"><strong>Orientador:<\/strong> Marcelo Carlos Gantos<\/span><\/p>\n<p><span style=\"color: #547c46;\">Data da Defesa:31\/03\/2022<\/span><\/p>\n<hr \/>\n<p><strong><span style=\"color: #547c46;\"><a style=\"color: #547c46;\" href=\"https:\/\/uenf.br\/posgraduacao\/politicas-sociais\/wp-content\/uploads\/sites\/11\/2023\/07\/THAYNARA-MOREIRA-BOTELHO.pdf\">\u00bb THAYNARA MOREIRA BOTELHO<\/a><\/span><\/strong><\/p>\n<p><span style=\"color: #547c46;\">\u201cA (IN)VIABILIZA\u00c7\u00c3O DOS DIREITOS SOCIAIS AOS ASSENTADOS DO ZUMBI DOS PALMARES: REPRODU\u00c7\u00c3O ESTRAT\u00c9GICA DAS QUEST\u00d5ES AGR\u00c1RIA E SOCIAL EM TEMPOS DE CRISE ESTRUTURAL DO CAPITAL\u201d<\/span><\/p>\n<p><span style=\"color: #547c46;\"><strong>Orientador:<\/strong> Rodrigo da Costa Caetano<\/span><\/p>\n<p><span style=\"color: #547c46;\">Data da Defesa: 18\/08\/2022<\/span><\/p>\n<hr \/>\n<p><strong><span style=\"color: #547c46;\"><a style=\"color: #547c46;\" href=\"https:\/\/uenf.br\/posgraduacao\/politicas-sociais\/wp-content\/uploads\/sites\/11\/2023\/07\/WALDELILO-SANTOS-DE-MELO.pdf\" target=\"_blank\" rel=\"noopener\">\u00bb WALDELILO SANTOS DE MELO<\/a><\/span><\/strong><\/p>\n<p><span style=\"color: #547c46;\">\u201cO GRITO NEGRO: MEM\u00d3RIA E RESIST\u00caNCIA DO GRUPO DE CONSCI\u00caNCIA NEGRA YL\u00c1-DUDU EM ANGRA DOS REIS\u201d<\/span><\/p>\n<p><span style=\"color: #547c46;\"><strong>Orientador:<\/strong> Maria Clareth Goncalves Reis<\/span><\/p>\n<p><span style=\"color: #547c46;\">Data da Defesa:26\/08\/2022<\/span><\/p>\t\t\t\t\t\t\t\t<\/div>\n\t\t\t\t<\/div>\n\t\t\t\t\t<\/div>\n\t\t\t\t<\/div>\n\t\t<div id=\"e-n-tab-content-9351201026\" role=\"tabpanel\" aria-labelledby=\"e-n-tab-title-9351201026\" data-tab-index=\"6\" style=\"--n-tabs-title-order: 6;\" class=\" elementor-element elementor-element-5d34d060 e-flex e-con-boxed e-con e-child\" data-id=\"5d34d060\" data-element_type=\"container\" data-e-type=\"container\">\n\t\t\t\t\t<div class=\"e-con-inner\">\n\t\t\t\t<div class=\"elementor-element elementor-element-7468d3e7 elementor-widget__width-initial elementor-widget elementor-widget-text-editor\" data-id=\"7468d3e7\" data-element_type=\"widget\" data-e-type=\"widget\" data-widget_type=\"text-editor.default\">\n\t\t\t\t<div class=\"elementor-widget-container\">\n\t\t\t\t\t\t\t\t\t<p><strong><span style=\"color: #547c46;\"><a style=\"color: #547c46;\" href=\"https:\/\/uenf.br\/posgraduacao\/politicas-sociais\/wp-content\/uploads\/sites\/11\/2022\/10\/ANA-CAROLINA-DE-SOUSA-VAZ.pdf\" target=\"_blank\" rel=\"noopener\">\u00bb ANA CAROLINA DE SOUSA VAZ<\/a><\/span><\/strong><\/p>\n<p><span style=\"color: #547c46;\">\u201cDIALOGANDO SABERES: A EDUCA\u00c7\u00c3O DAS RELA\u00c7\u00d5ES \u00c9TNICO-RACIAIS EM UMA COMUNIDADE REMANESCENTE DE QUILOMBO EM ARMA\u00c7\u00c3O DOS B\u00daZIOS\/RJ\u201d<\/span><\/p>\n<p><span style=\"color: #547c46;\"><strong>Orientador:<\/strong> Lilian Sagio Cezar<\/span><\/p>\n<p><span style=\"color: #547c46;\">Data da defesa: 25\/02\/2021<\/span><\/p>\n<hr \/>\n<p><strong><span style=\"color: #547c46;\"><a style=\"color: #547c46;\" href=\"https:\/\/uenf.br\/posgraduacao\/politicas-sociais\/wp-content\/uploads\/sites\/11\/2022\/10\/Denise-Gondim-Maciel-Gondim.pdf\" target=\"_blank\" rel=\"noopener\">\u00bb DENISE SALEME MACIEL GONDIM<\/a><\/span><\/strong><\/p>\n<p><span style=\"color: #547c46;\">\u201cPOR UMA POL\u00cdTICA DE ATEN\u00c7\u00c3O AO SUIC\u00cdDIO: AN\u00c1LISE DA ASSIST\u00caNCIA NO MUNIC\u00cdPIO DE CAMPOS DOS GOYTACAZES ENTRE OS ANOS 2015 E 2019\u201d<\/span><\/p>\n<p><span style=\"color: #547c46;\"><strong>Orientador:<\/strong> Paula Mousinho Martins<\/span><\/p>\n<p><span style=\"color: #547c46;\">Data da Defesa: 02\/07\/2021<\/span><\/p>\n<hr \/>\n<p><strong><span style=\"color: #547c46;\"><a style=\"color: #547c46;\" href=\"https:\/\/uenf.br\/posgraduacao\/politicas-sociais\/wp-content\/uploads\/sites\/11\/2022\/10\/EDNILSON-GOMES-DE-SOUZA-JUNIOR.pdf\" target=\"_blank\" rel=\"noopener\">\u00bb EDNILSON GOMES DE SOUZA JUNIOR<\/a><\/span><\/strong><\/p>\n<p><span style=\"color: #547c46;\">\u201cO GRANDE NEG\u00d3CIO DAS PEQUENAS HIDREL\u00c9TRICAS: QUEM LUCRA COM AS PCHS NO BRASIL?\u201d<\/span><\/p>\n<p><span style=\"color: #547c46;\"><strong>Orientador:<\/strong> Simonne Teixeira<\/span><\/p>\n<p><span style=\"color: #547c46;\">Data da Defesa: 11\/06\/2021<\/span><\/p>\n<hr \/>\n<p><strong><span style=\"color: #547c46;\"><a style=\"color: #547c46;\" href=\"https:\/\/uenf.br\/posgraduacao\/politicas-sociais\/wp-content\/uploads\/sites\/11\/2022\/10\/JONADABLE-ALVES-PALMEIRA.pdf\">\u00bb JONADABLE ALVES PALMEIRA<\/a><\/span><\/strong><\/p>\n<p><span style=\"color: #547c46;\">\u201cA AGROIND\u00daSTRIA FAMILIAR ARTESANAL DE VENDA NOVA DO IMIGRANTE\/ES: POL\u00cdTICA P\u00daBLICA E ORGANIZA\u00c7\u00c3O PARA A PRODU\u00c7\u00c3O\u201d<\/span><\/p>\n<p><span style=\"color: #547c46;\"><strong>Orientador:<\/strong> Rodrigo da Costa Caetano<\/span><\/p>\n<p><span style=\"color: #547c46;\">Data da Defesa: 05\/04\/2021<\/span><\/p>\n<hr \/>\n<p><strong><span style=\"color: #547c46;\"><a style=\"color: #547c46;\" href=\"https:\/\/uenf.br\/posgraduacao\/politicas-sociais\/wp-content\/uploads\/sites\/11\/2022\/10\/TESE-KAROLYNA-MACIEL-PPGPS-UENF-versao-final.pdf\" target=\"_blank\" rel=\"noopener\">\u00bb KAROLYNA MACIEL DOS SANTOS CORDEIRO<\/a><\/span><\/strong><\/p>\n<p><span style=\"color: #547c46;\">\u201cPOL\u00cdTICAS EDUCACIONAIS VOLTADAS AO CAMPO, PEDAGOGIA DA ALTERN\u00c2NCIA E ESCOLA FAM\u00cdLIA AGR\u00cdCOLA: UM ESTUDO DE CASO EM RIO NOVO DO SUL \u2013 ESP\u00cdRITO SANTO\u201d<\/span><\/p>\n<p><span style=\"color: #547c46;\"><strong>Orientador:<\/strong> Leandro Garcia Pinho<\/span><\/p>\n<p><span style=\"color: #547c46;\">Data da Defesa: 14\/06\/2021<\/span><\/p>\n<hr \/>\n<p><strong><span style=\"color: #547c46;\"><a style=\"color: #547c46;\" href=\"https:\/\/uenf.br\/posgraduacao\/politicas-sociais\/wp-content\/uploads\/sites\/11\/2022\/10\/Maridelma-de-Sousa-Pourbaix.pdf\" target=\"_blank\" rel=\"noopener\">\u00bb MARIDELMA DE SOUSA POURBAIX<\/a><\/span><\/strong><\/p>\n<p><span style=\"color: #547c46;\">\u201cPOL\u00cdTICAS DE FORMA\u00c7\u00c3O CONTINUADA DE PROFESSORES NO BRASIL A PARTIR DOS ANOS 1990: A FORMA\u00c7\u00c3O DOS PROFESSORES DE MATEM\u00c1TICA NA PERSPECTIVA DO PROFMAT\u201d<\/span><\/p>\n<p><span style=\"color: #547c46;\"><strong>Orientador:<\/strong> Renata Maldonado da Silva<\/span><\/p>\n<p><span style=\"color: #547c46;\">Data da Defesa:01\/10\/2021<\/span><\/p>\n<hr \/>\n<p><strong><span style=\"color: #547c46;\"><a style=\"color: #547c46;\" href=\"https:\/\/uenf.br\/posgraduacao\/politicas-sociais\/wp-content\/uploads\/sites\/11\/2022\/10\/LEANDRO-FERNANDES-VIANA.pdf\" target=\"_blank\" rel=\"noopener\">\u00bb LEANDRO FERNANDES VIANA<\/a><\/span><\/strong><\/p>\n<p><span style=\"color: #547c46;\">\u201cMOINHO AMBIENTAL: DIN\u00c2MICAS ADAPTATIVAS E ENFRENTAMENTO \u00c0S MUDAN\u00c7AS CLIM\u00c1TICAS COM FOCO NA EROS\u00c3O COSTEIRA EM ATAFONA.\u201d<\/span><\/p>\n<p><span style=\"color: #547c46;\"><strong>Orientador:<\/strong> Teresa de Jesus Peixoto Faria<\/span><\/p>\n<p><span style=\"color: #547c46;\">Data da Defesa: 30\/07\/2021<\/span><\/p>\n<hr \/>\n<p><strong><span style=\"color: #547c46;\"><a style=\"color: #547c46;\" href=\"https:\/\/uenf.br\/posgraduacao\/politicas-sociais\/wp-content\/uploads\/sites\/11\/2023\/07\/NAETE-BARBOSA-LIMA-REIS.pdf\" target=\"_blank\" rel=\"noopener\">\u00bb NAET\u00ca BARBOSA LIMA REIS<\/a><\/span><\/strong><\/p>\n<p><span style=\"color: #547c46;\">\u201cGEST\u00c3O PESQUEIRA E O COLONIALISMO: DESTERRITOLIALIZA\u00c7\u00c3O E R-EXIST\u00caNCIAS NA COMUNIDADE PESQUEIRA ARTESANAL DA PRAIA DO SIQUEIRA\/RJ \u2013 BRASIL\u201d<\/span><\/p>\n<p><span style=\"color: #547c46;\"><strong>Orientador:<\/strong> Geraldo M\u00e1rcio Tim\u00f3teo<\/span><\/p>\n<p><span style=\"color: #547c46;\">Data da Defesa: 01\/04\/2022<\/span><\/p>\n<hr \/>\n<p><strong><span style=\"color: #547c46;\"><a style=\"color: #547c46;\" href=\"https:\/\/uenf.br\/posgraduacao\/politicas-sociais\/wp-content\/uploads\/sites\/11\/2022\/10\/POLLYANA-LOPES-DUTRA-RIBEIRO..pdf\" target=\"_blank\" rel=\"noopener\">\u00bb POLLYANA LOPES DUTRA RIBEIRO.<\/a><\/span><\/strong><\/p>\n<p><span style=\"color: #547c46;\">\u201cA VOLTA DOS QUE N\u00c3O FORAM: UM ESTUDO SOBRE AS FAM\u00cdLIAS DE \u00c1REAS DE RISCO QUE RECUSARAM A PROPOSTA DO PROGRAMA HABITACIONAL MORAR FELIZ EM CAMPOS DOS GOYTACAZES-RJ\u201d<\/span><\/p>\n<p><span style=\"color: #547c46;\"><strong>Orientador:<\/strong> Joseane de Souza<\/span><\/p>\n<p><span style=\"color: #547c46;\">Data da Defesa: 29\/11\/2021<\/span><\/p>\n<hr \/>\n<p><strong><span style=\"color: #547c46;\"><a style=\"color: #547c46;\" href=\"https:\/\/uenf.br\/posgraduacao\/politicas-sociais\/wp-content\/uploads\/sites\/11\/2022\/10\/ROSANGELA-MARIA-AMORIM-BENEVIDES-GUIMARAES.pdf\" target=\"_blank\" rel=\"noopener\">\u00bb ROSANGELA MARIA AMORIM BENEVIDES GUIMAR\u00c3ES<\/a><\/span><\/strong><\/p>\n<p><span style=\"color: #547c46;\">\u201cPROTE\u00c7\u00c3O SOCIAL PARA PRESERVA\u00c7\u00c3O DE \u201cMODOS DE VIDA\u201d O caso dos atingidos pelo Porto do A\u00e7u em contexto de conflitos sociais no norte do estado do Rio de Janeiro\u201d<\/span><\/p>\n<p><span style=\"color: #547c46;\"><strong>Orientador:<\/strong> Denise Cunha Tavares Terra<\/span><\/p>\n<p><span style=\"color: #547c46;\">Data da Defesa:06\/12\/2021<\/span><\/p>\n<hr \/>\n<p><strong><span style=\"color: #547c46;\"><a style=\"color: #547c46;\" href=\"https:\/\/uenf.br\/posgraduacao\/politicas-sociais\/wp-content\/uploads\/sites\/11\/2022\/10\/Tese_Sandra-Miscali.pdf\" target=\"_blank\" rel=\"noopener\">\u00bb SANDRA RANGEL DE SOUZA MISCALI<\/a><\/span><\/strong><\/p>\n<p><span style=\"color: #547c46;\">\u201cJUVENTUDES EM CENA: DI\u00c1LOGOS SOBRE EDUCA\u00c7\u00c3O AMBIENTAL E PARTICIPA\u00c7\u00c3O JUVENIL NA BACIA DE CAMPOS\u201d<\/span><\/p>\n<p><span style=\"color: #547c46;\"><strong>Orientador:<\/strong> Simonne Teixeira<\/span><\/p>\n<p><span style=\"color: #547c46;\">Data da Defesa:28\/10\/2021<\/span><\/p>\n<hr \/>\n<p><strong><span style=\"color: #547c46;\"><a style=\"color: #547c46;\" href=\"https:\/\/uenf.br\/posgraduacao\/politicas-sociais\/wp-content\/uploads\/sites\/11\/2023\/07\/Suelen-Ribeiro-de-Souza.pdf\">\u00bb SUELEN RIBEIRO DE SOUZA<\/a><\/span><\/strong><\/p>\n<p><span style=\"color: #547c46;\">\u201cA SITUA\u00c7\u00c3O FEMININA NA PESCA ARTESANAL: UM ESTUDO SOBRE AS CONDI\u00c7\u00d5ES DE TRABALHO E AS RELA\u00c7\u00d5ES COM O AMBIENTE PESQUEIRO EM ARRAIAL DO CABO E S\u00c3O JO\u00c3O DA BARRA \u2013 RJ\u201d<\/span><\/p>\n<p><span style=\"color: #547c46;\"><strong>Orientador:<\/strong> Marcelo Carlos Gantos<\/span><\/p>\n<p><span style=\"color: #547c46;\">Data da Defesa:30\/09\/2021<\/span><\/p>\t\t\t\t\t\t\t\t<\/div>\n\t\t\t\t<\/div>\n\t\t\t\t\t<\/div>\n\t\t\t\t<\/div>\n\t\t<div id=\"e-n-tab-content-9351201027\" role=\"tabpanel\" aria-labelledby=\"e-n-tab-title-9351201027\" data-tab-index=\"7\" style=\"--n-tabs-title-order: 7;\" class=\" elementor-element elementor-element-4bf3e546 e-flex e-con-boxed e-con e-child\" data-id=\"4bf3e546\" data-element_type=\"container\" data-e-type=\"container\">\n\t\t\t\t\t<div class=\"e-con-inner\">\n\t\t\t\t<div class=\"elementor-element elementor-element-79d41d8b elementor-widget__width-initial elementor-widget elementor-widget-text-editor\" data-id=\"79d41d8b\" data-element_type=\"widget\" data-e-type=\"widget\" data-widget_type=\"text-editor.default\">\n\t\t\t\t<div class=\"elementor-widget-container\">\n\t\t\t\t\t\t\t\t\t<p><strong><span style=\"color: #547c46;\">\u00bb <a style=\"color: #547c46;\" href=\"https:\/\/uenf.br\/posgraduacao\/politicas-sociais\/wp-content\/uploads\/sites\/11\/2021\/08\/TESE-FINAL-REVISADA-1.pdf\" target=\"_blank\" rel=\"noopener\">RODRIGO ROSSELINI JULIO RODRIGUES<\/a><\/span><\/strong><\/p>\n<hr \/>\n<p><span style=\"color: #547c46;\">\u201cAS POL\u00cdTICAS PARA A EDUCA\u00c7\u00c3O PRIM\u00c1RIA EM CAMPOS DOS GOYTACAZES \u2013 RJ ENTRE 1931 E 1937\u201d<\/span><\/p>\n<p><span style=\"color: #547c46;\"><strong>Orientador:<\/strong> Silvia Alicia Martinez<\/span><\/p>\n<p><span style=\"color: #547c46;\">Data da Defesa: :02\/03\/2020<\/span><\/p>\n<hr \/>\n<p><strong><span style=\"color: #547c46;\">\u00bb <a style=\"color: #547c46;\" href=\"https:\/\/uenf.br\/posgraduacao\/politicas-sociais\/wp-content\/uploads\/sites\/11\/2021\/08\/MARIA-ALICE-POHLMANN.pdf\" target=\"_blank\" rel=\"noopener\">MARIA ALICE RIBEIRO DE OLIVEIRA POHLMANN<\/a><\/span><\/strong><\/p>\n<p><span style=\"color: #547c46;\">\u201cO RECENTE PROCESSO DE EXPANS\u00c3O URBANA DE CAMPOS DOS GOYTACAZES EM DIRE\u00c7\u00c3O, \u00c0 BAIXADA<\/span><br \/><span style=\"color: #547c46;\">CAMPISTA, 2\u00ba DISTRITO DE GOITACAZES: A NOVA CENTRALIDADE\u201d<\/span><\/p>\n<p><span style=\"color: #547c46;\"><strong>Orientador:<\/strong> Teresa de Jesus Peixoto Faria<\/span><\/p>\n<p><span style=\"color: #547c46;\">Data da Defesa: 17\/03\/2020<\/span><\/p>\n<hr \/>\n<p><span style=\"color: #547c46;\">\u00bb <a style=\"color: #547c46;\" href=\"https:\/\/uenf.br\/posgraduacao\/politicas-sociais\/wp-content\/uploads\/sites\/11\/2021\/08\/Tese-Doutorado-Francine-Pinho-PPGPS-junho-2020.pdf\" target=\"_blank\" rel=\"noopener\">FRANCINE NOGUEIRA LAMY GARCIA PINHO<\/a><\/span><\/p>\n<p><span style=\"color: #547c46;\">\u201cA INFLU\u00caNCIA FRANCESA NA CRIA\u00c7\u00c3O DAS POL\u00cdTICAS DE ALIMENTA\u00c7\u00c3O ESCOLAR NO BRASIL E EM PORTUGAL\u201d<\/span><\/p>\n<p><span style=\"color: #547c46;\"><strong>Orientador:<\/strong> Silvia Alicia Martinez<\/span><\/p>\n<p><span style=\"color: #547c46;\">Data da Defesa: 23\/03\/2020<\/span><\/p>\n<hr \/>\n<p><strong><span style=\"color: #547c46;\">\u00bb <a style=\"color: #547c46;\" href=\"https:\/\/uenf.br\/posgraduacao\/politicas-sociais\/wp-content\/uploads\/sites\/11\/2021\/08\/Tese-Doutorado-Evandro-Marques-Vargas-PPGPS-UENF-2020_versao-final.pdf\" target=\"_blank\" rel=\"noopener\">EVANDRO FRANCISCO MARQUES VARGAS<\/a><\/span><\/strong><\/p>\n<p><span style=\"color: #547c46;\">\u201cPOL\u00cdTICAS EDUCATIVAS DE FORMA\u00c7\u00c3O DOCENTE VOLTADAS AO ENSINO RELIGIOSO NO BRASIL: AS REGULA\u00c7\u00d5ES ESTADUAIS SOB A PERSPECTIVA COMPARADA\u201d<\/span><\/p>\n<p><span style=\"color: #547c46;\"><strong>Orientador:<\/strong> Leandro Garcia Pinho<\/span><\/p>\n<p><span style=\"color: #547c46;\">Data da Defesa: 01\/04\/2020<\/span><\/p>\n<hr \/>\n<p><strong><span style=\"color: #547c46;\">\u00bb <a style=\"color: #547c46;\" href=\"https:\/\/uenf.br\/posgraduacao\/politicas-sociais\/wp-content\/uploads\/sites\/11\/2021\/08\/Tese-versao-Final-Geovana-Tabachi-Silva..pdf\">GEOVANA TABACHI SILVA<\/a><\/span><\/strong><\/p>\n<p><span style=\"color: #547c46;\">\u201cO CARNAVAL DO BRASIL COME\u00c7A AQUI. O CIRCUITO FESTIVO DAS ESCOLAS DE SAMBA CAPIXABAS:<\/span><br \/><span style=\"color: #547c46;\">PATRIM\u00d4NIOS, PERFORMANCES E SOCIABILIDADES\u201d<\/span><\/p>\n<p><span style=\"color: #547c46;\"><strong>Orientador:<\/strong> Simonne Teixeira<\/span><\/p>\n<p><span style=\"color: #547c46;\">Data da Defesa: 28\/05\/2020<\/span><\/p>\n<hr \/>\n<p><strong><span style=\"color: #547c46;\">\u00bb <a style=\"color: #547c46;\" href=\"https:\/\/uenf.br\/posgraduacao\/politicas-sociais\/wp-content\/uploads\/sites\/11\/2021\/08\/Gabriela-de-Oliveira-Delgado.pdf\" target=\"_blank\" rel=\"noopener\">GABRIELA DE OLIVEIRA DELGADO<\/a><\/span><\/strong><\/p>\n<p><span style=\"color: #547c46;\">\u201cCULTURA E RESIST\u00caNCIA ESTUDANTIL EM POL\u00cdTICA EDUCACIONAL: AS OCUPA\u00c7\u00d5ES DOS INSTITUTOS FEDERAIS NO ESTADO DO RIO DE JANEIRO\u201d<\/span><\/p>\n<p><span style=\"color: #547c46;\"><strong>Orientador:<\/strong> Giovane do Nascimento<\/span><\/p>\n<p><span style=\"color: #547c46;\">Data da Defesa: 05\/06\/2020<\/span><\/p>\n<hr \/>\n<p><span style=\"color: #547c46;\"><strong>\u00bb <a style=\"color: #547c46;\" href=\"https:\/\/uenf.br\/posgraduacao\/politicas-sociais\/wp-content\/uploads\/sites\/11\/2021\/08\/TESE-NATALIA-FINAL.pdf\">NATALIA SOARES RIBEIRO<\/a><\/strong><\/span><\/p>\n<p><span style=\"color: #547c46;\">\u201cGUARDI\u00c3S DAS TRADI\u00c7\u00d5ES PESQUEIRAS: ARTE, G\u00caNERO E MODO DE VIDA EM ARRAIAL DO CABO\u201d<\/span><\/p>\n<p><span style=\"color: #547c46;\"><strong>Orientador:<\/strong> Giovane do Nascimento<\/span><\/p>\n<p><span style=\"color: #547c46;\">Data da Defesa: :08\/10\/2020<\/span><\/p>\t\t\t\t\t\t\t\t<\/div>\n\t\t\t\t<\/div>\n\t\t\t\t\t<\/div>\n\t\t\t\t<\/div>\n\t\t<div id=\"e-n-tab-content-9351201028\" role=\"tabpanel\" aria-labelledby=\"e-n-tab-title-9351201028\" data-tab-index=\"8\" style=\"--n-tabs-title-order: 8;\" class=\" elementor-element elementor-element-3e7cd3df e-flex e-con-boxed e-con e-child\" data-id=\"3e7cd3df\" data-element_type=\"container\" data-e-type=\"container\">\n\t\t\t\t\t<div class=\"e-con-inner\">\n\t\t\t\t<div class=\"elementor-element elementor-element-7e2ef118 elementor-widget__width-initial elementor-widget elementor-widget-text-editor\" data-id=\"7e2ef118\" data-element_type=\"widget\" data-e-type=\"widget\" data-widget_type=\"text-editor.default\">\n\t\t\t\t<div class=\"elementor-widget-container\">\n\t\t\t\t\t\t\t\t\t<p><strong><span style=\"color: #547c46;\"><a style=\"color: #547c46;\" href=\"https:\/\/uenf.br\/posgraduacao\/politicas-sociais\/wp-content\/uploads\/sites\/11\/2021\/08\/Versao-final-tese-KesiaSilvaTosta.pdf\" target=\"_blank\" rel=\"noopener\">\u00bb K\u00c9SIA SILVA TOSTA<\/a><\/span><\/strong><\/p>\n<p><span style=\"color: #547c46;\">\u201cCULTURA DA AVALIA\u00c7\u00c3O: PAEBES E GEST\u00c3O DA POL\u00cdTICA DE EDUCA\u00c7\u00c3O NA SUPERINTEND\u00caNCIA REGIONAL DE CACHOEIRO DE ITAPEMIRIM \u2013 ES\u201d<\/span><\/p>\n<p><span style=\"color: #547c46;\"><strong>Orientador:<\/strong> Marlon Gomes Ney<\/span><\/p>\n<p><span style=\"color: #547c46;\">Data da Defesa: 25\/04\/2019<\/span><\/p>\n<hr \/>\n<p><strong><span style=\"color: #547c46;\">\u00bb DIOGO DA CRUZ FERREIRA<\/span><\/strong><\/p>\n<p><span style=\"color: #547c46;\">\u201cNOSSO NOVO ENDERE\u00c7O, MORAR FELIZ: OS SENTIDOS DE HABITAR UM CONJUNTO HABITACIONAL POPULAR EM CAMPOS DOS GOYTACAZES\/RJ\u201d<\/span><\/p>\n<p><span style=\"color: #547c46;\"><strong>Orientador:<\/strong> Teresa de Jesus Peixoto Faria<\/span><\/p>\n<p><span style=\"color: #547c46;\">Data da Defesa: 09\/05\/2019<\/span><\/p>\n<hr \/>\n<p><strong><span style=\"color: #547c46;\">\u00bb <a style=\"color: #547c46;\" href=\"https:\/\/uenf.br\/posgraduacao\/politicas-sociais\/wp-content\/uploads\/sites\/11\/2021\/08\/Altoe_Tese_PPGPS.pdf\" target=\"_blank\" rel=\"noopener\">DAYANE DA SILVA SANTOS ALTO\u00c9<\/a><\/span><\/strong><\/p>\n<p><span style=\"color: #547c46;\">\u201cA (RE) SIGNIFICA\u00c7\u00c3O DO ENSINO AGR\u00cdCOLA: UMA AN\u00c1LISE DAS EXPERI\u00caNCIAS DOS INSTITUTOS FEDERAIS CAMPUS PINHEIRAL E CAMPUS BOM JESUS DO ITABAPOANA\u201d<\/span><\/p>\n<p><span style=\"color: #547c46;\"><strong>Orientador:<\/strong> Paulo Marcelo de Souza<\/span><\/p>\n<p><span style=\"color: #547c46;\">Data da Defesa: 26\/06\/2019<\/span><\/p>\n<hr \/>\n<p><strong><span style=\"color: #547c46;\">\u00bb <a style=\"color: #547c46;\" href=\"https:\/\/uenf.br\/posgraduacao\/politicas-sociais\/wp-content\/uploads\/sites\/11\/2021\/08\/Tese-Karina-Versao-Final-10092019.pdf\" target=\"_blank\" rel=\"noopener\">KARINA BARRA GOMES<\/a><\/span><\/strong><\/p>\n<p><span style=\"color: #547c46;\">\u201cEU SOU DA LIRA, N\u00c3O POSSO NEGAR\u201d: TRAJET\u00d3RIAS DE VIDA, MEM\u00d3RIAS E POL\u00cdTICAS CULTURAIS NAS BANDAS CIVIS CENTEN\u00c1RIAS DE CAMPOS DOS GOYTACAZES (RJ)\u201d<\/span><\/p>\n<p><span style=\"color: #547c46;\"><strong>Orientador:<\/strong> Simonne Teixeira<\/span><\/p>\n<p><span style=\"color: #547c46;\">Data da Defesa: 11\/07\/2019<\/span><\/p>\n<hr \/>\n<p><strong><span style=\"color: #547c46;\">\u00bb VICTOR MARTINS RAMOS RODRIGUES<\/span><\/strong><\/p>\n<p><span style=\"color: #547c46;\">\u201cEDUCA\u00c7\u00c3O EM DIREITOS HUMANOS: HIST\u00d3RIA, PRODU\u00c7\u00c3O ACAD\u00caMICA E PROGRAMA NACIONAL DE EDUCA\u00c7\u00c3O CONTINUADA EM DIREITOS HUMANOS\u201d<\/span><\/p>\n<p><span style=\"color: #547c46;\"><strong>Orientador:<\/strong> Leandro Garcia Pinho<\/span><\/p>\n<p><span style=\"color: #547c46;\">Data da Defesa: 02\/12\/2019<\/span><\/p>\n<hr \/>\n<p><span style=\"color: #547c46;\"><strong>\u00bb <\/strong><a style=\"color: #547c46;\" href=\"https:\/\/uenf.br\/posgraduacao\/politicas-sociais\/wp-content\/uploads\/sites\/11\/2021\/08\/Josete.pdf\" target=\"_blank\" rel=\"noopener\"><strong>JOSETE PEREIRA PERES SOARES<\/strong><\/a><\/span><\/p>\n<p><span style=\"color: #547c46;\">\u201cAS POL\u00cdTICAS P\u00daBLICAS E SOCIAIS NAS TRAJET\u00d3RIAS DE VIDA E ESCOLARIZA\u00c7\u00c3O DE PESSOAS COM DEFICI\u00caNCIA VISUAL EM CAMPOS DOS GOYTACAZES\u201d<\/span><\/p>\n<p><span style=\"color: #547c46;\"><strong>Orientador:<\/strong> Silvia Alicia Martinez<\/span><\/p>\n<p><span style=\"color: #547c46;\">Data da Defesa: 13\/12\/2019<\/span><\/p>\t\t\t\t\t\t\t\t<\/div>\n\t\t\t\t<\/div>\n\t\t\t\t\t<\/div>\n\t\t\t\t<\/div>\n\t\t<div id=\"e-n-tab-content-9351201029\" role=\"tabpanel\" aria-labelledby=\"e-n-tab-title-9351201029\" data-tab-index=\"9\" style=\"--n-tabs-title-order: 9;\" class=\" elementor-element elementor-element-5ad63562 e-flex e-con-boxed e-con e-child\" data-id=\"5ad63562\" data-element_type=\"container\" data-e-type=\"container\">\n\t\t\t\t\t<div class=\"e-con-inner\">\n\t\t<div class=\"elementor-element elementor-element-6eda06b1 e-con-full e-flex e-con e-child\" data-id=\"6eda06b1\" data-element_type=\"container\" data-e-type=\"container\">\n\t\t\t\t<div class=\"elementor-element elementor-element-3f4641fd elementor-widget__width-initial elementor-widget elementor-widget-text-editor\" data-id=\"3f4641fd\" data-element_type=\"widget\" data-e-type=\"widget\" data-widget_type=\"text-editor.default\">\n\t\t\t\t<div class=\"elementor-widget-container\">\n\t\t\t\t\t\t\t\t\t<p><span style=\"color: #547c46;\"><strong>\u00bb <a style=\"color: #547c46;\" href=\"http:\/\/uenf.br\/posgraduacao\/politicas-sociais\/wp-content\/uploads\/sites\/11\/2018\/05\/JONIS-MANH%C3%83ES-SALES-FELIPPE.pdf\" target=\"_blank\" rel=\"noopener\">JONIS MANH\u00c3ES SALES FELIPPE<\/a><\/strong><\/span><\/p>\n<p><span style=\"color: #547c46;\">\u201cASSIST\u00caNCIA ESTUDANTIL E TEND\u00caNCIAS DA POL\u00cdTICA SOCIAL NO BRASIL: RESULTADOS E PERMAN\u00caNCIAS DOS ESTUDANTES DO INSTITUTO FEDERAL FLUMINENSE\u201d<\/span><\/p>\n<p><span style=\"color: #547c46;\"><strong>Orientador:<\/strong> Renata Maldonado da Silva<\/span><\/p>\n<p><span style=\"color: #547c46;\">Data da Defesa: 26\/04\/2018<\/span><\/p>\t\t\t\t\t\t\t\t<\/div>\n\t\t\t\t<\/div>\n\t\t\t\t<\/div>\n\t\t\t\t\t<\/div>\n\t\t\t\t<\/div>\n\t\t\t\t\t<\/div>\n\t\t<\/div>\n\t\t\t\t\t\t<\/div>\n\t\t\t\t<\/div>\n\t\t\t\t\t<\/div>\n\t\t\t\t<\/div>\n\t\t<div class=\"elementor-element elementor-element-17b0d077 e-flex e-con-boxed e-con e-parent\" data-id=\"17b0d077\" data-element_type=\"container\" data-e-type=\"container\">\n\t\t\t\t\t<div class=\"e-con-inner\">\n\t\t\t\t<div class=\"elementor-element elementor-element-7c99fb87 elementor-widget elementor-widget-text-editor\" data-id=\"7c99fb87\" data-element_type=\"widget\" data-e-type=\"widget\" data-widget_type=\"text-editor.default\">\n\t\t\t\t<div class=\"elementor-widget-container\">\n\t\t\t\t\t\t\t\t\t<p><!-- wp:paragraph {\"style\":{\"color\":{\"text\":\"#547c46\"},\"elements\":{\"link\":{\"color\":{\"text\":\"#547c46\"}}}},\"fontSize\":\"medium\"} --><\/p><blockquote><h1><span style=\"color: #547c46;\"><strong>+ Disserta\u00e7\u00f5es de Mestrado Defendidas<\/strong><\/span><\/h1><\/blockquote><p><!-- \/wp:paragraph --><\/p>\t\t\t\t\t\t\t\t<\/div>\n\t\t\t\t<\/div>\n\t\t\t\t<div class=\"elementor-element elementor-element-38482276 e-n-tabs-mobile elementor-widget elementor-widget-n-tabs\" data-id=\"38482276\" data-element_type=\"widget\" data-e-type=\"widget\" data-settings=\"{&quot;tabs_justify_horizontal&quot;:&quot;center&quot;,&quot;horizontal_scroll&quot;:&quot;enable&quot;}\" data-widget_type=\"nested-tabs.default\">\n\t\t\t\t<div class=\"elementor-widget-container\">\n\t\t\t\t\t\t\t<div class=\"e-n-tabs\" data-widget-number=\"944251510\" aria-label=\"Abas. Abra itens com &quot;Enter&quot; ou &quot;Espa\u00e7o&quot;, feche com &quot;Escape&quot; e navegue usando as teclas de &quot;Seta&quot;.\">\n\t\t\t<div class=\"e-n-tabs-heading\" role=\"tablist\">\n\t\t\t\t\t<button id=\"e-n-tab-title-9442515101\" data-tab-title-id=\"e-n-tab-title-9442515101\" class=\"e-n-tab-title elementor-animation-grow\" aria-selected=\"true\" data-tab-index=\"1\" role=\"tab\" tabindex=\"0\" aria-controls=\"e-n-tab-content-9442515101\" style=\"--n-tabs-title-order: 1;\">\n\t\t\t\t\t<span class=\"e-n-tab-icon\">\n\t\t\t<svg aria-hidden=\"true\" class=\"e-font-icon-svg e-far-calendar-alt\" viewBox=\"0 0 448 512\" xmlns=\"http:\/\/www.w3.org\/2000\/svg\"><path d=\"M148 288h-40c-6.6 0-12-5.4-12-12v-40c0-6.6 5.4-12 12-12h40c6.6 0 12 5.4 12 12v40c0 6.6-5.4 12-12 12zm108-12v-40c0-6.6-5.4-12-12-12h-40c-6.6 0-12 5.4-12 12v40c0 6.6 5.4 12 12 12h40c6.6 0 12-5.4 12-12zm96 0v-40c0-6.6-5.4-12-12-12h-40c-6.6 0-12 5.4-12 12v40c0 6.6 5.4 12 12 12h40c6.6 0 12-5.4 12-12zm-96 96v-40c0-6.6-5.4-12-12-12h-40c-6.6 0-12 5.4-12 12v40c0 6.6 5.4 12 12 12h40c6.6 0 12-5.4 12-12zm-96 0v-40c0-6.6-5.4-12-12-12h-40c-6.6 0-12 5.4-12 12v40c0 6.6 5.4 12 12 12h40c6.6 0 12-5.4 12-12zm192 0v-40c0-6.6-5.4-12-12-12h-40c-6.6 0-12 5.4-12 12v40c0 6.6 5.4 12 12 12h40c6.6 0 12-5.4 12-12zm96-260v352c0 26.5-21.5 48-48 48H48c-26.5 0-48-21.5-48-48V112c0-26.5 21.5-48 48-48h48V12c0-6.6 5.4-12 12-12h40c6.6 0 12 5.4 12 12v52h128V12c0-6.6 5.4-12 12-12h40c6.6 0 12 5.4 12 12v52h48c26.5 0 48 21.5 48 48zm-48 346V160H48v298c0 3.3 2.7 6 6 6h340c3.3 0 6-2.7 6-6z\"><\/path><\/svg>\t\t\t<svg aria-hidden=\"true\" class=\"e-font-icon-svg e-far-calendar-alt\" viewBox=\"0 0 448 512\" xmlns=\"http:\/\/www.w3.org\/2000\/svg\"><path d=\"M148 288h-40c-6.6 0-12-5.4-12-12v-40c0-6.6 5.4-12 12-12h40c6.6 0 12 5.4 12 12v40c0 6.6-5.4 12-12 12zm108-12v-40c0-6.6-5.4-12-12-12h-40c-6.6 0-12 5.4-12 12v40c0 6.6 5.4 12 12 12h40c6.6 0 12-5.4 12-12zm96 0v-40c0-6.6-5.4-12-12-12h-40c-6.6 0-12 5.4-12 12v40c0 6.6 5.4 12 12 12h40c6.6 0 12-5.4 12-12zm-96 96v-40c0-6.6-5.4-12-12-12h-40c-6.6 0-12 5.4-12 12v40c0 6.6 5.4 12 12 12h40c6.6 0 12-5.4 12-12zm-96 0v-40c0-6.6-5.4-12-12-12h-40c-6.6 0-12 5.4-12 12v40c0 6.6 5.4 12 12 12h40c6.6 0 12-5.4 12-12zm192 0v-40c0-6.6-5.4-12-12-12h-40c-6.6 0-12 5.4-12 12v40c0 6.6 5.4 12 12 12h40c6.6 0 12-5.4 12-12zm96-260v352c0 26.5-21.5 48-48 48H48c-26.5 0-48-21.5-48-48V112c0-26.5 21.5-48 48-48h48V12c0-6.6 5.4-12 12-12h40c6.6 0 12 5.4 12 12v52h128V12c0-6.6 5.4-12 12-12h40c6.6 0 12 5.4 12 12v52h48c26.5 0 48 21.5 48 48zm-48 346V160H48v298c0 3.3 2.7 6 6 6h340c3.3 0 6-2.7 6-6z\"><\/path><\/svg>\t\t<\/span>\n\t\t\t\t\t<span class=\"e-n-tab-title-text\">\n\t\t\t\t2026\t\t\t<\/span>\n\t\t<\/button>\n\t\t\t\t<button id=\"e-n-tab-title-9442515102\" data-tab-title-id=\"e-n-tab-title-9442515102\" class=\"e-n-tab-title elementor-animation-grow\" aria-selected=\"false\" data-tab-index=\"2\" role=\"tab\" tabindex=\"-1\" aria-controls=\"e-n-tab-content-9442515102\" style=\"--n-tabs-title-order: 2;\">\n\t\t\t\t\t<span class=\"e-n-tab-icon\">\n\t\t\t<svg aria-hidden=\"true\" class=\"e-font-icon-svg e-far-calendar-alt\" viewBox=\"0 0 448 512\" xmlns=\"http:\/\/www.w3.org\/2000\/svg\"><path d=\"M148 288h-40c-6.6 0-12-5.4-12-12v-40c0-6.6 5.4-12 12-12h40c6.6 0 12 5.4 12 12v40c0 6.6-5.4 12-12 12zm108-12v-40c0-6.6-5.4-12-12-12h-40c-6.6 0-12 5.4-12 12v40c0 6.6 5.4 12 12 12h40c6.6 0 12-5.4 12-12zm96 0v-40c0-6.6-5.4-12-12-12h-40c-6.6 0-12 5.4-12 12v40c0 6.6 5.4 12 12 12h40c6.6 0 12-5.4 12-12zm-96 96v-40c0-6.6-5.4-12-12-12h-40c-6.6 0-12 5.4-12 12v40c0 6.6 5.4 12 12 12h40c6.6 0 12-5.4 12-12zm-96 0v-40c0-6.6-5.4-12-12-12h-40c-6.6 0-12 5.4-12 12v40c0 6.6 5.4 12 12 12h40c6.6 0 12-5.4 12-12zm192 0v-40c0-6.6-5.4-12-12-12h-40c-6.6 0-12 5.4-12 12v40c0 6.6 5.4 12 12 12h40c6.6 0 12-5.4 12-12zm96-260v352c0 26.5-21.5 48-48 48H48c-26.5 0-48-21.5-48-48V112c0-26.5 21.5-48 48-48h48V12c0-6.6 5.4-12 12-12h40c6.6 0 12 5.4 12 12v52h128V12c0-6.6 5.4-12 12-12h40c6.6 0 12 5.4 12 12v52h48c26.5 0 48 21.5 48 48zm-48 346V160H48v298c0 3.3 2.7 6 6 6h340c3.3 0 6-2.7 6-6z\"><\/path><\/svg>\t\t\t<svg aria-hidden=\"true\" class=\"e-font-icon-svg e-far-calendar-alt\" viewBox=\"0 0 448 512\" xmlns=\"http:\/\/www.w3.org\/2000\/svg\"><path d=\"M148 288h-40c-6.6 0-12-5.4-12-12v-40c0-6.6 5.4-12 12-12h40c6.6 0 12 5.4 12 12v40c0 6.6-5.4 12-12 12zm108-12v-40c0-6.6-5.4-12-12-12h-40c-6.6 0-12 5.4-12 12v40c0 6.6 5.4 12 12 12h40c6.6 0 12-5.4 12-12zm96 0v-40c0-6.6-5.4-12-12-12h-40c-6.6 0-12 5.4-12 12v40c0 6.6 5.4 12 12 12h40c6.6 0 12-5.4 12-12zm-96 96v-40c0-6.6-5.4-12-12-12h-40c-6.6 0-12 5.4-12 12v40c0 6.6 5.4 12 12 12h40c6.6 0 12-5.4 12-12zm-96 0v-40c0-6.6-5.4-12-12-12h-40c-6.6 0-12 5.4-12 12v40c0 6.6 5.4 12 12 12h40c6.6 0 12-5.4 12-12zm192 0v-40c0-6.6-5.4-12-12-12h-40c-6.6 0-12 5.4-12 12v40c0 6.6 5.4 12 12 12h40c6.6 0 12-5.4 12-12zm96-260v352c0 26.5-21.5 48-48 48H48c-26.5 0-48-21.5-48-48V112c0-26.5 21.5-48 48-48h48V12c0-6.6 5.4-12 12-12h40c6.6 0 12 5.4 12 12v52h128V12c0-6.6 5.4-12 12-12h40c6.6 0 12 5.4 12 12v52h48c26.5 0 48 21.5 48 48zm-48 346V160H48v298c0 3.3 2.7 6 6 6h340c3.3 0 6-2.7 6-6z\"><\/path><\/svg>\t\t<\/span>\n\t\t\t\t\t<span class=\"e-n-tab-title-text\">\n\t\t\t\t2025\t\t\t<\/span>\n\t\t<\/button>\n\t\t\t\t<button id=\"e-n-tab-title-9442515103\" data-tab-title-id=\"e-n-tab-title-9442515103\" class=\"e-n-tab-title elementor-animation-grow\" aria-selected=\"false\" data-tab-index=\"3\" role=\"tab\" tabindex=\"-1\" aria-controls=\"e-n-tab-content-9442515103\" style=\"--n-tabs-title-order: 3;\">\n\t\t\t\t\t<span class=\"e-n-tab-icon\">\n\t\t\t<svg aria-hidden=\"true\" class=\"e-font-icon-svg e-far-calendar-alt\" viewBox=\"0 0 448 512\" xmlns=\"http:\/\/www.w3.org\/2000\/svg\"><path d=\"M148 288h-40c-6.6 0-12-5.4-12-12v-40c0-6.6 5.4-12 12-12h40c6.6 0 12 5.4 12 12v40c0 6.6-5.4 12-12 12zm108-12v-40c0-6.6-5.4-12-12-12h-40c-6.6 0-12 5.4-12 12v40c0 6.6 5.4 12 12 12h40c6.6 0 12-5.4 12-12zm96 0v-40c0-6.6-5.4-12-12-12h-40c-6.6 0-12 5.4-12 12v40c0 6.6 5.4 12 12 12h40c6.6 0 12-5.4 12-12zm-96 96v-40c0-6.6-5.4-12-12-12h-40c-6.6 0-12 5.4-12 12v40c0 6.6 5.4 12 12 12h40c6.6 0 12-5.4 12-12zm-96 0v-40c0-6.6-5.4-12-12-12h-40c-6.6 0-12 5.4-12 12v40c0 6.6 5.4 12 12 12h40c6.6 0 12-5.4 12-12zm192 0v-40c0-6.6-5.4-12-12-12h-40c-6.6 0-12 5.4-12 12v40c0 6.6 5.4 12 12 12h40c6.6 0 12-5.4 12-12zm96-260v352c0 26.5-21.5 48-48 48H48c-26.5 0-48-21.5-48-48V112c0-26.5 21.5-48 48-48h48V12c0-6.6 5.4-12 12-12h40c6.6 0 12 5.4 12 12v52h128V12c0-6.6 5.4-12 12-12h40c6.6 0 12 5.4 12 12v52h48c26.5 0 48 21.5 48 48zm-48 346V160H48v298c0 3.3 2.7 6 6 6h340c3.3 0 6-2.7 6-6z\"><\/path><\/svg>\t\t\t<svg aria-hidden=\"true\" class=\"e-font-icon-svg e-far-calendar-alt\" viewBox=\"0 0 448 512\" xmlns=\"http:\/\/www.w3.org\/2000\/svg\"><path d=\"M148 288h-40c-6.6 0-12-5.4-12-12v-40c0-6.6 5.4-12 12-12h40c6.6 0 12 5.4 12 12v40c0 6.6-5.4 12-12 12zm108-12v-40c0-6.6-5.4-12-12-12h-40c-6.6 0-12 5.4-12 12v40c0 6.6 5.4 12 12 12h40c6.6 0 12-5.4 12-12zm96 0v-40c0-6.6-5.4-12-12-12h-40c-6.6 0-12 5.4-12 12v40c0 6.6 5.4 12 12 12h40c6.6 0 12-5.4 12-12zm-96 96v-40c0-6.6-5.4-12-12-12h-40c-6.6 0-12 5.4-12 12v40c0 6.6 5.4 12 12 12h40c6.6 0 12-5.4 12-12zm-96 0v-40c0-6.6-5.4-12-12-12h-40c-6.6 0-12 5.4-12 12v40c0 6.6 5.4 12 12 12h40c6.6 0 12-5.4 12-12zm192 0v-40c0-6.6-5.4-12-12-12h-40c-6.6 0-12 5.4-12 12v40c0 6.6 5.4 12 12 12h40c6.6 0 12-5.4 12-12zm96-260v352c0 26.5-21.5 48-48 48H48c-26.5 0-48-21.5-48-48V112c0-26.5 21.5-48 48-48h48V12c0-6.6 5.4-12 12-12h40c6.6 0 12 5.4 12 12v52h128V12c0-6.6 5.4-12 12-12h40c6.6 0 12 5.4 12 12v52h48c26.5 0 48 21.5 48 48zm-48 346V160H48v298c0 3.3 2.7 6 6 6h340c3.3 0 6-2.7 6-6z\"><\/path><\/svg>\t\t<\/span>\n\t\t\t\t\t<span class=\"e-n-tab-title-text\">\n\t\t\t\t2024\t\t\t<\/span>\n\t\t<\/button>\n\t\t\t\t<button id=\"e-n-tab-title-9442515104\" data-tab-title-id=\"e-n-tab-title-9442515104\" class=\"e-n-tab-title elementor-animation-grow\" aria-selected=\"false\" data-tab-index=\"4\" role=\"tab\" tabindex=\"-1\" aria-controls=\"e-n-tab-content-9442515104\" style=\"--n-tabs-title-order: 4;\">\n\t\t\t\t\t<span class=\"e-n-tab-icon\">\n\t\t\t<svg aria-hidden=\"true\" class=\"e-font-icon-svg e-far-calendar-alt\" viewBox=\"0 0 448 512\" xmlns=\"http:\/\/www.w3.org\/2000\/svg\"><path d=\"M148 288h-40c-6.6 0-12-5.4-12-12v-40c0-6.6 5.4-12 12-12h40c6.6 0 12 5.4 12 12v40c0 6.6-5.4 12-12 12zm108-12v-40c0-6.6-5.4-12-12-12h-40c-6.6 0-12 5.4-12 12v40c0 6.6 5.4 12 12 12h40c6.6 0 12-5.4 12-12zm96 0v-40c0-6.6-5.4-12-12-12h-40c-6.6 0-12 5.4-12 12v40c0 6.6 5.4 12 12 12h40c6.6 0 12-5.4 12-12zm-96 96v-40c0-6.6-5.4-12-12-12h-40c-6.6 0-12 5.4-12 12v40c0 6.6 5.4 12 12 12h40c6.6 0 12-5.4 12-12zm-96 0v-40c0-6.6-5.4-12-12-12h-40c-6.6 0-12 5.4-12 12v40c0 6.6 5.4 12 12 12h40c6.6 0 12-5.4 12-12zm192 0v-40c0-6.6-5.4-12-12-12h-40c-6.6 0-12 5.4-12 12v40c0 6.6 5.4 12 12 12h40c6.6 0 12-5.4 12-12zm96-260v352c0 26.5-21.5 48-48 48H48c-26.5 0-48-21.5-48-48V112c0-26.5 21.5-48 48-48h48V12c0-6.6 5.4-12 12-12h40c6.6 0 12 5.4 12 12v52h128V12c0-6.6 5.4-12 12-12h40c6.6 0 12 5.4 12 12v52h48c26.5 0 48 21.5 48 48zm-48 346V160H48v298c0 3.3 2.7 6 6 6h340c3.3 0 6-2.7 6-6z\"><\/path><\/svg>\t\t\t<svg aria-hidden=\"true\" class=\"e-font-icon-svg e-far-calendar-alt\" viewBox=\"0 0 448 512\" xmlns=\"http:\/\/www.w3.org\/2000\/svg\"><path d=\"M148 288h-40c-6.6 0-12-5.4-12-12v-40c0-6.6 5.4-12 12-12h40c6.6 0 12 5.4 12 12v40c0 6.6-5.4 12-12 12zm108-12v-40c0-6.6-5.4-12-12-12h-40c-6.6 0-12 5.4-12 12v40c0 6.6 5.4 12 12 12h40c6.6 0 12-5.4 12-12zm96 0v-40c0-6.6-5.4-12-12-12h-40c-6.6 0-12 5.4-12 12v40c0 6.6 5.4 12 12 12h40c6.6 0 12-5.4 12-12zm-96 96v-40c0-6.6-5.4-12-12-12h-40c-6.6 0-12 5.4-12 12v40c0 6.6 5.4 12 12 12h40c6.6 0 12-5.4 12-12zm-96 0v-40c0-6.6-5.4-12-12-12h-40c-6.6 0-12 5.4-12 12v40c0 6.6 5.4 12 12 12h40c6.6 0 12-5.4 12-12zm192 0v-40c0-6.6-5.4-12-12-12h-40c-6.6 0-12 5.4-12 12v40c0 6.6 5.4 12 12 12h40c6.6 0 12-5.4 12-12zm96-260v352c0 26.5-21.5 48-48 48H48c-26.5 0-48-21.5-48-48V112c0-26.5 21.5-48 48-48h48V12c0-6.6 5.4-12 12-12h40c6.6 0 12 5.4 12 12v52h128V12c0-6.6 5.4-12 12-12h40c6.6 0 12 5.4 12 12v52h48c26.5 0 48 21.5 48 48zm-48 346V160H48v298c0 3.3 2.7 6 6 6h340c3.3 0 6-2.7 6-6z\"><\/path><\/svg>\t\t<\/span>\n\t\t\t\t\t<span class=\"e-n-tab-title-text\">\n\t\t\t\t2023\t\t\t<\/span>\n\t\t<\/button>\n\t\t\t\t<button id=\"e-n-tab-title-9442515105\" data-tab-title-id=\"e-n-tab-title-9442515105\" class=\"e-n-tab-title elementor-animation-grow\" aria-selected=\"false\" data-tab-index=\"5\" role=\"tab\" tabindex=\"-1\" aria-controls=\"e-n-tab-content-9442515105\" style=\"--n-tabs-title-order: 5;\">\n\t\t\t\t\t<span class=\"e-n-tab-icon\">\n\t\t\t<svg aria-hidden=\"true\" class=\"e-font-icon-svg e-far-calendar-alt\" viewBox=\"0 0 448 512\" xmlns=\"http:\/\/www.w3.org\/2000\/svg\"><path d=\"M148 288h-40c-6.6 0-12-5.4-12-12v-40c0-6.6 5.4-12 12-12h40c6.6 0 12 5.4 12 12v40c0 6.6-5.4 12-12 12zm108-12v-40c0-6.6-5.4-12-12-12h-40c-6.6 0-12 5.4-12 12v40c0 6.6 5.4 12 12 12h40c6.6 0 12-5.4 12-12zm96 0v-40c0-6.6-5.4-12-12-12h-40c-6.6 0-12 5.4-12 12v40c0 6.6 5.4 12 12 12h40c6.6 0 12-5.4 12-12zm-96 96v-40c0-6.6-5.4-12-12-12h-40c-6.6 0-12 5.4-12 12v40c0 6.6 5.4 12 12 12h40c6.6 0 12-5.4 12-12zm-96 0v-40c0-6.6-5.4-12-12-12h-40c-6.6 0-12 5.4-12 12v40c0 6.6 5.4 12 12 12h40c6.6 0 12-5.4 12-12zm192 0v-40c0-6.6-5.4-12-12-12h-40c-6.6 0-12 5.4-12 12v40c0 6.6 5.4 12 12 12h40c6.6 0 12-5.4 12-12zm96-260v352c0 26.5-21.5 48-48 48H48c-26.5 0-48-21.5-48-48V112c0-26.5 21.5-48 48-48h48V12c0-6.6 5.4-12 12-12h40c6.6 0 12 5.4 12 12v52h128V12c0-6.6 5.4-12 12-12h40c6.6 0 12 5.4 12 12v52h48c26.5 0 48 21.5 48 48zm-48 346V160H48v298c0 3.3 2.7 6 6 6h340c3.3 0 6-2.7 6-6z\"><\/path><\/svg>\t\t\t<svg aria-hidden=\"true\" class=\"e-font-icon-svg e-far-calendar-alt\" viewBox=\"0 0 448 512\" xmlns=\"http:\/\/www.w3.org\/2000\/svg\"><path d=\"M148 288h-40c-6.6 0-12-5.4-12-12v-40c0-6.6 5.4-12 12-12h40c6.6 0 12 5.4 12 12v40c0 6.6-5.4 12-12 12zm108-12v-40c0-6.6-5.4-12-12-12h-40c-6.6 0-12 5.4-12 12v40c0 6.6 5.4 12 12 12h40c6.6 0 12-5.4 12-12zm96 0v-40c0-6.6-5.4-12-12-12h-40c-6.6 0-12 5.4-12 12v40c0 6.6 5.4 12 12 12h40c6.6 0 12-5.4 12-12zm-96 96v-40c0-6.6-5.4-12-12-12h-40c-6.6 0-12 5.4-12 12v40c0 6.6 5.4 12 12 12h40c6.6 0 12-5.4 12-12zm-96 0v-40c0-6.6-5.4-12-12-12h-40c-6.6 0-12 5.4-12 12v40c0 6.6 5.4 12 12 12h40c6.6 0 12-5.4 12-12zm192 0v-40c0-6.6-5.4-12-12-12h-40c-6.6 0-12 5.4-12 12v40c0 6.6 5.4 12 12 12h40c6.6 0 12-5.4 12-12zm96-260v352c0 26.5-21.5 48-48 48H48c-26.5 0-48-21.5-48-48V112c0-26.5 21.5-48 48-48h48V12c0-6.6 5.4-12 12-12h40c6.6 0 12 5.4 12 12v52h128V12c0-6.6 5.4-12 12-12h40c6.6 0 12 5.4 12 12v52h48c26.5 0 48 21.5 48 48zm-48 346V160H48v298c0 3.3 2.7 6 6 6h340c3.3 0 6-2.7 6-6z\"><\/path><\/svg>\t\t<\/span>\n\t\t\t\t\t<span class=\"e-n-tab-title-text\">\n\t\t\t\t2022\t\t\t<\/span>\n\t\t<\/button>\n\t\t\t\t<button id=\"e-n-tab-title-9442515106\" data-tab-title-id=\"e-n-tab-title-9442515106\" class=\"e-n-tab-title elementor-animation-grow\" aria-selected=\"false\" data-tab-index=\"6\" role=\"tab\" tabindex=\"-1\" aria-controls=\"e-n-tab-content-9442515106\" style=\"--n-tabs-title-order: 6;\">\n\t\t\t\t\t<span class=\"e-n-tab-icon\">\n\t\t\t<svg aria-hidden=\"true\" class=\"e-font-icon-svg e-far-calendar-alt\" viewBox=\"0 0 448 512\" xmlns=\"http:\/\/www.w3.org\/2000\/svg\"><path d=\"M148 288h-40c-6.6 0-12-5.4-12-12v-40c0-6.6 5.4-12 12-12h40c6.6 0 12 5.4 12 12v40c0 6.6-5.4 12-12 12zm108-12v-40c0-6.6-5.4-12-12-12h-40c-6.6 0-12 5.4-12 12v40c0 6.6 5.4 12 12 12h40c6.6 0 12-5.4 12-12zm96 0v-40c0-6.6-5.4-12-12-12h-40c-6.6 0-12 5.4-12 12v40c0 6.6 5.4 12 12 12h40c6.6 0 12-5.4 12-12zm-96 96v-40c0-6.6-5.4-12-12-12h-40c-6.6 0-12 5.4-12 12v40c0 6.6 5.4 12 12 12h40c6.6 0 12-5.4 12-12zm-96 0v-40c0-6.6-5.4-12-12-12h-40c-6.6 0-12 5.4-12 12v40c0 6.6 5.4 12 12 12h40c6.6 0 12-5.4 12-12zm192 0v-40c0-6.6-5.4-12-12-12h-40c-6.6 0-12 5.4-12 12v40c0 6.6 5.4 12 12 12h40c6.6 0 12-5.4 12-12zm96-260v352c0 26.5-21.5 48-48 48H48c-26.5 0-48-21.5-48-48V112c0-26.5 21.5-48 48-48h48V12c0-6.6 5.4-12 12-12h40c6.6 0 12 5.4 12 12v52h128V12c0-6.6 5.4-12 12-12h40c6.6 0 12 5.4 12 12v52h48c26.5 0 48 21.5 48 48zm-48 346V160H48v298c0 3.3 2.7 6 6 6h340c3.3 0 6-2.7 6-6z\"><\/path><\/svg>\t\t\t<svg aria-hidden=\"true\" class=\"e-font-icon-svg e-far-calendar-alt\" viewBox=\"0 0 448 512\" xmlns=\"http:\/\/www.w3.org\/2000\/svg\"><path d=\"M148 288h-40c-6.6 0-12-5.4-12-12v-40c0-6.6 5.4-12 12-12h40c6.6 0 12 5.4 12 12v40c0 6.6-5.4 12-12 12zm108-12v-40c0-6.6-5.4-12-12-12h-40c-6.6 0-12 5.4-12 12v40c0 6.6 5.4 12 12 12h40c6.6 0 12-5.4 12-12zm96 0v-40c0-6.6-5.4-12-12-12h-40c-6.6 0-12 5.4-12 12v40c0 6.6 5.4 12 12 12h40c6.6 0 12-5.4 12-12zm-96 96v-40c0-6.6-5.4-12-12-12h-40c-6.6 0-12 5.4-12 12v40c0 6.6 5.4 12 12 12h40c6.6 0 12-5.4 12-12zm-96 0v-40c0-6.6-5.4-12-12-12h-40c-6.6 0-12 5.4-12 12v40c0 6.6 5.4 12 12 12h40c6.6 0 12-5.4 12-12zm192 0v-40c0-6.6-5.4-12-12-12h-40c-6.6 0-12 5.4-12 12v40c0 6.6 5.4 12 12 12h40c6.6 0 12-5.4 12-12zm96-260v352c0 26.5-21.5 48-48 48H48c-26.5 0-48-21.5-48-48V112c0-26.5 21.5-48 48-48h48V12c0-6.6 5.4-12 12-12h40c6.6 0 12 5.4 12 12v52h128V12c0-6.6 5.4-12 12-12h40c6.6 0 12 5.4 12 12v52h48c26.5 0 48 21.5 48 48zm-48 346V160H48v298c0 3.3 2.7 6 6 6h340c3.3 0 6-2.7 6-6z\"><\/path><\/svg>\t\t<\/span>\n\t\t\t\t\t<span class=\"e-n-tab-title-text\">\n\t\t\t\t2021\t\t\t<\/span>\n\t\t<\/button>\n\t\t\t\t<button id=\"e-n-tab-title-9442515107\" data-tab-title-id=\"e-n-tab-title-9442515107\" class=\"e-n-tab-title elementor-animation-grow\" aria-selected=\"false\" data-tab-index=\"7\" role=\"tab\" tabindex=\"-1\" aria-controls=\"e-n-tab-content-9442515107\" style=\"--n-tabs-title-order: 7;\">\n\t\t\t\t\t<span class=\"e-n-tab-icon\">\n\t\t\t<svg aria-hidden=\"true\" class=\"e-font-icon-svg e-far-calendar-alt\" viewBox=\"0 0 448 512\" xmlns=\"http:\/\/www.w3.org\/2000\/svg\"><path d=\"M148 288h-40c-6.6 0-12-5.4-12-12v-40c0-6.6 5.4-12 12-12h40c6.6 0 12 5.4 12 12v40c0 6.6-5.4 12-12 12zm108-12v-40c0-6.6-5.4-12-12-12h-40c-6.6 0-12 5.4-12 12v40c0 6.6 5.4 12 12 12h40c6.6 0 12-5.4 12-12zm96 0v-40c0-6.6-5.4-12-12-12h-40c-6.6 0-12 5.4-12 12v40c0 6.6 5.4 12 12 12h40c6.6 0 12-5.4 12-12zm-96 96v-40c0-6.6-5.4-12-12-12h-40c-6.6 0-12 5.4-12 12v40c0 6.6 5.4 12 12 12h40c6.6 0 12-5.4 12-12zm-96 0v-40c0-6.6-5.4-12-12-12h-40c-6.6 0-12 5.4-12 12v40c0 6.6 5.4 12 12 12h40c6.6 0 12-5.4 12-12zm192 0v-40c0-6.6-5.4-12-12-12h-40c-6.6 0-12 5.4-12 12v40c0 6.6 5.4 12 12 12h40c6.6 0 12-5.4 12-12zm96-260v352c0 26.5-21.5 48-48 48H48c-26.5 0-48-21.5-48-48V112c0-26.5 21.5-48 48-48h48V12c0-6.6 5.4-12 12-12h40c6.6 0 12 5.4 12 12v52h128V12c0-6.6 5.4-12 12-12h40c6.6 0 12 5.4 12 12v52h48c26.5 0 48 21.5 48 48zm-48 346V160H48v298c0 3.3 2.7 6 6 6h340c3.3 0 6-2.7 6-6z\"><\/path><\/svg>\t\t\t<svg aria-hidden=\"true\" class=\"e-font-icon-svg e-far-calendar-alt\" viewBox=\"0 0 448 512\" xmlns=\"http:\/\/www.w3.org\/2000\/svg\"><path d=\"M148 288h-40c-6.6 0-12-5.4-12-12v-40c0-6.6 5.4-12 12-12h40c6.6 0 12 5.4 12 12v40c0 6.6-5.4 12-12 12zm108-12v-40c0-6.6-5.4-12-12-12h-40c-6.6 0-12 5.4-12 12v40c0 6.6 5.4 12 12 12h40c6.6 0 12-5.4 12-12zm96 0v-40c0-6.6-5.4-12-12-12h-40c-6.6 0-12 5.4-12 12v40c0 6.6 5.4 12 12 12h40c6.6 0 12-5.4 12-12zm-96 96v-40c0-6.6-5.4-12-12-12h-40c-6.6 0-12 5.4-12 12v40c0 6.6 5.4 12 12 12h40c6.6 0 12-5.4 12-12zm-96 0v-40c0-6.6-5.4-12-12-12h-40c-6.6 0-12 5.4-12 12v40c0 6.6 5.4 12 12 12h40c6.6 0 12-5.4 12-12zm192 0v-40c0-6.6-5.4-12-12-12h-40c-6.6 0-12 5.4-12 12v40c0 6.6 5.4 12 12 12h40c6.6 0 12-5.4 12-12zm96-260v352c0 26.5-21.5 48-48 48H48c-26.5 0-48-21.5-48-48V112c0-26.5 21.5-48 48-48h48V12c0-6.6 5.4-12 12-12h40c6.6 0 12 5.4 12 12v52h128V12c0-6.6 5.4-12 12-12h40c6.6 0 12 5.4 12 12v52h48c26.5 0 48 21.5 48 48zm-48 346V160H48v298c0 3.3 2.7 6 6 6h340c3.3 0 6-2.7 6-6z\"><\/path><\/svg>\t\t<\/span>\n\t\t\t\t\t<span class=\"e-n-tab-title-text\">\n\t\t\t\t2020\t\t\t<\/span>\n\t\t<\/button>\n\t\t\t\t<button id=\"e-n-tab-title-9442515108\" data-tab-title-id=\"e-n-tab-title-9442515108\" class=\"e-n-tab-title elementor-animation-grow\" aria-selected=\"false\" data-tab-index=\"8\" role=\"tab\" tabindex=\"-1\" aria-controls=\"e-n-tab-content-9442515108\" style=\"--n-tabs-title-order: 8;\">\n\t\t\t\t\t<span class=\"e-n-tab-icon\">\n\t\t\t<svg aria-hidden=\"true\" class=\"e-font-icon-svg e-far-calendar-alt\" viewBox=\"0 0 448 512\" xmlns=\"http:\/\/www.w3.org\/2000\/svg\"><path d=\"M148 288h-40c-6.6 0-12-5.4-12-12v-40c0-6.6 5.4-12 12-12h40c6.6 0 12 5.4 12 12v40c0 6.6-5.4 12-12 12zm108-12v-40c0-6.6-5.4-12-12-12h-40c-6.6 0-12 5.4-12 12v40c0 6.6 5.4 12 12 12h40c6.6 0 12-5.4 12-12zm96 0v-40c0-6.6-5.4-12-12-12h-40c-6.6 0-12 5.4-12 12v40c0 6.6 5.4 12 12 12h40c6.6 0 12-5.4 12-12zm-96 96v-40c0-6.6-5.4-12-12-12h-40c-6.6 0-12 5.4-12 12v40c0 6.6 5.4 12 12 12h40c6.6 0 12-5.4 12-12zm-96 0v-40c0-6.6-5.4-12-12-12h-40c-6.6 0-12 5.4-12 12v40c0 6.6 5.4 12 12 12h40c6.6 0 12-5.4 12-12zm192 0v-40c0-6.6-5.4-12-12-12h-40c-6.6 0-12 5.4-12 12v40c0 6.6 5.4 12 12 12h40c6.6 0 12-5.4 12-12zm96-260v352c0 26.5-21.5 48-48 48H48c-26.5 0-48-21.5-48-48V112c0-26.5 21.5-48 48-48h48V12c0-6.6 5.4-12 12-12h40c6.6 0 12 5.4 12 12v52h128V12c0-6.6 5.4-12 12-12h40c6.6 0 12 5.4 12 12v52h48c26.5 0 48 21.5 48 48zm-48 346V160H48v298c0 3.3 2.7 6 6 6h340c3.3 0 6-2.7 6-6z\"><\/path><\/svg>\t\t\t<svg aria-hidden=\"true\" class=\"e-font-icon-svg e-far-calendar-alt\" viewBox=\"0 0 448 512\" xmlns=\"http:\/\/www.w3.org\/2000\/svg\"><path d=\"M148 288h-40c-6.6 0-12-5.4-12-12v-40c0-6.6 5.4-12 12-12h40c6.6 0 12 5.4 12 12v40c0 6.6-5.4 12-12 12zm108-12v-40c0-6.6-5.4-12-12-12h-40c-6.6 0-12 5.4-12 12v40c0 6.6 5.4 12 12 12h40c6.6 0 12-5.4 12-12zm96 0v-40c0-6.6-5.4-12-12-12h-40c-6.6 0-12 5.4-12 12v40c0 6.6 5.4 12 12 12h40c6.6 0 12-5.4 12-12zm-96 96v-40c0-6.6-5.4-12-12-12h-40c-6.6 0-12 5.4-12 12v40c0 6.6 5.4 12 12 12h40c6.6 0 12-5.4 12-12zm-96 0v-40c0-6.6-5.4-12-12-12h-40c-6.6 0-12 5.4-12 12v40c0 6.6 5.4 12 12 12h40c6.6 0 12-5.4 12-12zm192 0v-40c0-6.6-5.4-12-12-12h-40c-6.6 0-12 5.4-12 12v40c0 6.6 5.4 12 12 12h40c6.6 0 12-5.4 12-12zm96-260v352c0 26.5-21.5 48-48 48H48c-26.5 0-48-21.5-48-48V112c0-26.5 21.5-48 48-48h48V12c0-6.6 5.4-12 12-12h40c6.6 0 12 5.4 12 12v52h128V12c0-6.6 5.4-12 12-12h40c6.6 0 12 5.4 12 12v52h48c26.5 0 48 21.5 48 48zm-48 346V160H48v298c0 3.3 2.7 6 6 6h340c3.3 0 6-2.7 6-6z\"><\/path><\/svg>\t\t<\/span>\n\t\t\t\t\t<span class=\"e-n-tab-title-text\">\n\t\t\t\t2019\t\t\t<\/span>\n\t\t<\/button>\n\t\t\t\t<button id=\"e-n-tab-title-9442515109\" data-tab-title-id=\"e-n-tab-title-9442515109\" class=\"e-n-tab-title elementor-animation-grow\" aria-selected=\"false\" data-tab-index=\"9\" role=\"tab\" tabindex=\"-1\" aria-controls=\"e-n-tab-content-9442515109\" style=\"--n-tabs-title-order: 9;\">\n\t\t\t\t\t<span class=\"e-n-tab-icon\">\n\t\t\t<svg aria-hidden=\"true\" class=\"e-font-icon-svg e-far-calendar-alt\" viewBox=\"0 0 448 512\" xmlns=\"http:\/\/www.w3.org\/2000\/svg\"><path d=\"M148 288h-40c-6.6 0-12-5.4-12-12v-40c0-6.6 5.4-12 12-12h40c6.6 0 12 5.4 12 12v40c0 6.6-5.4 12-12 12zm108-12v-40c0-6.6-5.4-12-12-12h-40c-6.6 0-12 5.4-12 12v40c0 6.6 5.4 12 12 12h40c6.6 0 12-5.4 12-12zm96 0v-40c0-6.6-5.4-12-12-12h-40c-6.6 0-12 5.4-12 12v40c0 6.6 5.4 12 12 12h40c6.6 0 12-5.4 12-12zm-96 96v-40c0-6.6-5.4-12-12-12h-40c-6.6 0-12 5.4-12 12v40c0 6.6 5.4 12 12 12h40c6.6 0 12-5.4 12-12zm-96 0v-40c0-6.6-5.4-12-12-12h-40c-6.6 0-12 5.4-12 12v40c0 6.6 5.4 12 12 12h40c6.6 0 12-5.4 12-12zm192 0v-40c0-6.6-5.4-12-12-12h-40c-6.6 0-12 5.4-12 12v40c0 6.6 5.4 12 12 12h40c6.6 0 12-5.4 12-12zm96-260v352c0 26.5-21.5 48-48 48H48c-26.5 0-48-21.5-48-48V112c0-26.5 21.5-48 48-48h48V12c0-6.6 5.4-12 12-12h40c6.6 0 12 5.4 12 12v52h128V12c0-6.6 5.4-12 12-12h40c6.6 0 12 5.4 12 12v52h48c26.5 0 48 21.5 48 48zm-48 346V160H48v298c0 3.3 2.7 6 6 6h340c3.3 0 6-2.7 6-6z\"><\/path><\/svg>\t\t\t<svg aria-hidden=\"true\" class=\"e-font-icon-svg e-far-calendar-alt\" viewBox=\"0 0 448 512\" xmlns=\"http:\/\/www.w3.org\/2000\/svg\"><path d=\"M148 288h-40c-6.6 0-12-5.4-12-12v-40c0-6.6 5.4-12 12-12h40c6.6 0 12 5.4 12 12v40c0 6.6-5.4 12-12 12zm108-12v-40c0-6.6-5.4-12-12-12h-40c-6.6 0-12 5.4-12 12v40c0 6.6 5.4 12 12 12h40c6.6 0 12-5.4 12-12zm96 0v-40c0-6.6-5.4-12-12-12h-40c-6.6 0-12 5.4-12 12v40c0 6.6 5.4 12 12 12h40c6.6 0 12-5.4 12-12zm-96 96v-40c0-6.6-5.4-12-12-12h-40c-6.6 0-12 5.4-12 12v40c0 6.6 5.4 12 12 12h40c6.6 0 12-5.4 12-12zm-96 0v-40c0-6.6-5.4-12-12-12h-40c-6.6 0-12 5.4-12 12v40c0 6.6 5.4 12 12 12h40c6.6 0 12-5.4 12-12zm192 0v-40c0-6.6-5.4-12-12-12h-40c-6.6 0-12 5.4-12 12v40c0 6.6 5.4 12 12 12h40c6.6 0 12-5.4 12-12zm96-260v352c0 26.5-21.5 48-48 48H48c-26.5 0-48-21.5-48-48V112c0-26.5 21.5-48 48-48h48V12c0-6.6 5.4-12 12-12h40c6.6 0 12 5.4 12 12v52h128V12c0-6.6 5.4-12 12-12h40c6.6 0 12 5.4 12 12v52h48c26.5 0 48 21.5 48 48zm-48 346V160H48v298c0 3.3 2.7 6 6 6h340c3.3 0 6-2.7 6-6z\"><\/path><\/svg>\t\t<\/span>\n\t\t\t\t\t<span class=\"e-n-tab-title-text\">\n\t\t\t\t2018\t\t\t<\/span>\n\t\t<\/button>\n\t\t\t\t<button id=\"e-n-tab-title-94425151010\" data-tab-title-id=\"e-n-tab-title-94425151010\" class=\"e-n-tab-title elementor-animation-grow\" aria-selected=\"false\" data-tab-index=\"10\" role=\"tab\" tabindex=\"-1\" aria-controls=\"e-n-tab-content-94425151010\" style=\"--n-tabs-title-order: 10;\">\n\t\t\t\t\t<span class=\"e-n-tab-icon\">\n\t\t\t<svg aria-hidden=\"true\" class=\"e-font-icon-svg e-far-calendar-alt\" viewBox=\"0 0 448 512\" xmlns=\"http:\/\/www.w3.org\/2000\/svg\"><path d=\"M148 288h-40c-6.6 0-12-5.4-12-12v-40c0-6.6 5.4-12 12-12h40c6.6 0 12 5.4 12 12v40c0 6.6-5.4 12-12 12zm108-12v-40c0-6.6-5.4-12-12-12h-40c-6.6 0-12 5.4-12 12v40c0 6.6 5.4 12 12 12h40c6.6 0 12-5.4 12-12zm96 0v-40c0-6.6-5.4-12-12-12h-40c-6.6 0-12 5.4-12 12v40c0 6.6 5.4 12 12 12h40c6.6 0 12-5.4 12-12zm-96 96v-40c0-6.6-5.4-12-12-12h-40c-6.6 0-12 5.4-12 12v40c0 6.6 5.4 12 12 12h40c6.6 0 12-5.4 12-12zm-96 0v-40c0-6.6-5.4-12-12-12h-40c-6.6 0-12 5.4-12 12v40c0 6.6 5.4 12 12 12h40c6.6 0 12-5.4 12-12zm192 0v-40c0-6.6-5.4-12-12-12h-40c-6.6 0-12 5.4-12 12v40c0 6.6 5.4 12 12 12h40c6.6 0 12-5.4 12-12zm96-260v352c0 26.5-21.5 48-48 48H48c-26.5 0-48-21.5-48-48V112c0-26.5 21.5-48 48-48h48V12c0-6.6 5.4-12 12-12h40c6.6 0 12 5.4 12 12v52h128V12c0-6.6 5.4-12 12-12h40c6.6 0 12 5.4 12 12v52h48c26.5 0 48 21.5 48 48zm-48 346V160H48v298c0 3.3 2.7 6 6 6h340c3.3 0 6-2.7 6-6z\"><\/path><\/svg>\t\t\t<svg aria-hidden=\"true\" class=\"e-font-icon-svg e-far-calendar-alt\" viewBox=\"0 0 448 512\" xmlns=\"http:\/\/www.w3.org\/2000\/svg\"><path d=\"M148 288h-40c-6.6 0-12-5.4-12-12v-40c0-6.6 5.4-12 12-12h40c6.6 0 12 5.4 12 12v40c0 6.6-5.4 12-12 12zm108-12v-40c0-6.6-5.4-12-12-12h-40c-6.6 0-12 5.4-12 12v40c0 6.6 5.4 12 12 12h40c6.6 0 12-5.4 12-12zm96 0v-40c0-6.6-5.4-12-12-12h-40c-6.6 0-12 5.4-12 12v40c0 6.6 5.4 12 12 12h40c6.6 0 12-5.4 12-12zm-96 96v-40c0-6.6-5.4-12-12-12h-40c-6.6 0-12 5.4-12 12v40c0 6.6 5.4 12 12 12h40c6.6 0 12-5.4 12-12zm-96 0v-40c0-6.6-5.4-12-12-12h-40c-6.6 0-12 5.4-12 12v40c0 6.6 5.4 12 12 12h40c6.6 0 12-5.4 12-12zm192 0v-40c0-6.6-5.4-12-12-12h-40c-6.6 0-12 5.4-12 12v40c0 6.6 5.4 12 12 12h40c6.6 0 12-5.4 12-12zm96-260v352c0 26.5-21.5 48-48 48H48c-26.5 0-48-21.5-48-48V112c0-26.5 21.5-48 48-48h48V12c0-6.6 5.4-12 12-12h40c6.6 0 12 5.4 12 12v52h128V12c0-6.6 5.4-12 12-12h40c6.6 0 12 5.4 12 12v52h48c26.5 0 48 21.5 48 48zm-48 346V160H48v298c0 3.3 2.7 6 6 6h340c3.3 0 6-2.7 6-6z\"><\/path><\/svg>\t\t<\/span>\n\t\t\t\t\t<span class=\"e-n-tab-title-text\">\n\t\t\t\t2017\t\t\t<\/span>\n\t\t<\/button>\n\t\t\t\t<button id=\"e-n-tab-title-94425151011\" data-tab-title-id=\"e-n-tab-title-94425151011\" class=\"e-n-tab-title elementor-animation-grow\" aria-selected=\"false\" data-tab-index=\"11\" role=\"tab\" tabindex=\"-1\" aria-controls=\"e-n-tab-content-94425151011\" style=\"--n-tabs-title-order: 11;\">\n\t\t\t\t\t<span class=\"e-n-tab-icon\">\n\t\t\t<svg aria-hidden=\"true\" class=\"e-font-icon-svg e-far-calendar-alt\" viewBox=\"0 0 448 512\" xmlns=\"http:\/\/www.w3.org\/2000\/svg\"><path d=\"M148 288h-40c-6.6 0-12-5.4-12-12v-40c0-6.6 5.4-12 12-12h40c6.6 0 12 5.4 12 12v40c0 6.6-5.4 12-12 12zm108-12v-40c0-6.6-5.4-12-12-12h-40c-6.6 0-12 5.4-12 12v40c0 6.6 5.4 12 12 12h40c6.6 0 12-5.4 12-12zm96 0v-40c0-6.6-5.4-12-12-12h-40c-6.6 0-12 5.4-12 12v40c0 6.6 5.4 12 12 12h40c6.6 0 12-5.4 12-12zm-96 96v-40c0-6.6-5.4-12-12-12h-40c-6.6 0-12 5.4-12 12v40c0 6.6 5.4 12 12 12h40c6.6 0 12-5.4 12-12zm-96 0v-40c0-6.6-5.4-12-12-12h-40c-6.6 0-12 5.4-12 12v40c0 6.6 5.4 12 12 12h40c6.6 0 12-5.4 12-12zm192 0v-40c0-6.6-5.4-12-12-12h-40c-6.6 0-12 5.4-12 12v40c0 6.6 5.4 12 12 12h40c6.6 0 12-5.4 12-12zm96-260v352c0 26.5-21.5 48-48 48H48c-26.5 0-48-21.5-48-48V112c0-26.5 21.5-48 48-48h48V12c0-6.6 5.4-12 12-12h40c6.6 0 12 5.4 12 12v52h128V12c0-6.6 5.4-12 12-12h40c6.6 0 12 5.4 12 12v52h48c26.5 0 48 21.5 48 48zm-48 346V160H48v298c0 3.3 2.7 6 6 6h340c3.3 0 6-2.7 6-6z\"><\/path><\/svg>\t\t\t<svg aria-hidden=\"true\" class=\"e-font-icon-svg e-far-calendar-alt\" viewBox=\"0 0 448 512\" xmlns=\"http:\/\/www.w3.org\/2000\/svg\"><path d=\"M148 288h-40c-6.6 0-12-5.4-12-12v-40c0-6.6 5.4-12 12-12h40c6.6 0 12 5.4 12 12v40c0 6.6-5.4 12-12 12zm108-12v-40c0-6.6-5.4-12-12-12h-40c-6.6 0-12 5.4-12 12v40c0 6.6 5.4 12 12 12h40c6.6 0 12-5.4 12-12zm96 0v-40c0-6.6-5.4-12-12-12h-40c-6.6 0-12 5.4-12 12v40c0 6.6 5.4 12 12 12h40c6.6 0 12-5.4 12-12zm-96 96v-40c0-6.6-5.4-12-12-12h-40c-6.6 0-12 5.4-12 12v40c0 6.6 5.4 12 12 12h40c6.6 0 12-5.4 12-12zm-96 0v-40c0-6.6-5.4-12-12-12h-40c-6.6 0-12 5.4-12 12v40c0 6.6 5.4 12 12 12h40c6.6 0 12-5.4 12-12zm192 0v-40c0-6.6-5.4-12-12-12h-40c-6.6 0-12 5.4-12 12v40c0 6.6 5.4 12 12 12h40c6.6 0 12-5.4 12-12zm96-260v352c0 26.5-21.5 48-48 48H48c-26.5 0-48-21.5-48-48V112c0-26.5 21.5-48 48-48h48V12c0-6.6 5.4-12 12-12h40c6.6 0 12 5.4 12 12v52h128V12c0-6.6 5.4-12 12-12h40c6.6 0 12 5.4 12 12v52h48c26.5 0 48 21.5 48 48zm-48 346V160H48v298c0 3.3 2.7 6 6 6h340c3.3 0 6-2.7 6-6z\"><\/path><\/svg>\t\t<\/span>\n\t\t\t\t\t<span class=\"e-n-tab-title-text\">\n\t\t\t\t2016\t\t\t<\/span>\n\t\t<\/button>\n\t\t\t\t<button id=\"e-n-tab-title-94425151012\" data-tab-title-id=\"e-n-tab-title-94425151012\" class=\"e-n-tab-title elementor-animation-grow\" aria-selected=\"false\" data-tab-index=\"12\" role=\"tab\" tabindex=\"-1\" aria-controls=\"e-n-tab-content-94425151012\" style=\"--n-tabs-title-order: 12;\">\n\t\t\t\t\t<span class=\"e-n-tab-icon\">\n\t\t\t<svg aria-hidden=\"true\" class=\"e-font-icon-svg e-far-calendar-alt\" viewBox=\"0 0 448 512\" xmlns=\"http:\/\/www.w3.org\/2000\/svg\"><path d=\"M148 288h-40c-6.6 0-12-5.4-12-12v-40c0-6.6 5.4-12 12-12h40c6.6 0 12 5.4 12 12v40c0 6.6-5.4 12-12 12zm108-12v-40c0-6.6-5.4-12-12-12h-40c-6.6 0-12 5.4-12 12v40c0 6.6 5.4 12 12 12h40c6.6 0 12-5.4 12-12zm96 0v-40c0-6.6-5.4-12-12-12h-40c-6.6 0-12 5.4-12 12v40c0 6.6 5.4 12 12 12h40c6.6 0 12-5.4 12-12zm-96 96v-40c0-6.6-5.4-12-12-12h-40c-6.6 0-12 5.4-12 12v40c0 6.6 5.4 12 12 12h40c6.6 0 12-5.4 12-12zm-96 0v-40c0-6.6-5.4-12-12-12h-40c-6.6 0-12 5.4-12 12v40c0 6.6 5.4 12 12 12h40c6.6 0 12-5.4 12-12zm192 0v-40c0-6.6-5.4-12-12-12h-40c-6.6 0-12 5.4-12 12v40c0 6.6 5.4 12 12 12h40c6.6 0 12-5.4 12-12zm96-260v352c0 26.5-21.5 48-48 48H48c-26.5 0-48-21.5-48-48V112c0-26.5 21.5-48 48-48h48V12c0-6.6 5.4-12 12-12h40c6.6 0 12 5.4 12 12v52h128V12c0-6.6 5.4-12 12-12h40c6.6 0 12 5.4 12 12v52h48c26.5 0 48 21.5 48 48zm-48 346V160H48v298c0 3.3 2.7 6 6 6h340c3.3 0 6-2.7 6-6z\"><\/path><\/svg>\t\t\t<svg aria-hidden=\"true\" class=\"e-font-icon-svg e-far-calendar-alt\" viewBox=\"0 0 448 512\" xmlns=\"http:\/\/www.w3.org\/2000\/svg\"><path d=\"M148 288h-40c-6.6 0-12-5.4-12-12v-40c0-6.6 5.4-12 12-12h40c6.6 0 12 5.4 12 12v40c0 6.6-5.4 12-12 12zm108-12v-40c0-6.6-5.4-12-12-12h-40c-6.6 0-12 5.4-12 12v40c0 6.6 5.4 12 12 12h40c6.6 0 12-5.4 12-12zm96 0v-40c0-6.6-5.4-12-12-12h-40c-6.6 0-12 5.4-12 12v40c0 6.6 5.4 12 12 12h40c6.6 0 12-5.4 12-12zm-96 96v-40c0-6.6-5.4-12-12-12h-40c-6.6 0-12 5.4-12 12v40c0 6.6 5.4 12 12 12h40c6.6 0 12-5.4 12-12zm-96 0v-40c0-6.6-5.4-12-12-12h-40c-6.6 0-12 5.4-12 12v40c0 6.6 5.4 12 12 12h40c6.6 0 12-5.4 12-12zm192 0v-40c0-6.6-5.4-12-12-12h-40c-6.6 0-12 5.4-12 12v40c0 6.6 5.4 12 12 12h40c6.6 0 12-5.4 12-12zm96-260v352c0 26.5-21.5 48-48 48H48c-26.5 0-48-21.5-48-48V112c0-26.5 21.5-48 48-48h48V12c0-6.6 5.4-12 12-12h40c6.6 0 12 5.4 12 12v52h128V12c0-6.6 5.4-12 12-12h40c6.6 0 12 5.4 12 12v52h48c26.5 0 48 21.5 48 48zm-48 346V160H48v298c0 3.3 2.7 6 6 6h340c3.3 0 6-2.7 6-6z\"><\/path><\/svg>\t\t<\/span>\n\t\t\t\t\t<span class=\"e-n-tab-title-text\">\n\t\t\t\t2015\t\t\t<\/span>\n\t\t<\/button>\n\t\t\t\t<button id=\"e-n-tab-title-94425151013\" data-tab-title-id=\"e-n-tab-title-94425151013\" class=\"e-n-tab-title elementor-animation-grow\" aria-selected=\"false\" data-tab-index=\"13\" role=\"tab\" tabindex=\"-1\" aria-controls=\"e-n-tab-content-94425151013\" style=\"--n-tabs-title-order: 13;\">\n\t\t\t\t\t<span class=\"e-n-tab-icon\">\n\t\t\t<svg aria-hidden=\"true\" class=\"e-font-icon-svg e-far-calendar-alt\" viewBox=\"0 0 448 512\" xmlns=\"http:\/\/www.w3.org\/2000\/svg\"><path d=\"M148 288h-40c-6.6 0-12-5.4-12-12v-40c0-6.6 5.4-12 12-12h40c6.6 0 12 5.4 12 12v40c0 6.6-5.4 12-12 12zm108-12v-40c0-6.6-5.4-12-12-12h-40c-6.6 0-12 5.4-12 12v40c0 6.6 5.4 12 12 12h40c6.6 0 12-5.4 12-12zm96 0v-40c0-6.6-5.4-12-12-12h-40c-6.6 0-12 5.4-12 12v40c0 6.6 5.4 12 12 12h40c6.6 0 12-5.4 12-12zm-96 96v-40c0-6.6-5.4-12-12-12h-40c-6.6 0-12 5.4-12 12v40c0 6.6 5.4 12 12 12h40c6.6 0 12-5.4 12-12zm-96 0v-40c0-6.6-5.4-12-12-12h-40c-6.6 0-12 5.4-12 12v40c0 6.6 5.4 12 12 12h40c6.6 0 12-5.4 12-12zm192 0v-40c0-6.6-5.4-12-12-12h-40c-6.6 0-12 5.4-12 12v40c0 6.6 5.4 12 12 12h40c6.6 0 12-5.4 12-12zm96-260v352c0 26.5-21.5 48-48 48H48c-26.5 0-48-21.5-48-48V112c0-26.5 21.5-48 48-48h48V12c0-6.6 5.4-12 12-12h40c6.6 0 12 5.4 12 12v52h128V12c0-6.6 5.4-12 12-12h40c6.6 0 12 5.4 12 12v52h48c26.5 0 48 21.5 48 48zm-48 346V160H48v298c0 3.3 2.7 6 6 6h340c3.3 0 6-2.7 6-6z\"><\/path><\/svg>\t\t\t<svg aria-hidden=\"true\" class=\"e-font-icon-svg e-far-calendar-alt\" viewBox=\"0 0 448 512\" xmlns=\"http:\/\/www.w3.org\/2000\/svg\"><path d=\"M148 288h-40c-6.6 0-12-5.4-12-12v-40c0-6.6 5.4-12 12-12h40c6.6 0 12 5.4 12 12v40c0 6.6-5.4 12-12 12zm108-12v-40c0-6.6-5.4-12-12-12h-40c-6.6 0-12 5.4-12 12v40c0 6.6 5.4 12 12 12h40c6.6 0 12-5.4 12-12zm96 0v-40c0-6.6-5.4-12-12-12h-40c-6.6 0-12 5.4-12 12v40c0 6.6 5.4 12 12 12h40c6.6 0 12-5.4 12-12zm-96 96v-40c0-6.6-5.4-12-12-12h-40c-6.6 0-12 5.4-12 12v40c0 6.6 5.4 12 12 12h40c6.6 0 12-5.4 12-12zm-96 0v-40c0-6.6-5.4-12-12-12h-40c-6.6 0-12 5.4-12 12v40c0 6.6 5.4 12 12 12h40c6.6 0 12-5.4 12-12zm192 0v-40c0-6.6-5.4-12-12-12h-40c-6.6 0-12 5.4-12 12v40c0 6.6 5.4 12 12 12h40c6.6 0 12-5.4 12-12zm96-260v352c0 26.5-21.5 48-48 48H48c-26.5 0-48-21.5-48-48V112c0-26.5 21.5-48 48-48h48V12c0-6.6 5.4-12 12-12h40c6.6 0 12 5.4 12 12v52h128V12c0-6.6 5.4-12 12-12h40c6.6 0 12 5.4 12 12v52h48c26.5 0 48 21.5 48 48zm-48 346V160H48v298c0 3.3 2.7 6 6 6h340c3.3 0 6-2.7 6-6z\"><\/path><\/svg>\t\t<\/span>\n\t\t\t\t\t<span class=\"e-n-tab-title-text\">\n\t\t\t\t2014\t\t\t<\/span>\n\t\t<\/button>\n\t\t\t\t<button id=\"e-n-tab-title-94425151014\" data-tab-title-id=\"e-n-tab-title-94425151014\" class=\"e-n-tab-title elementor-animation-grow\" aria-selected=\"false\" data-tab-index=\"14\" role=\"tab\" tabindex=\"-1\" aria-controls=\"e-n-tab-content-94425151014\" style=\"--n-tabs-title-order: 14;\">\n\t\t\t\t\t<span class=\"e-n-tab-icon\">\n\t\t\t<svg aria-hidden=\"true\" class=\"e-font-icon-svg e-far-calendar-alt\" viewBox=\"0 0 448 512\" xmlns=\"http:\/\/www.w3.org\/2000\/svg\"><path d=\"M148 288h-40c-6.6 0-12-5.4-12-12v-40c0-6.6 5.4-12 12-12h40c6.6 0 12 5.4 12 12v40c0 6.6-5.4 12-12 12zm108-12v-40c0-6.6-5.4-12-12-12h-40c-6.6 0-12 5.4-12 12v40c0 6.6 5.4 12 12 12h40c6.6 0 12-5.4 12-12zm96 0v-40c0-6.6-5.4-12-12-12h-40c-6.6 0-12 5.4-12 12v40c0 6.6 5.4 12 12 12h40c6.6 0 12-5.4 12-12zm-96 96v-40c0-6.6-5.4-12-12-12h-40c-6.6 0-12 5.4-12 12v40c0 6.6 5.4 12 12 12h40c6.6 0 12-5.4 12-12zm-96 0v-40c0-6.6-5.4-12-12-12h-40c-6.6 0-12 5.4-12 12v40c0 6.6 5.4 12 12 12h40c6.6 0 12-5.4 12-12zm192 0v-40c0-6.6-5.4-12-12-12h-40c-6.6 0-12 5.4-12 12v40c0 6.6 5.4 12 12 12h40c6.6 0 12-5.4 12-12zm96-260v352c0 26.5-21.5 48-48 48H48c-26.5 0-48-21.5-48-48V112c0-26.5 21.5-48 48-48h48V12c0-6.6 5.4-12 12-12h40c6.6 0 12 5.4 12 12v52h128V12c0-6.6 5.4-12 12-12h40c6.6 0 12 5.4 12 12v52h48c26.5 0 48 21.5 48 48zm-48 346V160H48v298c0 3.3 2.7 6 6 6h340c3.3 0 6-2.7 6-6z\"><\/path><\/svg>\t\t\t<svg aria-hidden=\"true\" class=\"e-font-icon-svg e-far-calendar-alt\" viewBox=\"0 0 448 512\" xmlns=\"http:\/\/www.w3.org\/2000\/svg\"><path d=\"M148 288h-40c-6.6 0-12-5.4-12-12v-40c0-6.6 5.4-12 12-12h40c6.6 0 12 5.4 12 12v40c0 6.6-5.4 12-12 12zm108-12v-40c0-6.6-5.4-12-12-12h-40c-6.6 0-12 5.4-12 12v40c0 6.6 5.4 12 12 12h40c6.6 0 12-5.4 12-12zm96 0v-40c0-6.6-5.4-12-12-12h-40c-6.6 0-12 5.4-12 12v40c0 6.6 5.4 12 12 12h40c6.6 0 12-5.4 12-12zm-96 96v-40c0-6.6-5.4-12-12-12h-40c-6.6 0-12 5.4-12 12v40c0 6.6 5.4 12 12 12h40c6.6 0 12-5.4 12-12zm-96 0v-40c0-6.6-5.4-12-12-12h-40c-6.6 0-12 5.4-12 12v40c0 6.6 5.4 12 12 12h40c6.6 0 12-5.4 12-12zm192 0v-40c0-6.6-5.4-12-12-12h-40c-6.6 0-12 5.4-12 12v40c0 6.6 5.4 12 12 12h40c6.6 0 12-5.4 12-12zm96-260v352c0 26.5-21.5 48-48 48H48c-26.5 0-48-21.5-48-48V112c0-26.5 21.5-48 48-48h48V12c0-6.6 5.4-12 12-12h40c6.6 0 12 5.4 12 12v52h128V12c0-6.6 5.4-12 12-12h40c6.6 0 12 5.4 12 12v52h48c26.5 0 48 21.5 48 48zm-48 346V160H48v298c0 3.3 2.7 6 6 6h340c3.3 0 6-2.7 6-6z\"><\/path><\/svg>\t\t<\/span>\n\t\t\t\t\t<span class=\"e-n-tab-title-text\">\n\t\t\t\t2013\t\t\t<\/span>\n\t\t<\/button>\n\t\t\t\t<button id=\"e-n-tab-title-94425151015\" data-tab-title-id=\"e-n-tab-title-94425151015\" class=\"e-n-tab-title elementor-animation-grow\" aria-selected=\"false\" data-tab-index=\"15\" role=\"tab\" tabindex=\"-1\" aria-controls=\"e-n-tab-content-94425151015\" style=\"--n-tabs-title-order: 15;\">\n\t\t\t\t\t<span class=\"e-n-tab-icon\">\n\t\t\t<svg aria-hidden=\"true\" class=\"e-font-icon-svg e-far-calendar-alt\" viewBox=\"0 0 448 512\" xmlns=\"http:\/\/www.w3.org\/2000\/svg\"><path d=\"M148 288h-40c-6.6 0-12-5.4-12-12v-40c0-6.6 5.4-12 12-12h40c6.6 0 12 5.4 12 12v40c0 6.6-5.4 12-12 12zm108-12v-40c0-6.6-5.4-12-12-12h-40c-6.6 0-12 5.4-12 12v40c0 6.6 5.4 12 12 12h40c6.6 0 12-5.4 12-12zm96 0v-40c0-6.6-5.4-12-12-12h-40c-6.6 0-12 5.4-12 12v40c0 6.6 5.4 12 12 12h40c6.6 0 12-5.4 12-12zm-96 96v-40c0-6.6-5.4-12-12-12h-40c-6.6 0-12 5.4-12 12v40c0 6.6 5.4 12 12 12h40c6.6 0 12-5.4 12-12zm-96 0v-40c0-6.6-5.4-12-12-12h-40c-6.6 0-12 5.4-12 12v40c0 6.6 5.4 12 12 12h40c6.6 0 12-5.4 12-12zm192 0v-40c0-6.6-5.4-12-12-12h-40c-6.6 0-12 5.4-12 12v40c0 6.6 5.4 12 12 12h40c6.6 0 12-5.4 12-12zm96-260v352c0 26.5-21.5 48-48 48H48c-26.5 0-48-21.5-48-48V112c0-26.5 21.5-48 48-48h48V12c0-6.6 5.4-12 12-12h40c6.6 0 12 5.4 12 12v52h128V12c0-6.6 5.4-12 12-12h40c6.6 0 12 5.4 12 12v52h48c26.5 0 48 21.5 48 48zm-48 346V160H48v298c0 3.3 2.7 6 6 6h340c3.3 0 6-2.7 6-6z\"><\/path><\/svg>\t\t\t<svg aria-hidden=\"true\" class=\"e-font-icon-svg e-far-calendar-alt\" viewBox=\"0 0 448 512\" xmlns=\"http:\/\/www.w3.org\/2000\/svg\"><path d=\"M148 288h-40c-6.6 0-12-5.4-12-12v-40c0-6.6 5.4-12 12-12h40c6.6 0 12 5.4 12 12v40c0 6.6-5.4 12-12 12zm108-12v-40c0-6.6-5.4-12-12-12h-40c-6.6 0-12 5.4-12 12v40c0 6.6 5.4 12 12 12h40c6.6 0 12-5.4 12-12zm96 0v-40c0-6.6-5.4-12-12-12h-40c-6.6 0-12 5.4-12 12v40c0 6.6 5.4 12 12 12h40c6.6 0 12-5.4 12-12zm-96 96v-40c0-6.6-5.4-12-12-12h-40c-6.6 0-12 5.4-12 12v40c0 6.6 5.4 12 12 12h40c6.6 0 12-5.4 12-12zm-96 0v-40c0-6.6-5.4-12-12-12h-40c-6.6 0-12 5.4-12 12v40c0 6.6 5.4 12 12 12h40c6.6 0 12-5.4 12-12zm192 0v-40c0-6.6-5.4-12-12-12h-40c-6.6 0-12 5.4-12 12v40c0 6.6 5.4 12 12 12h40c6.6 0 12-5.4 12-12zm96-260v352c0 26.5-21.5 48-48 48H48c-26.5 0-48-21.5-48-48V112c0-26.5 21.5-48 48-48h48V12c0-6.6 5.4-12 12-12h40c6.6 0 12 5.4 12 12v52h128V12c0-6.6 5.4-12 12-12h40c6.6 0 12 5.4 12 12v52h48c26.5 0 48 21.5 48 48zm-48 346V160H48v298c0 3.3 2.7 6 6 6h340c3.3 0 6-2.7 6-6z\"><\/path><\/svg>\t\t<\/span>\n\t\t\t\t\t<span class=\"e-n-tab-title-text\">\n\t\t\t\t2012\t\t\t<\/span>\n\t\t<\/button>\n\t\t\t\t<button id=\"e-n-tab-title-94425151016\" data-tab-title-id=\"e-n-tab-title-94425151016\" class=\"e-n-tab-title elementor-animation-grow\" aria-selected=\"false\" data-tab-index=\"16\" role=\"tab\" tabindex=\"-1\" aria-controls=\"e-n-tab-content-94425151016\" style=\"--n-tabs-title-order: 16;\">\n\t\t\t\t\t<span class=\"e-n-tab-icon\">\n\t\t\t<svg aria-hidden=\"true\" class=\"e-font-icon-svg e-far-calendar-alt\" viewBox=\"0 0 448 512\" xmlns=\"http:\/\/www.w3.org\/2000\/svg\"><path d=\"M148 288h-40c-6.6 0-12-5.4-12-12v-40c0-6.6 5.4-12 12-12h40c6.6 0 12 5.4 12 12v40c0 6.6-5.4 12-12 12zm108-12v-40c0-6.6-5.4-12-12-12h-40c-6.6 0-12 5.4-12 12v40c0 6.6 5.4 12 12 12h40c6.6 0 12-5.4 12-12zm96 0v-40c0-6.6-5.4-12-12-12h-40c-6.6 0-12 5.4-12 12v40c0 6.6 5.4 12 12 12h40c6.6 0 12-5.4 12-12zm-96 96v-40c0-6.6-5.4-12-12-12h-40c-6.6 0-12 5.4-12 12v40c0 6.6 5.4 12 12 12h40c6.6 0 12-5.4 12-12zm-96 0v-40c0-6.6-5.4-12-12-12h-40c-6.6 0-12 5.4-12 12v40c0 6.6 5.4 12 12 12h40c6.6 0 12-5.4 12-12zm192 0v-40c0-6.6-5.4-12-12-12h-40c-6.6 0-12 5.4-12 12v40c0 6.6 5.4 12 12 12h40c6.6 0 12-5.4 12-12zm96-260v352c0 26.5-21.5 48-48 48H48c-26.5 0-48-21.5-48-48V112c0-26.5 21.5-48 48-48h48V12c0-6.6 5.4-12 12-12h40c6.6 0 12 5.4 12 12v52h128V12c0-6.6 5.4-12 12-12h40c6.6 0 12 5.4 12 12v52h48c26.5 0 48 21.5 48 48zm-48 346V160H48v298c0 3.3 2.7 6 6 6h340c3.3 0 6-2.7 6-6z\"><\/path><\/svg>\t\t\t<svg aria-hidden=\"true\" class=\"e-font-icon-svg e-far-calendar-alt\" viewBox=\"0 0 448 512\" xmlns=\"http:\/\/www.w3.org\/2000\/svg\"><path d=\"M148 288h-40c-6.6 0-12-5.4-12-12v-40c0-6.6 5.4-12 12-12h40c6.6 0 12 5.4 12 12v40c0 6.6-5.4 12-12 12zm108-12v-40c0-6.6-5.4-12-12-12h-40c-6.6 0-12 5.4-12 12v40c0 6.6 5.4 12 12 12h40c6.6 0 12-5.4 12-12zm96 0v-40c0-6.6-5.4-12-12-12h-40c-6.6 0-12 5.4-12 12v40c0 6.6 5.4 12 12 12h40c6.6 0 12-5.4 12-12zm-96 96v-40c0-6.6-5.4-12-12-12h-40c-6.6 0-12 5.4-12 12v40c0 6.6 5.4 12 12 12h40c6.6 0 12-5.4 12-12zm-96 0v-40c0-6.6-5.4-12-12-12h-40c-6.6 0-12 5.4-12 12v40c0 6.6 5.4 12 12 12h40c6.6 0 12-5.4 12-12zm192 0v-40c0-6.6-5.4-12-12-12h-40c-6.6 0-12 5.4-12 12v40c0 6.6 5.4 12 12 12h40c6.6 0 12-5.4 12-12zm96-260v352c0 26.5-21.5 48-48 48H48c-26.5 0-48-21.5-48-48V112c0-26.5 21.5-48 48-48h48V12c0-6.6 5.4-12 12-12h40c6.6 0 12 5.4 12 12v52h128V12c0-6.6 5.4-12 12-12h40c6.6 0 12 5.4 12 12v52h48c26.5 0 48 21.5 48 48zm-48 346V160H48v298c0 3.3 2.7 6 6 6h340c3.3 0 6-2.7 6-6z\"><\/path><\/svg>\t\t<\/span>\n\t\t\t\t\t<span class=\"e-n-tab-title-text\">\n\t\t\t\t2011\t\t\t<\/span>\n\t\t<\/button>\n\t\t\t\t<button id=\"e-n-tab-title-94425151017\" data-tab-title-id=\"e-n-tab-title-94425151017\" class=\"e-n-tab-title elementor-animation-grow\" aria-selected=\"false\" data-tab-index=\"17\" role=\"tab\" tabindex=\"-1\" aria-controls=\"e-n-tab-content-94425151017\" style=\"--n-tabs-title-order: 17;\">\n\t\t\t\t\t<span class=\"e-n-tab-icon\">\n\t\t\t<svg aria-hidden=\"true\" class=\"e-font-icon-svg e-far-calendar-alt\" viewBox=\"0 0 448 512\" xmlns=\"http:\/\/www.w3.org\/2000\/svg\"><path d=\"M148 288h-40c-6.6 0-12-5.4-12-12v-40c0-6.6 5.4-12 12-12h40c6.6 0 12 5.4 12 12v40c0 6.6-5.4 12-12 12zm108-12v-40c0-6.6-5.4-12-12-12h-40c-6.6 0-12 5.4-12 12v40c0 6.6 5.4 12 12 12h40c6.6 0 12-5.4 12-12zm96 0v-40c0-6.6-5.4-12-12-12h-40c-6.6 0-12 5.4-12 12v40c0 6.6 5.4 12 12 12h40c6.6 0 12-5.4 12-12zm-96 96v-40c0-6.6-5.4-12-12-12h-40c-6.6 0-12 5.4-12 12v40c0 6.6 5.4 12 12 12h40c6.6 0 12-5.4 12-12zm-96 0v-40c0-6.6-5.4-12-12-12h-40c-6.6 0-12 5.4-12 12v40c0 6.6 5.4 12 12 12h40c6.6 0 12-5.4 12-12zm192 0v-40c0-6.6-5.4-12-12-12h-40c-6.6 0-12 5.4-12 12v40c0 6.6 5.4 12 12 12h40c6.6 0 12-5.4 12-12zm96-260v352c0 26.5-21.5 48-48 48H48c-26.5 0-48-21.5-48-48V112c0-26.5 21.5-48 48-48h48V12c0-6.6 5.4-12 12-12h40c6.6 0 12 5.4 12 12v52h128V12c0-6.6 5.4-12 12-12h40c6.6 0 12 5.4 12 12v52h48c26.5 0 48 21.5 48 48zm-48 346V160H48v298c0 3.3 2.7 6 6 6h340c3.3 0 6-2.7 6-6z\"><\/path><\/svg>\t\t\t<svg aria-hidden=\"true\" class=\"e-font-icon-svg e-far-calendar-alt\" viewBox=\"0 0 448 512\" xmlns=\"http:\/\/www.w3.org\/2000\/svg\"><path d=\"M148 288h-40c-6.6 0-12-5.4-12-12v-40c0-6.6 5.4-12 12-12h40c6.6 0 12 5.4 12 12v40c0 6.6-5.4 12-12 12zm108-12v-40c0-6.6-5.4-12-12-12h-40c-6.6 0-12 5.4-12 12v40c0 6.6 5.4 12 12 12h40c6.6 0 12-5.4 12-12zm96 0v-40c0-6.6-5.4-12-12-12h-40c-6.6 0-12 5.4-12 12v40c0 6.6 5.4 12 12 12h40c6.6 0 12-5.4 12-12zm-96 96v-40c0-6.6-5.4-12-12-12h-40c-6.6 0-12 5.4-12 12v40c0 6.6 5.4 12 12 12h40c6.6 0 12-5.4 12-12zm-96 0v-40c0-6.6-5.4-12-12-12h-40c-6.6 0-12 5.4-12 12v40c0 6.6 5.4 12 12 12h40c6.6 0 12-5.4 12-12zm192 0v-40c0-6.6-5.4-12-12-12h-40c-6.6 0-12 5.4-12 12v40c0 6.6 5.4 12 12 12h40c6.6 0 12-5.4 12-12zm96-260v352c0 26.5-21.5 48-48 48H48c-26.5 0-48-21.5-48-48V112c0-26.5 21.5-48 48-48h48V12c0-6.6 5.4-12 12-12h40c6.6 0 12 5.4 12 12v52h128V12c0-6.6 5.4-12 12-12h40c6.6 0 12 5.4 12 12v52h48c26.5 0 48 21.5 48 48zm-48 346V160H48v298c0 3.3 2.7 6 6 6h340c3.3 0 6-2.7 6-6z\"><\/path><\/svg>\t\t<\/span>\n\t\t\t\t\t<span class=\"e-n-tab-title-text\">\n\t\t\t\t2010\t\t\t<\/span>\n\t\t<\/button>\n\t\t\t\t<button id=\"e-n-tab-title-94425151018\" data-tab-title-id=\"e-n-tab-title-94425151018\" class=\"e-n-tab-title elementor-animation-grow\" aria-selected=\"false\" data-tab-index=\"18\" role=\"tab\" tabindex=\"-1\" aria-controls=\"e-n-tab-content-94425151018\" style=\"--n-tabs-title-order: 18;\">\n\t\t\t\t\t<span class=\"e-n-tab-icon\">\n\t\t\t<svg aria-hidden=\"true\" class=\"e-font-icon-svg e-far-calendar-alt\" viewBox=\"0 0 448 512\" xmlns=\"http:\/\/www.w3.org\/2000\/svg\"><path d=\"M148 288h-40c-6.6 0-12-5.4-12-12v-40c0-6.6 5.4-12 12-12h40c6.6 0 12 5.4 12 12v40c0 6.6-5.4 12-12 12zm108-12v-40c0-6.6-5.4-12-12-12h-40c-6.6 0-12 5.4-12 12v40c0 6.6 5.4 12 12 12h40c6.6 0 12-5.4 12-12zm96 0v-40c0-6.6-5.4-12-12-12h-40c-6.6 0-12 5.4-12 12v40c0 6.6 5.4 12 12 12h40c6.6 0 12-5.4 12-12zm-96 96v-40c0-6.6-5.4-12-12-12h-40c-6.6 0-12 5.4-12 12v40c0 6.6 5.4 12 12 12h40c6.6 0 12-5.4 12-12zm-96 0v-40c0-6.6-5.4-12-12-12h-40c-6.6 0-12 5.4-12 12v40c0 6.6 5.4 12 12 12h40c6.6 0 12-5.4 12-12zm192 0v-40c0-6.6-5.4-12-12-12h-40c-6.6 0-12 5.4-12 12v40c0 6.6 5.4 12 12 12h40c6.6 0 12-5.4 12-12zm96-260v352c0 26.5-21.5 48-48 48H48c-26.5 0-48-21.5-48-48V112c0-26.5 21.5-48 48-48h48V12c0-6.6 5.4-12 12-12h40c6.6 0 12 5.4 12 12v52h128V12c0-6.6 5.4-12 12-12h40c6.6 0 12 5.4 12 12v52h48c26.5 0 48 21.5 48 48zm-48 346V160H48v298c0 3.3 2.7 6 6 6h340c3.3 0 6-2.7 6-6z\"><\/path><\/svg>\t\t\t<svg aria-hidden=\"true\" class=\"e-font-icon-svg e-far-calendar-alt\" viewBox=\"0 0 448 512\" xmlns=\"http:\/\/www.w3.org\/2000\/svg\"><path d=\"M148 288h-40c-6.6 0-12-5.4-12-12v-40c0-6.6 5.4-12 12-12h40c6.6 0 12 5.4 12 12v40c0 6.6-5.4 12-12 12zm108-12v-40c0-6.6-5.4-12-12-12h-40c-6.6 0-12 5.4-12 12v40c0 6.6 5.4 12 12 12h40c6.6 0 12-5.4 12-12zm96 0v-40c0-6.6-5.4-12-12-12h-40c-6.6 0-12 5.4-12 12v40c0 6.6 5.4 12 12 12h40c6.6 0 12-5.4 12-12zm-96 96v-40c0-6.6-5.4-12-12-12h-40c-6.6 0-12 5.4-12 12v40c0 6.6 5.4 12 12 12h40c6.6 0 12-5.4 12-12zm-96 0v-40c0-6.6-5.4-12-12-12h-40c-6.6 0-12 5.4-12 12v40c0 6.6 5.4 12 12 12h40c6.6 0 12-5.4 12-12zm192 0v-40c0-6.6-5.4-12-12-12h-40c-6.6 0-12 5.4-12 12v40c0 6.6 5.4 12 12 12h40c6.6 0 12-5.4 12-12zm96-260v352c0 26.5-21.5 48-48 48H48c-26.5 0-48-21.5-48-48V112c0-26.5 21.5-48 48-48h48V12c0-6.6 5.4-12 12-12h40c6.6 0 12 5.4 12 12v52h128V12c0-6.6 5.4-12 12-12h40c6.6 0 12 5.4 12 12v52h48c26.5 0 48 21.5 48 48zm-48 346V160H48v298c0 3.3 2.7 6 6 6h340c3.3 0 6-2.7 6-6z\"><\/path><\/svg>\t\t<\/span>\n\t\t\t\t\t<span class=\"e-n-tab-title-text\">\n\t\t\t\t2009\t\t\t<\/span>\n\t\t<\/button>\n\t\t\t\t<button id=\"e-n-tab-title-94425151019\" data-tab-title-id=\"e-n-tab-title-94425151019\" class=\"e-n-tab-title elementor-animation-grow\" aria-selected=\"false\" data-tab-index=\"19\" role=\"tab\" tabindex=\"-1\" aria-controls=\"e-n-tab-content-94425151019\" style=\"--n-tabs-title-order: 19;\">\n\t\t\t\t\t<span class=\"e-n-tab-icon\">\n\t\t\t<svg aria-hidden=\"true\" class=\"e-font-icon-svg e-far-calendar-alt\" viewBox=\"0 0 448 512\" xmlns=\"http:\/\/www.w3.org\/2000\/svg\"><path d=\"M148 288h-40c-6.6 0-12-5.4-12-12v-40c0-6.6 5.4-12 12-12h40c6.6 0 12 5.4 12 12v40c0 6.6-5.4 12-12 12zm108-12v-40c0-6.6-5.4-12-12-12h-40c-6.6 0-12 5.4-12 12v40c0 6.6 5.4 12 12 12h40c6.6 0 12-5.4 12-12zm96 0v-40c0-6.6-5.4-12-12-12h-40c-6.6 0-12 5.4-12 12v40c0 6.6 5.4 12 12 12h40c6.6 0 12-5.4 12-12zm-96 96v-40c0-6.6-5.4-12-12-12h-40c-6.6 0-12 5.4-12 12v40c0 6.6 5.4 12 12 12h40c6.6 0 12-5.4 12-12zm-96 0v-40c0-6.6-5.4-12-12-12h-40c-6.6 0-12 5.4-12 12v40c0 6.6 5.4 12 12 12h40c6.6 0 12-5.4 12-12zm192 0v-40c0-6.6-5.4-12-12-12h-40c-6.6 0-12 5.4-12 12v40c0 6.6 5.4 12 12 12h40c6.6 0 12-5.4 12-12zm96-260v352c0 26.5-21.5 48-48 48H48c-26.5 0-48-21.5-48-48V112c0-26.5 21.5-48 48-48h48V12c0-6.6 5.4-12 12-12h40c6.6 0 12 5.4 12 12v52h128V12c0-6.6 5.4-12 12-12h40c6.6 0 12 5.4 12 12v52h48c26.5 0 48 21.5 48 48zm-48 346V160H48v298c0 3.3 2.7 6 6 6h340c3.3 0 6-2.7 6-6z\"><\/path><\/svg>\t\t\t<svg aria-hidden=\"true\" class=\"e-font-icon-svg e-far-calendar-alt\" viewBox=\"0 0 448 512\" xmlns=\"http:\/\/www.w3.org\/2000\/svg\"><path d=\"M148 288h-40c-6.6 0-12-5.4-12-12v-40c0-6.6 5.4-12 12-12h40c6.6 0 12 5.4 12 12v40c0 6.6-5.4 12-12 12zm108-12v-40c0-6.6-5.4-12-12-12h-40c-6.6 0-12 5.4-12 12v40c0 6.6 5.4 12 12 12h40c6.6 0 12-5.4 12-12zm96 0v-40c0-6.6-5.4-12-12-12h-40c-6.6 0-12 5.4-12 12v40c0 6.6 5.4 12 12 12h40c6.6 0 12-5.4 12-12zm-96 96v-40c0-6.6-5.4-12-12-12h-40c-6.6 0-12 5.4-12 12v40c0 6.6 5.4 12 12 12h40c6.6 0 12-5.4 12-12zm-96 0v-40c0-6.6-5.4-12-12-12h-40c-6.6 0-12 5.4-12 12v40c0 6.6 5.4 12 12 12h40c6.6 0 12-5.4 12-12zm192 0v-40c0-6.6-5.4-12-12-12h-40c-6.6 0-12 5.4-12 12v40c0 6.6 5.4 12 12 12h40c6.6 0 12-5.4 12-12zm96-260v352c0 26.5-21.5 48-48 48H48c-26.5 0-48-21.5-48-48V112c0-26.5 21.5-48 48-48h48V12c0-6.6 5.4-12 12-12h40c6.6 0 12 5.4 12 12v52h128V12c0-6.6 5.4-12 12-12h40c6.6 0 12 5.4 12 12v52h48c26.5 0 48 21.5 48 48zm-48 346V160H48v298c0 3.3 2.7 6 6 6h340c3.3 0 6-2.7 6-6z\"><\/path><\/svg>\t\t<\/span>\n\t\t\t\t\t<span class=\"e-n-tab-title-text\">\n\t\t\t\t2008\t\t\t<\/span>\n\t\t<\/button>\n\t\t\t\t<button id=\"e-n-tab-title-94425151020\" data-tab-title-id=\"e-n-tab-title-94425151020\" class=\"e-n-tab-title elementor-animation-grow\" aria-selected=\"false\" data-tab-index=\"20\" role=\"tab\" tabindex=\"-1\" aria-controls=\"e-n-tab-content-94425151020\" style=\"--n-tabs-title-order: 20;\">\n\t\t\t\t\t<span class=\"e-n-tab-icon\">\n\t\t\t<svg aria-hidden=\"true\" class=\"e-font-icon-svg e-far-calendar-alt\" viewBox=\"0 0 448 512\" xmlns=\"http:\/\/www.w3.org\/2000\/svg\"><path d=\"M148 288h-40c-6.6 0-12-5.4-12-12v-40c0-6.6 5.4-12 12-12h40c6.6 0 12 5.4 12 12v40c0 6.6-5.4 12-12 12zm108-12v-40c0-6.6-5.4-12-12-12h-40c-6.6 0-12 5.4-12 12v40c0 6.6 5.4 12 12 12h40c6.6 0 12-5.4 12-12zm96 0v-40c0-6.6-5.4-12-12-12h-40c-6.6 0-12 5.4-12 12v40c0 6.6 5.4 12 12 12h40c6.6 0 12-5.4 12-12zm-96 96v-40c0-6.6-5.4-12-12-12h-40c-6.6 0-12 5.4-12 12v40c0 6.6 5.4 12 12 12h40c6.6 0 12-5.4 12-12zm-96 0v-40c0-6.6-5.4-12-12-12h-40c-6.6 0-12 5.4-12 12v40c0 6.6 5.4 12 12 12h40c6.6 0 12-5.4 12-12zm192 0v-40c0-6.6-5.4-12-12-12h-40c-6.6 0-12 5.4-12 12v40c0 6.6 5.4 12 12 12h40c6.6 0 12-5.4 12-12zm96-260v352c0 26.5-21.5 48-48 48H48c-26.5 0-48-21.5-48-48V112c0-26.5 21.5-48 48-48h48V12c0-6.6 5.4-12 12-12h40c6.6 0 12 5.4 12 12v52h128V12c0-6.6 5.4-12 12-12h40c6.6 0 12 5.4 12 12v52h48c26.5 0 48 21.5 48 48zm-48 346V160H48v298c0 3.3 2.7 6 6 6h340c3.3 0 6-2.7 6-6z\"><\/path><\/svg>\t\t\t<svg aria-hidden=\"true\" class=\"e-font-icon-svg e-far-calendar-alt\" viewBox=\"0 0 448 512\" xmlns=\"http:\/\/www.w3.org\/2000\/svg\"><path d=\"M148 288h-40c-6.6 0-12-5.4-12-12v-40c0-6.6 5.4-12 12-12h40c6.6 0 12 5.4 12 12v40c0 6.6-5.4 12-12 12zm108-12v-40c0-6.6-5.4-12-12-12h-40c-6.6 0-12 5.4-12 12v40c0 6.6 5.4 12 12 12h40c6.6 0 12-5.4 12-12zm96 0v-40c0-6.6-5.4-12-12-12h-40c-6.6 0-12 5.4-12 12v40c0 6.6 5.4 12 12 12h40c6.6 0 12-5.4 12-12zm-96 96v-40c0-6.6-5.4-12-12-12h-40c-6.6 0-12 5.4-12 12v40c0 6.6 5.4 12 12 12h40c6.6 0 12-5.4 12-12zm-96 0v-40c0-6.6-5.4-12-12-12h-40c-6.6 0-12 5.4-12 12v40c0 6.6 5.4 12 12 12h40c6.6 0 12-5.4 12-12zm192 0v-40c0-6.6-5.4-12-12-12h-40c-6.6 0-12 5.4-12 12v40c0 6.6 5.4 12 12 12h40c6.6 0 12-5.4 12-12zm96-260v352c0 26.5-21.5 48-48 48H48c-26.5 0-48-21.5-48-48V112c0-26.5 21.5-48 48-48h48V12c0-6.6 5.4-12 12-12h40c6.6 0 12 5.4 12 12v52h128V12c0-6.6 5.4-12 12-12h40c6.6 0 12 5.4 12 12v52h48c26.5 0 48 21.5 48 48zm-48 346V160H48v298c0 3.3 2.7 6 6 6h340c3.3 0 6-2.7 6-6z\"><\/path><\/svg>\t\t<\/span>\n\t\t\t\t\t<span class=\"e-n-tab-title-text\">\n\t\t\t\t2007\t\t\t<\/span>\n\t\t<\/button>\n\t\t\t\t<button id=\"e-n-tab-title-94425151021\" data-tab-title-id=\"e-n-tab-title-94425151021\" class=\"e-n-tab-title elementor-animation-grow\" aria-selected=\"false\" data-tab-index=\"21\" role=\"tab\" tabindex=\"-1\" aria-controls=\"e-n-tab-content-94425151021\" style=\"--n-tabs-title-order: 21;\">\n\t\t\t\t\t<span class=\"e-n-tab-icon\">\n\t\t\t<svg aria-hidden=\"true\" class=\"e-font-icon-svg e-far-calendar-alt\" viewBox=\"0 0 448 512\" xmlns=\"http:\/\/www.w3.org\/2000\/svg\"><path d=\"M148 288h-40c-6.6 0-12-5.4-12-12v-40c0-6.6 5.4-12 12-12h40c6.6 0 12 5.4 12 12v40c0 6.6-5.4 12-12 12zm108-12v-40c0-6.6-5.4-12-12-12h-40c-6.6 0-12 5.4-12 12v40c0 6.6 5.4 12 12 12h40c6.6 0 12-5.4 12-12zm96 0v-40c0-6.6-5.4-12-12-12h-40c-6.6 0-12 5.4-12 12v40c0 6.6 5.4 12 12 12h40c6.6 0 12-5.4 12-12zm-96 96v-40c0-6.6-5.4-12-12-12h-40c-6.6 0-12 5.4-12 12v40c0 6.6 5.4 12 12 12h40c6.6 0 12-5.4 12-12zm-96 0v-40c0-6.6-5.4-12-12-12h-40c-6.6 0-12 5.4-12 12v40c0 6.6 5.4 12 12 12h40c6.6 0 12-5.4 12-12zm192 0v-40c0-6.6-5.4-12-12-12h-40c-6.6 0-12 5.4-12 12v40c0 6.6 5.4 12 12 12h40c6.6 0 12-5.4 12-12zm96-260v352c0 26.5-21.5 48-48 48H48c-26.5 0-48-21.5-48-48V112c0-26.5 21.5-48 48-48h48V12c0-6.6 5.4-12 12-12h40c6.6 0 12 5.4 12 12v52h128V12c0-6.6 5.4-12 12-12h40c6.6 0 12 5.4 12 12v52h48c26.5 0 48 21.5 48 48zm-48 346V160H48v298c0 3.3 2.7 6 6 6h340c3.3 0 6-2.7 6-6z\"><\/path><\/svg>\t\t\t<svg aria-hidden=\"true\" class=\"e-font-icon-svg e-far-calendar-alt\" viewBox=\"0 0 448 512\" xmlns=\"http:\/\/www.w3.org\/2000\/svg\"><path d=\"M148 288h-40c-6.6 0-12-5.4-12-12v-40c0-6.6 5.4-12 12-12h40c6.6 0 12 5.4 12 12v40c0 6.6-5.4 12-12 12zm108-12v-40c0-6.6-5.4-12-12-12h-40c-6.6 0-12 5.4-12 12v40c0 6.6 5.4 12 12 12h40c6.6 0 12-5.4 12-12zm96 0v-40c0-6.6-5.4-12-12-12h-40c-6.6 0-12 5.4-12 12v40c0 6.6 5.4 12 12 12h40c6.6 0 12-5.4 12-12zm-96 96v-40c0-6.6-5.4-12-12-12h-40c-6.6 0-12 5.4-12 12v40c0 6.6 5.4 12 12 12h40c6.6 0 12-5.4 12-12zm-96 0v-40c0-6.6-5.4-12-12-12h-40c-6.6 0-12 5.4-12 12v40c0 6.6 5.4 12 12 12h40c6.6 0 12-5.4 12-12zm192 0v-40c0-6.6-5.4-12-12-12h-40c-6.6 0-12 5.4-12 12v40c0 6.6 5.4 12 12 12h40c6.6 0 12-5.4 12-12zm96-260v352c0 26.5-21.5 48-48 48H48c-26.5 0-48-21.5-48-48V112c0-26.5 21.5-48 48-48h48V12c0-6.6 5.4-12 12-12h40c6.6 0 12 5.4 12 12v52h128V12c0-6.6 5.4-12 12-12h40c6.6 0 12 5.4 12 12v52h48c26.5 0 48 21.5 48 48zm-48 346V160H48v298c0 3.3 2.7 6 6 6h340c3.3 0 6-2.7 6-6z\"><\/path><\/svg>\t\t<\/span>\n\t\t\t\t\t<span class=\"e-n-tab-title-text\">\n\t\t\t\t2006\t\t\t<\/span>\n\t\t<\/button>\n\t\t\t\t<button id=\"e-n-tab-title-94425151022\" data-tab-title-id=\"e-n-tab-title-94425151022\" class=\"e-n-tab-title elementor-animation-grow\" aria-selected=\"false\" data-tab-index=\"22\" role=\"tab\" tabindex=\"-1\" aria-controls=\"e-n-tab-content-94425151022\" style=\"--n-tabs-title-order: 22;\">\n\t\t\t\t\t<span class=\"e-n-tab-icon\">\n\t\t\t<svg aria-hidden=\"true\" class=\"e-font-icon-svg e-far-calendar-alt\" viewBox=\"0 0 448 512\" xmlns=\"http:\/\/www.w3.org\/2000\/svg\"><path d=\"M148 288h-40c-6.6 0-12-5.4-12-12v-40c0-6.6 5.4-12 12-12h40c6.6 0 12 5.4 12 12v40c0 6.6-5.4 12-12 12zm108-12v-40c0-6.6-5.4-12-12-12h-40c-6.6 0-12 5.4-12 12v40c0 6.6 5.4 12 12 12h40c6.6 0 12-5.4 12-12zm96 0v-40c0-6.6-5.4-12-12-12h-40c-6.6 0-12 5.4-12 12v40c0 6.6 5.4 12 12 12h40c6.6 0 12-5.4 12-12zm-96 96v-40c0-6.6-5.4-12-12-12h-40c-6.6 0-12 5.4-12 12v40c0 6.6 5.4 12 12 12h40c6.6 0 12-5.4 12-12zm-96 0v-40c0-6.6-5.4-12-12-12h-40c-6.6 0-12 5.4-12 12v40c0 6.6 5.4 12 12 12h40c6.6 0 12-5.4 12-12zm192 0v-40c0-6.6-5.4-12-12-12h-40c-6.6 0-12 5.4-12 12v40c0 6.6 5.4 12 12 12h40c6.6 0 12-5.4 12-12zm96-260v352c0 26.5-21.5 48-48 48H48c-26.5 0-48-21.5-48-48V112c0-26.5 21.5-48 48-48h48V12c0-6.6 5.4-12 12-12h40c6.6 0 12 5.4 12 12v52h128V12c0-6.6 5.4-12 12-12h40c6.6 0 12 5.4 12 12v52h48c26.5 0 48 21.5 48 48zm-48 346V160H48v298c0 3.3 2.7 6 6 6h340c3.3 0 6-2.7 6-6z\"><\/path><\/svg>\t\t\t<svg aria-hidden=\"true\" class=\"e-font-icon-svg e-far-calendar-alt\" viewBox=\"0 0 448 512\" xmlns=\"http:\/\/www.w3.org\/2000\/svg\"><path d=\"M148 288h-40c-6.6 0-12-5.4-12-12v-40c0-6.6 5.4-12 12-12h40c6.6 0 12 5.4 12 12v40c0 6.6-5.4 12-12 12zm108-12v-40c0-6.6-5.4-12-12-12h-40c-6.6 0-12 5.4-12 12v40c0 6.6 5.4 12 12 12h40c6.6 0 12-5.4 12-12zm96 0v-40c0-6.6-5.4-12-12-12h-40c-6.6 0-12 5.4-12 12v40c0 6.6 5.4 12 12 12h40c6.6 0 12-5.4 12-12zm-96 96v-40c0-6.6-5.4-12-12-12h-40c-6.6 0-12 5.4-12 12v40c0 6.6 5.4 12 12 12h40c6.6 0 12-5.4 12-12zm-96 0v-40c0-6.6-5.4-12-12-12h-40c-6.6 0-12 5.4-12 12v40c0 6.6 5.4 12 12 12h40c6.6 0 12-5.4 12-12zm192 0v-40c0-6.6-5.4-12-12-12h-40c-6.6 0-12 5.4-12 12v40c0 6.6 5.4 12 12 12h40c6.6 0 12-5.4 12-12zm96-260v352c0 26.5-21.5 48-48 48H48c-26.5 0-48-21.5-48-48V112c0-26.5 21.5-48 48-48h48V12c0-6.6 5.4-12 12-12h40c6.6 0 12 5.4 12 12v52h128V12c0-6.6 5.4-12 12-12h40c6.6 0 12 5.4 12 12v52h48c26.5 0 48 21.5 48 48zm-48 346V160H48v298c0 3.3 2.7 6 6 6h340c3.3 0 6-2.7 6-6z\"><\/path><\/svg>\t\t<\/span>\n\t\t\t\t\t<span class=\"e-n-tab-title-text\">\n\t\t\t\t2005\t\t\t<\/span>\n\t\t<\/button>\n\t\t\t\t<button id=\"e-n-tab-title-94425151023\" data-tab-title-id=\"e-n-tab-title-94425151023\" class=\"e-n-tab-title elementor-animation-grow\" aria-selected=\"false\" data-tab-index=\"23\" role=\"tab\" tabindex=\"-1\" aria-controls=\"e-n-tab-content-94425151023\" style=\"--n-tabs-title-order: 23;\">\n\t\t\t\t\t<span class=\"e-n-tab-icon\">\n\t\t\t<svg aria-hidden=\"true\" class=\"e-font-icon-svg e-far-calendar-alt\" viewBox=\"0 0 448 512\" xmlns=\"http:\/\/www.w3.org\/2000\/svg\"><path d=\"M148 288h-40c-6.6 0-12-5.4-12-12v-40c0-6.6 5.4-12 12-12h40c6.6 0 12 5.4 12 12v40c0 6.6-5.4 12-12 12zm108-12v-40c0-6.6-5.4-12-12-12h-40c-6.6 0-12 5.4-12 12v40c0 6.6 5.4 12 12 12h40c6.6 0 12-5.4 12-12zm96 0v-40c0-6.6-5.4-12-12-12h-40c-6.6 0-12 5.4-12 12v40c0 6.6 5.4 12 12 12h40c6.6 0 12-5.4 12-12zm-96 96v-40c0-6.6-5.4-12-12-12h-40c-6.6 0-12 5.4-12 12v40c0 6.6 5.4 12 12 12h40c6.6 0 12-5.4 12-12zm-96 0v-40c0-6.6-5.4-12-12-12h-40c-6.6 0-12 5.4-12 12v40c0 6.6 5.4 12 12 12h40c6.6 0 12-5.4 12-12zm192 0v-40c0-6.6-5.4-12-12-12h-40c-6.6 0-12 5.4-12 12v40c0 6.6 5.4 12 12 12h40c6.6 0 12-5.4 12-12zm96-260v352c0 26.5-21.5 48-48 48H48c-26.5 0-48-21.5-48-48V112c0-26.5 21.5-48 48-48h48V12c0-6.6 5.4-12 12-12h40c6.6 0 12 5.4 12 12v52h128V12c0-6.6 5.4-12 12-12h40c6.6 0 12 5.4 12 12v52h48c26.5 0 48 21.5 48 48zm-48 346V160H48v298c0 3.3 2.7 6 6 6h340c3.3 0 6-2.7 6-6z\"><\/path><\/svg>\t\t\t<svg aria-hidden=\"true\" class=\"e-font-icon-svg e-far-calendar-alt\" viewBox=\"0 0 448 512\" xmlns=\"http:\/\/www.w3.org\/2000\/svg\"><path d=\"M148 288h-40c-6.6 0-12-5.4-12-12v-40c0-6.6 5.4-12 12-12h40c6.6 0 12 5.4 12 12v40c0 6.6-5.4 12-12 12zm108-12v-40c0-6.6-5.4-12-12-12h-40c-6.6 0-12 5.4-12 12v40c0 6.6 5.4 12 12 12h40c6.6 0 12-5.4 12-12zm96 0v-40c0-6.6-5.4-12-12-12h-40c-6.6 0-12 5.4-12 12v40c0 6.6 5.4 12 12 12h40c6.6 0 12-5.4 12-12zm-96 96v-40c0-6.6-5.4-12-12-12h-40c-6.6 0-12 5.4-12 12v40c0 6.6 5.4 12 12 12h40c6.6 0 12-5.4 12-12zm-96 0v-40c0-6.6-5.4-12-12-12h-40c-6.6 0-12 5.4-12 12v40c0 6.6 5.4 12 12 12h40c6.6 0 12-5.4 12-12zm192 0v-40c0-6.6-5.4-12-12-12h-40c-6.6 0-12 5.4-12 12v40c0 6.6 5.4 12 12 12h40c6.6 0 12-5.4 12-12zm96-260v352c0 26.5-21.5 48-48 48H48c-26.5 0-48-21.5-48-48V112c0-26.5 21.5-48 48-48h48V12c0-6.6 5.4-12 12-12h40c6.6 0 12 5.4 12 12v52h128V12c0-6.6 5.4-12 12-12h40c6.6 0 12 5.4 12 12v52h48c26.5 0 48 21.5 48 48zm-48 346V160H48v298c0 3.3 2.7 6 6 6h340c3.3 0 6-2.7 6-6z\"><\/path><\/svg>\t\t<\/span>\n\t\t\t\t\t<span class=\"e-n-tab-title-text\">\n\t\t\t\t2004\t\t\t<\/span>\n\t\t<\/button>\n\t\t\t\t<button id=\"e-n-tab-title-94425151024\" data-tab-title-id=\"e-n-tab-title-94425151024\" class=\"e-n-tab-title elementor-animation-grow\" aria-selected=\"false\" data-tab-index=\"24\" role=\"tab\" tabindex=\"-1\" aria-controls=\"e-n-tab-content-94425151024\" style=\"--n-tabs-title-order: 24;\">\n\t\t\t\t\t<span class=\"e-n-tab-icon\">\n\t\t\t<svg aria-hidden=\"true\" class=\"e-font-icon-svg e-far-calendar-alt\" viewBox=\"0 0 448 512\" xmlns=\"http:\/\/www.w3.org\/2000\/svg\"><path d=\"M148 288h-40c-6.6 0-12-5.4-12-12v-40c0-6.6 5.4-12 12-12h40c6.6 0 12 5.4 12 12v40c0 6.6-5.4 12-12 12zm108-12v-40c0-6.6-5.4-12-12-12h-40c-6.6 0-12 5.4-12 12v40c0 6.6 5.4 12 12 12h40c6.6 0 12-5.4 12-12zm96 0v-40c0-6.6-5.4-12-12-12h-40c-6.6 0-12 5.4-12 12v40c0 6.6 5.4 12 12 12h40c6.6 0 12-5.4 12-12zm-96 96v-40c0-6.6-5.4-12-12-12h-40c-6.6 0-12 5.4-12 12v40c0 6.6 5.4 12 12 12h40c6.6 0 12-5.4 12-12zm-96 0v-40c0-6.6-5.4-12-12-12h-40c-6.6 0-12 5.4-12 12v40c0 6.6 5.4 12 12 12h40c6.6 0 12-5.4 12-12zm192 0v-40c0-6.6-5.4-12-12-12h-40c-6.6 0-12 5.4-12 12v40c0 6.6 5.4 12 12 12h40c6.6 0 12-5.4 12-12zm96-260v352c0 26.5-21.5 48-48 48H48c-26.5 0-48-21.5-48-48V112c0-26.5 21.5-48 48-48h48V12c0-6.6 5.4-12 12-12h40c6.6 0 12 5.4 12 12v52h128V12c0-6.6 5.4-12 12-12h40c6.6 0 12 5.4 12 12v52h48c26.5 0 48 21.5 48 48zm-48 346V160H48v298c0 3.3 2.7 6 6 6h340c3.3 0 6-2.7 6-6z\"><\/path><\/svg>\t\t\t<svg aria-hidden=\"true\" class=\"e-font-icon-svg e-far-calendar-alt\" viewBox=\"0 0 448 512\" xmlns=\"http:\/\/www.w3.org\/2000\/svg\"><path d=\"M148 288h-40c-6.6 0-12-5.4-12-12v-40c0-6.6 5.4-12 12-12h40c6.6 0 12 5.4 12 12v40c0 6.6-5.4 12-12 12zm108-12v-40c0-6.6-5.4-12-12-12h-40c-6.6 0-12 5.4-12 12v40c0 6.6 5.4 12 12 12h40c6.6 0 12-5.4 12-12zm96 0v-40c0-6.6-5.4-12-12-12h-40c-6.6 0-12 5.4-12 12v40c0 6.6 5.4 12 12 12h40c6.6 0 12-5.4 12-12zm-96 96v-40c0-6.6-5.4-12-12-12h-40c-6.6 0-12 5.4-12 12v40c0 6.6 5.4 12 12 12h40c6.6 0 12-5.4 12-12zm-96 0v-40c0-6.6-5.4-12-12-12h-40c-6.6 0-12 5.4-12 12v40c0 6.6 5.4 12 12 12h40c6.6 0 12-5.4 12-12zm192 0v-40c0-6.6-5.4-12-12-12h-40c-6.6 0-12 5.4-12 12v40c0 6.6 5.4 12 12 12h40c6.6 0 12-5.4 12-12zm96-260v352c0 26.5-21.5 48-48 48H48c-26.5 0-48-21.5-48-48V112c0-26.5 21.5-48 48-48h48V12c0-6.6 5.4-12 12-12h40c6.6 0 12 5.4 12 12v52h128V12c0-6.6 5.4-12 12-12h40c6.6 0 12 5.4 12 12v52h48c26.5 0 48 21.5 48 48zm-48 346V160H48v298c0 3.3 2.7 6 6 6h340c3.3 0 6-2.7 6-6z\"><\/path><\/svg>\t\t<\/span>\n\t\t\t\t\t<span class=\"e-n-tab-title-text\">\n\t\t\t\t2003\t\t\t<\/span>\n\t\t<\/button>\n\t\t\t\t<button id=\"e-n-tab-title-94425151025\" data-tab-title-id=\"e-n-tab-title-94425151025\" class=\"e-n-tab-title elementor-animation-grow\" aria-selected=\"false\" data-tab-index=\"25\" role=\"tab\" tabindex=\"-1\" aria-controls=\"e-n-tab-content-94425151025\" style=\"--n-tabs-title-order: 25;\">\n\t\t\t\t\t<span class=\"e-n-tab-icon\">\n\t\t\t<svg aria-hidden=\"true\" class=\"e-font-icon-svg e-far-calendar-alt\" viewBox=\"0 0 448 512\" xmlns=\"http:\/\/www.w3.org\/2000\/svg\"><path d=\"M148 288h-40c-6.6 0-12-5.4-12-12v-40c0-6.6 5.4-12 12-12h40c6.6 0 12 5.4 12 12v40c0 6.6-5.4 12-12 12zm108-12v-40c0-6.6-5.4-12-12-12h-40c-6.6 0-12 5.4-12 12v40c0 6.6 5.4 12 12 12h40c6.6 0 12-5.4 12-12zm96 0v-40c0-6.6-5.4-12-12-12h-40c-6.6 0-12 5.4-12 12v40c0 6.6 5.4 12 12 12h40c6.6 0 12-5.4 12-12zm-96 96v-40c0-6.6-5.4-12-12-12h-40c-6.6 0-12 5.4-12 12v40c0 6.6 5.4 12 12 12h40c6.6 0 12-5.4 12-12zm-96 0v-40c0-6.6-5.4-12-12-12h-40c-6.6 0-12 5.4-12 12v40c0 6.6 5.4 12 12 12h40c6.6 0 12-5.4 12-12zm192 0v-40c0-6.6-5.4-12-12-12h-40c-6.6 0-12 5.4-12 12v40c0 6.6 5.4 12 12 12h40c6.6 0 12-5.4 12-12zm96-260v352c0 26.5-21.5 48-48 48H48c-26.5 0-48-21.5-48-48V112c0-26.5 21.5-48 48-48h48V12c0-6.6 5.4-12 12-12h40c6.6 0 12 5.4 12 12v52h128V12c0-6.6 5.4-12 12-12h40c6.6 0 12 5.4 12 12v52h48c26.5 0 48 21.5 48 48zm-48 346V160H48v298c0 3.3 2.7 6 6 6h340c3.3 0 6-2.7 6-6z\"><\/path><\/svg>\t\t\t<svg aria-hidden=\"true\" class=\"e-font-icon-svg e-far-calendar-alt\" viewBox=\"0 0 448 512\" xmlns=\"http:\/\/www.w3.org\/2000\/svg\"><path d=\"M148 288h-40c-6.6 0-12-5.4-12-12v-40c0-6.6 5.4-12 12-12h40c6.6 0 12 5.4 12 12v40c0 6.6-5.4 12-12 12zm108-12v-40c0-6.6-5.4-12-12-12h-40c-6.6 0-12 5.4-12 12v40c0 6.6 5.4 12 12 12h40c6.6 0 12-5.4 12-12zm96 0v-40c0-6.6-5.4-12-12-12h-40c-6.6 0-12 5.4-12 12v40c0 6.6 5.4 12 12 12h40c6.6 0 12-5.4 12-12zm-96 96v-40c0-6.6-5.4-12-12-12h-40c-6.6 0-12 5.4-12 12v40c0 6.6 5.4 12 12 12h40c6.6 0 12-5.4 12-12zm-96 0v-40c0-6.6-5.4-12-12-12h-40c-6.6 0-12 5.4-12 12v40c0 6.6 5.4 12 12 12h40c6.6 0 12-5.4 12-12zm192 0v-40c0-6.6-5.4-12-12-12h-40c-6.6 0-12 5.4-12 12v40c0 6.6 5.4 12 12 12h40c6.6 0 12-5.4 12-12zm96-260v352c0 26.5-21.5 48-48 48H48c-26.5 0-48-21.5-48-48V112c0-26.5 21.5-48 48-48h48V12c0-6.6 5.4-12 12-12h40c6.6 0 12 5.4 12 12v52h128V12c0-6.6 5.4-12 12-12h40c6.6 0 12 5.4 12 12v52h48c26.5 0 48 21.5 48 48zm-48 346V160H48v298c0 3.3 2.7 6 6 6h340c3.3 0 6-2.7 6-6z\"><\/path><\/svg>\t\t<\/span>\n\t\t\t\t\t<span class=\"e-n-tab-title-text\">\n\t\t\t\t2002\t\t\t<\/span>\n\t\t<\/button>\n\t\t\t\t<button id=\"e-n-tab-title-94425151026\" data-tab-title-id=\"e-n-tab-title-94425151026\" class=\"e-n-tab-title elementor-animation-grow\" aria-selected=\"false\" data-tab-index=\"26\" role=\"tab\" tabindex=\"-1\" aria-controls=\"e-n-tab-content-94425151026\" style=\"--n-tabs-title-order: 26;\">\n\t\t\t\t\t<span class=\"e-n-tab-icon\">\n\t\t\t<svg aria-hidden=\"true\" class=\"e-font-icon-svg e-far-calendar-alt\" viewBox=\"0 0 448 512\" xmlns=\"http:\/\/www.w3.org\/2000\/svg\"><path d=\"M148 288h-40c-6.6 0-12-5.4-12-12v-40c0-6.6 5.4-12 12-12h40c6.6 0 12 5.4 12 12v40c0 6.6-5.4 12-12 12zm108-12v-40c0-6.6-5.4-12-12-12h-40c-6.6 0-12 5.4-12 12v40c0 6.6 5.4 12 12 12h40c6.6 0 12-5.4 12-12zm96 0v-40c0-6.6-5.4-12-12-12h-40c-6.6 0-12 5.4-12 12v40c0 6.6 5.4 12 12 12h40c6.6 0 12-5.4 12-12zm-96 96v-40c0-6.6-5.4-12-12-12h-40c-6.6 0-12 5.4-12 12v40c0 6.6 5.4 12 12 12h40c6.6 0 12-5.4 12-12zm-96 0v-40c0-6.6-5.4-12-12-12h-40c-6.6 0-12 5.4-12 12v40c0 6.6 5.4 12 12 12h40c6.6 0 12-5.4 12-12zm192 0v-40c0-6.6-5.4-12-12-12h-40c-6.6 0-12 5.4-12 12v40c0 6.6 5.4 12 12 12h40c6.6 0 12-5.4 12-12zm96-260v352c0 26.5-21.5 48-48 48H48c-26.5 0-48-21.5-48-48V112c0-26.5 21.5-48 48-48h48V12c0-6.6 5.4-12 12-12h40c6.6 0 12 5.4 12 12v52h128V12c0-6.6 5.4-12 12-12h40c6.6 0 12 5.4 12 12v52h48c26.5 0 48 21.5 48 48zm-48 346V160H48v298c0 3.3 2.7 6 6 6h340c3.3 0 6-2.7 6-6z\"><\/path><\/svg>\t\t\t<svg aria-hidden=\"true\" class=\"e-font-icon-svg e-far-calendar-alt\" viewBox=\"0 0 448 512\" xmlns=\"http:\/\/www.w3.org\/2000\/svg\"><path d=\"M148 288h-40c-6.6 0-12-5.4-12-12v-40c0-6.6 5.4-12 12-12h40c6.6 0 12 5.4 12 12v40c0 6.6-5.4 12-12 12zm108-12v-40c0-6.6-5.4-12-12-12h-40c-6.6 0-12 5.4-12 12v40c0 6.6 5.4 12 12 12h40c6.6 0 12-5.4 12-12zm96 0v-40c0-6.6-5.4-12-12-12h-40c-6.6 0-12 5.4-12 12v40c0 6.6 5.4 12 12 12h40c6.6 0 12-5.4 12-12zm-96 96v-40c0-6.6-5.4-12-12-12h-40c-6.6 0-12 5.4-12 12v40c0 6.6 5.4 12 12 12h40c6.6 0 12-5.4 12-12zm-96 0v-40c0-6.6-5.4-12-12-12h-40c-6.6 0-12 5.4-12 12v40c0 6.6 5.4 12 12 12h40c6.6 0 12-5.4 12-12zm192 0v-40c0-6.6-5.4-12-12-12h-40c-6.6 0-12 5.4-12 12v40c0 6.6 5.4 12 12 12h40c6.6 0 12-5.4 12-12zm96-260v352c0 26.5-21.5 48-48 48H48c-26.5 0-48-21.5-48-48V112c0-26.5 21.5-48 48-48h48V12c0-6.6 5.4-12 12-12h40c6.6 0 12 5.4 12 12v52h128V12c0-6.6 5.4-12 12-12h40c6.6 0 12 5.4 12 12v52h48c26.5 0 48 21.5 48 48zm-48 346V160H48v298c0 3.3 2.7 6 6 6h340c3.3 0 6-2.7 6-6z\"><\/path><\/svg>\t\t<\/span>\n\t\t\t\t\t<span class=\"e-n-tab-title-text\">\n\t\t\t\t2001\t\t\t<\/span>\n\t\t<\/button>\n\t\t\t\t\t<\/div>\n\t\t\t<div class=\"e-n-tabs-content\">\n\t\t\t\t<div id=\"e-n-tab-content-9442515101\" role=\"tabpanel\" aria-labelledby=\"e-n-tab-title-9442515101\" data-tab-index=\"1\" style=\"--n-tabs-title-order: 1;\" class=\"e-active elementor-element elementor-element-1b30cbf8 e-flex e-con-boxed e-con e-child\" data-id=\"1b30cbf8\" data-element_type=\"container\" data-e-type=\"container\">\n\t\t\t\t\t<div class=\"e-con-inner\">\n\t\t\t\t<div class=\"elementor-element elementor-element-6ee19291 elementor-widget__width-initial elementor-widget elementor-widget-text-editor\" data-id=\"6ee19291\" data-element_type=\"widget\" data-e-type=\"widget\" data-widget_type=\"text-editor.default\">\n\t\t\t\t<div class=\"elementor-widget-container\">\n\t\t\t\t\t\t\t\t\t<p><a href=\"https:\/\/ppgps.uenf.br\/wp-content\/uploads\/2026\/04\/Dissertacao_Leticia_Carvalho_da_Silva.pdf\" target=\"_blank\" rel=\"noopener\"><strong><span style=\"color: #547c46;\">\u00bb LET\u00cdCIA CARVALHO DA SILVA<\/span><\/strong><\/a><\/p>\n<p><span style=\"color: #547c46;\">A PROTE\u00c7\u00c3O SOCIAL NO CONTEXTO DE CRISE AMBIENTAL: UM ESTUDO DE CASO A PARTIR DOS ALAGAMENTOS E INUNDA\u00c7\u00d5ES DE MAR\u00c7O DE 2024 NO MUNIC\u00cdPIO DE S\u00c3O JO\u00c3O DA BARRA\/RJ<\/span><\/p>\n<p><span style=\"color: #547c46;\"><strong>Orientador:<\/strong> Prof. Dr. Rodrigo da Costa Caetano<\/span><\/p>\n<p><span style=\"color: #547c46;\">Data da defesa: 12\/02\/2026<\/span><\/p>\n<hr \/>\n<p><a href=\"https:\/\/ppgps.uenf.br\/wp-content\/uploads\/2026\/03\/Dissertacao-Jayson-Freitas-Gomes.pdf\" target=\"_blank\" rel=\"noopener\"><strong><span style=\"color: #547c46;\">\u00bb JAYSON FREITAS GOMES<\/span><\/strong><\/a><\/p>\n<p><span style=\"color: #547c46;\">O EMPREENDIMENTOS PORTU\u00c1RIOS E O USO DE INTERVEN\u00c7\u00d5ES AMBIENTAIS COMO FERRAMENTAS DE DESTERRITORIALIZA\u00c7\u00c3O DE PESCADORES ARTESANAIS: O CASO DO PORTO DO A\u00c7U EM S\u00c3O JO\u00c3O DA BARRA (RJ)<\/span><\/p>\n<p><span style=\"color: #547c46;\"><strong>Orientador:<\/strong> Prof. Dr. Marcos Antonio Pedlowski<br \/><\/span><span style=\"color: #547c46;\"><strong>Coorientador:<\/strong> Prof. Dr. Carlos Abra\u00e3o Moura Valpassos<\/span><\/p>\n<p><span style=\"color: #547c46;\">Data da defesa: 11\/02\/2026<\/span><\/p>\n<hr \/>\n<p><a href=\"https:\/\/ppgps.uenf.br\/wp-content\/uploads\/2026\/03\/Dissertacao_PPGPS_Kleverson_Willima_versao_final.docx.pdf\" target=\"_blank\" rel=\"noopener\"><strong><span style=\"color: #547c46;\">\u00bb KLEVERSON GON\u00c7ALVES WILLIMA<\/span><\/strong><\/a><\/p>\n<p><span style=\"color: #547c46;\">EMBATES EM TORNO DAS CONCEP\u00c7\u00d5ES DE FORMA\u00c7\u00c3O NA EDUCA\u00c7\u00c3O PROFISSIONAL E TECNOL\u00d3GICA NO P\u00d3S-GOLPE DE 2016: A RESOLU\u00c7\u00c3O CNE\/CP N\u00ba 01\/2021 E O (N\u00c3O) LUGAR DA FORMA\u00c7\u00c3O HUMANA INTEGRAL<\/span><\/p>\n<p><span style=\"color: #547c46;\"><strong>Orientadora:<\/strong> Prof\u00aa. Dra. Renata Maldonado da Silva<\/span><\/p>\n<p><span style=\"color: #547c46;\">Data da defesa: 11\/02\/2026<\/span><\/p>\t\t\t\t\t\t\t\t<\/div>\n\t\t\t\t<\/div>\n\t\t\t\t\t<\/div>\n\t\t\t\t<\/div>\n\t\t<div id=\"e-n-tab-content-9442515102\" role=\"tabpanel\" aria-labelledby=\"e-n-tab-title-9442515102\" data-tab-index=\"2\" style=\"--n-tabs-title-order: 2;\" class=\" elementor-element elementor-element-382cd18 e-flex e-con-boxed e-con e-child\" data-id=\"382cd18\" data-element_type=\"container\" data-e-type=\"container\">\n\t\t\t\t\t<div class=\"e-con-inner\">\n\t\t\t\t<div class=\"elementor-element elementor-element-39deea89 elementor-widget__width-initial elementor-widget elementor-widget-text-editor\" data-id=\"39deea89\" data-element_type=\"widget\" data-e-type=\"widget\" data-widget_type=\"text-editor.default\">\n\t\t\t\t<div class=\"elementor-widget-container\">\n\t\t\t\t\t\t\t\t\t<p><a href=\"https:\/\/ppgps.uenf.br\/wp-content\/uploads\/2025\/12\/Versao-Final-Dissertacao-Jose-Victor-de-Paula-Frutuozo.pdf\" target=\"_blank\" rel=\"noopener\"><strong><span style=\"color: #547c46;\">\u00bb JOS\u00c9 VICTOR DE PAULA FRUTUOZO<\/span><\/strong><\/a><\/p>\n<p><span style=\"color: #547c46;\">OS DETERMINANTES DA TRANSPAR\u00caNCIA P\u00daBLICA: UMA AN\u00c1LISE DA TRANSPAR\u00caNCIA P\u00daBLICA ATIVA, PASSIVA E GLOBAL NOS MUNIC\u00cdPIOS DA REGI\u00c3O NORTE FLUMINENSE.<\/span><\/p>\n<p><span style=\"color: #547c46;\"><strong>Orientador:<\/strong> Profa. Dr. Joseane de Souza<br \/><\/span><span style=\"color: #547c46;\"><strong>Coorientador:<\/strong> Prof. Dr. Nilo Lima de Azevedo<\/span><\/p>\n<p><span style=\"color: #547c46;\">Data da defesa: 19\/09\/2025<\/span><\/p>\n<hr \/>\n<p><a href=\"https:\/\/ppgps.uenf.br\/wp-content\/uploads\/2025\/10\/Dissertacao-Debora-Silva-Rodrigues-2025.pdf\" target=\"_blank\" rel=\"noopener\"><strong><span style=\"color: #547c46;\">\u00bb D\u00c9BORA SILVA RODRIGUES<\/span><\/strong><\/a><\/p>\n<p><span style=\"color: #547c46;\">POTENCIALIDADES E ENTRAVES PARA REALIZAR O PROCESSO DE ADAPTA\u00c7\u00c3O CLIM\u00c1TICA EM CAMPOS DOS GOYTACAZES\/RJ.<\/span><\/p>\n<p><span style=\"color: #547c46;\"><strong>Orientador:<\/strong> Prof.: Dr. Marcos A. Pedlowski<\/span><\/p>\n<p><span style=\"color: #547c46;\">Data da defesa: 28\/08\/2025<\/span><\/p>\n<hr \/>\n<p><a href=\"https:\/\/ppgps.uenf.br\/wp-content\/uploads\/2025\/10\/Dissertacao-Larissa-Goncalves-2025.pdf\" target=\"_blank\" rel=\"noopener\"><strong><span style=\"color: #547c46;\">\u00bb LARYSSA GON\u00c7ALVES DOS SANTOS<\/span><\/strong><\/a><\/p>\n<p><span style=\"color: #547c46;\">A BASE NACIONAL COMUM CURRICULAR NOS ANOS INICIAIS DO ENSINO FUNDAMENTAL: DE QUAL HIST\u00d3RIA ESTAMOS FALANDO?<\/span><\/p>\n<p><span style=\"color: #547c46;\"><strong>Orientadora:<\/strong> Profa. Dra. Renata Maldonado da Silva<\/span><br \/><span style=\"color: #547c46;\"><strong>Coorientadora:<\/strong> Profa. Dra. Carla Cazelato Ferrari<\/span><\/p>\n<p><span style=\"color: #547c46;\">Data da defesa: 31\/03\/2025<\/span><\/p>\n<hr \/>\n<p><a href=\"https:\/\/ppgps.uenf.br\/wp-content\/uploads\/2025\/10\/Dissertacao-Lais-Ribeiro-Rangel-2025.pdf\" target=\"_blank\" rel=\"noopener\"><strong><span style=\"color: #547c46;\">\u00bb LA\u00cdS RIBEIRO RANGEL<\/span><\/strong><\/a><\/p>\n<p><span style=\"color: #547c46;\">SA\u00daDE MENTAL DAS UNIVERSIT\u00c1RIAS NA UNIVERSIDADE ESTADUAL DO NORTE FLUMINENSE DARCY RIBEIRO: uma an\u00e1lise sobre os enfrentamentos cotidianos e a sobrecarga feminina no ambiente acad\u00eamico.<\/span><\/p>\n<p><span style=\"color: #547c46;\"><strong>Orientador:<\/strong> Professor Doutor Leonardo Rog\u00e9rio Miguel<\/span><\/p>\n<p><span style=\"color: #547c46;\">Data da defesa: 20\/03\/2025<\/span><\/p>\n<hr \/>\n<p><a href=\"https:\/\/ppgps.uenf.br\/wp-content\/uploads\/2025\/10\/Dissertacao-Paula-Oliveira-de-Souza-2025.pdf\" target=\"_blank\" rel=\"noopener\"><strong><span style=\"color: #547c46;\">\u00bb PAULA OLIVEIRA DE SOUZA<\/span><\/strong><\/a><\/p>\n<p><span style=\"color: #547c46;\">POL\u00cdTICAS CULTURAIS DE PRESERVA\u00c7\u00c3O: A RESERVA T\u00c9CNICA VISIT\u00c1VEL GABINETE DE ARQUEOLOGIA\/UENF<\/span><\/p>\n<p><span style=\"color: #547c46;\"><strong>Orientadora:<\/strong> Prof.\u00aa. Dr\u00aa. Simonne Teixeira<\/span><br \/><span style=\"color: #547c46;\"><strong>Coorientadora:<\/strong> Dr\u00aa. J\u00falia Erm\u00ednia Riscado<\/span><\/p>\n<p><span style=\"color: #547c46;\">Data da defesa: 25\/02\/2025<\/span><\/p>\n<hr \/>\n<p><a href=\"https:\/\/ppgps.uenf.br\/wp-content\/uploads\/2025\/10\/Dissertacao-Renata-Lourenco-Batista-2025.pdf\" target=\"_blank\" rel=\"noopener\"><strong><span style=\"color: #547c46;\">\u00bb RENATA LOUREN\u00c7O BATISTA<\/span><\/strong><\/a><\/p>\n<p><span style=\"color: #547c46;\">DIREITO \u00c0 CRECHE: UMA POL\u00cdTICA P\u00daBLICA DE APOIO \u00c0 MATERNIDADE. ESTUDO DE CASO EM CAMPOS DOS GOYTACAZES-RJ<\/span><\/p>\n<p><span style=\"color: #547c46;\"><strong>Orientador:<\/strong> Dr. Carlos Abra\u00e3o Moura Valpassos<\/span><\/p>\n<p><span style=\"color: #547c46;\">Data da defesa: 05\/02\/2025<\/span><\/p>\n<hr \/>\n<p><a href=\"https:\/\/ppgps.uenf.br\/wp-content\/uploads\/2025\/10\/Dissertacao-Nivea-Maria-2025.pdf\" target=\"_blank\" rel=\"noopener\"><strong><span style=\"color: #547c46;\">\u00bb N\u00cdVEA MARIA DOS SANTOS PEREIRA BORGES<\/span><\/strong><\/a><\/p>\n<p><span style=\"color: #547c46;\">G\u00caNERO E RUA: INVISIBILIDADE, ESTIGMA E MEDO ENTRE MULHERES PRETAS EM SITUA\u00c7\u00c3O DE RUA NO MUNIC\u00cdPIO DE CAMPOS DOS GOYTACAZES\/RJ<\/span><\/p>\n<p><span style=\"color: #547c46;\"><strong>Orientador:<\/strong> Prof. Dr. Carlos Abra\u00e3o Moura Valpassos<\/span><br \/><span style=\"color: #547c46;\"><strong>Coorientadora:<\/strong> Prof.\u00aa. Dra. B\u00e1rbara Breder Machado<\/span><\/p>\n<p><span style=\"color: #547c46;\">Data da defesa: 04\/02\/2025<\/span><\/p>\t\t\t\t\t\t\t\t<\/div>\n\t\t\t\t<\/div>\n\t\t\t\t\t<\/div>\n\t\t\t\t<\/div>\n\t\t<div id=\"e-n-tab-content-9442515103\" role=\"tabpanel\" aria-labelledby=\"e-n-tab-title-9442515103\" data-tab-index=\"3\" style=\"--n-tabs-title-order: 3;\" class=\" elementor-element elementor-element-212b34b5 e-flex e-con-boxed e-con e-child\" data-id=\"212b34b5\" data-element_type=\"container\" data-e-type=\"container\">\n\t\t\t\t\t<div class=\"e-con-inner\">\n\t\t\t\t<div class=\"elementor-element elementor-element-420b1434 elementor-widget__width-initial elementor-widget elementor-widget-text-editor\" data-id=\"420b1434\" data-element_type=\"widget\" data-e-type=\"widget\" data-widget_type=\"text-editor.default\">\n\t\t\t\t<div class=\"elementor-widget-container\">\n\t\t\t\t\t\t\t\t\t<p><a href=\"https:\/\/ppgps.uenf.br\/wp-content\/uploads\/2025\/10\/Dissertacao-Chrislaine-Oliveira-2024.pdf\" target=\"_blank\" rel=\"noopener\"><strong><span style=\"color: #547c46;\">\u00bb CHRISLAINE SILVA OLIVEIRA<\/span><\/strong><\/a><\/p>\n<p><span style=\"color: #547c46;\">POL\u00cdTICA DE PATRIM\u00d4NIO, CULTURA ALIMENTAR E PESCA ARTESANAL: VALORIZA\u00c7\u00c3O DOS SABERES FEMININOS A PARTIR DA COZINHA PESQUEIRA NO NORTE FLUMINENSE<\/span><\/p>\n<p><span style=\"color: #547c46;\"><strong>Orientadora:<\/strong> Prof\u00aa Dr\u00aa Lilian Sagio Cezar<\/span><\/p>\n<p><span style=\"color: #547c46;\">Data da defesa: 17\/12\/2024<\/span><\/p>\n<hr \/>\n<p><a href=\"https:\/\/ppgps.uenf.br\/wp-content\/uploads\/2025\/10\/Dissertacao-Thiago-Canholato-2024.pdf\" target=\"_blank\" rel=\"noopener\"><strong><span style=\"color: #547c46;\">\u00bb THIAGO CANHOLATO CAZOTTE<\/span><\/strong><\/a><\/p>\n<p><span style=\"color: #547c46;\">EXPLORA\u00c7\u00c3O DE ROCHAS ORNAMENTAIS E OS DANOS AMBIENTAIS EM ITAOCA, CACHOEIRO DE ITAPEMIRIM-ES: A PROTE\u00c7\u00c3O DOS DIREITOS FUNDAMENTAIS<\/span><\/p>\n<p><span style=\"color: #547c46;\"><strong>Orientador:<\/strong> Prof. Dr. Rodrigo da Costa Caetano<\/span><\/p>\n<p><span style=\"color: #547c46;\">Data da defesa: 09\/12\/2024<\/span><\/p>\n<hr \/>\n<p><span style=\"color: #547c46;\"><strong>\u00bb GIZELYA DA SILVA MORAIS<\/strong><\/span><\/p>\n<p><span style=\"color: #547c46;\">SANKOFA \u2013 HIST\u00d3RIAS DE VIDA DE CATADORAS DE MATERIAIS RECICL\u00c1VEIS EM CAMPOS DOS GOYTACAZES: RETORNAR AO PASSADO PARA RESSIGNIFICAR O PRESENTE E CONSTRUIR O FUTURO<\/span><\/p>\n<p><span style=\"color: #547c46;\"><strong>Orientador:<\/strong> Maria Clareth Goncalves Reis<\/span><\/p>\n<p><span style=\"color: #547c46;\">Data da defesa: 21\/02\/2024<\/span><\/p>\n<hr \/>\n<p><span style=\"color: #547c46;\"><strong>\u00bb GABRIELA SART\u00d3RIO NUNES<\/strong><\/span><\/p>\n<p><span style=\"color: #547c46;\">VIOL\u00caNCIA OBST\u00c9TRICA: G\u00caNERO, SA\u00daDE E DIREITOS A PARTIR DE TR\u00caS CASOS PARADIGM\u00c1TICOS<\/span><\/p>\n<p><span style=\"color: #547c46;\"><strong>Orientador:<\/strong> Carlos Abra\u00e3o Moura Valpassos<\/span><\/p>\n<p><span style=\"color: #547c46;\">Data da defesa: 28\/02\/2024<\/span><\/p>\n<hr \/>\n<p><strong><span style=\"color: #547c46;\"><a style=\"color: #547c46;\" href=\"https:\/\/uenf.br\/posgraduacao\/politicas-sociais\/wp-content\/uploads\/sites\/11\/2024\/08\/DISSERTACAO-DAYANA-TEIXEIRA-VERSAO-FINAL-1.pdf\" target=\"_blank\" rel=\"noopener\">\u00bb DAYANA DOS SANTOS TEIXEIRA<\/a><\/span><\/strong><\/p>\n<p><span style=\"color: #547c46;\">DIN\u00c2MICAS DA EXPANS\u00c3O URBANA ORIENTADA PELA L\u00d3GICA DA ESPECULA\u00c7\u00c3O IMOBILI\u00c1RIA NA CIDADE DE CAMPOS DOS GOYTACAZES: SEGREGA\u00c7\u00c3O E FRAGMENTA\u00c7\u00c3O NO ANTIGO BAIRRO SANTO ANT\u00d4NIO (BECO)<\/span><\/p>\n<p><span style=\"color: #547c46;\"><strong>Orientador:<\/strong> Teresa de Jesus Peixoto Faria<\/span><\/p>\n<p><span style=\"color: #547c46;\">Data da defesa: 05\/03\/2024<\/span><\/p>\n<hr \/>\n<p><span style=\"color: #547c46;\"><a style=\"color: #547c46;\" href=\"https:\/\/uenf.br\/posgraduacao\/politicas-sociais\/wp-content\/uploads\/sites\/11\/2024\/08\/01-Dissertacao-de-Mestrado-Pedro-Henrique-PPGPS-UENF-2024-PRONTO.pdf\" target=\"_blank\" rel=\"noopener\"><strong>\u00bb PEDRO HENRIQUE CAETANO FIGUEIRA<\/strong><\/a><\/span><\/p>\n<p><span style=\"color: #547c46;\">ECOS DA TERCEIRA ONDA PENTECOSTAL: OS DESDOBRAMENTOS NAS A\u00c7\u00d5ES EDUCACIONAIS DA COMISS\u00c3O PASTORAL DA TERRA (CPT)<\/span><\/p>\n<p><span style=\"color: #547c46;\"><strong>Orientador:<\/strong> Leandro Garcia Pinho<\/span><\/p>\n<p><span style=\"color: #547c46;\">Data da defesa: 06\/03\/2024<\/span><\/p>\n<hr \/>\n<p><strong><span style=\"color: #547c46;\"><a style=\"color: #547c46;\" href=\"https:\/\/uenf.br\/posgraduacao\/politicas-sociais\/wp-content\/uploads\/sites\/11\/2024\/08\/Dissertacao_Clara_vf-3.pdf\" target=\"_blank\" rel=\"noopener\">\u00bb CLARA MARA GON\u00c7ALVES CHAVES<\/a><\/span><\/strong><\/p>\n<p><span style=\"color: #547c46;\">AUTONOMIA E COLONIALIDADE: UMA AN\u00c1LISE DA COSMOPERCEP\u00c7\u00c3O DAS MARISQUEIRAS QUILOMBOLAS DA RASA E SUAS ESTRAT\u00c9GIAS DE PRESERVA\u00c7\u00c3O DE MUNDO PERANTE O COLONIALISMO<\/span><\/p>\n<p><span style=\"color: #547c46;\"><strong>Orientador:<\/strong> Giovane do Nascimento<\/span><\/p>\n<p><span style=\"color: #547c46;\">Data da defesa: 15\/03\/2024<\/span><\/p>\n<hr \/>\n<p><span style=\"color: #547c46;\"><a style=\"color: #547c46;\" href=\"https:\/\/uenf.br\/posgraduacao\/politicas-sociais\/wp-content\/uploads\/sites\/11\/2024\/08\/Dissertacao-Mariana-de-Souza-Batista.pdf\" target=\"_blank\" rel=\"noopener\"><strong>\u00bb MARIANA DE SOUZA BATISTA<\/strong><\/a><\/span><\/p>\n<p><span style=\"color: #547c46;\">INVESTIGANDO OS CANAIS E GARGALOS DO PROCESSO DE COMERCIALIZA\u00c7\u00c3O DOS ALIMENTOS PRODUZIDOS PELA REFORMA AGR\u00c1RIA EM CAMPOS DOS GOYTACAZES\/RJ<\/span><\/p>\n<p><span style=\"color: #547c46;\"><strong>Orientador:<\/strong> Marcos Antonio Pedlowsk<\/span><\/p>\n<p><span style=\"color: #547c46;\">Data da defesa: 18\/04\/2024<\/span><\/p>\n<hr \/>\n<p><strong><span style=\"color: #547c46;\"><a style=\"color: #547c46;\" href=\"https:\/\/uenf.br\/posgraduacao\/politicas-sociais\/wp-content\/uploads\/sites\/11\/2024\/08\/disserta-Ariel-revisado.pdf\" target=\"_blank\" rel=\"noopener\">\u00bb VIT\u00d3RIA ARIEL SILVA CAMPOS<\/a><\/span><\/strong><\/p>\n<p><span style=\"color: #547c46;\">UMA NOVA LEITURA DE CIDADE A PARTIR DA POPULA\u00c7\u00c3O NEGRA USU\u00c1RIA DA POL\u00cdTICA DE SA\u00daDE MENTAL EM CAMPOS DOS GOYTACAZES\/ RJ<\/span><\/p>\n<p><span style=\"color: #547c46;\"><strong>Orientador:<\/strong> Teresa de Jesus Peixoto Faria<\/span><\/p>\n<p><span style=\"color: #547c46;\">Data da defesa: 02\/05\/2024<\/span><\/p>\n<hr \/>\n<p><span style=\"color: #547c46;\"><strong>\u00bb JESA MARIA RIBEIRO MARIANO<\/strong><\/span><\/p>\n<p><span style=\"color: #547c46;\">SOB A \u00c9GIDE DAS CORPORA\u00c7\u00d5ES: UMA AN\u00c1LISE DOS PROJETOS DE GOVERNAN\u00c7A S\u00d3CIO-CORPORATIVA DESENVOLVIDOS NO ENTORNO DO PORTO DO A\u00c7U<\/span><\/p>\n<p><span style=\"color: #547c46;\"><strong>Orientador:<\/strong> Marcos Antonio Pedlowski<\/span><\/p>\n<p><span style=\"color: #547c46;\">Data da defesa: 27\/06\/2024<\/span><\/p>\n<hr \/>\n<p><span style=\"color: #547c46;\"><strong>\u00bb TAIANY FELIPE DE OLIVEIRA<\/strong><\/span><\/p>\n<p><span style=\"color: #547c46;\">A QUEST\u00c3O SOCIAL NA VIA IDEOL\u00d3GICA: UMA AN\u00c1LISE DA ATUA\u00c7\u00c3O INTELECTUAL DE GODOFREDO TINOCO A PARTIR DO NILISMO E TENENTISMO EM CAMPOS DOS GOYTACAZES EM 1930<\/span><\/p>\n<p><span style=\"color: #547c46;\"><strong>Orientador:<\/strong> Simonne Teixeira<\/span><\/p>\n<p><span style=\"color: #547c46;\">Data da defesa: 25\/06\/2024<\/span><\/p>\t\t\t\t\t\t\t\t<\/div>\n\t\t\t\t<\/div>\n\t\t\t\t\t<\/div>\n\t\t\t\t<\/div>\n\t\t<div id=\"e-n-tab-content-9442515104\" role=\"tabpanel\" aria-labelledby=\"e-n-tab-title-9442515104\" data-tab-index=\"4\" style=\"--n-tabs-title-order: 4;\" class=\" elementor-element elementor-element-7dd63987 e-flex e-con-boxed e-con e-child\" data-id=\"7dd63987\" data-element_type=\"container\" data-e-type=\"container\">\n\t\t\t\t\t<div class=\"e-con-inner\">\n\t\t\t\t<div class=\"elementor-element elementor-element-b81260c elementor-widget__width-initial elementor-widget elementor-widget-text-editor\" data-id=\"b81260c\" data-element_type=\"widget\" data-e-type=\"widget\" data-widget_type=\"text-editor.default\">\n\t\t\t\t<div class=\"elementor-widget-container\">\n\t\t\t\t\t\t\t\t\t<p><a href=\"https:\/\/ppgps.uenf.br\/wp-content\/uploads\/2025\/10\/Dissertacao-Rafael-Moraes-texto-final-27.11.2023.pdf\" target=\"_blank\" rel=\"noopener\"><strong><span style=\"color: #547c46;\">\u00bb RAFAEL MORAES DA SILVA<\/span><\/strong><\/a><\/p>\n<p><span style=\"color: #547c46;\">CENSO PESCARTE ENQUANTO INSTRUMENTO PEDAG\u00d3GICO DE MOBILIZA\u00c7\u00c3O SOCIAL DAS COMUNIDADES DE PESCA ARTESANAL DA BACIA DE CAMPOS<\/span><\/p>\n<p><span style=\"color: #547c46;\"><strong>Orientadora:<\/strong> Prof\u00aa. Dr\u00aa. Lilian Sagio Cezar<\/span><\/p>\n<p><span style=\"color: #547c46;\">Data da defesa: 01\/09\/2023<\/span><\/p>\n<hr \/>\n<p><strong><span style=\"color: #547c46;\"><a style=\"color: #547c46;\" href=\"https:\/\/uenf.br\/posgraduacao\/politicas-sociais\/wp-content\/uploads\/sites\/11\/2023\/09\/ALLAN-FABIO-DA-SILVA-SOARES.pdf\" target=\"_blank\" rel=\"noopener\">\u00bb ALLAN F\u00c1BIO DA SILVA SOARES<\/a><\/span><\/strong><\/p>\n<p><span style=\"color: #547c46;\">\u201cPOL\u00cdTICAS P\u00daBLICAS E RELIGI\u00c3O: RELATO DE PASTORES DA FAVELA CHATUBA EM S\u00c3O FIDELIS\/RJ DURANTE \u00c0 PANDEMIA DE COVID19 (2020-2022)\u201d<\/span><\/p>\n<p><span style=\"color: #547c46;\"><strong>Orientador:<\/strong> Fabio Py Murta de Almeida<\/span><\/p>\n<p><span style=\"color: #547c46;\">Data da Defesa: 21\/03\/2023<\/span><\/p>\n<hr \/>\n<p><strong><span style=\"color: #547c46;\"><a style=\"color: #547c46;\" href=\"https:\/\/uenf.br\/posgraduacao\/politicas-sociais\/wp-content\/uploads\/sites\/11\/2023\/09\/DENNIS-BENICIO-HERCULANO-CESARIO-DE-BARROS.pdf\" target=\"_blank\" rel=\"noopener\">\u00bb DENNIS BEN\u00cdCIO HERCULANO CES\u00c1RIO DE BARROS<\/a><\/span><\/strong><\/p>\n<p><span style=\"color: #547c46;\">\u201cAS INICIATIVAS E MEDIDAS ADOTADAS PELO GOVERNO FEDERAL PARA A EDUCA\u00c7\u00c3O ESPECIAL DURANTE A PANDEMIA DA COVID-19\u201d<\/span><\/p>\n<p><span style=\"color: #547c46;\"><strong>Orientadora:<\/strong> Renata Maldonado da Silva<\/span><\/p>\n<p><span style=\"color: #547c46;\">Data da Defesa: 22\/05\/2023<\/span><\/p>\n<hr \/>\n<p><strong><span style=\"color: #547c46;\"><a style=\"color: #547c46;\" href=\"https:\/\/uenf.br\/posgraduacao\/politicas-sociais\/wp-content\/uploads\/sites\/11\/2023\/09\/GABRIELA-TOMAZ-DA-SILVA-LIMA.pdf\" target=\"_blank\" rel=\"noopener\">\u00bb GABRIELA TOMAZ DA SILVA LIMA<\/a><\/span><\/strong><\/p>\n<p><span style=\"color: #547c46;\">\u201cUM OLHAR SOBRE O SENTIDO DE SER CRIAN\u00c7A E BRINCAR EM ACOLHIMENTOS INSTITUCIONAIS NO MUNIC\u00cdPIO DE CAMPOS DOS GOYTACAZES\/RJ\u201d<\/span><\/p>\n<p><span style=\"color: #547c46;\"><strong>Orientadora:<\/strong> Caterine Reginensi<\/span><\/p>\n<p><span style=\"color: #547c46;\">Data da Defesa: 28\/02\/2023<\/span><\/p>\n<hr \/>\n<p><strong><span style=\"color: #547c46;\"><a style=\"color: #547c46;\" href=\"https:\/\/uenf.br\/posgraduacao\/politicas-sociais\/wp-content\/uploads\/sites\/11\/2023\/09\/GIULIA-CARVALHO-CANDIDO.pdf\" target=\"_blank\" rel=\"noopener\">\u00bb GIULIA CARVALHO CANDIDO<\/a><\/span><\/strong><\/p>\n<p><span style=\"color: #547c46;\">\u201cCONCEP\u00c7\u00d5ES PARA A EPT NO PROGRAMA NOVOS CAMINHOS:A FORMA\u00c7\u00c3O PARA O CONSENSO NOS INSTITUTOS FEDERAIS DE EDUCA\u00c7\u00c3O CI\u00caNCIA E TECNOLOGIA DIANTE DA ECONOMIA 4.0\u201d<\/span><\/p>\n<p><span style=\"color: #547c46;\"><strong>Orientadora:<\/strong> Renata Maldonado da Silva<\/span><\/p>\n<p><span style=\"color: #547c46;\">Data da Defesa: 22\/06\/2023<\/span><\/p>\n<hr \/>\n<p><strong><span style=\"color: #547c46;\"><a style=\"color: #547c46;\" href=\"https:\/\/uenf.br\/posgraduacao\/politicas-sociais\/wp-content\/uploads\/sites\/11\/2023\/09\/ISABELLA-CARVALHO-SOARES.pdf\" target=\"_blank\" rel=\"noopener\">\u00bb ISABELLA CARVALHO SOARES<\/a><\/span><\/strong><\/p>\n<p><span style=\"color: #547c46;\">\u201cDISPUTAS RELIGIOSAS E (DES)ORGANIZA\u00c7\u00c3O SOCIAL: UMA AN\u00c1LISE DA COMUNIDADE GOIABAL EM CAMPOS DOS GOYTACAZES\/RJ\u201d<\/span><\/p>\n<p><span style=\"color: #547c46;\"><strong>Orientador:<\/strong> Fabio Py Murta de Almeida<\/span><\/p>\n<p><span style=\"color: #547c46;\">Data da Defesa: :07\/06\/2023<\/span><\/p>\n<hr \/>\n<p><strong><span style=\"color: #547c46;\"><a style=\"color: #547c46;\" href=\"https:\/\/uenf.br\/posgraduacao\/politicas-sociais\/wp-content\/uploads\/sites\/11\/2023\/09\/KARINA-RITTER-MANHAES.pdf\" target=\"_blank\" rel=\"noopener\">\u00bb KARINA RITTER MANH\u00c3ES<\/a><\/span><\/strong><\/p>\n<p><span style=\"color: #547c46;\">\u201cMULHERES DA PESCA E AS LUTAS FEMINISTAS: A INFLU\u00caNCIA DA PAUTA EMANCIPAT\u00d3RIA NO PROTAGONISMO DAS MULHERES INSERIDAS NA CADEIA DA PESCA ARTESANAL QUE PARTICIPAM DAS A\u00c7\u00d5ES DO N\u00daCLEO DE DIREITOS E BENEF\u00cdCIO \u2013 NDB DO PEA PESCARTE.\u201d<\/span><\/p>\n<p><span style=\"color: #547c46;\"><strong>Orientadora:<\/strong> Shirlena Campos de Souza Amaral<\/span><\/p>\n<p><span style=\"color: #547c46;\">Data da Defesa: 28\/02\/2023<\/span><\/p>\n<hr \/>\n<p><strong><span style=\"color: #547c46;\"><a style=\"color: #547c46;\" href=\"https:\/\/uenf.br\/posgraduacao\/politicas-sociais\/wp-content\/uploads\/sites\/11\/2023\/09\/LAURIANE-DA-SILVA-TEIXEIRA.pdf\" target=\"_blank\" rel=\"noopener\">\u00bb LAURIANE DA SILVA TEIXEIRA<\/a><\/span><\/strong><\/p>\n<p><span style=\"color: #547c46;\">\u201cOS PROJETOS SOCIAIS DE DAN\u00c7A E A REPRESENTATIVIDADE NEGRA NO BALLET CL\u00c1SSICO DA CIDADE DE CAMPOS DOS GOYTACAZES, RJ\u201d<\/span><\/p>\n<p><span style=\"color: #547c46;\"><strong>Orientador:<\/strong> Maria Clareth Goncalves Reis<\/span><\/p>\n<p><span style=\"color: #547c46;\">Data da Defesa: 09\/06\/2023<\/span><\/p>\n<hr \/>\n<p><strong><span style=\"color: #547c46;\"><a style=\"color: #547c46;\" href=\"https:\/\/uenf.br\/posgraduacao\/politicas-sociais\/wp-content\/uploads\/sites\/11\/2023\/09\/LUANNA-DA-SILVA-FIGUEIRA.pdf\" target=\"_blank\" rel=\"noopener\">\u00bb LUANNA DA SILVA FIGUEIRA<\/a><\/span><\/strong><\/p>\n<p><span style=\"color: #547c46;\">\u201cIMPACTOS NA SA\u00daDE E SEGURAN\u00c7A DO TRABALHADOR E SUAS IMPLICA\u00c7\u00d5ES SOCIAIS: UMA AN\u00c1LISE DO SETOR DE M\u00c1RMORE E GRANITO DO SUL DO ESP\u00cdRITO SANTO\u201d<\/span><\/p>\n<p><span style=\"color: #547c46;\"><strong>Orientador:<\/strong> Paulo Marcelo de Souza<\/span><\/p>\n<p><span style=\"color: #547c46;\">Data da Defesa:17\/03\/2023<\/span><\/p>\n<hr \/>\n<p><span style=\"color: #547c46;\"><a style=\"color: #547c46;\" href=\"https:\/\/uenf.br\/posgraduacao\/politicas-sociais\/wp-content\/uploads\/sites\/11\/2023\/09\/MAYARA-XAVIER-MORAES.pdf\" target=\"_blank\" rel=\"noopener\"><strong>\u00bb MAYARA XAVIER MORAES<\/strong><\/a><\/span><\/p>\n<p><span style=\"color: #547c46;\">\u201cO IMPACTO DA MORTALIDADE POR CAUSAS EXTERNAS NA ESPERAN\u00c7A DE VIDA DOS MUNIC\u00cdPIOS PRODUTORES DE PETR\u00d3LEO DA BACIA DE CAMPOS\/RJ\u201d<\/span><\/p>\n<p><span style=\"color: #547c46;\"><strong>Orientadora:<\/strong> Joseane de Souza<\/span><\/p>\n<p><span style=\"color: #547c46;\">Data da Defesa: 15\/02\/2023<\/span><\/p>\t\t\t\t\t\t\t\t<\/div>\n\t\t\t\t<\/div>\n\t\t\t\t\t<\/div>\n\t\t\t\t<\/div>\n\t\t<div id=\"e-n-tab-content-9442515105\" role=\"tabpanel\" aria-labelledby=\"e-n-tab-title-9442515105\" data-tab-index=\"5\" style=\"--n-tabs-title-order: 5;\" class=\" elementor-element elementor-element-5ff652ef e-flex e-con-boxed e-con e-child\" data-id=\"5ff652ef\" data-element_type=\"container\" data-e-type=\"container\">\n\t\t\t\t\t<div class=\"e-con-inner\">\n\t\t\t\t<div class=\"elementor-element elementor-element-1b85c886 elementor-widget__width-initial elementor-widget elementor-widget-text-editor\" data-id=\"1b85c886\" data-element_type=\"widget\" data-e-type=\"widget\" data-widget_type=\"text-editor.default\">\n\t\t\t\t<div class=\"elementor-widget-container\">\n\t\t\t\t\t\t\t\t\t<p><strong><span style=\"color: #547c46;\"><a style=\"color: #547c46;\" href=\"https:\/\/uenf.br\/posgraduacao\/politicas-sociais\/wp-content\/uploads\/sites\/11\/2022\/10\/Angelica.pdf\" target=\"_blank\" rel=\"noopener\">\u00bb ANG\u00c9LICA BRITO PICAN\u00c7O<\/a><\/span><\/strong><\/p>\n<p><span style=\"color: #547c46;\">\u201cAGRICULTURA FAMILIAR E ASSOCIATIVISMO: CONQUISTAS E LIMITA\u00c7\u00d5ES DAS ASSOCIA\u00c7\u00d5ES DE AGRICULTORES DO MUNIC\u00cdPIO DE ITAPERUNA \u2013 RJ\u201d<\/span><\/p>\n<p><span style=\"color: #547c46;\"><strong>Orientador:<\/strong> Paulo Marcelo de Souza<\/span><\/p>\n<p><span style=\"color: #547c46;\">Data da Defesa: :13\/05\/2022<\/span><\/p>\n<hr \/>\n<p><strong><span style=\"color: #547c46;\"><a style=\"color: #547c46;\" href=\"https:\/\/uenf.br\/posgraduacao\/politicas-sociais\/wp-content\/uploads\/sites\/11\/2023\/09\/BARBARA-CRUZ-AGUIAR.pdf\" target=\"_blank\" rel=\"noopener\">\u00bb B\u00c1RBARA CRUZ AGUIAR<\/a><\/span><\/strong><\/p>\n<p><span style=\"color: #547c46;\">\u201cA EXPOSI\u00c7\u00c3O DE LONGA DURA\u00c7\u00c3O DO MUSEU HIST\u00d3RICO DE CAMPOS DOS GOYTACAZES (MHCG): UMA AN\u00c1LISE SOBRE SUA NARRATIVA EXPOGR\u00c1FICA\u201d<\/span><\/p>\n<p><span style=\"color: #547c46;\"><strong>Orientador:<\/strong> Simonne Teixeira<\/span><\/p>\n<p><span style=\"color: #547c46;\">Data da Defesa: 01\/09\/2022<\/span><\/p>\n<hr \/>\n<p><strong><span style=\"color: #547c46;\"><a style=\"color: #547c46;\" href=\"https:\/\/uenf.br\/posgraduacao\/politicas-sociais\/wp-content\/uploads\/sites\/11\/2023\/09\/JULIA-PASSOS-MANZOLI.pdf\" target=\"_blank\" rel=\"noopener\">\u00bb J\u00daLIA PASSOS MANZOLI<\/a><\/span><\/strong><\/p>\n<p><span style=\"color: #547c46;\">\u201cA JUDICIALIZA\u00c7\u00c3O DA EDUCA\u00c7\u00c3O EM CAMPOS DOS GOYTACAZES (2009-2020)\u201d<\/span><\/p>\n<p><span style=\"color: #547c46;\"><strong>Orientador:<\/strong> Renata Maldonado da Silva<\/span><\/p>\n<p><span style=\"color: #547c46;\">Data da Defesa: 15\/08\/2022<\/span><\/p>\n<hr \/>\n<p><strong><span style=\"color: #547c46;\"><a style=\"color: #547c46;\" href=\"https:\/\/uenf.br\/posgraduacao\/politicas-sociais\/wp-content\/uploads\/sites\/11\/2023\/09\/JULIANA-DE-CASSIA-SILVA-BRANDAO.pdf\" target=\"_blank\" rel=\"noopener\">\u00bb JULIANA DE C\u00c1SSIA SILVA BRAND\u00c3O<\/a><\/span><\/strong><\/p>\n<p><span style=\"color: #547c46;\">\u201cMOVIMENTO SINDICAL DOCENTE: ARTICULA\u00c7\u00d5ES DO SINDICATO ESTADUAL DOS PROFISSIONAIS DA EDUCA\u00c7\u00c3O DO RIO DE JANEIRO (SEPE-CAMPOS)\u201d<\/span><\/p>\n<p><span style=\"color: #547c46;\"><strong>Orientador:<\/strong> Renata Maldonado da Silva<\/span><\/p>\n<p><span style=\"color: #547c46;\">Data da Defesa: 30\/08\/2022<\/span><\/p>\n<hr \/>\n<p><strong><span style=\"color: #547c46;\"><a style=\"color: #547c46;\" href=\"https:\/\/uenf.br\/posgraduacao\/politicas-sociais\/wp-content\/uploads\/sites\/11\/2023\/09\/LAIRA-THAMYS-DE-ARAUJO-SILVA.pdf\" target=\"_blank\" rel=\"noopener\">\u00bb LAIRA THAMYS DE ARAUJO SILVA<\/a><\/span><\/strong><\/p>\n<p><span style=\"color: #547c46;\">\u201cTRANSPORTE UNIVERSIT\u00c1RIO COMO POL\u00cdTICA DE ACESSO E PERMAN\u00caNCIA NO ENSINO SUPERIOR: AN\u00c1LISE SITUACIONAL SOBRE O PROGRAMA PASSE LIVRE UNIVERSIT\u00c1RIO IMPLEMENTADO NO MUNIC\u00cdPIO DE ITAOCARA \u2013 RIO DE JANEIRO (2013 \u2013 2020)\u201d<\/span><\/p>\n<p><span style=\"color: #547c46;\"><strong>Orientador:<\/strong> Joseane de Souza<\/span><\/p>\n<p><span style=\"color: #547c46;\">Data da Defesa: 09\/09\/2022<\/span><\/p>\n<hr \/>\n<p><strong><span style=\"color: #547c46;\"><a style=\"color: #547c46;\" href=\"https:\/\/uenf.br\/posgraduacao\/politicas-sociais\/wp-content\/uploads\/sites\/11\/2023\/09\/LUCIANA-SIQUEIRA-RIBEIRO.pdf\" target=\"_blank\" rel=\"noopener\">\u00bb LUCIANA SIQUEIRA RIBEIRO<\/a><\/span><\/strong><\/p>\n<p><span style=\"color: #547c46;\">\u201cTRABALHO DOCENTE EM CAMPOS DOS GOYTACAZES E PANDEMIA: UMA REFLEX\u00c3O CR\u00cdTICA SOBRE A PRECARIZA\u00c7\u00c3O\u201d<\/span><\/p>\n<p><span style=\"color: #547c46;\"><strong>Orientador:<\/strong> Silvia Alicia Martinez<\/span><\/p>\n<p><span style=\"color: #547c46;\">Data da Defesa:01\/09\/2022<\/span><\/p>\n<hr \/>\n<p><strong><span style=\"color: #547c46;\"><a style=\"color: #547c46;\" href=\"https:\/\/uenf.br\/posgraduacao\/politicas-sociais\/wp-content\/uploads\/sites\/11\/2022\/10\/MARIANA-ROZA-LEONARDO.pdf\" target=\"_blank\" rel=\"noopener\">\u00bb MARIANA ROZA LEONARDO<\/a><\/span><\/strong><\/p>\n<p><span style=\"color: #547c46;\">\u201cPOL\u00cdTICAS P\u00daBLICAS E ENFRENTAMENTO DA VIOL\u00caNCIA DOM\u00c9STICA: UM ESTUDO SOBRE O ABRIGAMENTO PARA MULHERES EM CAMPOS DOS GOYTACAZES\/RJ\u201d<\/span><\/p>\n<p><span style=\"color: #547c46;\"><strong>Orientador:<\/strong> Shirlena Campos de Souza Amaral<\/span><\/p>\n<p><span style=\"color: #547c46;\">Data da Defesa:17\/02\/2022<\/span><\/p>\n<hr \/>\n<p><strong><span style=\"color: #547c46;\"><a style=\"color: #547c46;\" href=\"https:\/\/uenf.br\/posgraduacao\/politicas-sociais\/wp-content\/uploads\/sites\/11\/2023\/09\/MARIANA-SENA-LOPES.pdf\" target=\"_blank\" rel=\"noopener\">\u00bb MARIANA SENA LOPES<\/a><\/span><\/strong><\/p>\n<p><span style=\"color: #547c46;\">\u201cG\u00caNERO, EDUCA\u00c7\u00c3O E PESCA ARTESANAL: CONHECIMENTOS TRADICIONAIS E TRAJET\u00d3RIAS EDUCACIONAIS DE MULHERES EM SETE MUNIC\u00cdPIOS DO NORTE FLUMINENSE E DAS BAIXADAS LITOR\u00c2NEAS\/RJ\u201d<\/span><\/p>\n<p><span style=\"color: #547c46;\"><strong>Orientador:<\/strong> Silvia Alicia Martinez<\/span><\/p>\n<p><span style=\"color: #547c46;\">Data da Defesa: 12\/08\/2022<\/span><\/p>\n<hr \/>\n<p><strong><span style=\"color: #547c46;\"><a style=\"color: #547c46;\" href=\"https:\/\/uenf.br\/posgraduacao\/politicas-sociais\/wp-content\/uploads\/sites\/11\/2022\/10\/MESNE-VICTOMAR-LUCINDO.pdf\" target=\"_blank\" rel=\"noopener\">\u00bb MESNE VICTOMAR LUCINDO<\/a><\/span><\/strong><\/p>\n<p><span style=\"color: #547c46;\">\u201cENTRE O P\u00daBLICO E O PRIVADO, ENTRE O AMOR E A LUTA: OS DESAFIOS DE PAIS DE AUTISTAS POR UM DIAGN\u00d3STICO E TRATAMENTO PRECOCE\u201d<\/span><\/p>\n<p><span style=\"color: #547c46;\"><strong>Orientador:<\/strong> Caterine Reginensi<\/span><\/p>\n<p><span style=\"color: #547c46;\">Data da Defesa:17\/02\/2022<\/span><\/p>\n<hr \/>\n<p><strong><span style=\"color: #547c46;\"><a style=\"color: #547c46;\" href=\"https:\/\/uenf.br\/posgraduacao\/politicas-sociais\/wp-content\/uploads\/sites\/11\/2022\/10\/Dissertacao-Micaela-UENF-1-1.pdf\" target=\"_blank\" rel=\"noopener\">\u00bb MICAELA ALBERTINI PEREIRA GOMES<\/a><\/span><\/strong><\/p>\n<p><span style=\"color: #547c46;\">\u201cVIV\u00caNCIA DAS MULHERES DO QUILOMBO DO IMB\u00c9, ISOLAMENTO SOCIAL EM TEMPO DE PANDEMIA DO COVID \u2013 19\u201d<\/span><\/p>\n<p><span style=\"color: #547c46;\"><strong>Orientador:<\/strong> Caterine Reginens<\/span><\/p>\n<p><span style=\"color: #547c46;\">Data da Defesa:25\/04\/2022<\/span><\/p>\n<hr \/>\n<p><strong><span style=\"color: #547c46;\"><a style=\"color: #547c46;\" href=\"https:\/\/uenf.br\/posgraduacao\/politicas-sociais\/wp-content\/uploads\/sites\/11\/2022\/10\/Dissertac%CC%A7a%CC%83o_-Michelle-Nascimento_-PPGPS_FINAL.pdf\" target=\"_blank\" rel=\"noopener\">\u00bb MICHELLE NASCIMENTO WEISSMANN DA SILVA<\/a><\/span><\/strong><\/p>\n<p><span style=\"color: #547c46;\">\u201cA PERCEP\u00c7\u00c3O DOS IMPACTOS SOCIOAMBIENTAIS PROVOCADOS PELA CADEIA PRODUTIVA DE PETR\u00d3LEO E G\u00c1S NA BACIA DE CAMPOS\u201d<\/span><\/p>\n<p><span style=\"color: #547c46;\"><strong>Orientador:<\/strong> Marcelo Carlos Gantos<\/span><\/p>\n<p><span style=\"color: #547c46;\">Data da Defesa:08\/04\/2022<\/span><\/p>\n<hr \/>\n<p><strong><span style=\"color: #547c46;\"><a style=\"color: #547c46;\" href=\"https:\/\/uenf.br\/posgraduacao\/politicas-sociais\/wp-content\/uploads\/sites\/11\/2023\/09\/MILTON-JUNIOR-BARROS-ARAUJO.pdf\" target=\"_blank\" rel=\"noopener\">\u00bb MILTON JUNIOR BARROS ARAUJO<\/a><\/span><\/strong><\/p>\n<p><span style=\"color: #547c46;\">\u201cO MURO DO SIL\u00caNCIO QUE CIRCUNDA A PESCA ARTESANAL: UMA AN\u00c1LISE DA (IN)JUSTI\u00c7A AMBIENTAL E SEUS REFLEXOS NO ESTADO DE VULNERABILIDADE SOCIAL NA VIDA DOS PESCADORES\/PESCADORAS ARTESANAIS DA BACIA DE CAMPOS\u201d<\/span><\/p>\n<p><span style=\"color: #547c46;\"><strong>Orientador:<\/strong> Leandro Garcia Pinho<\/span><\/p>\n<p><span style=\"color: #547c46;\">Data da Defesa: 01\/09\/2022<\/span><\/p>\n<hr \/>\n<p><span style=\"color: #547c46;\"><a style=\"color: #547c46;\" href=\"https:\/\/uenf.br\/posgraduacao\/politicas-sociais\/wp-content\/uploads\/sites\/11\/2022\/10\/Dissertac%CC%A7a%CC%83o-ROBERTA-LASTORINA-RIOS-DEFINITIVO.pdf\" target=\"_blank\" rel=\"noopener\"><strong>\u00bb ROBERTA LASTORINA RIOS<\/strong><\/a><\/span><\/p>\n<p><span style=\"color: #547c46;\">\u201cPOL\u00cdTICA PREVENTIVA DA EPIDEMIA DE FEBRE AMARELA NO MUNIC\u00cdPIO DE CAMPOS DOS GOYTACAZES\/RJ DE 2017 A 2020: GEST\u00c3O NO DESENVOLVIMENTO DE ESTRAT\u00c9GIAS EM SA\u00daDE COLETIVA\u201d<\/span><\/p>\n<p><span style=\"color: #547c46;\"><strong>Orientador:<\/strong> Rodrigo da Costa Caetano<\/span><\/p>\n<p><span style=\"color: #547c46;\">Data da Defesa: 06\/07\/2022<\/span><\/p>\t\t\t\t\t\t\t\t<\/div>\n\t\t\t\t<\/div>\n\t\t\t\t\t<\/div>\n\t\t\t\t<\/div>\n\t\t<div id=\"e-n-tab-content-9442515106\" role=\"tabpanel\" aria-labelledby=\"e-n-tab-title-9442515106\" data-tab-index=\"6\" style=\"--n-tabs-title-order: 6;\" class=\" elementor-element elementor-element-174f548f e-flex e-con-boxed e-con e-child\" data-id=\"174f548f\" data-element_type=\"container\" data-e-type=\"container\">\n\t\t\t\t\t<div class=\"e-con-inner\">\n\t\t\t\t<div class=\"elementor-element elementor-element-4cb04dc2 elementor-widget__width-initial elementor-widget elementor-widget-text-editor\" data-id=\"4cb04dc2\" data-element_type=\"widget\" data-e-type=\"widget\" data-widget_type=\"text-editor.default\">\n\t\t\t\t<div class=\"elementor-widget-container\">\n\t\t\t\t\t\t\t\t\t<p><strong><span style=\"color: #547c46;\"><a style=\"color: #547c46;\" href=\"https:\/\/uenf.br\/posgraduacao\/politicas-sociais\/wp-content\/uploads\/sites\/11\/2022\/10\/ANA-CAROLINA-FERNANDES-BERTO.pdf\" target=\"_blank\" rel=\"noopener\">\u00bb ANA CAROLINA FERNANDES BERTO<\/a><\/span><\/strong><\/p>\n<p><span style=\"color: #547c46;\">\u201cO REISADO DAS PASTORINHAS\u201d DE S\u00c3O JO\u00c3O DA BARRA\/RJ: A ESPETACULARIZA\u00c7\u00c3O DA CULTURA POPULAR\u201d<\/span><\/p>\n<p><span style=\"color: #547c46;\"><strong>Orientador:<\/strong> Giovane do Nascimento<\/span><\/p>\n<p><span style=\"color: #547c46;\">Data da Defesa: :26\/04\/2021<\/span><\/p>\n<hr \/>\n<p><strong><span style=\"color: #547c46;\"><a style=\"color: #547c46;\" href=\"https:\/\/uenf.br\/posgraduacao\/politicas-sociais\/wp-content\/uploads\/sites\/11\/2022\/10\/Dissertacao_VersaoFinal_AndersonJamar_PPGPS_UENF.pdf\" target=\"_blank\" rel=\"noopener\">\u00bb ANDERSON JAMAR NEVES MACIEL<\/a><\/span><\/strong><\/p>\n<p><span style=\"color: #547c46;\">\u201c#PACTOPELAVIDA: REAGRUPANDO FRONTEIRAS ENTRE CI\u00caNCIA E SOCIEDADE EM TEMPOS DE PANDEMIA\u201d<\/span><\/p>\n<p><span style=\"color: #547c46;\"><strong>Orientador:<\/strong> Lilian Sagio Cezar<\/span><\/p>\n<p><span style=\"color: #547c46;\">Data da Defesa: :11\/06\/2021<\/span><\/p>\n<hr \/>\n<p><strong><span style=\"color: #547c46;\"><a style=\"color: #547c46;\" href=\"https:\/\/uenf.br\/posgraduacao\/politicas-sociais\/wp-content\/uploads\/sites\/11\/2022\/10\/ANDRE-VASCONCELLOS.pdf\" target=\"_blank\" rel=\"noopener\">\u00bb ANDR\u00c9 MORAES BARCELLOS MARTINS DE VASCONCELLOS<\/a><\/span><\/strong><\/p>\n<p><span style=\"color: #547c46;\">\u201cO DESAFIO DA GEST\u00c3O URBANA EM CAMPOS DOS GOYTACAZES NO CONTEXTO DAS MUDAN\u00c7AS CLIM\u00c1TICAS: ENTRE A CONSTRU\u00c7\u00c3O DA RESILI\u00caNCIA E A PERSIST\u00caNCIA DE F\u00d3RMULAS TRADICIONAIS DE GOVERNAR\u201d<\/span><\/p>\n<p><span style=\"color: #547c46;\"><strong>Orientador:<\/strong> Marcos Antonio Pedlowsk<\/span><\/p>\n<p><span style=\"color: #547c46;\">Data da Defesa: 05\/05\/2021<\/span><\/p>\n<hr \/>\n<p><strong><span style=\"color: #547c46;\"><a style=\"color: #547c46;\" href=\"https:\/\/uenf.br\/posgraduacao\/politicas-sociais\/wp-content\/uploads\/sites\/11\/2022\/10\/ANNA-PAULA-PEDRA.pdf\" target=\"_blank\" rel=\"noopener\">\u00bb ANNA PAULA BARRETO PEDRA<\/a><\/span><\/strong><\/p>\n<p><span style=\"color: #547c46;\">\u201cCULTIVANDO A ESPIRITUALIDADE: O RELIGIOSO NA PR\u00c1TICA POL\u00cdTICA DOS AGENTES DA COMISS\u00c3O PASTORAL DA TERRA (CPT) EM CAMPOS DOS GOYTACAZES\u201d<\/span><\/p>\n<p><span style=\"color: #547c46;\"><strong>Orientador:<\/strong> Fabio Py Murta de Almeida<\/span><\/p>\n<p><span style=\"color: #547c46;\">Data da Defesa: 03\/05\/2021<\/span><\/p>\n<hr \/>\n<p><strong><span style=\"color: #547c46;\"><a style=\"color: #547c46;\" href=\"https:\/\/uenf.br\/posgraduacao\/politicas-sociais\/wp-content\/uploads\/sites\/11\/2022\/10\/Brigida-Navarro-Sanches-da-Silva.pdf\" target=\"_blank\" rel=\"noopener\">\u00bb BR\u00cdGIDA NAVARRO SANCHES DA SILVA<\/a><\/span><\/strong><\/p>\n<p><span style=\"color: #547c46;\">\u201cO DIREITO \u00c0 EDUCA\u00c7\u00c3O SOB A PERSPECTIVA DO CONSELHO TUTELAR: UMA AN\u00c1LISE NO MUNIC\u00cdPIO DE ITAPERUNA(RJ)\u201d<\/span><\/p>\n<p><span style=\"color: #547c46;\"><strong>Orientador:<\/strong> Joseane de Souza<\/span><\/p>\n<p><span style=\"color: #547c46;\">Data da Defesa: 02\/09\/2021<\/span><\/p>\n<hr \/>\n<p><strong><span style=\"color: #547c46;\"><a style=\"color: #547c46;\" href=\"https:\/\/uenf.br\/posgraduacao\/politicas-sociais\/wp-content\/uploads\/sites\/11\/2022\/10\/Dissertacao_Danilo_Barreto_PPGPS.pdf\" target=\"_blank\" rel=\"noopener\">\u00bb DANILO BARRETO DE SOUZA<\/a><\/span><\/strong><\/p>\n<p><span style=\"color: #547c46;\">\u201cAN\u00c1LISE DA DIMENS\u00c3O ESPACIAL-INSTITUCIONAL DO PROCESSO DE POL\u00cdTICAS P\u00daBLICAS: UM ESTUDO DE CASO DO F\u00d3RUM PERMANENTE DE DESENVOLVIMENTO DO RIO DE JANEIRO\u201d<\/span><\/p>\n<p><span style=\"color: #547c46;\"><strong>Orientador:<\/strong> Joseane de Souza<\/span><\/p>\n<p><span style=\"color: #547c46;\">Data da Defesa: 29\/03\/2021<\/span><\/p>\n<hr \/>\n<p><strong><span style=\"color: #547c46;\"><a style=\"color: #547c46;\" href=\"https:\/\/uenf.br\/posgraduacao\/politicas-sociais\/wp-content\/uploads\/sites\/11\/2022\/10\/Fernando-Antonio-dos-Santos-Lopes.pdf\" target=\"_blank\" rel=\"noopener\">\u00bb FERNANDO ANTONIO DOS SANTOS LOPES<\/a><\/span><\/strong><\/p>\n<p><span style=\"color: #547c46;\">\u201cA ECONOMIA SOLID\u00c1RIA NA EXTENS\u00c3O UNIVERSIT\u00c1RIA: UM ESTUDO DE CASO SOBRE A ATUA\u00c7\u00c3O DA INCUBADORA TECNOL\u00d3GICA DE EMPREENDIMENTOS POPULARES DA UENF\u201d<\/span><\/p>\n<p><span style=\"color: #547c46;\"><strong>Orientador:<\/strong> Marcelo Carlos Gantos<\/span><\/p>\n<p><span style=\"color: #547c46;\">Data da Defesa: 11\/02\/2021<\/span><\/p>\n<hr \/>\n<p><strong><span style=\"color: #547c46;\"><a style=\"color: #547c46;\" href=\"https:\/\/uenf.br\/posgraduacao\/politicas-sociais\/wp-content\/uploads\/sites\/11\/2022\/10\/Isabella-Guzzo.pdf\" target=\"_blank\" rel=\"noopener\">\u00bb ISABELLA LEITE GUZZO CORDEIRO<\/a><\/span><\/strong><\/p>\n<p><span style=\"color: #547c46;\">\u201cFLORES ENTRE AS CAL\u00c7ADAS: QUEM S\u00c3O AS MULHERES EM SITUA\u00c7\u00c3O DE RUA EM CAMPOS DOS GOYTACAZES\/ RJ?\u201d<\/span><\/p>\n<p><span style=\"color: #547c46;\"><strong>Orientador:<\/strong> Teresa de Jesus Peixoto Faria<\/span><\/p>\n<p><span style=\"color: #547c46;\">Data da Defesa: 26\/11\/2021<\/span><\/p>\n<hr \/>\n<p><strong><span style=\"color: #547c46;\"><a style=\"color: #547c46;\" href=\"https:\/\/uenf.br\/posgraduacao\/politicas-sociais\/wp-content\/uploads\/sites\/11\/2022\/10\/Dissertacao-Jessica-Cristina-Alvaro-de-Oliveira.pdf\" target=\"_blank\" rel=\"noopener\">\u00bb JESSICA CRISTINA ALVARO DE OLIVEIRA<\/a><\/span><\/strong><\/p>\n<p><span style=\"color: #547c46;\">\u201cO CANTO DA RESIST\u00caNCIA: MULHERES NEGRAS E A LINGUAGEM DO SAMBA NA CONTEMPORANEIDADE\u201d<\/span><\/p>\n<p><span style=\"color: #547c46;\"><strong>Orientador:<\/strong> Giovane do Nascimento<\/span><\/p>\n<p><span style=\"color: #547c46;\">Data da Defesa: 01\/03\/2021<\/span><\/p>\n<hr \/>\n<p><strong><span style=\"color: #547c46;\"><a style=\"color: #547c46;\" href=\"https:\/\/uenf.br\/posgraduacao\/politicas-sociais\/wp-content\/uploads\/sites\/11\/2022\/10\/Julia-Dias-Pereira.pdf\" target=\"_blank\" rel=\"noopener\">\u00bb JULIA DIAS PEREIRA<\/a><\/span><\/strong><\/p>\n<p><span style=\"color: #547c46;\">\u201cCAD\u00ca JONGUEIRO QUE EU N\u00c3O VEJO ELE FALAR?\u201d ETNOGRAFIA E PROCESSO DE PATRIMONIALIZA\u00c7\u00c3O DO JONGO EM CAMPOS DOS GOYTACAZES, RJ\u201d<\/span><\/p>\n<p><span style=\"color: #547c46;\"><strong>Orientador:<\/strong> Lilian Sagio Cezar<\/span><\/p>\n<p><span style=\"color: #547c46;\">Data da Defesa: 06\/07\/2021<\/span><\/p>\n<hr \/>\n<p><strong><span style=\"color: #547c46;\"><a style=\"color: #547c46;\" href=\"https:\/\/uenf.br\/posgraduacao\/politicas-sociais\/wp-content\/uploads\/sites\/11\/2022\/10\/Dissertacao-de-Leisia-Rossi-com-folha-da-banca.pdf\" target=\"_blank\" rel=\"noopener\">\u00bb LEISIA CRESPO ROSSI<\/a><\/span><\/strong><\/p>\n<p><span style=\"color: #547c46;\">\u201cA AGRICULTURA FAMILIAR E SUAS FORMAS DE RESIST\u00caNCIA: UMA AN\u00c1LISE DOS PRODUTORES DE ABACAXI DE S\u00c3O FRANCISCO DE ITABAPOANA\u201d<\/span><\/p>\n<p><span style=\"color: #547c46;\"><strong>Orientador:<\/strong> Paulo Marcelo de Souza<\/span><\/p>\n<p><span style=\"color: #547c46;\">Data da Defesa:25\/02\/2021<\/span><\/p>\n<hr \/>\n<p><strong><span style=\"color: #547c46;\"><a style=\"color: #547c46;\" href=\"https:\/\/uenf.br\/posgraduacao\/politicas-sociais\/wp-content\/uploads\/sites\/11\/2022\/10\/Dissertacao-de-Lia-Keller-Ferreira-FINAL.pdf\" target=\"_blank\" rel=\"noopener\">\u00bb LIA KELLER FERREIRA DA COSTA<\/a><\/span><\/strong><\/p>\n<p><span style=\"color: #547c46;\">\u201cOS COLETIVOS DE ESTUDANTES NEGROS DAS UNIVERSIDADES P\u00daBLICAS DO ESTADO DO RIO DE JANEIRO E O COMBATE AO RACISMO EPISTEMOL\u00d3GICO\u201d<\/span><\/p>\n<p><span style=\"color: #547c46;\"><strong>Orientador:<\/strong> Maria Clareth Goncalves Reis<\/span><\/p>\n<p><span style=\"color: #547c46;\">Data da Defesa:07\/07\/2021<\/span><\/p>\n<hr \/>\n<p><strong><span style=\"color: #547c46;\"><a style=\"color: #547c46;\" href=\"https:\/\/uenf.br\/posgraduacao\/politicas-sociais\/wp-content\/uploads\/sites\/11\/2022\/10\/Mayara_Silva_Pinto.pdf\" target=\"_blank\" rel=\"noopener\">\u00bb MAYARA SILVA PINTO<\/a><\/span><\/strong><\/p>\n<p><span style=\"color: #547c46;\">\u201cPATRIM\u00d4NIO INDUSTRIAL: UM OLHAR SOBRE A PAISAGEM CULTURAL AGROINDUSTRIAL DO DISTRITO DE SANTO EDUARDO EM CAMPOS DOS GOYTACAZES \u2013 RJ.\u201d<\/span><\/p>\n<p><span style=\"color: #547c46;\"><strong>Orientador:<\/strong> Simonne Teixeira<\/span><\/p>\n<p><span style=\"color: #547c46;\">Data da Defesa:09\/03\/2021<\/span><\/p>\n<hr \/>\n<p><strong><span style=\"color: #547c46;\"><a style=\"color: #547c46;\" href=\"https:\/\/uenf.br\/posgraduacao\/politicas-sociais\/wp-content\/uploads\/sites\/11\/2022\/10\/Paula-Freitas-Boynard-de-Vasconcelos.pdf\" target=\"_blank\" rel=\"noopener\">\u00bb PAULA FREITAS BOYNARD DE VASCONCELOS<\/a><\/span><\/strong><\/p>\n<p><span style=\"color: #547c46;\">\u201cPOL\u00cdTICAS P\u00daBLICAS PARA O DESENVOLVIMENTO SOCIAL E ECON\u00d4MICO: UMA AN\u00c1LISE DOS REFLEXOS DO PNAE (PROGRAMA NACIONAL DE ALIMENTA\u00c7\u00c3O ESCOLAR NA AGRICULTURA FAMILIAR) NA AGRICULTURA FAMILIAR DE MACA\u00c9-RJ (2011 \u2013 2020)\u201d<\/span><\/p>\n<p><span style=\"color: #547c46;\"><strong>Orientador:<\/strong> Paulo Marcelo de Souza<\/span><\/p>\n<p><span style=\"color: #547c46;\">Data da Defesa:06\/07\/2021<\/span><\/p>\t\t\t\t\t\t\t\t<\/div>\n\t\t\t\t<\/div>\n\t\t\t\t\t<\/div>\n\t\t\t\t<\/div>\n\t\t<div id=\"e-n-tab-content-9442515107\" role=\"tabpanel\" aria-labelledby=\"e-n-tab-title-9442515107\" data-tab-index=\"7\" style=\"--n-tabs-title-order: 7;\" class=\" elementor-element elementor-element-5e32bec2 e-flex e-con-boxed e-con e-child\" data-id=\"5e32bec2\" data-element_type=\"container\" data-e-type=\"container\">\n\t\t\t\t\t<div class=\"e-con-inner\">\n\t\t\t\t<div class=\"elementor-element elementor-element-2c18c602 elementor-widget__width-initial elementor-widget elementor-widget-text-editor\" data-id=\"2c18c602\" data-element_type=\"widget\" data-e-type=\"widget\" data-widget_type=\"text-editor.default\">\n\t\t\t\t<div class=\"elementor-widget-container\">\n\t\t\t\t\t\t\t\t\t<p><strong><span style=\"color: #547c46;\">\u00bb <a style=\"color: #547c46;\" href=\"https:\/\/uenf.br\/posgraduacao\/politicas-sociais\/wp-content\/uploads\/sites\/11\/2021\/08\/ppgps_dissertacao_daniel_arrebola_2020-.pdf\" target=\"_blank\" rel=\"noopener\">DANIEL LUIZ ARREBOLA<\/a><\/span><\/strong><\/p>\n<p><span style=\"color: #547c46;\">\u201cDAN\u00c7AS, FESTAS E RECONHECIMENTO: ESTUDO DE CASO DA MICROPOL\u00cdTICA DAS CONGADAS DE DORES DO INDAI\u00c1 \u2013 MG\u201d.<\/span><\/p>\n<p><span style=\"color: #547c46;\"><strong>Orientador:<\/strong> Lilian Sagio Cezar<\/span><\/p>\n<p><span style=\"color: #547c46;\">Data da defesa: 30\/01\/2020<\/span><\/p>\n<hr \/>\n<p><strong><span style=\"color: #547c46;\">\u00bb <a style=\"color: #547c46;\" href=\"https:\/\/uenf.br\/posgraduacao\/politicas-sociais\/wp-content\/uploads\/sites\/11\/2022\/10\/versao-final-Jonatas-P.-Soares.pdf\" target=\"_blank\" rel=\"noopener\">J\u00d4NATAS PERES SOARES<\/a><\/span><\/strong><\/p>\n<p><span style=\"color: #547c46;\">\u201cOS PERIGOS PREVISTOS NA TENTATIVA DE FLEXIBILIZA\u00c7\u00c3O DAS REGRAS DO LICENCIAMENTO AMBIENTAL: UMA AMEA\u00c7A REAL NOS BASTIDORES DO PODER\u201d<\/span><\/p>\n<p><span style=\"color: #547c46;\"><strong>Orientador:<\/strong> Paula Mousinho Martins<\/span><\/p>\n<p><span style=\"color: #547c46;\">Data da defesa: 18\/02\/2020<\/span><\/p>\n<hr \/>\n<p><strong><span style=\"color: #547c46;\">\u00bb <a style=\"color: #547c46;\" href=\"https:\/\/uenf.br\/posgraduacao\/politicas-sociais\/wp-content\/uploads\/sites\/11\/2022\/10\/Associativismo-na-agricultura-familiar-de-Bom-Jesus-do-Norte-ES-convertido-1.pdf\" target=\"_blank\" rel=\"noopener\">RAVENA DE SOUZA ZANON DELLATORRE<\/a><\/span><\/strong><\/p>\n<p><span style=\"color: #547c46;\">\u201cASSOCIATIVISMO NA AGRICULTURA FAMILIAR DE BOM JESUS DO NORTE-ES: CONQUISTAS E LIMITA\u00c7\u00d5ES\u201d<\/span><\/p>\n<p><span style=\"color: #547c46;\"><strong>Orientador:<\/strong> Paulo Marcelo de Souza<\/span><\/p>\n<p><span style=\"color: #547c46;\">Data da defesa: 02\/03\/2020<\/span><\/p>\n<hr \/>\n<p><strong><span style=\"color: #547c46;\">\u00bb <a style=\"color: #547c46;\" href=\"https:\/\/uenf.br\/posgraduacao\/politicas-sociais\/wp-content\/uploads\/sites\/11\/2021\/08\/MACHADO-Francine-disserta..pdf\" target=\"_blank\" rel=\"noopener\">FRANCINE DE SOUZA MACHADO<\/a><\/span><\/strong><\/p>\n<p><span style=\"color: #547c46;\">\u201cCENTROS DE QUALIDADE DE VIDA \u2013 CQVS: EDUCA\u00c7\u00c3O INTEGRAL PARA CRIAN\u00c7AS DE 0 A 6 ANOS EM CAMPOS DOS GOYTACAZES (1990-2001)\u201d<\/span><\/p>\n<p><span style=\"color: #547c46;\"><strong>Orientador:<\/strong> Silvia Alicia Martinez<\/span><\/p>\n<p><span style=\"color: #547c46;\">Data da defesa: 31\/03\/2020<\/span><\/p>\n<hr \/>\n<p><strong><span style=\"color: #547c46;\">\u00bb <a style=\"color: #547c46;\" href=\"https:\/\/uenf.br\/posgraduacao\/politicas-sociais\/wp-content\/uploads\/sites\/11\/2021\/08\/DISSERTACAO-Carolina-Franca-Pessanha.pdf\" target=\"_blank\" rel=\"noopener\">CAROLINA FRAN\u00c7A PESSANHA<\/a><\/span><\/strong><\/p>\n<p><span style=\"color: #547c46;\">\u201cO PROGRAMA DE ASSIST\u00caNCIA ESTUDANTIL PARA AS INSTITUI\u00c7\u00d5ES DE ENSINO SUPERIOR P\u00daBLICAS ESTADUAIS (PNAEST) NA UENF: LIMITES E POSSIBILIDADES\u201d<\/span><\/p>\n<p><span style=\"color: #547c46;\"><strong>Orientador:<\/strong> Renata Maldonado da Silva<\/span><\/p>\n<p><span style=\"color: #547c46;\">Data da defesa: 07\/04\/2020<\/span><\/p>\n<hr \/>\n<p><strong><span style=\"color: #547c46;\">\u00bb <a style=\"color: #547c46;\" href=\"https:\/\/uenf.br\/posgraduacao\/politicas-sociais\/wp-content\/uploads\/sites\/11\/2021\/08\/Dissertacao-WILSON-DOS-SANTOS-SOUZA.pdf\" target=\"_blank\" rel=\"noopener\">WILSON DOS SANTOS SOUZA<\/a><\/span><\/strong><\/p>\n<p><span style=\"color: #547c46;\">\u201cPAREM O TR\u00c2NSITO QUE O BOI VAI PASSAR ETNOGRAFIA DOS BOIS PINTADINHOS NO MUNIC\u00cdPIO DE MACA\u00c9 \u2013 RJ\u201d<\/span><\/p>\n<p><span style=\"color: #547c46;\"><strong>Orientador:<\/strong> Giovane do Nascimento<\/span><\/p>\n<p><span style=\"color: #547c46;\">Data da defesa: 28\/05\/2020<\/span><\/p>\n<hr \/>\n<p><strong><span style=\"color: #547c46;\">\u00bb <a style=\"color: #547c46;\" href=\"https:\/\/uenf.br\/posgraduacao\/politicas-sociais\/wp-content\/uploads\/sites\/11\/2021\/08\/Dissertacao_Larissa-da-Matta_Politicas-Sociais_-UENF.pdf\" target=\"_blank\" rel=\"noopener\">LARISSA GON\u00c7ALVES DA MATTA<\/a><\/span><\/strong><\/p>\n<p><span style=\"color: #547c46;\">\u201cA FORMA\u00c7\u00c3O DE AGENDA PARA GOVERNAN\u00c7A SUPRALOCAL: O CASO DO CONS\u00d3RCIO INTERMUNICIPAL DE DESENVOLVIMENTO DO NORTE E NOROESTE FLUMINENSE\u201d<\/span><\/p>\n<p><span style=\"color: #547c46;\"><strong>Orientador:<\/strong> Denise Cunha Tavares Terra<\/span><\/p>\n<p><span style=\"color: #547c46;\">Data da defesa: 29\/05\/2020<\/span><\/p>\n<hr \/>\n<p><strong><span style=\"color: #547c46;\">\u00bb <a style=\"color: #547c46;\" href=\"https:\/\/uenf.br\/posgraduacao\/politicas-sociais\/wp-content\/uploads\/sites\/11\/2021\/08\/ANA-PAULA-MELO-PEIXOTO.pdf\" target=\"_blank\" rel=\"noopener\">ANA PAULA MELO PEIXOTO<\/a><\/span><\/strong><\/p>\n<p><span style=\"color: #547c46;\">\u201cCRISE E DESMONTE DO ENSINO M\u00c9DIO PROFISSIONALIZANTE NA REDE FAETEC- O CASO DA ESCOLA T\u00c9CNICA ESTADUAL JO\u00c3O BARCELOS MARTINS \u2013 CAMPOS DOS GOYTACAZES\/RJ\u201d<\/span><\/p>\n<p><span style=\"color: #547c46;\"><strong>Orientador:<\/strong> Giovane do Nascimento,<\/span><\/p>\n<p><span style=\"color: #547c46;\">Data da defesa: 12\/08\/2020<\/span><\/p>\n<hr \/>\n<p><strong><span style=\"color: #547c46;\">\u00bb <a style=\"color: #547c46;\" href=\"https:\/\/uenf.br\/posgraduacao\/politicas-sociais\/wp-content\/uploads\/sites\/11\/2021\/08\/ALINE-FERREIRA-DE-ABREU-DISSERTACAO..pdf\" target=\"_blank\" rel=\"noopener\">ALINE FERREIRA DE ABREU<\/a><\/span><\/strong><\/p>\n<p><span style=\"color: #547c46;\">\u201cA TUTELA DO PATRIM\u00d4NIO CULTURAL IMATERIAL NO LICENCIAMENTO AMBIENTAL\u201d<\/span><\/p>\n<p><span style=\"color: #547c46;\"><strong>Orientador:<\/strong> Giovane do Nascimento<\/span><\/p>\n<p><span style=\"color: #547c46;\">Data da defesa: 27\/08\/2020<\/span><\/p>\n<hr \/>\n<p><strong><span style=\"color: #547c46;\">\u00bb <a style=\"color: #547c46;\" href=\"https:\/\/uenf.br\/posgraduacao\/politicas-sociais\/wp-content\/uploads\/sites\/11\/2021\/08\/Dissertacao-Rafaela-Nogueira-do-Nascimento-PPGPS_UENF.pdf\" target=\"_blank\" rel=\"noopener\">RAFAELA NOGUEIRA DO NASCIMENTO<\/a><\/span><\/strong><\/p>\n<p><span style=\"color: #547c46;\">\u201cINCLUS\u00c3O UNIVERSIT\u00c1RIA SOB AS PERSPECTIVAS DO ACESSO E DA PERMAN\u00caNCIA: AN\u00c1LISE DA POL\u00cdTICA DE COTAS NA P\u00d3S-GRADUA\u00c7\u00c3O STRICTO SENSU DAS UNIVERSIDADES ESTADUAIS DO RIO DE JANEIRO\u201d<\/span><\/p>\n<p><span style=\"color: #547c46;\"><strong>Orientador:<\/strong> Shirlena Campos de Souza Amaral<\/span><\/p>\n<p><span style=\"color: #547c46;\">Data da defesa: 09\/11\/2020<\/span><\/p>\n<hr \/>\n<p><strong><span style=\"color: #547c46;\">\u00bb <a style=\"color: #547c46;\" href=\"https:\/\/uenf.br\/posgraduacao\/politicas-sociais\/wp-content\/uploads\/sites\/11\/2021\/08\/Dissertacao-versao-final-Warlen.pdf\" target=\"_blank\" rel=\"noopener\">WARLEN JOS\u00c9 SART\u00d3RIO REZENDE<\/a><\/span><\/strong><\/p>\n<p><span style=\"color: #547c46;\">\u201cA SA\u00daDE P\u00daBLICA HOSPITALAR SUL CAPIXABA: UM ESTUDO DE CASO DA SANTA CASA DE MISERIC\u00d3RDIA DE CACHOEIRO DE ITAPEMIRIM \u2013 ES\u201d<\/span><\/p>\n<p><span style=\"color: #547c46;\"><strong>Orientador:<\/strong> Rodrigo da Costa Caetano<\/span><\/p>\n<p><span style=\"color: #547c46;\">Data da defesa: 10\/12\/2020<\/span><\/p>\t\t\t\t\t\t\t\t<\/div>\n\t\t\t\t<\/div>\n\t\t\t\t\t<\/div>\n\t\t\t\t<\/div>\n\t\t<div id=\"e-n-tab-content-9442515108\" role=\"tabpanel\" aria-labelledby=\"e-n-tab-title-9442515108\" data-tab-index=\"8\" style=\"--n-tabs-title-order: 8;\" class=\" elementor-element elementor-element-1f2c5314 e-flex e-con-boxed e-con e-child\" data-id=\"1f2c5314\" data-element_type=\"container\" data-e-type=\"container\">\n\t\t\t\t\t<div class=\"e-con-inner\">\n\t\t\t\t<div class=\"elementor-element elementor-element-515a8c42 elementor-widget__width-initial elementor-widget elementor-widget-text-editor\" data-id=\"515a8c42\" data-element_type=\"widget\" data-e-type=\"widget\" data-widget_type=\"text-editor.default\">\n\t\t\t\t<div class=\"elementor-widget-container\">\n\t\t\t\t\t\t\t\t\t<p><strong><span style=\"color: #547c46;\">\u00bb <a style=\"color: #547c46;\" href=\"https:\/\/uenf.br\/posgraduacao\/politicas-sociais\/wp-content\/uploads\/sites\/11\/2021\/08\/1_Dissertacao_Claudio_Jorge_Politicas_Sociais_2019.pdf\" target=\"_blank\" rel=\"noopener\">CLAUDIO JORGE DA SILVA SOARES<\/a><\/span><\/strong><\/p>\n<p><span style=\"color: #547c46;\">OS NOVOS CONDOM\u00cdNIOS NO SUB\u00daRBIO CARIOCA E SUA INFLU\u00caNCIA NA CULTURA DO TERRIT\u00d3RIO<\/span><\/p>\n<p><span style=\"color: #547c46;\"><strong>Orientador:<\/strong> Caterine Reginensi<\/span><\/p>\n<p><span style=\"color: #547c46;\">Data da defesa: 18\/02\/2019<\/span><\/p>\n<hr \/>\n<p><strong><span style=\"color: #547c46;\">\u00bb <a style=\"color: #547c46;\" href=\"https:\/\/uenf.br\/posgraduacao\/politicas-sociais\/wp-content\/uploads\/sites\/11\/2021\/08\/Dissertacao_Jhonatan_PPGPS_Versao_Final-1.pdf\" target=\"_blank\" rel=\"noopener\">JHONATAN DA SILVA MARTINS<\/a><\/span><\/strong><\/p>\n<p><span style=\"color: #547c46;\">\u201cMANIFESTA\u00c7\u00d5ES CULTURAIS PESQUEIRAS EM S\u00c3O JO\u00c3O DA BARRA \u2013 A FESTA DE NOSSA SENHORA DA PENHA\u201d<\/span><\/p>\n<p><span style=\"color: #547c46;\"><strong>Orientador:<\/strong> Giovane do Nascimento<\/span><\/p>\n<p><span style=\"color: #547c46;\">Data da defesa: 20\/03\/2019<\/span><\/p>\n<hr \/>\n<p><strong><span style=\"color: #547c46;\">\u00bb <a style=\"color: #547c46;\" href=\"https:\/\/uenf.br\/posgraduacao\/politicas-sociais\/wp-content\/uploads\/sites\/11\/2022\/10\/Anna-Cassia-Ferreira-Goncalves-Teixeira.pdf\" target=\"_blank\" rel=\"noopener\">ANNA C\u00c1SSIA FERREIRA GON\u00c7ALVES TEIXEIRA<\/a><\/span><\/strong><\/p>\n<p><span style=\"color: #547c46;\">\u201cPREVEN\u00c7\u00c3O DE INFEC\u00c7\u00d5ES SEXUALMENTE TRANSMISS\u00cdVEIS E JUVENTUDES: UMA AN\u00c1LISE SOBRE AS<\/span><br \/><span style=\"color: #547c46;\">ESTRAT\u00c9GIAS DO GOVERNO FEDERAL\u201d<\/span><\/p>\n<p><span style=\"color: #547c46;\"><strong>Orientador:<\/strong> Rodrigo da Costa Caetano<\/span><\/p>\n<p><span style=\"color: #547c46;\">Data da defesa: 28\/03\/2019<\/span><\/p>\n<hr \/>\n<p><strong><span style=\"color: #547c46;\">\u00bb <a style=\"color: #547c46;\" href=\"https:\/\/uenf.br\/posgraduacao\/politicas-sociais\/wp-content\/uploads\/sites\/11\/2021\/08\/Dissertacao-Ingrid-Fiuza-C.-Barbosa-2019.pdf\" target=\"_blank\" rel=\"noopener\">INGRID FIUZA COSTA BARBOSA<\/a><\/span><\/strong><\/p>\n<p><span style=\"color: #547c46;\">\u201cPOL\u00cdTICA EDUCACIONAL PARA A FORMA\u00c7\u00c3O DOCENTE: O PROJETO INSTITUCIONAL PIBID\/ISEPAM, SUA<\/span><br \/><span style=\"color: #547c46;\">IMPLANTA\u00c7\u00c3O E SEUS EFEITOS\u201d<\/span><\/p>\n<p><span style=\"color: #547c46;\"><strong>Orientador:<\/strong> Leandro Garcia Pinho<\/span><\/p>\n<p><span style=\"color: #547c46;\">Data da defesa: 29\/03\/2019<\/span><\/p>\n<hr \/>\n<p><strong><span style=\"color: #547c46;\">\u00bb <a style=\"color: #547c46;\" href=\"https:\/\/uenf.br\/posgraduacao\/politicas-sociais\/wp-content\/uploads\/sites\/11\/2021\/08\/Dissertacao-Paula-Pdf..pdf\" target=\"_blank\" rel=\"noopener\">PAULA SILVIANNA MUNIZ FIGUEIREDO<\/a><\/span><\/strong><\/p>\n<p><span style=\"color: #547c46;\">\u201cTRAJET\u00d3RIA DE VIDA E ATUA\u00c7\u00c3O DOCENTE DE PROFESSORES COM DEFICI\u00caNCIA NO MUNIC\u00cdPIO DE CAMPOS DOS GOYTACAZES, RJ\u201d<\/span><\/p>\n<p><span style=\"color: #547c46;\"><strong>Orientador:<\/strong> Silvia Alicia Martinez<\/span><\/p>\n<p><span style=\"color: #547c46;\">Data da defesa: 04\/04\/2019<\/span><\/p>\n<hr \/>\n<p><strong><span style=\"color: #547c46;\">\u00bb <a style=\"color: #547c46;\" href=\"https:\/\/uenf.br\/posgraduacao\/politicas-sociais\/wp-content\/uploads\/sites\/11\/2021\/08\/Dissertacao-Nagila-Coutinho.pdf\" target=\"_blank\" rel=\"noopener\">N\u00c1GILA COUTINHO GOMES PAIVA<\/a><\/span><\/strong><\/p>\n<p><span style=\"color: #547c46;\">\u201cA APLICA\u00c7\u00c3O DA LEI N\u00ba 11.340\/2006 \u2013 LEI MARIA DA PENHA: UMA AN\u00c1LISE A PARTIR DA REALIDADE DA DEAM DO MUNIC\u00cdPIO DE CAMPOS DOS GOYTACAZES\u201d<\/span><\/p>\n<p><span style=\"color: #547c46;\"><strong>Orientador:<\/strong> Shirlena Campos de Souza Amaral<\/span><\/p>\n<p><span style=\"color: #547c46;\">Data da defesa: 12\/04\/2019<\/span><\/p>\n<hr \/>\n<p><strong><span style=\"color: #547c46;\">\u00bb <a style=\"color: #547c46;\" href=\"https:\/\/uenf.br\/posgraduacao\/politicas-sociais\/wp-content\/uploads\/sites\/11\/2021\/08\/1_Dissertacao_Victor_Fumian_Politicas_Sociais_2019_Versao_Final.pdf\" target=\"_blank\" rel=\"noopener\">VICTOR ANGELO FUMIAN<\/a><\/span><\/strong><\/p>\n<p><span style=\"color: #547c46;\">\u201cPOL\u00cdTICA EDUCACIONAL DA HIST\u00d3RIA E CULTURA AFRO-BRASILEIRA: AN\u00c1LISE DO ENSINO EM UMA ESCOLA ESTADUAL DO MUNIC\u00cdPIO DE ITAPERUNA \u2013 RJ\u201d<\/span><\/p>\n<p><span style=\"color: #547c46;\"><strong>Orientador:<\/strong> Simonne Teixeira<\/span><\/p>\n<p><span style=\"color: #547c46;\">Data da defesa: 24\/04\/2019<\/span><\/p>\n<hr \/>\n<p><strong><span style=\"color: #547c46;\">\u00bb <a style=\"color: #547c46;\" href=\"https:\/\/uenf.br\/posgraduacao\/politicas-sociais\/wp-content\/uploads\/sites\/11\/2021\/08\/mIRELLY.pdf\" target=\"_blank\" rel=\"noopener\">MIRELLY BRITO MOTA DE SOUZA<\/a><\/span><\/strong><\/p>\n<p><span style=\"color: #547c46;\">\u201cPOL\u00cdTICAS P\u00daBLICAS DE INTERVEN\u00c7\u00c3O HABITACIONAL: UMA AN\u00c1LISE DO BENEF\u00cdCIO ASSISTENCIAL ALUGUEL SOCIAL NO MUNIC\u00cdPIO DE S\u00c3O FID\u00c9LIS\/RJ\u201d<\/span><\/p>\n<p><span style=\"color: #547c46;\"><strong>Orientador:<\/strong> Teresa de Jesus Peixoto Faria<\/span><\/p>\n<p><span style=\"color: #547c46;\">Data da defesa: 29\/04\/2019<\/span><\/p>\n<hr \/>\n<p><strong><span style=\"color: #547c46;\">\u00bb <a style=\"color: #547c46;\" href=\"https:\/\/uenf.br\/posgraduacao\/politicas-sociais\/wp-content\/uploads\/sites\/11\/2022\/10\/SIMONE.pdf\" target=\"_blank\" rel=\"noopener\">SIMONE DA SILVA VIANA<\/a><\/span><\/strong><\/p>\n<p><span style=\"color: #547c46;\">\u201cAUGE E DECL\u00cdNIO DA ATIVIDADE SUCROALCOOLEIRA: AS TRANSFORMA\u00c7\u00d5ES DO MUNDO DO TRABALHO NA BAIXADA CAMPISTA\/RJ\u201d<\/span><\/p>\n<p><span style=\"color: #547c46;\"><strong>Orientador:<\/strong> Denise Cunha Tavares Terra<\/span><\/p>\n<p><span style=\"color: #547c46;\">Data da defesa: 24\/05\/2019<\/span><\/p>\n<hr \/>\n<p><strong><span style=\"color: #547c46;\">\u00bb <a style=\"color: #547c46;\" href=\"https:\/\/uenf.br\/posgraduacao\/politicas-sociais\/wp-content\/uploads\/sites\/11\/2021\/08\/Luisy.pdf\" target=\"_blank\" rel=\"noopener\">LUISY SOARES MELCHIADES<\/a><\/span><\/strong><\/p>\n<p><span style=\"color: #547c46;\">\u201cASPECTOS S\u00d3CIO HIST\u00d3RICOS DA TUBERCULOSE: UMA AN\u00c1LISE DOS DETERMINANTES SOCIAIS DE PACIENTES DA CL\u00cdNICA DE TISIOLOGIA DO HOSPITAL FERREIRA MACHADO EM CAMPOS DOS GOYTACAZES\/RJ (2014-2018)\u201d<\/span><\/p>\n<p><span style=\"color: #547c46;\"><strong>Orientador:<\/strong> Joseane de Souza<\/span><\/p>\n<p><span style=\"color: #547c46;\">Data da defesa: 29\/05\/2019<\/span><\/p>\n<hr \/>\n<p><strong><span style=\"color: #547c46;\">\u00bb <a style=\"color: #547c46;\" href=\"https:\/\/uenf.br\/posgraduacao\/politicas-sociais\/wp-content\/uploads\/sites\/11\/2021\/08\/Janete_Dissertacao_Versao_Final_PPGPS.pdf\" target=\"_blank\" rel=\"noopener\">JANETE VILELA DA PASCHOA<\/a><\/span><\/strong><\/p>\n<p><span style=\"color: #547c46;\">\u201cPARTICULARIDADES QUE PERMEIAM AS SOCIABILIDADES CONSTRU\u00cdDAS E VIVENCIADAS NA COMUNIDADE QUILOMBOLA DE PEDRA BRANCA\u201d<\/span><\/p>\n<p><span style=\"color: #547c46;\"><strong>Orientador:<\/strong> Caterine Reginensi<\/span><\/p>\n<p><span style=\"color: #547c46;\">Data da defesa: 26\/06\/2019<\/span><\/p>\n<hr \/>\n<p><strong><span style=\"color: #547c46;\">\u00bb <a style=\"color: #547c46;\" href=\"https:\/\/uenf.br\/posgraduacao\/politicas-sociais\/wp-content\/uploads\/sites\/11\/2022\/10\/Tarianne-Bertoza_Dissertacao_Politicas-Sociais_Texto-Final.pdf\" target=\"_blank\" rel=\"noopener\">TARIANNE DA SILVA PINTO BERTOZA<\/a><\/span><\/strong><\/p>\n<p><span style=\"color: #547c46;\">\u201cVIVERES-NOINHA: SABERES E FAZERES NA MANUTEN\u00c7\u00c3O DO JONGO EM CAMPOS DOS GOYTACAZES \u2013 RJ\u201d<\/span><\/p>\n<p><span style=\"color: #547c46;\"><strong>Orientador:<\/strong> Lilian Sagio Cezar<\/span><\/p>\n<p><span style=\"color: #547c46;\">Data da defesa: 03\/07\/2019<\/span><\/p>\n<hr \/>\n<p><strong><span style=\"color: #547c46;\">\u00bb <a style=\"color: #547c46;\" href=\"https:\/\/uenf.br\/posgraduacao\/politicas-sociais\/wp-content\/uploads\/sites\/11\/2021\/08\/DISSERTACAO-MESTRADO-SARAH-GONCALVES-RIBEIRO.pdf\" target=\"_blank\" rel=\"noopener\">SARAH GON\u00c7ALVES RIBEIRO<\/a><\/span><\/strong><\/p>\n<p><span style=\"color: #547c46;\">\u201cSERVI\u00c7O SOCIAL E EDUCA\u00c7\u00c3O: ATUA\u00c7\u00c3O DO ASSISTENTE SOCIAL NAS ESCOLAS DO MUNIC\u00cdPIO DE CAMPOS DOS GOYTACAZES\/RJ\u201d<\/span><\/p>\n<p><span style=\"color: #547c46;\"><strong>Orientador:<\/strong> Marlon Gomes Ney<\/span><\/p>\n<p><span style=\"color: #547c46;\">Data da defesa: 30\/08\/2019<\/span><\/p>\n<hr \/>\n<p><strong><span style=\"color: #547c46;\">\u00bb <a style=\"color: #547c46;\" href=\"https:\/\/uenf.br\/posgraduacao\/politicas-sociais\/wp-content\/uploads\/sites\/11\/2021\/08\/DEISIMARA-BARRETO-PEIXOTO-GOMES-MORAES.pdf\" target=\"_blank\" rel=\"noopener\">DEISIMARA BARRETO PEIXOTO GOMES MORAES<\/a><\/span><\/strong><\/p>\n<p><span style=\"color: #547c46;\">\u201cA CONDI\u00c7\u00c3O FEMININA NA PESCA ARTESANAL: UM ESTUDO DE CASO NO MUNIC\u00cdPIO DE QUISSAM\u00c3, RJ\u201d<\/span><\/p>\n<p><span style=\"color: #547c46;\"><strong>Orientador:<\/strong> Marcelo Carlos Gantos<\/span><\/p>\n<p><span style=\"color: #547c46;\">Data da defesa: 03\/10\/2019<\/span><\/p>\n<hr \/>\n<p><strong><span style=\"color: #547c46;\">\u00bb <a style=\"color: #547c46;\" href=\"https:\/\/uenf.br\/posgraduacao\/politicas-sociais\/wp-content\/uploads\/sites\/11\/2021\/08\/Dissertacao-Versao-Final_-ENTREGUE_2020-Paulo-Roberto.pdf\" target=\"_blank\" rel=\"noopener\">PAULO ROBERTO GON\u00c7ALVES<\/a><\/span><\/strong><\/p>\n<p><span style=\"color: #547c46;\">\u201cAS ENGRENAGENS QUE MOVEM AS RODAS CULTURAIS. A INTERVEN\u00c7\u00c3O DO RAP NO ESPA\u00c7O P\u00daBLICO URBANO DE CAMPOS DOS GOYTACAZES\u201d<\/span><\/p>\n<p><span style=\"color: #547c46;\"><strong>Orientador:<\/strong> Teresa de Jesus Peixoto Faria<\/span><\/p>\n<p><span style=\"color: #547c46;\">Data da defesa: 17\/12\/2019<\/span><\/p>\t\t\t\t\t\t\t\t<\/div>\n\t\t\t\t<\/div>\n\t\t\t\t\t<\/div>\n\t\t\t\t<\/div>\n\t\t<div id=\"e-n-tab-content-9442515109\" role=\"tabpanel\" aria-labelledby=\"e-n-tab-title-9442515109\" data-tab-index=\"9\" style=\"--n-tabs-title-order: 9;\" class=\" elementor-element elementor-element-5c93345a e-flex e-con-boxed e-con e-child\" data-id=\"5c93345a\" data-element_type=\"container\" data-e-type=\"container\">\n\t\t\t\t\t<div class=\"e-con-inner\">\n\t\t\t\t<div class=\"elementor-element elementor-element-51bac16d elementor-widget__width-initial elementor-widget elementor-widget-text-editor\" data-id=\"51bac16d\" data-element_type=\"widget\" data-e-type=\"widget\" data-widget_type=\"text-editor.default\">\n\t\t\t\t<div class=\"elementor-widget-container\">\n\t\t\t\t\t\t\t\t\t<p><strong><span style=\"color: #547c46;\">\u00bb <a style=\"color: #547c46;\" href=\"http:\/\/uenf.br\/posgraduacao\/politicas-sociais\/wp-content\/uploads\/sites\/11\/2018\/05\/REBECA-BARRETO-DUARTE.pdf\" target=\"_blank\" rel=\"noopener\">REBECA BARRETO DUARTE<\/a><\/span><\/strong><\/p>\n<p><span style=\"color: #547c46;\">\u201cO MOVIMENTO PASSE LIVRE NA REDE: A PRODU\u00c7\u00c3O SOCIAL DO DISCURSO SOBRE O DIREITO AO TRANSPORTE P\u00daBLICO NO JORNALISMO DIGITAL\u201d<\/span><\/p>\n<p><span style=\"color: #547c46;\"><strong>Orientador:<\/strong> Renata Maldonado da Silva<\/span><\/p>\n<p><span style=\"color: #547c46;\">Data da Defesa: 28\/02\/2018<\/span><\/p>\n<hr \/>\n<p><strong><span style=\"color: #547c46;\">\u00bb <a style=\"color: #547c46;\" href=\"http:\/\/uenf.br\/posgraduacao\/politicas-sociais\/wp-content\/uploads\/sites\/11\/2018\/08\/KARLA-FERREIRA-BARBOSA-RODRIGUES.pdf\" target=\"_blank\" rel=\"noopener\">KARLA FERREIRA BARBOSA RODRIGUES<\/a><\/span><\/strong><\/p>\n<p><span style=\"color: #547c46;\">\u201cCARACTERIZA\u00c7\u00c3O DA VIOL\u00caNCIA AUTOPROVOCADA EM CAMPOS DOS GOYTACAZES\/RJ: UMA AN\u00c1LISE NO CAMPO DA POL\u00cdTICA P\u00daBLICA DE SA\u00daDE MENTAL\u201d<\/span><\/p>\n<p><span style=\"color: #547c46;\"><strong>Orientador:<\/strong> Joseane de Souza<\/span><\/p>\n<p><span style=\"color: #547c46;\">Data da Defesa: 26\/02\/2018<\/span><\/p>\n<hr \/>\n<p><strong><span style=\"color: #547c46;\">\u00bb <a style=\"color: #547c46;\" href=\"http:\/\/uenf.br\/posgraduacao\/politicas-sociais\/wp-content\/uploads\/sites\/11\/2018\/08\/BIANCA-GOMES-DA-SILVA-MUYLAERT-MONTEIRO-DE-CASTRO.pdf\" target=\"_blank\" rel=\"noopener\">BIANCA GOMES DA SILVA MUYLAERT MONTEIRO DE CASTRO<\/a><\/span><\/strong><\/p>\n<p><span style=\"color: #547c46;\">\u201cA POL\u00cdTICA DE COTAS COMO MECANISMO DE DEMOCRATIZA\u00c7\u00c3O AO ENSINO SUPERIOR PARA PESSOAS COM DEFICI\u00caNCIA E SEUS EFEITOS: AN\u00c1LISE SOBRE ACESSO E PERMAN\u00caNCIA DE ESTUDANTES NA UENF NO PER\u00cdODO DE 2003 A 2016\u201d<\/span><\/p>\n<p><span style=\"color: #547c46;\"><strong>Orientador:<\/strong> Shirlena Campos de Souza Amaral<\/span><\/p>\n<p><span style=\"color: #547c46;\">Data da Defesa: 28\/02\/2018<\/span><\/p>\n<hr \/>\n<p><strong><span style=\"color: #547c46;\">\u00bb <a style=\"color: #547c46;\" href=\"http:\/\/uenf.br\/posgraduacao\/politicas-sociais\/wp-content\/uploads\/sites\/11\/2018\/08\/RAQUEL-XAVIER-CAMPOS-SOUZA.pdf\" target=\"_blank\" rel=\"noopener\">RAQUEL XAVIER CAMPOS SOUZA<\/a><\/span><\/strong><\/p>\n<p><span style=\"color: #547c46;\">\u201cSHOPPING POPULAR MICHEL HADDAD: CONFLITO E PERMAN\u00caNCIA DO COM\u00c9RCIO POPULAR NO CENTRO DE CAMPOS DOS GOYTACAZES\u201d<\/span><\/p>\n<p><span style=\"color: #547c46;\"><strong>Orientador:<\/strong> Hernan Armando Mamani<\/span><\/p>\n<p><span style=\"color: #547c46;\">Data da Defesa: 28\/02\/2018<\/span><\/p>\n<hr \/>\n<p><strong><span style=\"color: #547c46;\">\u00bb <a style=\"color: #547c46;\" href=\"http:\/\/uenf.br\/posgraduacao\/politicas-sociais\/wp-content\/uploads\/sites\/11\/2018\/05\/CASSIANA-FERREIRA-SIM%C3%95ES.pdf\" target=\"_blank\" rel=\"noopener\">CASSIANA FERREIRA SIM\u00d5ES<\/a><\/span><\/strong><\/p>\n<p><span style=\"color: #547c46;\">\u201cDA DEMOCRATIZA\u00c7\u00c3O DO ACESSO AO DESAFIO DA PERMAN\u00caNCIA: A EXPERI\u00caNCIA DOS COTISTAS SOCIAIS DO INSTITUTO DE CI\u00caNCIAS DA SOCIEDADE E DESENVOLVIMENTO REGIONAL DA UNIVERSIDADE FEDERAL FLUMINENSE \u2013 ESR\/UFF<\/span><\/p>\n<p><span style=\"color: #547c46;\"><strong>Orientador:<\/strong> Shirlena Campos de Souza Amaral<\/span><\/p>\n<p><span style=\"color: #547c46;\">Data da Defesa: 23\/02\/2018<\/span><\/p>\n<hr \/>\n<p><strong><span style=\"color: #547c46;\">\u00bb <a style=\"color: #547c46;\" href=\"http:\/\/uenf.br\/posgraduacao\/politicas-sociais\/wp-content\/uploads\/sites\/11\/2018\/05\/DIOGO-DE-SOUZA-VARGAS.pdf\" target=\"_blank\" rel=\"noopener\">DIOGO DE SOUZA VARGAS<\/a><\/span><\/strong><\/p>\n<p><span style=\"color: #547c46;\">\u201cPROJETO MAIS M\u00c9DICOS: AS CONTRIBUI\u00c7\u00d5ES DE UMA POL\u00cdTICA SOCIAL DE SA\u00daDE NO MUNIC\u00cdPIO DE CAMPOS DOS GOYTACAZES -RJ<\/span><\/p>\n<p><span style=\"color: #547c46;\"><strong>Orientador:<\/strong> Rodrigo da Costa Caetano<\/span><\/p>\n<p><span style=\"color: #547c46;\">Data da Defesa: 27\/02\/2018<\/span><\/p>\n<hr \/>\n<p><strong><span style=\"color: #547c46;\">\u00bb <a style=\"color: #547c46;\" href=\"http:\/\/uenf.br\/posgraduacao\/politicas-sociais\/wp-content\/uploads\/sites\/11\/2018\/05\/JACINTA-DE-AGUIAR-MEDEIROS.pdf\" target=\"_blank\" rel=\"noopener\">JACINTA DE AGUIAR MEDEIROS<\/a><\/span><\/strong><\/p>\n<p><span style=\"color: #547c46;\">\u201cO PROCESSO DE REIMPLANTA\u00c7\u00c3O DA ESTRAT\u00c9GIA DE SA\u00daDE DA FAM\u00cdLIA (ESF) NO MUNIC\u00cdPIO DE CAMPOS DOS GOYTACAZES\/RJ ENTRE OS ANOS DE 2009\/2015: AVAN\u00c7OS E DESAFIOS\u201d<\/span><\/p>\n<p><span style=\"color: #547c46;\"><strong>Orientador:<\/strong> Rodrigo da Costa Caetano<\/span><\/p>\n<p><span style=\"color: #547c46;\">Data da Defesa: 27\/02\/2018<\/span><\/p>\n<hr \/>\n<p><strong><span style=\"color: #547c46;\">\u00bb <a style=\"color: #547c46;\" href=\"http:\/\/uenf.br\/posgraduacao\/politicas-sociais\/wp-content\/uploads\/sites\/11\/2018\/05\/ETUANY-MARTINS-RANGEL.pdf\" target=\"_blank\" rel=\"noopener\">ETUANY MARTINS RANGEL<\/a><\/span><\/strong><\/p>\n<p><span style=\"color: #547c46;\">\u201cTRABALHANDO A SEXUALIDADE NA ESCOLA P\u00daBLICA: PR\u00c1TICAS E INTERVEN\u00c7\u00d5ES EM CAMPOS DOS GOYTACAZES \u2013 RJ\u201d<\/span><\/p>\n<p><span style=\"color: #547c46;\"><strong>Orientador:<\/strong> Leandro Garcia Pinho<\/span><\/p>\n<p><span style=\"color: #547c46;\">Data da Defesa: 28\/02\/2018<\/span><\/p>\n<hr \/>\n<p><strong><span style=\"color: #547c46;\">\u00bb <a style=\"color: #547c46;\" href=\"http:\/\/uenf.br\/posgraduacao\/politicas-sociais\/wp-content\/uploads\/sites\/11\/2018\/08\/ANA-PAULA-TEIXEIRA-BARRETO.pdf\" target=\"_blank\" rel=\"noopener\">ANA PAULA TEIXEIRA BARRETO<\/a><\/span><\/strong><\/p>\n<p><span style=\"color: #547c46;\">\u201cAN\u00c1LISE DAS RELA\u00c7\u00d5ES INSTITUCIONAIS EM UM PROJETO DE EDUCA\u00c7\u00c3O AMBIENTAL: UM ESTUDO DE CASO DO PEA TERRIT\u00d3RIOS DO PETR\u00d3LEO\u201d<\/span><\/p>\n<p><span style=\"color: #547c46;\"><strong>Orientador:<\/strong> Carlos Eduardo de Rezende<\/span><\/p>\n<p><span style=\"color: #547c46;\">Data da Defesa: 27\/02\/2018<\/span><\/p>\n<hr \/>\n<p><strong><span style=\"color: #547c46;\">\u00bb <a style=\"color: #547c46;\" href=\"http:\/\/uenf.br\/posgraduacao\/politicas-sociais\/wp-content\/uploads\/sites\/11\/2018\/08\/RAFAELLA-THEIS.pdf\" target=\"_blank\" rel=\"noopener\">RAFAELLA THEIS<\/a><\/span><\/strong><\/p>\n<p><span style=\"color: #547c46;\">\u201cMARISQUEIRAS DA BACIA DE CAMPOS \u2013 RELA\u00c7\u00d5ES DE G\u00caNERO E O TRABALHO DA MULHER NA PESCA ARTESANAL NO RIO DE JANEIRO\u201d<\/span><\/p>\n<p><span style=\"color: #547c46;\"><strong>Orientador:<\/strong> Lilian Sagio Cezar<\/span><\/p>\n<p><span style=\"color: #547c46;\">Data da Defesa: 09\/03\/2018<\/span><\/p>\n<hr \/>\n<p><strong><span style=\"color: #547c46;\">\u00bb <a style=\"color: #547c46;\" href=\"https:\/\/uenf.br\/posgraduacao\/politicas-sociais\/wp-content\/uploads\/sites\/11\/2021\/08\/Dissertacao-completa-Fernanda-Luisa-UENF-versao-final-07-08-18.pdf\" target=\"_blank\" rel=\"noopener\">FERNANDA LU\u00cdSA DE MIRANDA CARDOSO<\/a><\/span><\/strong><\/p>\n<p><span style=\"color: #547c46;\">\u201cO EDUCAND\u00c1RIO PARA CEGOS S\u00c3O JOS\u00c9 OPER\u00c1RIO: CULTURA ESCOLAR E POL\u00cdTICAS EDUCACIONAIS \u2013 CAMPOS\/RJ \u2013D\u00c9CADAS DE 1960 a 1970\u201d<\/span><\/p>\n<p><span style=\"color: #547c46;\"><strong>Orientador:<\/strong> Silvia Alicia Martinez<\/span><\/p>\n<p><span style=\"color: #547c46;\">Data da Defesa: 27\/04\/2018<\/span><\/p>\n<hr \/>\n<p><strong><span style=\"color: #547c46;\">\u00bb <a style=\"color: #547c46;\" href=\"https:\/\/uenf.br\/posgraduacao\/politicas-sociais\/wp-content\/uploads\/sites\/11\/2021\/08\/dissertacao-Luciana.pdf\" target=\"_blank\" rel=\"noopener\">LUCIANA PEREIRA DE MORAES<\/a><\/span><\/strong><\/p>\n<p><span style=\"color: #547c46;\">\u201cAN\u00c1LISE ERGON\u00d4MICA DO TRABALHO (AET) E O ADOECIMENTO SILENCIOSO DO PESCADOR ARTESANAL DE CABO FRIO: UMA QUEST\u00c3O DE SA\u00daDE P\u00daBLICA.\u201d<\/span><\/p>\n<p><span style=\"color: #547c46;\"><strong>Orientador:<\/strong> Geraldo Marcio Timoteo<\/span><\/p>\n<p><span style=\"color: #547c46;\">Data da Defesa: 30\/05\/2018<\/span><\/p>\n<hr \/>\n<p><strong><span style=\"color: #547c46;\">\u00bb <a style=\"color: #547c46;\" href=\"https:\/\/uenf.br\/posgraduacao\/politicas-sociais\/wp-content\/uploads\/sites\/11\/2021\/08\/MICHELI-MARQUES-BOROWSKY.pdf\" target=\"_blank\" rel=\"noopener\">MICHELI MARQUES BOROWSKY<\/a><\/span><\/strong><\/p>\n<p><span style=\"color: #547c46;\">\u201cFILHOS DO REUNI\u201d: Avan\u00e7os e Limites do Programa de Apoio a Planos de Reestrutura\u00e7\u00e3o e Expans\u00e3o das<\/span><br \/><span style=\"color: #547c46;\">Universidades Federais na Forma\u00e7\u00e3o Acad\u00eamica dos Estudantes\u201d<\/span><\/p>\n<p><span style=\"color: #547c46;\"><strong>Orientador:<\/strong> Renata Maldonado da Silva<\/span><\/p>\n<p><span style=\"color: #547c46;\">Data da Defesa: 11\/05\/2018<\/span><\/p>\n<hr \/>\n<p><strong><span style=\"color: #547c46;\">\u00bb <a style=\"color: #547c46;\" href=\"https:\/\/uenf.br\/posgraduacao\/politicas-sociais\/wp-content\/uploads\/sites\/11\/2021\/08\/Dissertacao_Viviany_Soares_Versao_Final_normalizada.pdf\" target=\"_blank\" rel=\"noopener\">VIVIANY FERRAS DA MOTTA DOS SANTOS SOARES<\/a><\/span><\/strong><\/p>\n<p><span style=\"color: #547c46;\">\u201cVIOL\u00caNCIA URBANA E VOZES DE FAMILIARES DE V\u00cdTIMAS EM CAMPOS DOS GOYTACAZES.\u201d<\/span><\/p>\n<p><span style=\"color: #547c46;\">Orientador: : Jussara Freire<\/span><\/p>\n<p><span style=\"color: #547c46;\">Data da Defesa: 30\/05\/2018<\/span><\/p>\n<hr \/>\n<p><strong><span style=\"color: #547c46;\">\u00bb <a style=\"color: #547c46;\" href=\"https:\/\/uenf.br\/posgraduacao\/politicas-sociais\/wp-content\/uploads\/sites\/11\/2021\/08\/JULIA-B.-BORGES-Dissertacao-final.pdf\" target=\"_blank\" rel=\"noopener\">JULIA BASTOS BORGES<\/a><\/span><\/strong><\/p>\n<p><span style=\"color: #547c46;\">MINAS-RIO E \u00c1GUA VIRTUAL: A LUTA PELO DIREITO \u00c0 \u00c1GUA EM CONCEI\u00c7\u00c3O DO MATO DENTRO \u2013 MG<\/span><\/p>\n<p><span style=\"color: #547c46;\"><strong>Orientador:<\/strong> Simonne Teixeira<\/span><\/p>\n<p><span style=\"color: #547c46;\">Data da Defesa: 23\/11\/2018<\/span><\/p>\t\t\t\t\t\t\t\t<\/div>\n\t\t\t\t<\/div>\n\t\t\t\t\t<\/div>\n\t\t\t\t<\/div>\n\t\t<div id=\"e-n-tab-content-94425151010\" role=\"tabpanel\" aria-labelledby=\"e-n-tab-title-94425151010\" data-tab-index=\"10\" style=\"--n-tabs-title-order: 10;\" class=\" elementor-element elementor-element-26e2de87 e-flex e-con-boxed e-con e-child\" data-id=\"26e2de87\" data-element_type=\"container\" data-e-type=\"container\">\n\t\t\t\t\t<div class=\"e-con-inner\">\n\t\t\t\t<div class=\"elementor-element elementor-element-2537c0c4 elementor-widget__width-initial elementor-widget elementor-widget-text-editor\" data-id=\"2537c0c4\" data-element_type=\"widget\" data-e-type=\"widget\" data-widget_type=\"text-editor.default\">\n\t\t\t\t<div class=\"elementor-widget-container\">\n\t\t\t\t\t\t\t\t\t<p><strong><span style=\"color: #547c46;\">\u00bb <a style=\"color: #547c46;\" href=\"http:\/\/uenf.br\/posgraduacao\/politicas-sociais\/wp-content\/uploads\/sites\/11\/2018\/05\/CLEMILDA-DA-PENHA-BERGAMIN-ATHAYDE-DE-SOUZA.pdf\" target=\"_blank\" rel=\"noopener\">CLEMILDA DA PENHA BERGAMIN ATHAYDE DE SOUZA<\/a><\/span><\/strong><\/p>\n<p><span style=\"color: #547c46;\">\u201cPOLITICAS P\u00daBLICAS DE FORMA\u00c7\u00c3O CONTINUADA PARA PROFESSORES DE ESCOLAS MULTISSERIADAS DO CAMPO EM VARGEM ALTA \u2013 ES: DESAFIOS E POSSIBILIDADES\u201d<\/span><\/p>\n<p><span style=\"color: #547c46;\"><strong>Orientador:<\/strong> Giovane do Nascimento<\/span><\/p>\n<p><span style=\"color: #547c46;\">Data da Defesa:\u00a012\/04\/2017<\/span><\/p>\n<hr \/>\n<p><strong><span style=\"color: #547c46;\">\u00bb <a style=\"color: #547c46;\" href=\"http:\/\/uenf.br\/posgraduacao\/politicas-sociais\/wp-content\/uploads\/sites\/11\/2018\/05\/LUNA-BARRETO-DE-MEDEIROS.pdf\" target=\"_blank\" rel=\"noopener\">LUNA BARRETO DE MEDEIROS<\/a><\/span><\/strong><\/p>\n<p><span style=\"color: #547c46;\">\u201cA POL\u00cdTICA DE SA\u00daDE E O SISTEMA DE SA\u00daDE NO MUNIC\u00cdPIO DE CAMPOS DOS GOYTACAZES\/RJ: UMA AN\u00c1LISE A PARTIR DA JUDICIALIZA\u00c7\u00c3O E DAS INTERNA\u00c7\u00d5ES POR CONDI\u00c7\u00d5ES SENS\u00cdVEIS \u00c0 ATEN\u00c7\u00c3O PRIM\u00c1RIA\u201d.<\/span><\/p>\n<p><span style=\"color: #547c46;\"><strong>Orientador:<\/strong> Vera L\u00facia Marques da Silva<\/span><\/p>\n<p><span style=\"color: #547c46;\">Data da Defesa: 13\/06\/2017<\/span><\/p>\n<hr \/>\n<p><strong><span style=\"color: #547c46;\">\u00bb <a style=\"color: #547c46;\" href=\"http:\/\/uenf.br\/posgraduacao\/politicas-sociais\/wp-content\/uploads\/sites\/11\/2018\/05\/OLIVIER-ALMEIDA-FILHO.pdf\" target=\"_blank\" rel=\"noopener\">OLIVIER ALMEIDA FILHO<\/a><\/span><\/strong><\/p>\n<p><span style=\"color: #547c46;\">\u201cPROTAGONISMO NEGRO D\u00c1 SAMBA: PROTESTO E LEGADO DE JORGE DA PAZ PARA A INSTITUCIONALIZA\u00c7\u00c3O DO CARNAVAL CAMPISTA\u201d<\/span><\/p>\n<p><span style=\"color: #547c46;\"><strong>Orientador:<\/strong> Lilian Sagio Cezar<\/span><\/p>\n<p><span style=\"color: #547c46;\">Data da Defesa: 28\/06\/2017<\/span><\/p>\n<hr \/>\n<p><strong><span style=\"color: #547c46;\">\u00bb <a style=\"color: #547c46;\" href=\"http:\/\/uenf.br\/posgraduacao\/politicas-sociais\/wp-content\/uploads\/sites\/11\/2018\/05\/MARCELO-DE-SOUZA-SILVA.pdf\" target=\"_blank\" rel=\"noopener\">MARCELO DE SOUZA SILVA<\/a><\/span><\/strong><\/p>\n<p><span style=\"color: #547c46;\">\u201cPOL\u00cdTICA P\u00daBLICA PARA O CAMPO: A MISS\u00c3O RURAL DE ITAPERUNA POR UMA PERSPECTIVA OFICIAL\u201d<\/span><\/p>\n<p><span style=\"color: #547c46;\"><strong>Orientador:<\/strong> Leandro Garcia Pinho<\/span><\/p>\n<p><span style=\"color: #547c46;\">Data da Defesa: 07\/04\/2017<\/span><\/p>\n<hr \/>\n<p><strong><span style=\"color: #547c46;\">\u00bb <a style=\"color: #547c46;\" href=\"http:\/\/uenf.br\/posgraduacao\/politicas-sociais\/wp-content\/uploads\/sites\/11\/2018\/05\/MIRIAN-DE-FREITAS-DA-SILVA.pdf\" target=\"_blank\" rel=\"noopener\">MIRIAN DE FREITAS DA SILVA<\/a><\/span><\/strong><\/p>\n<p><span style=\"color: #547c46;\">\u201cA GEST\u00c3O DO SISTEMA \u00daNICO DE ASSIST\u00caNCIA SOCIAL NO MUNIC\u00cdPIO DE CAMPOS DOS GOYTACAZES (2009 A 2016) \u2013 UMA REALIDADE EM MOVIMENTO\u201d<\/span><\/p>\n<p><span style=\"color: #547c46;\"><strong>Orientador:<\/strong> Geraldo Marcio Tim\u00f3teo<\/span><\/p>\n<p><span style=\"color: #547c46;\">Data da Defesa: 03\/04\/2017<\/span><\/p>\n<hr \/>\n<p><strong><span style=\"color: #547c46;\">\u00bb <a style=\"color: #547c46;\" href=\"http:\/\/uenf.br\/posgraduacao\/politicas-sociais\/wp-content\/uploads\/sites\/11\/2018\/05\/ANNA-PAULA-ECKHARDT-DE-ALMEIDA-REGO.pdf\" target=\"_blank\" rel=\"noopener\">ANNA PAULA ECKHARDT DE ALMEIDA REGO<\/a><\/span><\/strong><\/p>\n<p><span style=\"color: #547c46;\">\u201cG\u00caNERO, CLASSE E RA\u00c7A: UMA APROXIMA\u00c7\u00c3O DA EXPERI\u00caNCIA DE VIDA DE MULHERES EMPOBRECIDAS CHEFES DE FAM\u00cdLIAS MONOPARENTERAIS NO MUNIC\u00cdPIO DE CAMPOS DOS GOYTACAZES\/RJ\u201d<\/span><\/p>\n<p><span style=\"color: #547c46;\"><strong>Orientador:<\/strong> Marcelo Carlos Gantos<\/span><\/p>\n<p><span style=\"color: #547c46;\">Data da Defesa: 15\/05\/2017<\/span><\/p>\n<hr \/>\n<p><strong><span style=\"color: #547c46;\">\u00bb <a style=\"color: #547c46;\" href=\"http:\/\/uenf.br\/posgraduacao\/politicas-sociais\/wp-content\/uploads\/sites\/11\/2018\/05\/LUANA-LEAL-RIBEIRO.pdf\" target=\"_blank\" rel=\"noopener\">LUANA LEAL RIBEIRO<\/a><\/span><\/strong><\/p>\n<p><span style=\"color: #547c46;\">\u201cEXPRESS\u00d5ES DO MODELO M\u00c9DICO DE DEFICI\u00caNCIA NA EDUCA\u00c7\u00c3O ESPECIAL: A FUN\u00c7\u00c3O DO LAUDO NAS ESCOLAS P\u00daBLICAS MUNICIPAIS DE CAMPOS DOS GOYTACAZES\u201d<\/span><\/p>\n<p><span style=\"color: #547c46;\"><strong>Orientador:<\/strong> Renata Maldonado da Silva<\/span><\/p>\n<p><span style=\"color: #547c46;\">Data da Defesa: 10\/04\/2017<\/span><\/p>\n<hr \/>\n<p><strong><span style=\"color: #547c46;\">\u00bb <a style=\"color: #547c46;\" href=\"http:\/\/uenf.br\/posgraduacao\/politicas-sociais\/wp-content\/uploads\/sites\/11\/2018\/05\/RENATA-MELO-DE-SOUZA.pdf\" target=\"_blank\" rel=\"noopener\">RENATA MELO DE SOUZA<\/a><\/span><\/strong><\/p>\n<p><span style=\"color: #547c46;\">\u201cINVESTIGANDO A APLICA\u00c7\u00c3O DO SINASE NO MUNIC\u00cdPIO DE CAMPOS DOS GOYTACAZES (RJ)\u201d<\/span><\/p>\n<p><span style=\"color: #547c46;\"><strong>Orientador:<\/strong> Renata Maldonado da Silva<\/span><\/p>\n<p><span style=\"color: #547c46;\">Data da Defesa: 11\/04\/2017<\/span><\/p>\n<hr \/>\n<p><strong><span style=\"color: #547c46;\">\u00bb <a style=\"color: #547c46;\" href=\"http:\/\/uenf.br\/posgraduacao\/politicas-sociais\/wp-content\/uploads\/sites\/11\/2018\/05\/N%C3%81THANI-SIQUEIRA-LIMA.pdf\" target=\"_blank\" rel=\"noopener\">N\u00c1THANI SIQUEIRA LIMA<\/a><\/span><\/strong><\/p>\n<p><span style=\"color: #547c46;\">\u201cCOTAS NOS CURSOS DE P\u00d3S-GRADUA\u00c7\u00c3O DAS UNIVERSIDADES ESTADUAIS DO RIO DE JANEIRO: UMA AN\u00c1LISE DA LEI N\u00ba 6.914\/14 \u00c0 LUZ DO CICLO DE POL\u00cdTICAS P\u00daBLICAS\u201d<\/span><\/p>\n<p><span style=\"color: #547c46;\"><strong>Orientador:<\/strong> Shirlena Campos de Souza Amaral<\/span><\/p>\n<p><span style=\"color: #547c46;\">Data da Defesa: 01\/06\/2017<\/span><\/p>\t\t\t\t\t\t\t\t<\/div>\n\t\t\t\t<\/div>\n\t\t\t\t\t<\/div>\n\t\t\t\t<\/div>\n\t\t<div id=\"e-n-tab-content-94425151011\" role=\"tabpanel\" aria-labelledby=\"e-n-tab-title-94425151011\" data-tab-index=\"11\" style=\"--n-tabs-title-order: 11;\" class=\" elementor-element elementor-element-489c420 e-flex e-con-boxed e-con e-child\" data-id=\"489c420\" data-element_type=\"container\" data-e-type=\"container\">\n\t\t\t\t\t<div class=\"e-con-inner\">\n\t\t\t\t<div class=\"elementor-element elementor-element-54deb1e5 elementor-widget__width-initial elementor-widget elementor-widget-text-editor\" data-id=\"54deb1e5\" data-element_type=\"widget\" data-e-type=\"widget\" data-widget_type=\"text-editor.default\">\n\t\t\t\t<div class=\"elementor-widget-container\">\n\t\t\t\t\t\t\t\t\t<p><strong><span style=\"color: #547c46;\">\u00bb <a style=\"color: #547c46;\" href=\"http:\/\/uenf.br\/posgraduacao\/politicas-sociais\/wp-content\/uploads\/sites\/11\/2017\/05\/HADMA-MILANEZ-DE-SOUZA.pdf\" target=\"_blank\" rel=\"noopener\">HADMA MILANEZ DE SOUZA<\/a><\/span><\/strong><\/p>\n<p><span style=\"color: #547c46;\">\u201cHETEROGENEIDADE DA AGRICULTURA FAMILIAR: UMA AN\u00c1LISE DOS MUNIC\u00cdPIOS FLUMINENSES A PARTIR DE ASPECTOS DA MODERNIZA\u00c7\u00c3O\u201d<\/span><\/p>\n<p><span style=\"color: #547c46;\"><strong>Orientador:<\/strong> Paulo Marcelo de Souza<\/span><\/p>\n<p><span style=\"color: #547c46;\">Data da Defesa: 19\/02\/2016<\/span><\/p>\n<hr \/>\n<p><strong><span style=\"color: #547c46;\">\u00bb <a style=\"color: #547c46;\" href=\"http:\/\/uenf.br\/posgraduacao\/politicas-sociais\/wp-content\/uploads\/sites\/11\/2017\/05\/FABRICIA-VIEIRA-DE-ARA%C3%9AJO.pdf\" target=\"_blank\" rel=\"noopener\">FABRICIA VIEIRA DE ARA\u00daJO<\/a><\/span><\/strong><\/p>\n<p><span style=\"color: #547c46;\">\u201cPOL\u00cdTICAS P\u00daBLICAS E EDUCACIONAIS EM FOCO: UM OLHAR SOBRE O PROGRAMA NACIONAL DO LIVRO DID\u00c1TICO, A EDUCA\u00c7\u00c3O EM DIREITOS HUMANOS E O LIVRO DID\u00c1TICO DE HIST\u00d3RIA\u201d<\/span><\/p>\n<p><span style=\"color: #547c46;\"><strong>Orientador:<\/strong> Leandro Garcia Pinho<\/span><\/p>\n<p><span style=\"color: #547c46;\">Data da Defesa: 15\/03\/2016<\/span><\/p>\n<hr \/>\n<p><strong><span style=\"color: #547c46;\">\u00bb <a style=\"color: #547c46;\" href=\"http:\/\/uenf.br\/posgraduacao\/politicas-sociais\/wp-content\/uploads\/sites\/11\/2017\/05\/KAROLYNA-MACIEL-DOS-SANTOS-CORDEIRO.pdf\" target=\"_blank\" rel=\"noopener\">KAROLYNA MACIEL DOS SANTOS CORDEIRO<\/a><\/span><\/strong><\/p>\n<p><span style=\"color: #547c46;\">\u201cO PROGRAMA NACIONAL DO LIVRO DID\u00c1TICO ENQUANTO POL\u00cdTICA EDUCACIONAL: A PARTICIPA\u00c7\u00c3O DOS PROFESSORES NA ESCOLHA DOS LIVROS NA REDE MUNICIPAL DE ENSINO DE CACHOEIRO DE ITAPEMIRIM \u2013 ES\u201d<\/span><\/p>\n<p><span style=\"color: #547c46;\"><strong>Orientador:<\/strong> Leandro Garcia Pinho<\/span><\/p>\n<p><span style=\"color: #547c46;\">Data da Defesa: 15\/03\/2016<\/span><\/p>\n<hr \/>\n<p><strong><span style=\"color: #547c46;\">\u00bb <a style=\"color: #547c46;\" href=\"http:\/\/uenf.br\/posgraduacao\/politicas-sociais\/wp-content\/uploads\/sites\/11\/2017\/05\/WARLLON-DE-SOUZA-BARCELLOS.pdf\" target=\"_blank\" rel=\"noopener\">WARLLON DE SOUZA BARCELLOS<\/a><\/span><\/strong><\/p>\n<p><span style=\"color: #547c46;\">\u201cO PROBLEMA DO CRACK: POL\u00cdTICAS SOCIAIS, INTERVEN\u00c7\u00d5ES E O CEN\u00c1RIO DE MIRACEMA \u2013 RJ\u201d<\/span><\/p>\n<p><span style=\"color: #547c46;\"><strong>Orientadora:<\/strong> Vera Lucia Marques da Silva<\/span><\/p>\n<p><span style=\"color: #547c46;\">Data da Defesa: 23\/03\/2016<\/span><\/p>\n<hr \/>\n<p><strong><span style=\"color: #547c46;\">\u00bb <a style=\"color: #547c46;\" href=\"http:\/\/uenf.br\/posgraduacao\/politicas-sociais\/wp-content\/uploads\/sites\/11\/2017\/05\/OLIVIA-ALVES-DA-FONSECA-AGUERA-NUNES.pdf\" target=\"_blank\" rel=\"noopener\">OLIVIA ALVES DA FONSECA AGUERA NUNES<\/a><\/span><\/strong><\/p>\n<p><span style=\"color: #547c46;\">\u201cEFEITOS DO PROGRAMA REUNI NA UFF CAMPOS: TENS\u00d5ES E CONTROV\u00c9RSIAS ENTRE DOCENTES\u201d<\/span><\/p>\n<p><span style=\"color: #547c46;\"><strong>Orientadora:<\/strong> Jussara Freire<\/span><\/p>\n<p><span style=\"color: #547c46;\">Data da Defesa: 07\/04\/2016<\/span><\/p>\n<hr \/>\n<p><strong><span style=\"color: #547c46;\">\u00bb <a style=\"color: #547c46;\" href=\"http:\/\/uenf.br\/posgraduacao\/politicas-sociais\/wp-content\/uploads\/sites\/11\/2017\/05\/J%C3%89SSICA-DE-OLIVEIRA-MONTEIRO.pdf\" target=\"_blank\" rel=\"noopener\">J\u00c9SSICA DE OLIVEIRA MONTEIRO<\/a><\/span><\/strong><\/p>\n<p><span style=\"color: #547c46;\">\u201cAS POL\u00cdTICAS CULTURAIS DO INSTITUTO ESTADUAL DO PATRIM\u00d4NIO CULTURAL\/INEPAC \u2013RJ, SOB A \u00d3TICA DO PATRIM\u00d4NIO NATURAL NA REGI\u00c3O NORTE FLUMINENSE E SEU USO TUR\u00cdSTICO\u201d<\/span><\/p>\n<p><span style=\"color: #547c46;\"><strong>Orientadora:<\/strong> Simonne Teixeira<\/span><\/p>\n<p><span style=\"color: #547c46;\">Data da Defesa: 20\/04\/2016<\/span><\/p>\n<p><strong><span style=\"color: #547c46;\">\u00bb <a style=\"color: #547c46;\" href=\"http:\/\/uenf.br\/posgraduacao\/politicas-sociais\/wp-content\/uploads\/sites\/11\/2017\/05\/LUANA-HESPANHOL-DE-SOUZA.pdf\" target=\"_blank\" rel=\"noopener\">LUANA HESPANHOL DE SOUZA<\/a><\/span><\/strong><\/p>\n<p><span style=\"color: #547c46;\">\u201c\u00cdNDICE DE DESENVOLVIMENTO DA EDUCA\u00c7\u00c3O B\u00c1SICA E O CONTEXTO ESCOLAR: UM ESTUDO DE CASO NO MUNIC\u00cdPIO DE CAMPOS DOS GOYTACAZES \u2013 RJ\u201d<\/span><\/p>\n<p><span style=\"color: #547c46;\"><strong>Orientador:<\/strong> Marlon Gomes Ney<\/span><\/p>\n<p><span style=\"color: #547c46;\">Data da Defesa: 20\/04\/2016<\/span><\/p>\n<hr \/>\n<p><strong><span style=\"color: #547c46;\">\u00bb <a style=\"color: #547c46;\" href=\"http:\/\/uenf.br\/posgraduacao\/politicas-sociais\/wp-content\/uploads\/sites\/11\/2017\/05\/RAFAELA-PINHEIRO-DE-ALMEIDA-NEVES.pdf\" target=\"_blank\" rel=\"noopener\">RAFAELA PINHEIRO DE ALMEIDA NEVES<\/a><\/span><\/strong><\/p>\n<p><span style=\"color: #547c46;\">\u201cUM ESTUDO SOBRE A RELA\u00c7\u00c3O ENTRE TERRIT\u00d3RIO QUILOMBOLA E POL\u00cdTICAS P\u00daBLICAS DE CULTURA NO MUNIC\u00cdPIO DE QUISSAM\u00c3, RJ (2004-2005)<\/span><\/p>\n<p><span style=\"color: #547c46;\"><strong>Orientador:<\/strong> Marcelo Carlos Gantos<\/span><\/p>\n<p><span style=\"color: #547c46;\">Data da Defesa: 20\/05\/2016<\/span><\/p>\n<hr \/>\n<p><strong><span style=\"color: #547c46;\">\u00bb <a style=\"color: #547c46;\" href=\"http:\/\/uenf.br\/posgraduacao\/politicas-sociais\/wp-content\/uploads\/sites\/11\/2017\/05\/EVELYN-REBOU%C3%87AS-DE-GOUV%C3%8AA.pdf\" target=\"_blank\" rel=\"noopener\">EVELYN REBOU\u00c7AS DE GOUV\u00caA<\/a><\/span><\/strong><\/p>\n<p><span style=\"color: #547c46;\">\u201cMUDAN\u00c7AS NA DIN\u00c2MICA SOCIAL E PRODUTIVA DE COMUNIDADES RURAIS NEGRAS EM UM CONTEXTO DE TRANSFORMA\u00c7\u00d5ES POSITIVAS E DISPUTAS PELO CONTROLE DO TERRIT\u00d3RIO. O CASO DA COMUNIDADE CARUMBI, CAMPOS DOS GOYTACAZES (RJ)\u201d<\/span><\/p>\n<p><span style=\"color: #547c46;\"><strong>Orientador:<\/strong> Marcos Antonio Pedlowski<\/span><\/p>\n<p><span style=\"color: #547c46;\">Data da Defesa: 24\/05\/2016<\/span><\/p>\n<hr \/>\n<p><strong><span style=\"color: #547c46;\">\u00bb <a style=\"color: #547c46;\" href=\"http:\/\/uenf.br\/posgraduacao\/politicas-sociais\/wp-content\/uploads\/sites\/11\/2017\/05\/MILLANY-MACHADO-LINO.pdf\" target=\"_blank\" rel=\"noopener\">MILLANY MACHADO LINO<\/a><\/span><\/strong><\/p>\n<p><span style=\"color: #547c46;\">\u201cPROMOVER A INCLUS\u00c3O OU REAFIRMAR A EXCLUS\u00c3O? A FORMA\u00c7\u00c3O DO PROFESSOR NAS SALAS DE RECURSOS MULTIFUNCIONAIS EM CAMPOS DOS GOYTACAZES \u2013 RJ\u201d<\/span><\/p>\n<p><span style=\"color: #547c46;\"><strong>Orientadora:<\/strong> Renata Maldonado da Silva<\/span><\/p>\n<p><span style=\"color: #547c46;\">Data da Defesa: 30\/05\/2016<\/span><\/p>\n<hr \/>\n<p><strong><span style=\"color: #547c46;\">\u00bb <a style=\"color: #547c46;\" href=\"http:\/\/uenf.br\/posgraduacao\/politicas-sociais\/wp-content\/uploads\/sites\/11\/2017\/05\/EUZA-DE-SOUZA-SILVA.pdf\" target=\"_blank\" rel=\"noopener\">EUZA DE SOUZA SILVA<\/a><\/span><\/strong><\/p>\n<p><span style=\"color: #547c46;\">\u201cPROFISSIONALIZA\u00c7\u00c3O DA MULHER NA ERA VARGAS: A HIST\u00d3RIA DA ESCOLA PROFISSIONAL NILO PE\u00c7ANHA (1931 A 1946)<\/span><\/p>\n<p><span style=\"color: #547c46;\"><strong>Orientador:<\/strong> Silvia Alicia Mart\u00ednez<\/span><\/p>\n<p><span style=\"color: #547c46;\">Data da Defesa: 30\/05\/2016<\/span><\/p>\n<hr \/>\n<p><strong><span style=\"color: #547c46;\">\u00bb <a style=\"color: #547c46;\" href=\"http:\/\/uenf.br\/posgraduacao\/politicas-sociais\/wp-content\/uploads\/sites\/11\/2017\/05\/CAROLINA-DE-OLIVEIRA-SIQUEIRA.pdf\" target=\"_blank\" rel=\"noopener\">CAROLINA DE OLIVEIRA SIQUEIRA<\/a><\/span><\/strong><\/p>\n<p><span style=\"color: #547c46;\">\u201cTERRIT\u00d3RIOS PROIBIDOS? UMA AN\u00c1LISE DAS CIRCULA\u00c7\u00d5ES E PR\u00c1TICAS SOCIAIS DE JOVENS DAS PERIFERIAS DE CAMPOS DOS GOYTACAZES\/RJ\u201d<\/span><\/p>\n<p><span style=\"color: #547c46;\"><strong>Orientadora:<\/strong> Teresa de Jesus Peixoto faria<\/span><\/p>\n<p><span style=\"color: #547c46;\">Data da Defesa: 31\/05\/2016<\/span><\/p>\n<hr \/>\n<p><strong><span style=\"color: #547c46;\">\u00bb <a style=\"color: #547c46;\" href=\"http:\/\/uenf.br\/posgraduacao\/politicas-sociais\/wp-content\/uploads\/sites\/11\/2017\/05\/SUELEN-RIBEIRO-DE-SOUZA.pdf\" target=\"_blank\" rel=\"noopener\">SUELEN RIBEIRO DE SOUZA<\/a><\/span><\/strong><\/p>\n<p><span style=\"color: #547c46;\">\u201cO ENSINO SECUND\u00c1RIO DO COL\u00c9GIO RIO BRANCO DE BOM JESUS DO ITABAPOANA E OS ALUNOS BOLSISTAS: APONTAMENTOS SOBRE A HIST\u00d3RIA E A POL\u00cdTICA EDUCACIONAL\u201d<\/span><\/p>\n<p><span style=\"color: #547c46;\"><strong>Orientadora:<\/strong> Silvia Alicia Mart\u00ednez<\/span><\/p>\n<p><span style=\"color: #547c46;\">Data da Defesa: 31\/05\/2016<\/span><\/p>\n<hr \/>\n<p><strong><span style=\"color: #547c46;\">\u00bb <a style=\"color: #547c46;\" href=\"http:\/\/uenf.br\/posgraduacao\/politicas-sociais\/wp-content\/uploads\/sites\/11\/2017\/05\/SHEILA-MARIA-DOS-SANTOS-BATISTA.pdf\" target=\"_blank\" rel=\"noopener\">SHEILA MARIA DOS SANTOS BATISTA<\/a><\/span><\/strong><\/p>\n<p><span style=\"color: #547c46;\">\u201cSABERES TRADICIONAIS DAS PARTEIRAS E A POL\u00cdTICA DE PARTO NO INTERIOR DO ESTADO DO RIO DE JANEIRO. UM ESTUDO DE CASO EM QUISSAM\u00c3\u201d<\/span><\/p>\n<p><span style=\"color: #547c46;\"><strong>Orientadora:<\/strong> Paula Mousinho Martins<\/span><\/p>\n<p><span style=\"color: #547c46;\">Data da Defesa: 31\/05\/2016<\/span><\/p>\n<hr \/>\n<p><strong><span style=\"color: #547c46;\">\u00bb <a style=\"color: #547c46;\" href=\"http:\/\/uenf.br\/posgraduacao\/politicas-sociais\/wp-content\/uploads\/sites\/11\/2017\/05\/JOSEMARA-HENRIQUE-DA-SILVA-PESSANHA.pdf\" target=\"_blank\" rel=\"noopener\">JOSEMARA HENRIQUE DA SILVA PESSANHA<\/a><\/span><\/strong><\/p>\n<p><span style=\"color: #547c46;\">\u201cUMA QUEST\u00c3O \u00c9 O ACESSO, OUTRA \u00c9 A PERMAN\u00caNCIA ESCOLAR: UM ESTUDO DO PROEJA DO INSTITUTO FEDERAL FLUMINENSE\u00a0<em>CAMPUS<\/em>\u00a0CAMPOS GUARUS\u201d<\/span><\/p>\n<p><span style=\"color: #547c46;\"><strong>Orientador:<\/strong> Gerson Tavares do Carmo<\/span><\/p>\n<p><span style=\"color: #547c46;\">Data da Defesa: 31\/05\/2016<\/span><\/p>\n<hr \/>\n<p><strong><span style=\"color: #547c46;\">\u00bb <a style=\"color: #547c46;\" href=\"http:\/\/uenf.br\/posgraduacao\/politicas-sociais\/wp-content\/uploads\/sites\/11\/2017\/05\/RAFAEL-MOREIRA-NEVES.pdf\" target=\"_blank\" rel=\"noopener\">RAFAEL MOREIRA NEVES<\/a><\/span><\/strong><\/p>\n<p><span style=\"color: #547c46;\">\u201cAN\u00c1LISE DOS IMPACTOS DA IND\u00daSTRIA DO PETR\u00d3LEO NO ESPA\u00c7O URBANO DAS CIDADES PEQUENAS: ESTUDO DE CASO DOS MUNIC\u00cdPIOS DE CARAPEBUS E QUISSAM\u00c3\u201d<\/span><\/p>\n<p><span style=\"color: #547c46;\"><strong>Orientador:<\/strong> Teresa de Jesus Peixoto Faria<\/span><\/p>\n<p><span style=\"color: #547c46;\">Data da Defesa: 22\/07\/2016<\/span><\/p>\n<hr \/>\n<p><strong><span style=\"color: #547c46;\">\u00bb <a style=\"color: #547c46;\" href=\"http:\/\/uenf.br\/posgraduacao\/politicas-sociais\/wp-content\/uploads\/sites\/11\/2017\/05\/DANIELE-MARIA-ALVES-TORRES.pdf\" target=\"_blank\" rel=\"noopener\">DANIELE MARIA ALVES TORRES<\/a><\/span><\/strong><\/p>\n<p><span style=\"color: #547c46;\">\u201cADOECIMENTO E MORTE DOS PESCADORES ARTESANAIS NA BACIA DE CAMPOS \u2013RJ\u201d<\/span><\/p>\n<p><span style=\"color: #547c46;\"><strong>Orientador:<\/strong> Geraldo M\u00e1rcio Tim\u00f3teo<\/span><\/p>\n<p><span style=\"color: #547c46;\">Data da Defesa: 16\/09\/2016<\/span><\/p>\n<hr \/>\n<p><strong><span style=\"color: #547c46;\">\u00bb <a style=\"color: #547c46;\" href=\"http:\/\/uenf.br\/posgraduacao\/politicas-sociais\/wp-content\/uploads\/sites\/11\/2017\/05\/THIARA-MOUR%C3%83O-COSTA-CERQUEIRA.pdf\" target=\"_blank\" rel=\"noopener\">THIARA MOUR\u00c3O COSTA CERQUEIRA<\/a><\/span><\/strong><\/p>\n<p><span style=\"color: #547c46;\">\u201cO DESENVOLVIMENTO REGIONAL COMO PROBLEMA P\u00daBLICO? ESTUDO DO REGIONALISMO EMPRESARIAL DE IOTAPERUNA, RJ\u201d<\/span><\/p>\n<p><span style=\"color: #547c46;\"><strong>Orientador:<\/strong> Hernan Armando Mamani<\/span><\/p>\n<p><span style=\"color: #547c46;\">Data da Defesa: 31\/10\/2016<\/span><\/p>\n<hr \/>\n<p><strong><span style=\"color: #547c46;\">\u00bb <a style=\"color: #547c46;\" href=\"http:\/\/uenf.br\/posgraduacao\/politicas-sociais\/wp-content\/uploads\/sites\/11\/2018\/05\/ELIZANGELA-ROSA-DE-ARAUJO-JUVENCIO.pdf\" target=\"_blank\" rel=\"noopener\">ELIZANGELA ROSA DE ARAUJO JUVENCIO<\/a><\/span><\/strong><\/p>\n<p><span style=\"color: #547c46;\">\u201cETNOGRAFANDO O IFFLUMINENSE: SOCIABILIDADES ESTUDANTIS NO PROEJA CAMPUS\u00a0<em>CAMPOS<\/em>\u00a0GUARUS.<\/span><\/p>\n<p><span style=\"color: #547c46;\"><strong>Orientador:<\/strong> Gerson Tavares do Carmo<\/span><\/p>\n<p><span style=\"color: #547c46;\">Data da Defesa: 20\/12\/2016<\/span><\/p>\t\t\t\t\t\t\t\t<\/div>\n\t\t\t\t<\/div>\n\t\t\t\t\t<\/div>\n\t\t\t\t<\/div>\n\t\t<div id=\"e-n-tab-content-94425151012\" role=\"tabpanel\" aria-labelledby=\"e-n-tab-title-94425151012\" data-tab-index=\"12\" style=\"--n-tabs-title-order: 12;\" class=\" elementor-element elementor-element-271260b7 e-flex e-con-boxed e-con e-child\" data-id=\"271260b7\" data-element_type=\"container\" data-e-type=\"container\">\n\t\t\t\t\t<div class=\"e-con-inner\">\n\t\t\t\t<div class=\"elementor-element elementor-element-3d69dba9 elementor-widget__width-initial elementor-widget elementor-widget-text-editor\" data-id=\"3d69dba9\" data-element_type=\"widget\" data-e-type=\"widget\" data-widget_type=\"text-editor.default\">\n\t\t\t\t<div class=\"elementor-widget-container\">\n\t\t\t\t\t\t\t\t\t<p><strong><span style=\"color: #547c46;\">\u00bb <a style=\"color: #547c46;\" href=\"http:\/\/uenf.br\/posgraduacao\/politicas-sociais\/wp-content\/uploads\/sites\/11\/2015\/10\/ANA-CAROLINA-CARVALHO-BARRETO.pdf\" target=\"_blank\" rel=\"noopener\">ANA CAROLINA CARVALHO BARRETO<\/a><\/span><\/strong><\/p>\n<p><span style=\"color: #547c46;\">\u201cJUDICIALIZA\u00c7\u00c3O DOS ACIDENTES DE TRABALHO:\u00a0DIREITO, NECESSIDADE OU PRIVIL\u00c9GIO\u00a0UMA AN\u00c1LISE S\u00d3CIO-JUR\u00cdDICA DA SUA EFETIVIDADE NO SETOR BANC\u00c1RIO\u201d.<\/span><\/p>\n<p><span style=\"color: #547c46;\"><strong>Orientador:<\/strong> Geraldo M\u00e1rcio Tim\u00f3teo<\/span><\/p>\n<p><span style=\"color: #547c46;\">Data da Defesa: 16\/07\/2015<\/span><\/p>\n<hr \/>\n<p><span style=\"color: #547c46;\"><strong>\u00bb BRUNO AZEVEDO DA COSTA<\/strong><\/span><\/p>\n<p><span style=\"color: #547c46;\">\u201cA APLICA\u00c7\u00c3O DOS ROYALTIES DE PETR\u00d3LEO PELO PODER P\u00daBLICO LOCAL EM POL\u00cdTICAS CULTURAIS NO CARNAVAL DE S\u00c3O JO\u00c3O DA BARRA: AN\u00c1LISES E PERSPECTIVAS\u201d<\/span><\/p>\n<p><span style=\"color: #547c46;\"><strong>Orientador (a):<\/strong> Lilian Sagio Cezar<\/span><\/p>\n<p><span style=\"color: #547c46;\">Data da Defesa: 06\/03\/2015<\/span><\/p>\n<hr \/>\n<p><strong><span style=\"color: #547c46;\">\u00bb <a style=\"color: #547c46;\" href=\"http:\/\/uenf.br\/posgraduacao\/politicas-sociais\/wp-content\/uploads\/sites\/11\/2015\/10\/CAMILA-CABRAL-DE-CASTRO.pdf\" target=\"_blank\" rel=\"noopener\">CAMILA CABRAL DE CASTRO<\/a><\/span><\/strong><\/p>\n<p><span style=\"color: #547c46;\">\u201cAN\u00c1LISE SOBRE AS POTENCIALIDADES TUR\u00cdSTICAS DE CARAPEBUS (RJ)\u201d<\/span><\/p>\n<p><span style=\"color: #547c46;\"><strong>Orientador:<\/strong> Rodrigo da Costa Caetano<\/span><\/p>\n<p><span style=\"color: #547c46;\">Data da defesa: 30\/06\/2015<\/span><\/p>\n<hr \/>\n<p><span style=\"color: #547c46;\">\u00bb<strong>\u00a0<a style=\"color: #547c46;\" href=\"http:\/\/uenf.br\/posgraduacao\/politicas-sociais\/wp-content\/uploads\/sites\/11\/2015\/06\/CLARISSA-MENEZES-DE-SOUZA.pdf\" target=\"_blank\" rel=\"noopener\">CLARISSA MENEZES DE SOUZA<\/a><\/strong><\/span><\/p>\n<p><span style=\"color: #547c46;\">\u201cPOL\u00cdTICA EDUCACIONAL PARA A EDUCA\u00c7\u00c3O DE JOVENS E ADULTOS: O SIGNIFICADO DO PROEJA SEGUNDO OS PESQUISADORES DO OBEDUC\u201d<\/span><\/p>\n<p><span style=\"color: #547c46;\"><strong>Orientador:<\/strong> Leandro Garcia Pinho<\/span><\/p>\n<p><span style=\"color: #547c46;\">Data da Defesa: 26\/03\/2015<\/span><\/p>\n<hr \/>\n<p><strong><span style=\"color: #547c46;\">\u00bb <a style=\"color: #547c46;\" href=\"http:\/\/uenf.br\/posgraduacao\/politicas-sociais\/wp-content\/uploads\/sites\/11\/2015\/10\/DAIANA-DE-AZEVEDO-FALC%C3%83O.pdf\" target=\"_blank\" rel=\"noopener\">DAIANA DE AZEVEDO FALC\u00c3O<\/a><\/span><\/strong><\/p>\n<p><span style=\"color: #547c46;\">\u201cA ESPERA DE MORAR FELIZ.\u00a0ENTRE A REMO\u00c7\u00c3O E O REASSENTAMENTO DO PROGRAMA HABITACIONAL MORAR FELIZ, UM TERRIT\u00d3RIO DA ESPERA.\u201d<\/span><\/p>\n<p><span style=\"color: #547c46;\"><strong>Orientador (a): <\/strong>Teresa de Jesus Peixoto Farias<\/span><\/p>\n<p><span style=\"color: #547c46;\">Data da Defesa: 28\/05\/2015<\/span><\/p>\n<hr \/>\n<p><strong><span style=\"color: #547c46;\">\u00bb\u00a0 <a style=\"color: #547c46;\" href=\"http:\/\/uenf.br\/posgraduacao\/politicas-sociais\/wp-content\/uploads\/sites\/11\/2015\/06\/EVANDRO-FRANCISCO-MARQUES-VARGAS.pdf\" target=\"_blank\" rel=\"noopener\">EVANDRO FRANCISCO MARQUES VARGAS<\/a><\/span><\/strong><\/p>\n<p><span style=\"color: #547c46;\">\u201cO ENSINO RELIGIOSO ENQUANTO POL\u00cdTICA P\u00daBLICA: POL\u00cdTICAS EDUCACIONAIS NA REDE ESTADUAL DE ENSINO DDO RIO DE JANEIRO\u201d<\/span><\/p>\n<p><span style=\"color: #547c46;\"><strong>Orientador:<\/strong> Leandro Garcia Pinho<\/span><\/p>\n<p><span style=\"color: #547c46;\">Data da Defesa: 27\/03\/2015<\/span><\/p>\n<hr \/>\n<p><strong><span style=\"color: #547c46;\">\u00bb <a style=\"color: #547c46;\" href=\"http:\/\/uenf.br\/posgraduacao\/politicas-sociais\/wp-content\/uploads\/sites\/11\/2015\/06\/FRANCINE-NOGUEIRA-LAMY-GARCIA-PINHO.pdf\" target=\"_blank\" rel=\"noopener\">FRANCINE NOGUEIRA LAMY GARCIA PINHO<\/a><\/span><\/strong><\/p>\n<p><span style=\"color: #547c46;\">\u201cMERENDA ESCOLAR BRASILEIRA: MARCAS DA HIST\u00d3RIA NA ADES\u00c3O E NAS REPRESENTA\u00c7\u00d5ES B\u00c1SICAS\u201d<\/span><\/p>\n<p><span style=\"color: #547c46;\"><strong>Orientador (a):<\/strong> Silvia Alicia Martinez<\/span><\/p>\n<p><span style=\"color: #547c46;\">Data da Defesa: 27\/03\/2015<\/span><\/p>\n<hr \/>\n<p><strong><span style=\"color: #547c46;\">\u00bb <a style=\"color: #547c46;\" href=\"http:\/\/uenf.br\/posgraduacao\/politicas-sociais\/wp-content\/uploads\/sites\/11\/2015\/06\/KESIA-SILVA-TOSTA.pdf\" target=\"_blank\" rel=\"noopener\">KESIA SILVA TOSTA<\/a><\/span><\/strong><\/p>\n<p><span style=\"color: #547c46;\">\u201cAN\u00c1LISE DA QUALIDADE DO IDEB COMO \u00cdNDICE DE DESENVOLVIMENTO DA EDUCA\u00c7\u00c3O B\u00c1SICA: UM ESTUDO DE CASO NO MUNIC\u00cdPIO DE CAMPOS DOS GOYTACAES\/RJ\u201d<\/span><\/p>\n<p><span style=\"color: #547c46;\"><strong>Orientador:<\/strong> Marlon Gomes Ney<\/span><\/p>\n<p><span style=\"color: #547c46;\">Data da Defesa: 02\/04\/2015<\/span><\/p>\n<hr \/>\n<p><strong><span style=\"color: #547c46;\">\u00bb\u00a0 <a style=\"color: #547c46;\" href=\"http:\/\/uenf.br\/posgraduacao\/politicas-sociais\/wp-content\/uploads\/sites\/11\/2015\/08\/Diogo-da-Cruz-Ferreira.pdf\" target=\"_blank\" rel=\"noopener\">Diogo da Cruz Ferreira<\/a><\/span><\/strong><\/p>\n<p><span style=\"color: #547c46;\">\u201c DAS CONSEQU\u00caNCIAS DO PROGRAMA MINHA CASA,MINHA VIDA NA SOCIABILIDADE DE UM \u201cCONDOM\u00cdNIO\u201d EM UMA CIDADE M\u00c9DIA DE MINAS GERAIS\u201d.<\/span><\/p>\n<p><span style=\"color: #547c46;\"><strong>Orientador (a):<\/strong>Jussara Freire<\/span><\/p>\n<p><span style=\"color: #547c46;\">Data da Defesa: 10\/04\/2015<\/span><\/p>\n<hr \/>\n<p><strong><span style=\"color: #547c46;\">\u00bb <a style=\"color: #547c46;\" href=\"http:\/\/uenf.br\/posgraduacao\/politicas-sociais\/wp-content\/uploads\/sites\/11\/2015\/10\/FLAVIANE-FERREIRA-DA-SILVA.pdf\" target=\"_blank\" rel=\"noopener\">FLAVIANE FERREIRA DA SILVA<\/a><\/span><\/strong><\/p>\n<p><span style=\"color: #547c46;\">\u201cLIDERAN\u00c7A PROFISSIONAL, OBJETIVOS E VIS\u00d5ES COMPARTILHADAS NA\u00a0AN\u00c1LISE DA EFIC\u00c1CIA ESCOLAR EM CAMPOS DOS GOYTACAZES-RJ: UM\u00a0ESTUDO COMPARATIVO ENTRE ESCOLAS DE ALTO E BAIXO DESEMPENHO\u00a0NO IDEB\u201d<\/span><\/p>\n<p><span style=\"color: #547c46;\"><strong>Orientador:<\/strong> Geraldo M\u00e1rcio Tim\u00f3teo<\/span><\/p>\n<p><span style=\"color: #547c46;\">Data da defesa: 13\/04\/2015<\/span><\/p>\n<hr \/>\n<p><strong><span style=\"color: #547c46;\">\u00bb <a style=\"color: #547c46;\" href=\"http:\/\/uenf.br\/posgraduacao\/politicas-sociais\/wp-content\/uploads\/sites\/11\/2015\/10\/GABRIELA-DE-OLIVEIRA-DELGADO.pdf\" target=\"_blank\" rel=\"noopener\">GABRIELA DE OLIVEIRA DELGADO<\/a><\/span><\/strong><\/p>\n<p><span style=\"color: #547c46;\">\u201c CONSELHOS ESCOLARES E GEST\u00c3O DEMOCR\u00c1TICA DO ENSINO P\u00daBLICO,UM ESTUO DE CASO: AN\u00c1LISE DA IMPLEMENTA\u00c7\u00c3O E DO PAPEL DO CONSELHO ESCOLAR EM UMA ESCOLA T\u00c9CNICA ESTADUAL DE ENSINO M\u00c9DIO EM CAMPOS DOS GOYTACAZES\u201d<\/span><\/p>\n<p><span style=\"color: #547c46;\"><strong>Orientador:<\/strong> Giovane do Nascimento<\/span><\/p>\n<p><span style=\"color: #547c46;\">Data da Defesa: 12\/04\/2015<\/span><\/p>\n<hr \/>\n<p><strong><span style=\"color: #547c46;\">\u00bb\u00a0<a style=\"color: #547c46;\" href=\"http:\/\/uenf.br\/posgraduacao\/politicas-sociais\/wp-content\/uploads\/sites\/11\/2015\/06\/EDUARDO-MOREIRA.pdf\" target=\"_blank\" rel=\"noopener\">EDUARDO MOREIRA<\/a><\/span><\/strong><\/p>\n<p><span style=\"color: #547c46;\">\u201cHIST\u00d3RIA, MEM\u00d3RIA E PODER: UM ESTUDO MACRO E MICRO POL\u00cdTICO SOBRE A REDE FEDERAL DE EDUCA\u00c7\u00c3O PROFISSIONAL E TECNOL\u00d3GICA\u201d<\/span><\/p>\n<p><span style=\"color: #547c46;\"><strong>Orientador:<\/strong> Gerson Tavares do Carmo<\/span><\/p>\n<p><span style=\"color: #547c46;\">Data da Defesa: 16\/04\/2015<\/span><\/p>\n<hr \/>\n<p><strong><span style=\"color: #547c46;\">\u00bb MARIA AM\u00c9LIA BELIS\u00c1RIO DA SILVA<\/span><\/strong><\/p>\n<p><span style=\"color: #547c46;\">\u201cAS IRMANDADES RELIGIOSAS E OS SENTIDOS DA PROTE\u00c7\u00c3O E PARTICIPA\u00c7\u00c3O DO NEGRO NA SOCIEDADE CAMPISTA (1790-1890)<\/span><\/p>\n<p><span style=\"color: #547c46;\"><strong>Orientador:<\/strong> Lilian Sagio Cezar<\/span><\/p>\n<p><span style=\"color: #547c46;\">Data da defesa: 10\/07\/2015<\/span><\/p>\n<hr \/>\n<p><strong><span style=\"color: #547c46;\">\u00bb <a style=\"color: #547c46;\" href=\"http:\/\/uenf.br\/posgraduacao\/politicas-sociais\/wp-content\/uploads\/sites\/11\/2015\/10\/MARLEY-APARECIDA-DE-PAULA-STEVANIM.pdf\" target=\"_blank\" rel=\"noopener\">MARLEY APARECIDA DE PAULA STEVANIM<\/a><\/span><\/strong><\/p>\n<p><span style=\"color: #547c46;\">\u201cJUDICIALIZA\u00c7\u00c3O DA SA\u00daDE: ACESSO \u00c0 ASSIST\u00caNCIA FARMAC\u00caUTICA NO MUNIC\u00cdPIO DE CAMPOS DOS GOYTACAZES\u201d<\/span><\/p>\n<p><span style=\"color: #547c46;\"><strong>Orientador:<\/strong> Vera Lucia Marques da Silva<\/span><\/p>\n<p><span style=\"color: #547c46;\">Data da Defesa: 16\/04\/2015<\/span><\/p>\n<hr \/>\n<p><strong><span style=\"color: #547c46;\">\u00bb <a style=\"color: #547c46;\" href=\"http:\/\/uenf.br\/posgraduacao\/politicas-sociais\/wp-content\/uploads\/sites\/11\/2015\/10\/MIRIAN-VIANA-ALVES.pdf\" target=\"_blank\" rel=\"noopener\">MIRIAN VIANA ALVES<\/a><\/span><\/strong><\/p>\n<p><span style=\"color: #547c46;\">\u201cPATRIM\u00d4NIO CULTURAL E POL\u00cdTICAS DE CULTURA:\u00a0O CASO DE S\u00c3O JO\u00c3O DA BARRA\/ RJ\u201d<\/span><\/p>\n<p><span style=\"color: #547c46;\"><strong>Orientador:<\/strong> Simonne Teixeira<\/span><\/p>\n<p><span style=\"color: #547c46;\">Data da Defesa: 30\/06\/2015<\/span><\/p>\n<hr \/>\n<p><strong><span style=\"color: #547c46;\">\u00bb <a style=\"color: #547c46;\" href=\"http:\/\/uenf.br\/posgraduacao\/politicas-sociais\/wp-content\/uploads\/sites\/11\/2015\/10\/PRISCILA-NEVES-DA-SILVA.pdf\" target=\"_blank\" rel=\"noopener\">PRISCILA NEVES DA SILVA<\/a><\/span><\/strong><\/p>\n<p><span style=\"color: #547c46;\">\u201cPOL\u00cdTICA QUILOMBOLA: ACESSOS E ENTRAVES EM CONCEI\u00c7\u00c3O DO IMB\u00c9, RJ\u201d<\/span><\/p>\n<p><span style=\"color: #547c46;\">Orientador: Lilian Sagio Cezar<\/span><\/p>\n<p><span style=\"color: #547c46;\">Data da Defesa: 30\/06\/2015<\/span><\/p>\n<hr \/>\n<p><strong><span style=\"color: #547c46;\">\u00bb <a style=\"color: #547c46;\" href=\"http:\/\/uenf.br\/posgraduacao\/politicas-sociais\/wp-content\/uploads\/sites\/11\/2015\/10\/NATALIA-SOARES-RIBEIRO.pdf\" target=\"_blank\" rel=\"noopener\">NATALIA SOARES RIBEIRO<\/a><\/span><\/strong><\/p>\n<p><span style=\"color: #547c46;\">\u201c G\u00caNERO, APROPRIA\u00c7\u00d5ES E REPRESENTA\u00c7\u00d5ES: UM ESTUDO DAS POL\u00cdTICAS DE GERA\u00c7\u00c3O DE TRABALHO E RENDA EM CAMPOS DOS GOYTACAZES A PARTIR DE SEUS GESTORES E PARTICIPANTES\u201d.<\/span><\/p>\n<p><span style=\"color: #547c46;\"><strong>Orientador:<\/strong> Hernan Armando Mamani<\/span><\/p>\n<p><span style=\"color: #547c46;\">Data da Defesa: 16\/04\/2015<\/span><\/p>\n<hr \/>\n<p><strong><span style=\"color: #547c46;\">\u00bb <a style=\"color: #547c46;\" href=\"http:\/\/uenf.br\/posgraduacao\/politicas-sociais\/wp-content\/uploads\/sites\/11\/2015\/10\/Rhaiany-Zavarize-Dala-Costa-de-Almeida.pdf\" target=\"_blank\" rel=\"noopener\">Rhaiany Zavarize Dala Costa de Almeida<\/a><\/span><\/strong><\/p>\n<p><span style=\"color: #547c46;\">\u201cO ASSOCIATIVISMO NA AGRICULTURA FAMILIAR E SEUS RESULTADOS SOCIAIS E AMBIENTAIS: UM ESTUDO DOS AGRICULTORES FAMILIARES NO MUNIC\u00cdPIO DE BREJETUBA\/ES\u201d<\/span><\/p>\n<p><span style=\"color: #547c46;\"><strong>Orientador:<\/strong> Paulo Marcelo de Souza<\/span><\/p>\n<p><span style=\"color: #547c46;\">Data da Defesa: 26\/05\/2015<\/span><\/p>\t\t\t\t\t\t\t\t<\/div>\n\t\t\t\t<\/div>\n\t\t\t\t\t<\/div>\n\t\t\t\t<\/div>\n\t\t<div id=\"e-n-tab-content-94425151013\" role=\"tabpanel\" aria-labelledby=\"e-n-tab-title-94425151013\" data-tab-index=\"13\" style=\"--n-tabs-title-order: 13;\" class=\" elementor-element elementor-element-42e828ca e-flex e-con-boxed e-con e-child\" data-id=\"42e828ca\" data-element_type=\"container\" data-e-type=\"container\">\n\t\t\t\t\t<div class=\"e-con-inner\">\n\t\t\t\t<div class=\"elementor-element elementor-element-5c83cc2f elementor-widget__width-initial elementor-widget elementor-widget-text-editor\" data-id=\"5c83cc2f\" data-element_type=\"widget\" data-e-type=\"widget\" data-widget_type=\"text-editor.default\">\n\t\t\t\t<div class=\"elementor-widget-container\">\n\t\t\t\t\t\t\t\t\t<p><strong><span style=\"color: #547c46;\">\u00bb <a style=\"color: #547c46;\" href=\"http:\/\/uenf.br\/posgraduacao\/politicas-sociais\/wp-content\/uploads\/sites\/11\/2015\/06\/LEONARDO-FAE-DE-ALMEIDA.pdf\" target=\"_blank\" rel=\"noopener\">LEONARDO FAE DE ALMEIDA<\/a><\/span><\/strong><\/p>\n<p><span style=\"color: #547c46;\">\u201cPROJOVEM CAMPO SABERES DA TERRA CAPIXABA: PROPOSTAS E RESULTADOS NA ELEVA\u00c7\u00c3O DE ESCOLARIDADE E NA QUALIFICA\u00c7\u00c3O SOCIAL E PROFISSIONAL\u201d<\/span><\/p>\n<p><span style=\"color: #547c46;\"><strong>Orientador:<\/strong> Gerson Tavares do Carmo<\/span><\/p>\n<p><span style=\"color: #547c46;\">Data da defesa: 29\/04\/2014<\/span><\/p>\n<hr \/>\n<p><strong><span style=\"color: #547c46;\">\u00bb <a style=\"color: #547c46;\" href=\"http:\/\/uenf.br\/posgraduacao\/politicas-sociais\/wp-content\/uploads\/sites\/11\/2015\/06\/CLAUDIA-APARECIDA-VIEIRA-PINHEIRO.pdf\" target=\"_blank\" rel=\"noopener\">CLAUDIA APARECIDA VIEIRA PINHEIRO<\/a><\/span><\/strong><\/p>\n<p><span style=\"color: #547c46;\">\u201cA DESCENTRALIZA\u00c7\u00c3O E DEMOCRATIZA\u00c7\u00c3O DA GEST\u00c3O ESCOLAR: PERSPECTIVAS DA EFETIVIDADE DA GEST\u00c3O DEMOCR\u00c1TICA DA ESCOLA NO MUNIC\u00cdPIO DE CACHOEIRA DE ITAPEMIRIM \u2013 ES\u201d<\/span><\/p>\n<p><span style=\"color: #547c46;\"><strong>Orientador:<\/strong> Giovane do Nascimento<\/span><\/p>\n<p><span style=\"color: #547c46;\">Data da defesa: 15\/05\/2014<\/span><\/p>\n<hr \/>\n<p><strong><span style=\"color: #547c46;\">\u00bb <a style=\"color: #547c46;\" href=\"http:\/\/uenf.br\/posgraduacao\/politicas-sociais\/wp-content\/uploads\/sites\/11\/2015\/06\/RAQUEL-CHAFFIN-CEZARIO.pdf\" target=\"_blank\" rel=\"noopener\">RAQUEL CHAFFIN CEZARIO<\/a><\/span><\/strong><\/p>\n<p><span style=\"color: #547c46;\">\u201c PLANEJAMENTO ESTRAT\u00c9GICO EM S\u00c3O JO\u00c3O DA BARRA (RJ): O DESENVOLVIMENTO URBANO SOB A \u00d3TICA DO PLANO DIRETOR DE 2006\u201d<\/span><\/p>\n<p><span style=\"color: #547c46;\"><strong>Orientador:<\/strong> Rodrigo da Costa Caetano<\/span><\/p>\n<p><span style=\"color: #547c46;\">Data da defesa: 27\/05\/2014<\/span><\/p>\n<hr \/>\n<p><strong><span style=\"color: #547c46;\">\u00bb <a style=\"color: #547c46;\" href=\"http:\/\/uenf.br\/posgraduacao\/politicas-sociais\/wp-content\/uploads\/sites\/11\/2015\/06\/SUELEN-VIANNA-BAHIENSE.pdf\" target=\"_blank\" rel=\"noopener\">SUELEN VIANNA BAHIENSE<\/a><\/span><\/strong><\/p>\n<p><span style=\"color: #547c46;\">\u201cO IMPACTO DA LEI DE INOVA\u00c7\u00c3O NA CRIA\u00c7\u00c3O DO N\u00daCLEO DE INOVA\u00c7\u00c3O TECNOL\u00d3GICA DA UNIVERSIDAE ESTADUAL DO NORTE FLUMINENSE\u201d<\/span><\/p>\n<p><span style=\"color: #547c46;\"><strong>Orientador :<\/strong> Marcelo Carlos Gantos<\/span><\/p>\n<p><span style=\"color: #547c46;\">Data da defesa: 01\/08\/2014<\/span><\/p>\n<hr \/>\n<p><strong><span style=\"color: #547c46;\">\u00bb <a style=\"color: #547c46;\" href=\"http:\/\/uenf.br\/posgraduacao\/politicas-sociais\/wp-content\/uploads\/sites\/11\/2015\/06\/SIMONE-MACHADO-DE-ATHAYDE.pdf\" target=\"_blank\" rel=\"noopener\">SIMONE MACHADO DE ATHAYDE<\/a><\/span><\/strong><\/p>\n<p><span style=\"color: #547c46;\">\u201cPOL\u00cdTICAS S\u00d3CIAS E CULTURA AFRO-BRASILEIRA: TURISMO PEDAG\u00d3GICO NA COMUNIDADE DE QUILOMBA DE MONTE ALEGRE-ES\u201d<\/span><\/p>\n<p><span style=\"color: #547c46;\"><strong>Orientador:<\/strong> Lilian Sagio Cezar<\/span><\/p>\n<p><span style=\"color: #547c46;\">Data da defesa: 30\/07\/2014<\/span><\/p>\n<hr \/>\n<p><strong><span style=\"color: #547c46;\">\u00bb <a style=\"color: #547c46;\" href=\"http:\/\/uenf.br\/posgraduacao\/politicas-sociais\/wp-content\/uploads\/sites\/11\/2015\/06\/CYNARA-MARTINS-SANTANA.pdf\" target=\"_blank\" rel=\"noopener\">CYNARA MARTINS SANTANA<\/a><\/span><\/strong><\/p>\n<p><span style=\"color: #547c46;\">\u201cPOTENCIALIDADES E BARREIRAS PARA A ADO\u00c7\u00c3O DO PROGRAMA DE AQUISI\u00c7\u00c3O DE ALIMENTOS (PAA) POR ASSENTADOS DE REFORMA AGR\u00c1RIA NO NORTE FLUMINENSE\u201d<\/span><\/p>\n<p><span style=\"color: #547c46;\"><strong>Orientador:<\/strong> Marcos Antonio Pedlowski<\/span><\/p>\n<p><span style=\"color: #547c46;\">Data da defesa: 17\/07\/2014<\/span><\/p>\n<hr \/>\n<p><strong><span style=\"color: #547c46;\">\u00bb <a style=\"color: #547c46;\" href=\"http:\/\/uenf.br\/posgraduacao\/politicas-sociais\/wp-content\/uploads\/sites\/11\/2015\/06\/LARISSA-MANH%C3%83ES-FERREIRA.pdf\" target=\"_blank\" rel=\"noopener\">LARISSA MANH\u00c3ES FERREIRA<\/a><\/span><\/strong><\/p>\n<p><span style=\"color: #547c46;\">\u201cO SOLAR DO COL\u00c9GIO, DE FAZENDA JESU\u00cdTA A ARQUIVO: UMA AN\u00c1LISE DAS POLITICAS CULTURAIS EM CAMPOS DOS GOYTACAZES DE 1977 A 2001\u201d<\/span><\/p>\n<p><span style=\"color: #547c46;\"><strong>Orientador:<\/strong> Marcelo Carlos Gantos<\/span><\/p>\n<p><span style=\"color: #547c46;\">Data da defesa: 29\/08\/2014<\/span><\/p>\n<hr \/>\n<p><span style=\"color: #547c46;\"><strong>\u00bb RODRIGO ROSSELINI JULIO RODRIGUES<\/strong><\/span><\/p>\n<p><strong><span style=\"color: #547c46;\"><a style=\"color: #547c46;\" href=\"http:\/\/uenf.br\/posgraduacao\/politicas-sociais\/wp-content\/uploads\/sites\/11\/2015\/06\/RODRIGO-ROSSELINI-JULIO-RODRIGUES-parte-1.compressed-1.pdf\" target=\"_blank\" rel=\"noopener\">\u00bb RODRIGO ROSSELINI JULIO RODRIGUES parte 1.compressed (1)<\/a><\/span><\/strong><\/p>\n<p><strong><span style=\"color: #547c46;\"><a style=\"color: #547c46;\" href=\"http:\/\/uenf.br\/posgraduacao\/politicas-sociais\/wp-content\/uploads\/sites\/11\/2015\/06\/RODRIGO-ROSSELINI-JULIO-RODRIGUES-parte-2.pdf\" target=\"_blank\" rel=\"noopener\">\u00bb RODRIGO ROSSELINI JULIO RODRIGUES parte 2<\/a><\/span><\/strong><\/p>\n<p><span style=\"color: #547c46;\">\u201cFORMANDO CIDAD\u00c3OS FLUMINENSES: REP\u00daBLICA E ESCOLA PRIM\u00c1RIA NO MUNIC\u00cdPIO DE CAMPOS \u2013 RJ (1893-1930\u201d<\/span><\/p>\n<p><span style=\"color: #547c46;\"><strong>Orientador:<\/strong> Silvia Alicia Mart\u00ednez<\/span><\/p>\n<p><span style=\"color: #547c46;\">Data da defesa: 29\/08\/2014<\/span><\/p>\n<hr \/>\n<p><span style=\"color: #547c46;\"><strong>\u00bb ANA PAULA DE LIMA CAPUTO DE FREITAS MARTINS DE SOUSA<\/strong><\/span><\/p>\n<p><span style=\"color: #547c46;\">\u201cMICROEMPREENDEDOR INDIVIDUAL \u2013 MEI: OS IMPACTOS DAS A\u00c7\u00d5ES DO SEBRAE NA IMPLANTA\u00c7\u00c3O E DESENVOLVIMENTO DA LEI COMPLEMENTAR 128\/08 EM CAMPOS DOS GOYTACAZES\/RJ\u201d<\/span><\/p>\n<p><span style=\"color: #547c46;\"><strong>Orientador:<\/strong> Geraldo M\u00e1rcio Tim\u00f3teo<\/span><\/p>\n<p><span style=\"color: #547c46;\">Data da defesa: 30\/09\/2014<\/span><\/p>\t\t\t\t\t\t\t\t<\/div>\n\t\t\t\t<\/div>\n\t\t\t\t\t<\/div>\n\t\t\t\t<\/div>\n\t\t<div id=\"e-n-tab-content-94425151014\" role=\"tabpanel\" aria-labelledby=\"e-n-tab-title-94425151014\" data-tab-index=\"14\" style=\"--n-tabs-title-order: 14;\" class=\" elementor-element elementor-element-22d1406d e-flex e-con-boxed e-con e-child\" data-id=\"22d1406d\" data-element_type=\"container\" data-e-type=\"container\">\n\t\t\t\t\t<div class=\"e-con-inner\">\n\t\t\t\t<div class=\"elementor-element elementor-element-5f0155c0 elementor-widget__width-initial elementor-widget elementor-widget-text-editor\" data-id=\"5f0155c0\" data-element_type=\"widget\" data-e-type=\"widget\" data-widget_type=\"text-editor.default\">\n\t\t\t\t<div class=\"elementor-widget-container\">\n\t\t\t\t\t\t\t\t\t<p><strong><span style=\"color: #547c46;\">\u00bb <a style=\"color: #547c46;\" href=\"http:\/\/uenf.br\/posgraduacao\/politicas-sociais\/wp-content\/uploads\/sites\/11\/2015\/06\/ANDRE-LUIZ-HENRIQUES-DE-CARVALHO.pdf\">ANDRE LUIZ HENRIQUES DE CARVALHO<\/a><\/span><\/strong><\/p>\n<p><span style=\"color: #547c46;\">\u201c VOL\u00caNCIA JUVENIL, POL\u00cdTICAS P\u00daBLICAS DE PREVEN\u00c7\u00c3O E O PAPEL DA ESCOLA: UMA AN\u00c1LISE A PARTIR DE ESCOLAS DA REDE ESTADUAL DO MUNIC\u00cdPIO DE CAMPOS DOS GOYTACAZES\u201d.<\/span><\/p>\n<p><span style=\"color: #547c46;\"><strong>Orientador:<\/strong> Leandro Garcia Pinho<\/span><\/p>\n<p><span style=\"color: #547c46;\">Data da defesa: 14\/03\/2013<\/span><\/p>\n<hr \/>\n<p><strong><span style=\"color: #547c46;\">\u00bb <a style=\"color: #547c46;\" href=\"http:\/\/uenf.br\/posgraduacao\/politicas-sociais\/wp-content\/uploads\/sites\/11\/2015\/06\/SANDRA-RANGEL-DE-SOUZA.pdf\" target=\"_blank\" rel=\"noopener\">SANDRA RANGEL DE SOUZA<\/a><\/span><\/strong><\/p>\n<p><span style=\"color: #547c46;\">\u201cFALA JUVENTUDE! UM ESTUDO SOBRE AS RELA\u00c7\u00d5ES ENTRE JUVENTUDE, CULTURA E LAZER NO MUNIC\u00cdPIO DE CAMPOS DOS GOYTACAZES\u201d.<\/span><\/p>\n<p><span style=\"color: #547c46;\"><strong>Orientador:<\/strong> Simonne Teixeira<\/span><\/p>\n<p><span style=\"color: #547c46;\">Data da defesa: 27\/03\/2013<\/span><\/p>\n<hr \/>\n<p><span style=\"color: #547c46;\"><strong>\u00bb JOHN MARR DITTY<\/strong><\/span><\/p>\n<p><strong><span style=\"color: #547c46;\"><a style=\"color: #547c46;\" href=\"http:\/\/uenf.br\/posgraduacao\/politicas-sociais\/wp-content\/uploads\/sites\/11\/2015\/06\/JOHN-MARR-DITTY-parte-1.compressed.pdf\" target=\"_blank\" rel=\"noopener\">\u00bb JOHN MARR DITTY parte 1.compressed<\/a><\/span><\/strong><\/p>\n<p><strong><span style=\"color: #547c46;\"><a style=\"color: #547c46;\" href=\"http:\/\/uenf.br\/posgraduacao\/politicas-sociais\/wp-content\/uploads\/sites\/11\/2015\/06\/JOHN-MARR-DITTY-parte-2.compressed.pdf\" target=\"_blank\" rel=\"noopener\">\u00bb JOHN MARR DITTY parte 2.compressed<\/a><\/span><\/strong><\/p>\n<p><span style=\"color: #547c46;\">\u201cSUSTENTABILIDADE JUSTA E A PESCA MARINHA ARTESANAL NO MUNIC\u00cdPIO DE CAMPOS DOS GOYTACAZES (RJ) FRENTE \u00c0 IMPLANTA\u00c7\u00c3O DE UM MEGA EMPREENDIMENTO PORTU\u00c1RIO E INDUSTRIAL\u201d.<\/span><\/p>\n<p><span style=\"color: #547c46;\"><strong>Orientador:<\/strong> Carlos Eduardo Rezende<\/span><\/p>\n<p><span style=\"color: #547c46;\">Data da defesa: 20\/03\/2013<\/span><\/p>\n<hr \/>\n<p><strong><span style=\"color: #547c46;\">\u00bb <a style=\"color: #547c46;\" href=\"http:\/\/uenf.br\/posgraduacao\/politicas-sociais\/wp-content\/uploads\/sites\/11\/2015\/06\/FABIANA-DE-ARRUDA-RESENDE-REIS.pdf\" target=\"_blank\" rel=\"noopener\">FABIANA DE ARRUDA RESENDE REIS<\/a><\/span><\/strong><\/p>\n<p><span style=\"color: #547c46;\">\u201cO ENSINO PROFISSIONALIZANTE (FEMININO) NO BRASIL: UMA AN\u00c1LISE DA ESCOLA PROFISSIONAL FEMININA NILO PE\u00c7ANHA ( CAMPOS, RIO DE JANEIRO, 1922-1930)\u201d.<\/span><\/p>\n<p><span style=\"color: #547c46;\"><strong>Orientador:<\/strong> Silvia Alicia Martinez<\/span><\/p>\n<p><span style=\"color: #547c46;\">Data da defesa: 02\/04\/2013<\/span><\/p>\n<hr \/>\n<p><strong><span style=\"color: #547c46;\">\u00bb <a style=\"color: #547c46;\" href=\"http:\/\/uenf.br\/posgraduacao\/politicas-sociais\/wp-content\/uploads\/sites\/11\/2015\/06\/ALDA-PINTO-DA-SILVA.pdf\" target=\"_blank\" rel=\"noopener\">ALDA PINTO DA SILVA<\/a><\/span><\/strong><\/p>\n<p><span style=\"color: #547c46;\">\u201cATIVIDADES RURAIS N\u00c3O-AGR\u00cdCOLAS: PLURIATIVIDADE E DESIGUALDADES SOCIOECON\u00d4MICAS NAS GRANDES REGI\u00d5ES DO BRASIL\u201d.<\/span><\/p>\n<p><span style=\"color: #547c46;\"><strong>Orientador:<\/strong> Marlon Gomes Ney<\/span><\/p>\n<p><span style=\"color: #547c46;\">Data da defesa: 11\/04\/2013<\/span><\/p>\n<hr \/>\n<p><strong><span style=\"color: #547c46;\">\u00bb <a style=\"color: #547c46;\" href=\"http:\/\/uenf.br\/posgraduacao\/politicas-sociais\/wp-content\/uploads\/sites\/11\/2015\/06\/ELIANE-FRAN%C3%87A-CONTI.pdf\" target=\"_blank\" rel=\"noopener\">ELIANE FRAN\u00c7A CONTI<\/a><\/span><\/strong><\/p>\n<p><span style=\"color: #547c46;\">\u201cOS VAZIOS URBANOS E A FUN\u00c7\u00c3O SOCIAL DA PROPRIEDADE: O PAPEL DO PLANO DIRETOR DO MUNICIPIO DE CAMPOS DOS GOYTACAZES\/2008\u201d.<\/span><\/p>\n<p><span style=\"color: #547c46;\"><strong>Orientador:<\/strong> Teresa de Jesus Peixoto Faria<\/span><\/p>\n<p><span style=\"color: #547c46;\">Data da defesa: 05\/04\/2013<\/span><\/p>\n<hr \/>\n<p><strong><span style=\"color: #547c46;\">\u00bb <a style=\"color: #547c46;\" href=\"http:\/\/uenf.br\/posgraduacao\/politicas-sociais\/wp-content\/uploads\/sites\/11\/2015\/06\/B%C3%81RBARA-MARTINS-ZAGANELLI.pdf\" target=\"_blank\" rel=\"noopener\">B\u00c1RBARA MARTINS ZAGANELLI<\/a><\/span><\/strong><\/p>\n<p><span style=\"color: #547c46;\">\u201cA CT&amp;I NOS TELEJORNAIS REGIONAIS\u201d.<\/span><\/p>\n<p><span style=\"color: #547c46;\">Orientador: Marcelo Carlos Gantos<\/span><\/p>\n<p><span style=\"color: #547c46;\">Data da defesa: 02\/04\/2013<\/span><\/p>\n<hr \/>\n<p><strong><span style=\"color: #547c46;\">\u00bb\u00a0 <a style=\"color: #547c46;\" href=\"http:\/\/uenf.br\/posgraduacao\/politicas-sociais\/wp-content\/uploads\/sites\/11\/2015\/06\/KISSILA-NEVES-SOARES.pdf\" target=\"_blank\" rel=\"noopener\">KISSILA NEVES SOARES<\/a><\/span><\/strong><\/p>\n<p><span style=\"color: #547c46;\">\u201c IDENTIFICANDO OS IMPACTOS DA DISTRIBUI\u00c7\u00c3O ESPACIAL E DAS A\u00c7\u00d5ES COLETIVAS NA CONSOLIDA\u00c7\u00c3O DOS ASSENTAMENTOSDE REFORMA AGR\u00c1RIA NO NORTE FLUMINENSE\u201d.<\/span><\/p>\n<p><span style=\"color: #547c46;\"><strong>Orientador:<\/strong> Marcos Antonio Pedlowski<\/span><\/p>\n<p><span style=\"color: #547c46;\">Data da defesa: 16\/05\/2013<\/span><\/p>\n<hr \/>\n<p><strong><span style=\"color: #547c46;\"><a style=\"color: #547c46;\" href=\"http:\/\/uenf.br\/posgraduacao\/politicas-sociais\/wp-content\/uploads\/sites\/11\/2015\/06\/SCHEILA-RIBEIRO-DE-ABREU-E-SILVA.pdf\" target=\"_blank\" rel=\"noopener\">\u00bb SCHEILA RIBEIRO DE ABREU E SILVA<\/a><\/span><\/strong><\/p>\n<p><span style=\"color: #547c46;\">\u201cO DESAFIO DA QUALIDADE DA EDUCA\u00c7\u00c3O NA PERSPECTIVA DE DOIS OLHARES: TERRITORIALIDADE E GEST\u00c3O ESCOLAR. O QUE DIZEM DUAS ESCOLAS DA REDE MUNICIPAL DE ENSINO DO MUNIC\u00cdPIO DE MACA\u00c9, RJ\u201d.<\/span><\/p>\n<p><span style=\"color: #547c46;\"><strong>Orientador:<\/strong> Sonia Martins de Almeida Nogueira<\/span><\/p>\n<p><span style=\"color: #547c46;\">Data da defesa: 26\/06\/2013<\/span><\/p>\n<hr \/>\n<p><strong><span style=\"color: #547c46;\">\u00bb <a style=\"color: #547c46;\" href=\"http:\/\/uenf.br\/posgraduacao\/politicas-sociais\/wp-content\/uploads\/sites\/11\/2015\/06\/FELIPE-MEDEIROS-ALVARENGA.pdf\" target=\"_blank\" rel=\"noopener\">FELIPE MEDEIROS ALVARENGA<\/a><\/span><\/strong><\/p>\n<p><span style=\"color: #547c46;\">\u201cOS DESERDADOS DO DESENVOLVIMENTO: O CASO DO COMPLEXO PORTU\u00c1RIO E INDUSTRIAL DO A\u00c7U\u201d<\/span><\/p>\n<p><span style=\"color: #547c46;\"><strong>Orientador:<\/strong> Marcos Antonio Pedlowski<\/span><\/p>\n<p><span style=\"color: #547c46;\">Data da defesa: 19\/06\/2013<\/span><\/p>\n<hr \/>\n<p><strong><span style=\"color: #547c46;\">\u00bb <a style=\"color: #547c46;\" href=\"http:\/\/uenf.br\/pos-graduacao\/politicas-sociais\/dissertacoes-de-mestrado\/2007-a-2015-2\/andreza-barreto-leitao\/\" target=\"_blank\" rel=\"attachment noopener wp-att-717\">ANDREZA BARRETO LEIT\u00c3O<\/a><\/span><\/strong><\/p>\n<p><span style=\"color: #547c46;\">\u201c FARINHA POUCA, MEU PIR\u00c3O PRIMEIRO: CULTURA, DESENVOLVIMENTO E O SETOR CRIATIVO DO ARTESANATO NO NORTE FLUMINENSE\u201d<\/span><\/p>\n<p><span style=\"color: #547c46;\"><strong>Orientador:<\/strong> Marcelo Carlos Gantos<\/span><\/p>\n<p><span style=\"color: #547c46;\">Data da defesa: 25\/07\/2013<\/span><\/p>\t\t\t\t\t\t\t\t<\/div>\n\t\t\t\t<\/div>\n\t\t\t\t\t<\/div>\n\t\t\t\t<\/div>\n\t\t<div id=\"e-n-tab-content-94425151015\" role=\"tabpanel\" aria-labelledby=\"e-n-tab-title-94425151015\" data-tab-index=\"15\" style=\"--n-tabs-title-order: 15;\" class=\" elementor-element elementor-element-476f120f e-flex e-con-boxed e-con e-child\" data-id=\"476f120f\" data-element_type=\"container\" data-e-type=\"container\">\n\t\t\t\t\t<div class=\"e-con-inner\">\n\t\t\t\t<div class=\"elementor-element elementor-element-2fcb07a5 elementor-widget__width-initial elementor-widget elementor-widget-text-editor\" data-id=\"2fcb07a5\" data-element_type=\"widget\" data-e-type=\"widget\" data-widget_type=\"text-editor.default\">\n\t\t\t\t<div class=\"elementor-widget-container\">\n\t\t\t\t\t\t\t\t\t<p><strong><span style=\"color: #547c46;\">\u00bb <a style=\"color: #547c46;\" href=\"http:\/\/uenf.br\/posgraduacao\/politicas-sociais\/wp-content\/uploads\/sites\/11\/2015\/06\/ISROBERTA-ROSA-ARAUJO.pdf\" target=\"_blank\" rel=\"noopener\">ISROBERTA ROSA ARAUJO<\/a><\/span><\/strong><\/p>\n<p><span style=\"color: #547c46;\">\u201cMOBILIDAEE URBANA E POL\u00cdTICAS P\u00daBLICAS NO MUNIC\u00cdPIO DE CAMPOS DOS GOYTACAZES: UM ESTUDO DA POL\u00cdTICA DE TRANSPORTES A UM REAL\u201d<\/span><br \/><span style=\"color: #547c46;\"><strong>Orientador:<\/strong> Hernan\u00a0 Armando Mamani<\/span><br \/><span style=\"color: #547c46;\">Data da defesa: 23\/03\/2012<\/span><\/p>\n<hr \/>\n<p><strong><span style=\"color: #547c46;\">\u00bb <a style=\"color: #547c46;\" href=\"http:\/\/uenf.br\/posgraduacao\/politicas-sociais\/wp-content\/uploads\/sites\/11\/2015\/06\/MARCELA-DE-OLIVEIRA-PESS%C3%94A.compressed.pdf\" target=\"_blank\" rel=\"noopener\">MARCELA DE OLIVEIRA PESS\u00d4A.compressed<\/a><\/span><\/strong><\/p>\n<p><span style=\"color: #547c46;\">\u201cCAMINHOS DO JEQUITINHONHA: AN\u00c1LISE DO PROJETO DE COMBATE \u00c0 POBREZA RURAL COMO POL\u00cdTICA P\u00daBLICA PARA O DESENVOLVIMENTO SOCIOECON\u00d4MICO DO VALE DO JEQUITINHONHA-MG\u201d<\/span><br \/><span style=\"color: #547c46;\"><strong>Orientador:<\/strong> Marlon Gomes Ney<\/span><br \/><span style=\"color: #547c46;\">Data da defesa: 16\/03\/2012<\/span><\/p>\n<hr \/>\n<p><strong><span style=\"color: #547c46;\">\u00bb <a style=\"color: #547c46;\" href=\"http:\/\/uenf.br\/posgraduacao\/politicas-sociais\/wp-content\/uploads\/sites\/11\/2015\/06\/CARLA-GISELE-DOS-SANTOS-MOTA.pdf\" target=\"_blank\" rel=\"noopener\">CARLA GISELE DOS SANTOS MOTA<\/a><\/span><\/strong><\/p>\n<p><span style=\"color: #547c46;\">\u201cPOL\u00cdTICAS HABITACIONAAIS E USOS ECON\u00d4MICOS DAS RESID\u00caNCIAS: O CASO DO CONJUNTO HABITACIONAL MATADOURO EM CAMPOS DOS GOYTACAZES -RJ\u201d<\/span><br \/><span style=\"color: #547c46;\"><strong>Orientador:<\/strong> Hernan Armando Mamani<\/span><br \/><span style=\"color: #547c46;\">Data da defesa: 20\/03\/2012<\/span><\/p>\n<hr \/>\n<p><strong><span style=\"color: #547c46;\">\u00bb <a style=\"color: #547c46;\" href=\"http:\/\/uenf.br\/posgraduacao\/politicas-sociais\/wp-content\/uploads\/sites\/11\/2015\/06\/LUISA-BARRETO-SARAMAGO.pdf\" target=\"_blank\" rel=\"noopener\">LUISA BARRETO SARAMAGO<\/a><\/span><\/strong><\/p>\n<p><span style=\"color: #547c46;\">\u201cEFEITOS DO PRONAF NA SUSTENTABILIDADE AGR\u00cdCOLA. O CASO DOS AGRICULTORES FAMILIARES DE CAMPOS DOS GOYTACAZES \u2013 RJ\u201d<\/span><br \/><span style=\"color: #547c46;\"><strong>Orientador:<\/strong> Paulo Marcelo de Souza<\/span><br \/><span style=\"color: #547c46;\">Data da defesa: 27\/03\/2012<\/span><\/p>\n<hr \/>\n<p><span style=\"color: #547c46;\"><strong>\u00bb LUCEM\u00c1RIE LOUVAIN SOARES NUNES<\/strong><\/span><\/p>\n<p><strong><span style=\"color: #547c46;\"><a style=\"color: #547c46;\" href=\"http:\/\/uenf.br\/posgraduacao\/politicas-sociais\/wp-content\/uploads\/sites\/11\/2015\/06\/LUCEM%C3%81RIE-LOUVAIN-SOARES-NUNES-parte-1.compressed.pdf\" target=\"_blank\" rel=\"noopener\">\u00bb LUCEM\u00c1RIE LOUVAIN SOARES NUNES parte 1.compressed<\/a><\/span><\/strong><\/p>\n<p><strong><span style=\"color: #547c46;\"><a style=\"color: #547c46;\" href=\"http:\/\/uenf.br\/posgraduacao\/politicas-sociais\/wp-content\/uploads\/sites\/11\/2015\/06\/LUCEM%C3%81RIE-LOUVAIN-SOARES-NUNES-parte-2.compressed.pdf\" target=\"_blank\" rel=\"noopener\">\u00bb LUCEM\u00c1RIE LOUVAIN SOARES NUNES parte 2.compressed<\/a><\/span><\/strong><\/p>\n<p><span style=\"color: #547c46;\">\u201cPOL\u00cdTICA P\u00daBLICA DE FORMA\u00c7\u00c3O CONTINUADA DE PROFESSORES: UM ESTUDO DE CASO NA MODALIDADE DE EDUCA\u00c7\u00c3O \u00c0 DIST\u00c2NCIA NO ESTADO DO RIO DE JANEIRO\u201d<\/span><br \/><span style=\"color: #547c46;\"><strong>Orientador:<\/strong> Silvia Alicia Mart\u00ednez<\/span><br \/><span style=\"color: #547c46;\">Data da defesa: 24\/04\/2012<\/span><\/p>\n<hr \/>\n<p><strong><span style=\"color: #547c46;\">\u00bb <a style=\"color: #547c46;\" href=\"http:\/\/uenf.br\/posgraduacao\/politicas-sociais\/wp-content\/uploads\/sites\/11\/2015\/06\/FERNANDA-SERAFIM-AGUM.pdf\" target=\"_blank\" rel=\"noopener\">FERNANDA SERAFIM AGUM<\/a><\/span><\/strong><\/p>\n<p><span style=\"color: #547c46;\">\u201cPOL\u00cdTICAS P\u00daBLICAS PARA A FORMA\u00c7\u00c3O DE PROFESSORES EM N\u00cdVEL MPEDIO NO ESTADO DO RIO DE JANEIRO: O CASO DO INSTITUTO SUPERIOR DE EDUCA\u00c7\u00c3O PROF. ALDO MUYLAERT (ISEPAM)\u201d<\/span><br \/><span style=\"color: #547c46;\"><strong>Orientador:<\/strong> Silvia Alicia Mart\u00ednez<\/span><br \/><span style=\"color: #547c46;\">Data da defesa: 25\/04\/2012<\/span><\/p>\n<hr \/>\n<p><strong><span style=\"color: #547c46;\">\u00bb <a style=\"color: #547c46;\" href=\"http:\/\/uenf.br\/posgraduacao\/politicas-sociais\/wp-content\/uploads\/sites\/11\/2015\/06\/DIEGO-CARVALHAR-BELO.pdf\" target=\"_blank\" rel=\"noopener\">DIEGO CARVALHAR BELO<\/a><\/span><\/strong><\/p>\n<p><span style=\"color: #547c46;\">\u201cO PROCESSO DE FORMA\u00c7\u00c3O DOS ACAMPAMENTOS E SEUS IMPACTOS NO PROCESSO DE DESENVOLVIMENTO DOS ASSENTAMENTOS DE REFORMA AGR\u00c1RIA NA REGI\u00c3O NORTE FLUMINENSE\u201d<\/span><br \/><span style=\"color: #547c46;\"><strong>Orientador:<\/strong> Marcos\u00a0 Ant\u00f4nio Pedlowski<\/span><br \/><span style=\"color: #547c46;\">Data da defesa: 25\/04\/2012<\/span><\/p>\n<hr \/>\n<p><strong><span style=\"color: #547c46;\">\u00bb <a style=\"color: #547c46;\" href=\"http:\/\/uenf.br\/posgraduacao\/politicas-sociais\/wp-content\/uploads\/sites\/11\/2015\/06\/MANOELA-MAGALH%C3%83ES-ALVES.pdf\" target=\"_blank\" rel=\"noopener\">MANOELA MAGALH\u00c3ES ALVES<\/a><\/span><\/strong><\/p>\n<p><span style=\"color: #547c46;\">\u201cA JUDICIALIZA\u00c7\u00c3O NA ASSIST\u00caNCIA FARMAC\u00caUTICA E OS PRINC\u00cdPIOS DO SISTEMA \u00daNICO DE SA\u00daDE: UMA AN\u00c1LISE NO MUNIC\u00cdPIO DE CAMPOS DOS GOYTACAZES\u201d.<\/span><\/p>\n<p><span style=\"color: #547c46;\"><strong>Orientador:<\/strong> Vera L\u00facia Marques da Silva<\/span><\/p>\n<p><span style=\"color: #547c46;\">Data da defesa: 16\/05\/2012<\/span><\/p>\n<hr \/>\n<p><strong><span style=\"color: #547c46;\">\u00bb <a style=\"color: #547c46;\" href=\"http:\/\/uenf.br\/posgraduacao\/politicas-sociais\/wp-content\/uploads\/sites\/11\/2015\/06\/RAQUEL-CALLEGARIO-ZACCHI.compressed.pdf\" target=\"_blank\" rel=\"noopener\">RAQUEL CALLEGARIO ZACCHI.compressed<\/a><\/span><\/strong><\/p>\n<p><span style=\"color: #547c46;\">\u201cO PAPEL DOS PROPRIET\u00c1RIOS FUNDI\u00c1RIOS E DO ESTADO NO PROCESSO DE CONVERS\u00c3O DE TERRAS RURAIS EM URBANAS E NA PRODU\u00c7\u00c3O DE LOTEAMENTOS FECHADOS: CAMPOS DOS GOYTACAZES (1980-2011)\u201d<\/span><br \/><span style=\"color: #547c46;\"><strong>Orientador:<\/strong> Teresa de Jesus Peixoto Faria<\/span><br \/><span style=\"color: #547c46;\">Data da defesa: 29\/05\/2012<\/span><\/p>\n<hr \/>\n<p><strong><span style=\"color: #547c46;\">\u00bb <a style=\"color: #547c46;\" href=\"http:\/\/uenf.br\/posgraduacao\/politicas-sociais\/wp-content\/uploads\/sites\/11\/2015\/06\/FILIPE-CORREIA-DUARTE.pdf\" target=\"_blank\" rel=\"noopener\">FILIPE CORREIA DUARTE<\/a><\/span><\/strong><\/p>\n<p><span style=\"color: #547c46;\">\u201cA EXPANS\u00c3O DA MONOCULTURA DE EUCALIPTO NO NOROESTE FLUMINENSE E SEU POTENCIAL PARA A GERA\u00c7\u00c3O DE CONFLITOS SOCIOAMBIENTAIS\u201d<\/span><br \/><span style=\"color: #547c46;\"><strong>Orientador:<\/strong> Marcos Ant\u00f4nio Pedlowski<\/span><br \/><span style=\"color: #547c46;\">Data da defesa: 10\/05\/2012<\/span><\/p>\n<hr \/>\n<p><strong><span style=\"color: #547c46;\">\u00bb <a style=\"color: #547c46;\" href=\"http:\/\/uenf.br\/posgraduacao\/politicas-sociais\/wp-content\/uploads\/sites\/11\/2015\/06\/ROSANGELA-MARIA-AMORIM-BENEVIDES-GUIMAR%C3%83ES.pdf\" target=\"_blank\" rel=\"noopener\">ROSANGELA MARIA AMORIM BENEVIDES GUIMAR\u00c3ES<\/a><\/span><\/strong><\/p>\n<p><span style=\"color: #547c46;\">\u201cA PRIVATIZA\u00c7\u00c3O DA \u00c1GUA E SEUS IMPACTOS SOBRE POPULA\u00c7\u00d5ES RESIDINDO NA PERIFERIA URBANA DE CAMPOS DOS GOYTACAZES\/RJ\u201d<\/span><br \/><span style=\"color: #547c46;\"><strong>Orientador:<\/strong> Marcos Ant\u00f4nio Pedlowski<\/span><br \/><span style=\"color: #547c46;\">Data da defesa: 28\/06\/2012<\/span><\/p>\n<hr \/>\n<p><strong><span style=\"color: #547c46;\">\u00bb <a style=\"color: #547c46;\" href=\"http:\/\/uenf.br\/posgraduacao\/politicas-sociais\/wp-content\/uploads\/sites\/11\/2015\/06\/M%C3%95NICA-ROSA-DOS-SANTOS-SANTANNA.pdf\" target=\"_blank\" rel=\"noopener\">M\u00d5NICA ROSA DOS SANTOS SANTANNA<\/a><\/span><\/strong><\/p>\n<p><span style=\"color: #547c46;\">\u201cREPRESENTA\u00c7\u00c3O SOCIAL DA IMAGEM DO IDOSO NOS CORPUS DO JORNAL MONITOR CAMPISTA NO PER\u00cdODO DE 2003 A 2006\u201d<\/span><br \/><span style=\"color: #547c46;\"><strong>Orientador:<\/strong> Simonne Teixeira<\/span><br \/><span style=\"color: #547c46;\">Data da defesa: 28\/06\/2012<\/span><\/p>\n<hr \/>\n<p><strong><span style=\"color: #547c46;\">\u00bb <a style=\"color: #547c46;\" href=\"http:\/\/uenf.br\/posgraduacao\/politicas-sociais\/wp-content\/uploads\/sites\/11\/2015\/06\/DAYANE-DA-SILVA-SANTOS.pdf\" target=\"_blank\" rel=\"noopener\">DAYANE DA SILVA SANTOS<\/a><\/span><\/strong><\/p>\n<p><span style=\"color: #547c46;\">\u201cENTRE A TRAJET\u00d3RIA HIST\u00d3RICA E POL\u00cdTICAS PARA A EDUCA\u00c7\u00c3O PROFISSIONAL AGR\u00cdCOLA: AS TRANSFORMA\u00c7\u00d5ES DE UMA TRADI\u00c7\u00c3O FORMATIVA \u2013 O CASO DA ESCOLA T\u00c9CNICA ESTADUAL AGR\u00cdCOLA ANT\u00d4NIO SARLO\u201d<\/span><br \/><span style=\"color: #547c46;\"><strong>Orientador:<\/strong> Silvia Alicia Mart\u00ednez<\/span><br \/><span style=\"color: #547c46;\">Data da defesa: 28\/06\/2012<\/span><\/p>\t\t\t\t\t\t\t\t<\/div>\n\t\t\t\t<\/div>\n\t\t\t\t\t<\/div>\n\t\t\t\t<\/div>\n\t\t<div id=\"e-n-tab-content-94425151016\" role=\"tabpanel\" aria-labelledby=\"e-n-tab-title-94425151016\" data-tab-index=\"16\" style=\"--n-tabs-title-order: 16;\" class=\" elementor-element elementor-element-19fff17f e-flex e-con-boxed e-con e-child\" data-id=\"19fff17f\" data-element_type=\"container\" data-e-type=\"container\">\n\t\t\t\t\t<div class=\"e-con-inner\">\n\t\t\t\t<div class=\"elementor-element elementor-element-38e5355a elementor-widget__width-initial elementor-widget elementor-widget-text-editor\" data-id=\"38e5355a\" data-element_type=\"widget\" data-e-type=\"widget\" data-widget_type=\"text-editor.default\">\n\t\t\t\t<div class=\"elementor-widget-container\">\n\t\t\t\t\t\t\t\t\t<p><strong><span style=\"color: #547c46;\">\u00bb <a style=\"color: #547c46;\" href=\"http:\/\/uenf.br\/posgraduacao\/politicas-sociais\/wp-content\/uploads\/sites\/11\/2015\/06\/RONALDO-GUIMAR%C3%83ES-VICENTE-FILHO.compressed.pdf\" target=\"_blank\" rel=\"noopener\">RONALDO GUIMAR\u00c3ES VICENTE FILHO.compressed<\/a><\/span><\/strong><\/p>\n<p><span style=\"color: #547c46;\">\u201cPOL\u00cdTICAS P\u00daBLICAS DE CULTURA: UMA AN\u00c1LISE DA ATUA\u00c7\u00c3O DO CONSELHO DE PRESERVA\u00c7\u00c3O DO PATRIM\u00d4NIO ARQUITET\u00d4NICO MUNICIPAL\/COPPAM\u201d<\/span><br \/><span style=\"color: #547c46;\"><strong>Orientador:<\/strong> Simonne Teixeira<\/span><br \/><span style=\"color: #547c46;\">Data da defesa: 28\/01\/2011<\/span><\/p>\n<hr \/>\n<p><strong><span style=\"color: #547c46;\">\u00bb <a style=\"color: #547c46;\" href=\"http:\/\/uenf.br\/posgraduacao\/politicas-sociais\/wp-content\/uploads\/sites\/11\/2015\/06\/MIRIAM-CARVALHO-DE-ARAUJO-BARRETO.pdf\" target=\"_blank\" rel=\"noopener\">MIRIAM CARVALHO DE ARAUJO BARRETO<\/a><\/span><\/strong><\/p>\n<p><span style=\"color: #547c46;\">\u201cO ENSINO M\u00c9DIO REGULAR NOTURNO E A EDUCA\u00c7\u00c3O DE JOVENS E ADULTOS: UM OLHAR DOS\/DAS JOVENS EM MEIO AOS (DES) AMPARADOS DAS POL\u00cdTICAS P\u00daBLICAS\u201d<\/span><br \/><span style=\"color: #547c46;\"><strong>Orientador:<\/strong> Silvia Alicia Mart\u00ednez<\/span><br \/><span style=\"color: #547c46;\">Data da defesa: 30\/06\/2011<\/span><\/p>\n<hr \/>\n<p><strong><span style=\"color: #547c46;\">\u00bb <a style=\"color: #547c46;\" href=\"http:\/\/uenf.br\/posgraduacao\/politicas-sociais\/wp-content\/uploads\/sites\/11\/2015\/06\/KEILA-PIROVANI-DA-SILVA-FREITAS.pdf\" target=\"_blank\" rel=\"noopener\">KEILA PIROVANI DA SILVA FREITAS<\/a><\/span><\/strong><\/p>\n<p><span style=\"color: #547c46;\">\u201cPRODU\u00c7\u00c3O E APROPRIA\u00c7\u00c3O DO ESPA\u00c7O URBANO DE CAMPOS DOS GOYTACAZES: DA RESID\u00caNCIA UNIFAMILIAR AOS EDIF\u00cdCIOS DE APARTAMENTOS\u201d<\/span><br \/><span style=\"color: #547c46;\"><strong>Orientador:<\/strong> Teresa de Jesus Peixoto Faria<\/span><br \/><span style=\"color: #547c46;\">Data da defesa: 20\/07\/2011<\/span><\/p>\n<hr \/>\n<p><strong><span style=\"color: #547c46;\">\u00bb <a style=\"color: #547c46;\" href=\"http:\/\/uenf.br\/posgraduacao\/politicas-sociais\/wp-content\/uploads\/sites\/11\/2015\/06\/GISELE-DA-SILVA-GON%C3%87ALVES.pdf\" target=\"_blank\" rel=\"noopener\">GISELE DA SILVA GON\u00c7ALVES<\/a><\/span><\/strong><\/p>\n<p><span style=\"color: #547c46;\">\u201cA CAVALHADA DE SANTO AMARO: UMA CULTURA VIVA NA BAIXADA CAMPISTA\u201d<\/span><br \/><span style=\"color: #547c46;\"><strong>Orientador:<\/strong> Simonne Teixeira<\/span><br \/><span style=\"color: #547c46;\">Data da defesa: 15\/08\/2011<\/span><\/p>\n<hr \/>\n<p><strong><span style=\"color: #547c46;\">\u00bb <a style=\"color: #547c46;\" href=\"http:\/\/uenf.br\/posgraduacao\/politicas-sociais\/wp-content\/uploads\/sites\/11\/2015\/06\/PAULO-SANTOS-FREITAS-JUNIOR.pdf\" target=\"_blank\" rel=\"noopener\">PAULO SANTOS FREITAS JUNIOR<\/a><\/span><\/strong><\/p>\n<p><span style=\"color: #547c46;\">\u201cNEM T\u00c3O AZUL, NEM T\u00c3O ROSA: OS PROFESSORES E SUAS REPRESENTA\u00c7\u00d5ES DO DIFRENTE NO CONTEXTO ESCOLAR\u201d<\/span><br \/><span style=\"color: #547c46;\"><strong>Orientador:<\/strong> Li\u00e9te de Oliveira Acc\u00e1cio<\/span><br \/><span style=\"color: #547c46;\">Data da defesa: 20\/09\/2011<\/span><\/p>\n<hr \/>\n<p><strong><span style=\"color: #547c46;\">\u00bb <a style=\"color: #547c46;\" href=\"http:\/\/uenf.br\/posgraduacao\/politicas-sociais\/wp-content\/uploads\/sites\/11\/2015\/06\/CRISTINE-GOMES-DAVILA.pdf\" target=\"_blank\" rel=\"noopener\">CRISTINE GOMES D\u2019AVILA<\/a><\/span><\/strong><\/p>\n<p><span style=\"color: #547c46;\">\u201cDA SITUA\u00c7\u00c3O IRREGULAR A PROTE\u00c7\u00c3O INTEGRAL: A JUVENTUDE EM CONFLITO COM A LEI EM CAMPOS DOS GOYTACAZES\u201d<\/span><br \/><span style=\"color: #547c46;\"><strong>Orientador:<\/strong> Marcelo Carlos Gantos<\/span><br \/><span style=\"color: #547c46;\">Data da defesa: 27\/09\/2011<\/span><\/p>\n<hr \/>\n<p><strong><span style=\"color: #547c46;\">\u00bb <a style=\"color: #547c46;\" href=\"http:\/\/uenf.br\/posgraduacao\/politicas-sociais\/wp-content\/uploads\/sites\/11\/2015\/06\/EDILAMAR-VIANA-DA-SILVA.pdf\" target=\"_blank\" rel=\"noopener\">EDILAMAR VIANA DA SILVA<\/a><\/span><\/strong><\/p>\n<p><span style=\"color: #547c46;\">\u201cPROFISS\u00c3O: SERVI\u00c7O SOCIAL. TRAJET\u00d3RIA HIST\u00d3RICA E PERFIL PROFISSIONAL NO MUNIC\u00cdPIO DE CAMPOS DOS GOYTACAZES\/RJ\u201d<\/span><br \/><span style=\"color: #547c46;\"><strong>Orientador:<\/strong> Marcelo Carlos Gantos<\/span><br \/><span style=\"color: #547c46;\">Data da defesa: 26\/09\/2011<\/span><\/p>\n<hr \/>\n<p><strong><span style=\"color: #547c46;\">\u00bb <a style=\"color: #547c46;\" href=\"http:\/\/uenf.br\/posgraduacao\/politicas-sociais\/wp-content\/uploads\/sites\/11\/2015\/06\/WILLIAM-SOUZA-PASSOS.pdf\" target=\"_blank\" rel=\"noopener\">WILLIAM SOUZA PASSOS<\/a><\/span><\/strong><\/p>\n<p><span style=\"color: #547c46;\">\u201cCANA-DE-A\u00c7\u00daCAR, PETR\u00d3LEO E GRANDES INTERVEN\u00c7\u00d5ES REGIONAIS: PROJETOS SETORIAIS EM DISPUTA NO CAMPO DOS DISCURSOS REGIONALISTAS DE DESENVOLVIMENTO DE CAMPOS DOS GOYTACAZES\u201d<\/span><br \/><span style=\"color: #547c46;\"><strong>Orientador:<\/strong> Marlon Gomes Ney<\/span><br \/><span style=\"color: #547c46;\">Data da defesa: 08\/09\/2011<\/span><\/p>\n<hr \/>\n<p><strong><span style=\"color: #547c46;\">\u00bb <a style=\"color: #547c46;\" href=\"http:\/\/uenf.br\/posgraduacao\/politicas-sociais\/wp-content\/uploads\/sites\/11\/2015\/06\/JULIANO-SOARES-RANGEL.pdf\" target=\"_blank\" rel=\"noopener\">JULIANO SOARES RANGEL<\/a><\/span><\/strong><\/p>\n<p><span style=\"color: #547c46;\">\u201cPARTICIPA\u00c7\u00c3O E REPRESENTA\u00c7\u00c3O POL\u00cdTICA DOS ATORES SOCIAIS NO CONSELHO MUNICIPAL DE EDUCA\u00c7\u00c3O DE CAMPOS DOS GOYTACAZES NOS ANOS 2009 E 2010\u201d<\/span><br \/><span style=\"color: #547c46;\"><strong>Orientador:<\/strong> Sonia Martins de Almeida Nogueira<\/span><br \/><span style=\"color: #547c46;\">Data da defesa: 24\/10\/2011<\/span><\/p>\n<hr \/>\n<p><span style=\"color: #547c46;\"><strong>\u00bb NAT\u00c1LIA GUIMAR\u00c3ES MOTH\u00c9<\/strong><\/span><\/p>\n<p><strong><span style=\"color: #547c46;\"><a style=\"color: #547c46;\" href=\"http:\/\/uenf.br\/posgraduacao\/politicas-sociais\/wp-content\/uploads\/sites\/11\/2015\/06\/NAT%C3%81LIA-GUIMAR%C3%83ES-MOTH%C3%89-parte-1.pdf\" target=\"_blank\" rel=\"noopener\">\u00bb NAT\u00c1LIA GUIMAR\u00c3ES MOTH\u00c9 parte 1<\/a><\/span><\/strong><\/p>\n<p><strong><span style=\"color: #547c46;\"><a style=\"color: #547c46;\" href=\"http:\/\/uenf.br\/posgraduacao\/politicas-sociais\/wp-content\/uploads\/sites\/11\/2015\/06\/NAT%C3%81LIA-GUIMAR%C3%83ES-MOTH%C3%89-parte-2.pdf\" target=\"_blank\" rel=\"noopener\">\u00bb NAT\u00c1LIA GUIMAR\u00c3ES MOTH\u00c9 parte 2<\/a><\/span><\/strong><\/p>\n<p><span style=\"color: #547c46;\">\u201cDIN\u00c2MICA SOCIOESPACIAL EM ZONA DE EXPANS\u00c3O URBANA, OS IMPACTOS DA IMPLANTA\u00c7\u00c3O DE NOVOS EMPREENDIMENTOS NA \u00c1REA AO ENTORNO DA AV. SILVIO BASTOS TAVARES EM CAMPOS DOS GOYTACAZES \u201d<\/span><br \/><span style=\"color: #547c46;\"><strong>Orientador:<\/strong> TERESA DE JESUS PEIXOTO FARIA<\/span><br \/><span style=\"color: #547c46;\">Data da defesa: 20\/12\/2011<\/span><\/p>\t\t\t\t\t\t\t\t<\/div>\n\t\t\t\t<\/div>\n\t\t\t\t\t<\/div>\n\t\t\t\t<\/div>\n\t\t<div id=\"e-n-tab-content-94425151017\" role=\"tabpanel\" aria-labelledby=\"e-n-tab-title-94425151017\" data-tab-index=\"17\" style=\"--n-tabs-title-order: 17;\" class=\" elementor-element elementor-element-310846a7 e-flex e-con-boxed e-con e-child\" data-id=\"310846a7\" data-element_type=\"container\" data-e-type=\"container\">\n\t\t\t\t\t<div class=\"e-con-inner\">\n\t\t\t\t<div class=\"elementor-element elementor-element-688fe345 elementor-widget__width-initial elementor-widget elementor-widget-text-editor\" data-id=\"688fe345\" data-element_type=\"widget\" data-e-type=\"widget\" data-widget_type=\"text-editor.default\">\n\t\t\t\t<div class=\"elementor-widget-container\">\n\t\t\t\t\t\t\t\t\t<p><strong><span style=\"color: #547c46;\">\u00bb <a style=\"color: #547c46;\" href=\"http:\/\/uenf.br\/posgraduacao\/politicas-sociais\/wp-content\/uploads\/sites\/11\/2015\/06\/OT%C3%81VIO-CORDEIRO-DE-PAULA.pdf\" target=\"_blank\" rel=\"noopener\">OT\u00c1VIO CORDEIRO DE PAULA<\/a><\/span><\/strong><\/p>\n<p><span style=\"color: #547c46;\">\u201cBREVE ESTUDO DA IMPLEMENTA\u00c7\u00c3O DO PRINC\u00cdPIO DA DESCENTRALIZA\u00c7\u00c3O DO ESTADO: A A\u00c7\u00c3O POL\u00cdTICA DO CONSELHO MUNICIPAL DE EDUCA\u00c7\u00c3O\u201d<\/span><br \/><span style=\"color: #547c46;\"><strong>Orientador:<\/strong> Sonia Martins de Almeida Nogueira<\/span><br \/><span style=\"color: #547c46;\">Data da defesa: 11\/02\/2010<\/span><\/p>\n<hr \/>\n<p><strong><span style=\"color: #547c46;\">\u00bb <a style=\"color: #547c46;\" href=\"http:\/\/uenf.br\/posgraduacao\/politicas-sociais\/wp-content\/uploads\/sites\/11\/2015\/06\/GISELE-ROGERIA-PENATIERI.compressed.pdf\" target=\"_blank\" rel=\"noopener\">GISELE ROGERIA PENATIERI.compressed<\/a><\/span><\/strong><\/p>\n<p><span style=\"color: #547c46;\">\u201cESCOLA, EXPERI\u00caNCIA ESTUDANTIL E JUVENTUDE: PASSADO, PRESENTE E FUTURO PERMEADOS PELA ESCOLA\u201d<\/span><br \/><span style=\"color: #547c46;\"><strong>Orientador:<\/strong> Silvia Alicia Mart\u00ednez<\/span><\/p>\n<p><span style=\"color: #547c46;\">Data da defesa: 10\/06\/2010<\/span><\/p>\n<hr \/>\n<p><strong><span style=\"color: #547c46;\">\u00bb <a style=\"color: #547c46;\" href=\"http:\/\/uenf.br\/posgraduacao\/politicas-sociais\/wp-content\/uploads\/sites\/11\/2015\/06\/IV%C3%82NIA-RIBEIRO-SILVA.pdf\" target=\"_blank\" rel=\"noopener\">IV\u00c2NIA RIBEIRO SILVA<\/a><\/span><\/strong><\/p>\n<p><span style=\"color: #547c46;\">\u201cAS POL\u00cdTICAS P\u00daBLICAS MUNICIPAIS VOLTADAS PARA O MUNDO DO TRABALHO, EM MACA\u00c9, DE 1997 A 2007, E SEUS REFLEXOS NO ALUNADO DO ENSINO FUNDAMENTAL DO BAIRRO NOVA HOLANDA\u201d<\/span><br \/><span style=\"color: #547c46;\"><strong>Orientador:<\/strong> Simonne Teixeira<\/span><br \/><span style=\"color: #547c46;\">Data da defesa: 08\/06\/2010<\/span><\/p>\n<hr \/>\n<p><span style=\"color: #547c46;\"><strong>\u00bb CHRISTIANE MENEZES RODRIGUES FALC\u00c3O<\/strong><\/span><\/p>\n<p><span style=\"color: #547c46;\">\u201cDA ESCOLA AO TRABALHO: REPRESENTA\u00c7\u00d5ES SOCIAIS DE JOVENS ALUNOS DA EDUCA\u00c7\u00c3O PROFISSIONAL E TECNOL\u00d3GICA E SEUS PROJETOS DE FUTURO\u201d<\/span><br \/><span style=\"color: #547c46;\"><strong>Orientador:<\/strong> Silvia Alicia Mart\u00ednez<\/span><br \/><span style=\"color: #547c46;\">Data da defesa: 28\/09\/2010<\/span><\/p>\n<hr \/>\n<p><strong><span style=\"color: #547c46;\">\u00bb <a style=\"color: #547c46;\" href=\"http:\/\/uenf.br\/posgraduacao\/politicas-sociais\/wp-content\/uploads\/sites\/11\/2015\/06\/CLARISSA-ALEXANDRA-GUAJARDO-SEMENSATO.compressed.pdf\" target=\"_blank\" rel=\"noopener\">CLARISSA ALEXANDRA GUAJARDO SEMENSATO.compressed<\/a><\/span><\/strong><\/p>\n<p><span style=\"color: #547c46;\">\u201cAS CONFER\u00caNCIAS DE CULTURA COMO ESTRAT\u00c9GIA DE DESCENTRALIZA\u00c7\u00c3O E PARTICIPA\u00c7\u00c3O PARA AS POL\u00cdTICAS CULTURAIS: O CASO DE CAMPOS DOS GOYTACAZES\u201d<\/span><br \/><span style=\"color: #547c46;\"><strong>Orientador:<\/strong> Simonne Teixeira<\/span><br \/><span style=\"color: #547c46;\">Data da defesa: 13\/09\/2010<\/span><\/p>\n<hr \/>\n<p><strong><span style=\"color: #547c46;\">\u00bb <a style=\"color: #547c46;\" href=\"http:\/\/uenf.br\/posgraduacao\/politicas-sociais\/wp-content\/uploads\/sites\/11\/2015\/06\/IVANISY-DA-SILVA-AMARAL-CAPDEVILLE.pdf\" target=\"_blank\" rel=\"noopener\">IVANISY DA SILVA AMARAL CAPDEVILLE<\/a><\/span><\/strong><\/p>\n<p><span style=\"color: #547c46;\">\u201cASSIST\u00caNCIA \u00c0 INF\u00c2NCIA E \u00c0 ADOLESC\u00caNCIA DE CAMPOS DOS GOYTACAZES: A TRAJET\u00d3RIA DA FUNDA\u00c7\u00c3O MUNICIPAL DA INF\u00c2NCIA E JUVENTUDE\u201d<\/span><br \/><span style=\"color: #547c46;\"><strong>Orientador:<\/strong> Silvia Alicia Mart\u00ednez<\/span><br \/><span style=\"color: #547c46;\">Data da defesa: 01\/09\/2010<\/span><\/p>\n<hr \/>\n<p><strong><span style=\"color: #547c46;\">\u00bb <a style=\"color: #547c46;\" href=\"http:\/\/uenf.br\/posgraduacao\/politicas-sociais\/wp-content\/uploads\/sites\/11\/2015\/06\/JANIKE-MENDES-LOUVISE-GOMES.pdf\" target=\"_blank\" rel=\"noopener\">JANIKE MENDES LOUVISE GOMES<\/a><\/span><\/strong><\/p>\n<p><span style=\"color: #547c46;\">\u201cCOL\u00c9GIO DE ITAOCARA: MARCO PRECURSOR DA POL\u00cdTICA DE FORMA\u00c7\u00c3O DE PROFESSORES EM ITAOCARA\u201d<\/span><br \/><span style=\"color: #547c46;\"><strong>Orientador:<\/strong> Li\u00e9te de Oliveira Acc\u00e1cio<\/span><\/p>\n<p><span style=\"color: #547c46;\">Data da defesa: 16\/12\/2010<\/span><\/p>\t\t\t\t\t\t\t\t<\/div>\n\t\t\t\t<\/div>\n\t\t\t\t\t<\/div>\n\t\t\t\t<\/div>\n\t\t<div id=\"e-n-tab-content-94425151018\" role=\"tabpanel\" aria-labelledby=\"e-n-tab-title-94425151018\" data-tab-index=\"18\" style=\"--n-tabs-title-order: 18;\" class=\" elementor-element elementor-element-4e8e2530 e-flex e-con-boxed e-con e-child\" data-id=\"4e8e2530\" data-element_type=\"container\" data-e-type=\"container\">\n\t\t\t\t\t<div class=\"e-con-inner\">\n\t\t\t\t<div class=\"elementor-element elementor-element-1f066751 elementor-widget__width-initial elementor-widget elementor-widget-text-editor\" data-id=\"1f066751\" data-element_type=\"widget\" data-e-type=\"widget\" data-widget_type=\"text-editor.default\">\n\t\t\t\t<div class=\"elementor-widget-container\">\n\t\t\t\t\t\t\t\t\t<p><strong><span style=\"color: #547c46;\">\u00bb <a style=\"color: #547c46;\" href=\"http:\/\/uenf.br\/posgraduacao\/politicas-sociais\/wp-content\/uploads\/sites\/11\/2015\/06\/VERONICA-VAZ-MAGESTE.pdf\" target=\"_blank\" rel=\"noopener\">VERONICA VAZ MAGESTE<\/a><\/span><\/strong><\/p>\n<p><span style=\"color: #547c46;\">\u201cRESPONSABILIDADE SOCIAL: UM ESTUDO SOBRE A PERCEP\u00c7\u00c3O DO EMPRESARIADO MACAENSE, DO SETOR DE SERVI\u00c7OS DA IND\u00daSTRIA DO PETR\u00d3LEO, EM RELA\u00c7\u00c3O \u00c0 ADO\u00c7\u00c3O DE PR\u00c1TICAS SOCIALMENTE RESPONS\u00c1VEIS\u201d<\/span><br \/><span style=\"color: #547c46;\"><strong>Orientador:<\/strong> Marcelo Carlos Gantos<\/span><br \/><span style=\"color: #547c46;\">Data da defesa: 16\/02\/2009<\/span><\/p>\n<hr \/>\n<p><strong><span style=\"color: #547c46;\">\u00bb <a style=\"color: #547c46;\" href=\"http:\/\/uenf.br\/posgraduacao\/politicas-sociais\/wp-content\/uploads\/sites\/11\/2015\/04\/ALEXANDRE-GRAVINA.pdf\" target=\"_blank\" rel=\"noopener\">ALEXANDRE DE MATOS GRAVINA<\/a><\/span><\/strong><\/p>\n<p><span style=\"color: #547c46;\">\u201cA FORMA\u00c7\u00c3O DE PROFESSORES DOS ANOS INICIAIS PELA MODALIDADE \u00c0 DIST\u00c2NCIA DO CEDERJ NO\u00b4P\u00d3LO DE SAQUAREMA: O ALUNO NO ESTUDO SEMIPRESENCIAL\u201d<\/span><br \/><span style=\"color: #547c46;\"><strong>Orientador:<\/strong> Li\u00e9te de Oliveira Acc\u00e1cio<\/span><br \/><span style=\"color: #547c46;\">Data da defesa: 09\/07\/2009<\/span><\/p>\n<hr \/>\n<p><strong><span style=\"color: #547c46;\">\u00bb <a style=\"color: #547c46;\" href=\"http:\/\/uenf.br\/posgraduacao\/politicas-sociais\/wp-content\/uploads\/sites\/11\/2015\/06\/ANA-PAULA-SERPA-NOGUEIRA-DE-ARRUDA.compressed.pdf\" target=\"_blank\" rel=\"noopener\">ANA PAULA SERPA NOGUEIRA DE ARRUDA.compressed<\/a><\/span><\/strong><\/p>\n<p><span style=\"color: #547c46;\">\u201cPOL\u00cdTICA HABITACIONAL E REMO\u00c7\u00c3O DE FAVELAS EM CIDADES DE PORTE M\u00c9DIO: A EXPERI\u00caNCIA DO CONJUNTO HABITACIONAL ALDEIA EM CAMPOS DOS GOYTACAZES \u2013 RJ\u201d<\/span><br \/><span style=\"color: #547c46;\"><strong>Orientador:<\/strong> Teresa de Jesus Peixoto Faria<\/span><br \/><span style=\"color: #547c46;\">Data da defesa: 09\/10\/2009<\/span><\/p>\n<hr \/>\n<p><strong><span style=\"color: #547c46;\">\u00bb <a style=\"color: #547c46;\" href=\"http:\/\/uenf.br\/posgraduacao\/politicas-sociais\/wp-content\/uploads\/sites\/11\/2015\/06\/BEATRIZ-DE-OLIVEIRA-PIRES.pdf\" target=\"_blank\" rel=\"noopener\">BEATRIZ DE OLIVEIRA PIRES<\/a><\/span><\/strong><\/p>\n<p><span style=\"color: #547c46;\">\u201cTRANSFORMA\u00c7\u00c3O PRODUTIVA DE ESPA\u00c7OS RURAIS E SEUS IMACTOS SOBRE POPULA\u00c7\u00d5ES LOCAIS: UMA AN\u00c1LISE DA CONSTRU\u00c7\u00c3O DO COMPLEXO PORTU\u00c1RIO DA BARRA DO A\u00c7U NO MUNIC\u00cdPIO DE S\u00c3O JO\u00c3O DA BARRA,RJ\u201d<\/span><br \/><span style=\"color: #547c46;\"><strong>Orientador:<\/strong> Marcos Ant\u00f4nio Pedlowski<\/span><br \/><span style=\"color: #547c46;\">Data da defesa: 13\/07\/2009<\/span><\/p>\n<hr \/>\n<p><strong><span style=\"color: #547c46;\">\u00bb <a style=\"color: #547c46;\" href=\"http:\/\/uenf.br\/posgraduacao\/politicas-sociais\/wp-content\/uploads\/sites\/11\/2015\/06\/CARLOS-ANT%C3%94NIO-DE-SOUZA-MORAES.pdf\" target=\"_blank\" rel=\"noopener\">CARLOS ANT\u00d4NIO DE SOUZA MORAES<\/a><\/span><\/strong><\/p>\n<p><span style=\"color: #547c46;\">\u201cCATADORES DA SOBREVIV\u00caNCIA: ESTUDO DO TRABALHO E DAS RELA\u00c7\u00d5ES DE TRABALHO ENTRE CATADORES DE MATERIAIS RECICL\u00c1VEIS DE RUA NO MUNIC\u00cdPIO DE BOM JESUS DO ITABAPOANA\u201d<\/span><br \/><span style=\"color: #547c46;\"><strong>Orientador:<\/strong> H\u00e9rnan Armando Mamani<\/span><br \/><span style=\"color: #547c46;\">Data da defesa: 20\/06\/2009<\/span><\/p>\n<hr \/>\n<p><strong><span style=\"color: #547c46;\">\u00bb <a style=\"color: #547c46;\" href=\"http:\/\/uenf.br\/posgraduacao\/politicas-sociais\/wp-content\/uploads\/sites\/11\/2015\/06\/CLAUDIM%C3%89IA-DO-ROS%C3%81RIO-ALMEIDA.pdf\" target=\"_blank\" rel=\"noopener\">CLAUDIM\u00c9IA DO ROS\u00c1RIO ALMEIDA<\/a><\/span><\/strong><\/p>\n<p><span style=\"color: #547c46;\">\u201cA QUEST\u00c3O AMBIENTAL ENQUANTO INSTRUMENTO DE ORGANIZA\u00c7\u00c3O DO ESPA\u00c7O URBANO: OS CASOS DAS LAGOAS URBANAS EM CAMPOS DOS GOYTACAZES (RJ)\u201d<\/span><br \/><span style=\"color: #547c46;\"><strong>Orientador:<\/strong> Marcos Ant\u00f4nio Pedlowski<\/span><br \/><span style=\"color: #547c46;\">Data da defesa: 09\/06\/2009<\/span><\/p>\n<hr \/>\n<p><strong><span style=\"color: #547c46;\">\u00bb <a style=\"color: #547c46;\" href=\"http:\/\/uenf.br\/posgraduacao\/politicas-sociais\/wp-content\/uploads\/sites\/11\/2015\/06\/CRISTIANE-DA-SILVA-MONTEIRO.pdf\" target=\"_blank\" rel=\"noopener\">CRISTIANE DA SILVA MONTEIRO<\/a><\/span><\/strong><\/p>\n<p><span style=\"color: #547c46;\">\u201cA MUNICIPALIZA\u00c7\u00c3O DO LICENCIAMENTO AMBIENTAL COMO INSTRUMEN TO PARA O DESENVOLVIMENTO URBANO SUSTENT\u00c1VEL: O CASO DE MACA\u00c9\/RJ\u201d<\/span><br \/><span style=\"color: #547c46;\"><strong>Orientador:<\/strong> Teresa de Jesus Peixoto Faria<\/span><br \/><span style=\"color: #547c46;\">Data da defesa: 24\/04\/2009<\/span><\/p>\n<hr \/>\n<p><strong><span style=\"color: #547c46;\">\u00bb <a style=\"color: #547c46;\" href=\"http:\/\/uenf.br\/posgraduacao\/politicas-sociais\/wp-content\/uploads\/sites\/11\/2015\/06\/DILCEA-DE-ARAUJO-VIEIRA-SMIRDELE.pdf\" target=\"_blank\" rel=\"noopener\">DILCEA DE ARAUJO VIEIRA SMIRDELE<\/a><\/span><\/strong><\/p>\n<p><span style=\"color: #547c46;\">\u201cO MULTIFORME DESAFIO DO SETOR SUCROALCOOLEIRO DE CAMPOS DOS GOYTACAZES (RJ)\u201d<\/span><br \/><span style=\"color: #547c46;\"><strong>Orientador:<\/strong> Paulo Marcelo de Souza<\/span><br \/><span style=\"color: #547c46;\">Data da defesa: 24\/11\/2009<\/span><\/p>\n<hr \/>\n<p><strong><span style=\"color: #547c46;\">\u00bb <a style=\"color: #547c46;\" href=\"http:\/\/uenf.br\/posgraduacao\/politicas-sociais\/wp-content\/uploads\/sites\/11\/2015\/06\/EDIMILSON-ANTONIO-MOTA.pdf\" target=\"_blank\" rel=\"noopener\">EDIMILSON ANTONIO MOTA<\/a><\/span><\/strong><\/p>\n<p><span style=\"color: #547c46;\">\u201cO OLHAR DOS AGENTES ESCOLARES SOBRE A LEI 10.639\/03: O DESAFIO DE SUA IMPLEMENTA\u00c7\u00c3O\u201d<\/span><br \/><span style=\"color: #547c46;\"><strong>Orientador:<\/strong> Silvia Alicia Martinez<\/span><br \/><span style=\"color: #547c46;\">Data da defesa: 30\/09\/2009<\/span><\/p>\n<hr \/>\n<p><strong><span style=\"color: #547c46;\">\u00bb <a style=\"color: #547c46;\" href=\"http:\/\/uenf.br\/posgraduacao\/politicas-sociais\/wp-content\/uploads\/sites\/11\/2015\/06\/GISELLE-ALMEIDA-BARRETO.pdf\" target=\"_blank\" rel=\"noopener\">GISELLE ALMEIDA BARRETO<\/a><\/span><\/strong><\/p>\n<p><span style=\"color: #547c46;\">\u201cUENF, EXTENS\u00c3O E POL\u00cdTICAS DE SA\u00daDE: UM DEBATE ACERCA DA RELA\u00c7\u00c3O ENTRE UNIVERSIDADE, COMUNIDADE E PODER P\u00daBLICO NO MUNIC\u00cdPIO DE CAMPOS DOS GOYTACAZES \u2013 RJ\u201d<\/span><br \/><span style=\"color: #547c46;\"><strong>Orientador:<\/strong> Ad\u00e9lia Maria Miglievich Ribeiro<\/span><br \/><span style=\"color: #547c46;\">Data da defesa: 20\/07\/2009<\/span><\/p>\n<hr \/>\n<p><strong><span style=\"color: #547c46;\">\u00bb <a style=\"color: #547c46;\" href=\"http:\/\/uenf.br\/posgraduacao\/politicas-sociais\/wp-content\/uploads\/sites\/11\/2015\/06\/JOSETE-PEREIRA-PERES-SOARES.pdf\" target=\"_blank\" rel=\"noopener\">JOSETE PEREIRA PERES SOARES<\/a><\/span><\/strong><\/p>\n<p><span style=\"color: #547c46;\">\u201cOS ALUNOS DO PR\u00d3UNI E AS POL\u00cdTICAS SOCIAIS: O CASO DO MUNIC\u00cdPIO DE CAMPOS DOS GOYTACAZES\u201d<\/span><br \/><span style=\"color: #547c46;\"><strong>Orientador:<\/strong> Silvia Alicia Martinez<\/span><br \/><span style=\"color: #547c46;\">Data da defesa: 12\/03\/2009<\/span><\/p>\n<hr \/>\n<p><strong><span style=\"color: #547c46;\">\u00bb <a style=\"color: #547c46;\" href=\"http:\/\/uenf.br\/posgraduacao\/politicas-sociais\/wp-content\/uploads\/sites\/11\/2015\/06\/JULIO-C%C3%89ZAR-PINHEIRO-DE-OLIVEIRA.pdf\" target=\"_blank\" rel=\"noopener\">JULIO C\u00c9ZAR PINHEIRO DE OLIVEIRA<\/a><\/span><\/strong><\/p>\n<p><span style=\"color: #547c46;\">\u201cESTADO LOCAL COMO PRODUTOR E MODELADOR DO ESPA\u00c7O URBANO. UM ESTUDO DE CASO DAS POL\u00cdTICAS MUNICIPAIS DE HABITA\u00c7\u00c3O EM CAMPOS DOS GOYTACAZES, RJ\u201d<\/span><br \/><span style=\"color: #547c46;\"><strong>Orientador:<\/strong> Marcos Ant\u00f4nio Pedlowski<\/span><br \/><span style=\"color: #547c46;\">Data da defesa: 05\/06\/2009<\/span><\/p>\n<hr \/>\n<p><strong><span style=\"color: #547c46;\">\u00bb <a style=\"color: #547c46;\" href=\"http:\/\/uenf.br\/posgraduacao\/politicas-sociais\/wp-content\/uploads\/sites\/11\/2015\/06\/LUDMILA-NEVES-HADDAD.pdf\" target=\"_blank\" rel=\"noopener\">LUDMILA NEVES HADDAD<\/a><\/span><\/strong><\/p>\n<p><span style=\"color: #547c46;\">\u201cANALISANDO AS TENS\u00d5ES ENTRE PRODU\u00c7\u00c3O AGR\u00cdCOLA E CONSERVA\u00c7\u00c3O AMBIENTAL NO CONTEXTO DOS ASSENTAMENTOS REFORMA AGR\u00c1RIA, CAMPOS DOS GOYTACAZES, RJ\u201d<\/span><br \/><span style=\"color: #547c46;\"><strong>Orientador:<\/strong> Marcos Ant\u00f4nio Pedlowski<\/span><br \/><span style=\"color: #547c46;\">Data da defesa: 24\/06\/2009<\/span><\/p>\n<hr \/>\n<p><strong><span style=\"color: #547c46;\">\u00bb <a style=\"color: #547c46;\" href=\"http:\/\/uenf.br\/posgraduacao\/politicas-sociais\/wp-content\/uploads\/sites\/11\/2015\/06\/PAULO-SERGIO-RIBEIRO-DA-SILVA-JUNIOR.pdf\" target=\"_blank\" rel=\"noopener\">PAULO SERGIO RIBEIRO DA SILVA JUNIOR<\/a><\/span><\/strong><\/p>\n<p><span style=\"color: #547c46;\">\u201cUMA SOCIOLOGIA DOS CONFLITOS A PARTIR DO PROGRAMA DOS CIEP\u2019S: CONFIGURA\u00c7\u00d5ES DO CAMPO POL\u00cdTICO\u201d<\/span><br \/><span style=\"color: #547c46;\"><strong>Orientador:<\/strong> Ad\u00e9lia Maria Miglievich Ribeiro<\/span><br \/><span style=\"color: #547c46;\">Data da defesa: 29\/06\/2009<\/span><\/p>\n<hr \/>\n<p><span style=\"color: #547c46;\"><strong>\u00bb MARIA CAROLINA ZAMBON<\/strong><\/span><\/p>\n<p><span style=\"color: #547c46;\">\u201cA PETROBR\u00c1S E SUA INFLU\u00caNCIA NAS FORMAS DE REPRESENTA\u00c7\u00c3O SOCIAL DA COMUNIDADE DE REG\u00caNCIA \u2013 ES\u201d<\/span><br \/><span style=\"color: #547c46;\"><strong>Orientador:<\/strong> Marcelo Carlos Gantos<\/span><br \/><span style=\"color: #547c46;\">Data da defesa: 09\/07\/2009<\/span><\/p>\n<hr \/>\n<p><strong><span style=\"color: #547c46;\">\u00bb <a style=\"color: #547c46;\" href=\"http:\/\/uenf.br\/posgraduacao\/politicas-sociais\/wp-content\/uploads\/sites\/11\/2015\/06\/MARILENE-DE-ALMEIDA-VIANA-REID-SILVA.pdf\" target=\"_blank\" rel=\"noopener\">MARILENE DE ALMEIDA VIANA REID SILVA<\/a><\/span><\/strong><\/p>\n<p><span style=\"color: #547c46;\">\u201cA EVAS\u00c3O DA UENF: UMA AN\u00c1LISE DOS CURSOS DE LICENCIATURA\u201d<\/span><br \/><span style=\"color: #547c46;\"><strong>Orientador:<\/strong> Li\u00e9te de Oliveira Acc\u00e1cio<\/span><br \/><span style=\"color: #547c46;\">Data da defesa: 25\/06\/2009<\/span><\/p>\n<hr \/>\n<p><strong><span style=\"color: #547c46;\">\u00bb <a style=\"color: #547c46;\" href=\"http:\/\/uenf.br\/posgraduacao\/politicas-sociais\/wp-content\/uploads\/sites\/11\/2015\/06\/REGINA-M%C3%81RCIA-GOMES-CRESPO.compressed.pdf\" target=\"_blank\" rel=\"noopener\">REGINA M\u00c1RCIA GOMES CRESPO.compressed<\/a><\/span><\/strong><\/p>\n<p><span style=\"color: #547c46;\">\u201cPOL\u00cdTICAS EDUCACIONAIS E MAGIST\u00c9RIO EM TERRAS FLUMINENSES: ITINER\u00c1RIO S\u00d3CIO-HIST\u00d3RICO DO CURSO DE FORMA\u00c7\u00c3O DE PROFESSORES NO INSTITUTO DE EDUCA\u00c7\u00c3O DE CAMPOS, NAS D\u00c9CADAS DE 1950-1960\u201d<\/span><br \/><span style=\"color: #547c46;\"><strong>Orientador:<\/strong> Li\u00e9te de Oliveira Acc\u00e1cio<\/span><br \/><span style=\"color: #547c46;\">Data da defesa: 28\/05\/2009<\/span><\/p>\n<hr \/>\n<p><strong><span style=\"color: #547c46;\">\u00bb <a style=\"color: #547c46;\" href=\"http:\/\/uenf.br\/posgraduacao\/politicas-sociais\/wp-content\/uploads\/sites\/11\/2015\/06\/TONNY-CORREA-MACHADO.pdf\" target=\"_blank\" rel=\"noopener\">TONNY CORREA MACHADO<\/a><\/span><\/strong><\/p>\n<p><span style=\"color: #547c46;\">\u201cA UNIVERSIDADE P\u00daBLICA E O SETOR PRODUTIVO: O CASO PETROBR\u00c1S NA UNIVERSIDADE ESTADUAL DO NORTE FLUMINENSE \u2013 DARCY RIBEIRO (UENF)\u201d<\/span><br \/><span style=\"color: #547c46;\"><strong>Orientador:<\/strong> Ad\u00e9lia Maria Miglievich Ribeiro<\/span><br \/><span style=\"color: #547c46;\">Data da defesa:25\/11\/2009<\/span><\/p>\n<hr \/>\n<p><span style=\"color: #547c46;\"><strong>\u00bb VALDIR JUNIO DOS SANTOS<\/strong><\/span><\/p>\n<p><span style=\"color: #547c46;\">\u201cPOL\u00cdTICA DE DESENVOLVIMENTO E IMPACTO DO PRONAF NA ESTRUTURA S\u00d3CIOPRODUTIVA DOS ASSENTAMENTOS RURAIS DE CAMPOS DOS GOYTACAZES\u201d<\/span><br \/><span style=\"color: #547c46;\"><strong>Orientador:<\/strong> Paulo Marcelo de Souza<\/span><br \/><span style=\"color: #547c46;\">Data da defesa: 29\/06\/2009<\/span><\/p>\n<hr \/>\n<p><strong><span style=\"color: #547c46;\">\u00bb <a style=\"color: #547c46;\" href=\"http:\/\/uenf.br\/posgraduacao\/politicas-sociais\/wp-content\/uploads\/sites\/11\/2015\/06\/VALTER-LUIS-FERNANDES-DE-SALES.pdf\" target=\"_blank\" rel=\"noopener\">VALTER LUIS FERNANDES DE SALES<\/a><\/span><\/strong><\/p>\n<p><span style=\"color: #547c46;\">\u201cTRABALHO E EDUCA\u00c7\u00c3O: O CASO DOS PROFISSIONAIS OFFSHORE DA IND\u00b4SUTRIA DO PETR\u00d3LEO NA BACIA DE CAMPOS\u201d<\/span><br \/><span style=\"color: #547c46;\"><strong>Orientador:<\/strong> Ad\u00e9lia Maria Miglievich Ribeiro<\/span><br \/><span style=\"color: #547c46;\">Data da defesa: 08\/07\/2009<\/span><\/p>\n<hr \/>\n<p><strong><span style=\"color: #547c46;\">\u00bb <a style=\"color: #547c46;\" href=\"http:\/\/uenf.br\/posgraduacao\/politicas-sociais\/wp-content\/uploads\/sites\/11\/2015\/06\/WANESSA-GONZAGA-DE-OLIVEIRA.pdf\" target=\"_blank\" rel=\"noopener\">WANESSA GONZAGA DE OLIVEIRA<\/a><\/span><\/strong><\/p>\n<p><span style=\"color: #547c46;\">\u201cREFORMA PSIQUI\u00c1TRICA E CIDADANIA: AN\u00c1LISE DA ATEN\u00c7\u00c3O PSICOSOCIAL NOS CENTRO DE ATEN\u00c7\u00c3O PSICOSOCIAL (CAPS I) NOS MUNIC\u00cdPIOS DE CANTAGALO E ITAOCARA\/RJ\u201d<\/span><br \/><span style=\"color: #547c46;\"><strong>Orientador:<\/strong> Hernan Armando Mamani<\/span><br \/><span style=\"color: #547c46;\">Data da defesa: 14\/10\/2009<\/span><\/p>\n<hr \/>\n<p><strong><span style=\"color: #547c46;\">\u00bb <a style=\"color: #547c46;\" href=\"http:\/\/uenf.br\/posgraduacao\/politicas-sociais\/wp-content\/uploads\/sites\/11\/2015\/06\/ZANDOR-GOMES-MESQUITA.pdf\" target=\"_blank\" rel=\"noopener\">ZANDOR GOMES MESQUITA<\/a><\/span><\/strong><\/p>\n<p><span style=\"color: #547c46;\">\u201cO PATRIM\u00d4NIO INDUSTRIAL COMO ELEMENTO CONSTITUINTE DA PASSAGEM CULTURAL DE CAMPPOS DOS GOYTACAZES\u201d<\/span><br \/><span style=\"color: #547c46;\"><strong>Orientador:<\/strong> Simonne Teixeira<\/span><br \/><span style=\"color: #547c46;\">Data da defesa: 20\/07\/2009<\/span><\/p>\t\t\t\t\t\t\t\t<\/div>\n\t\t\t\t<\/div>\n\t\t\t\t\t<\/div>\n\t\t\t\t<\/div>\n\t\t<div id=\"e-n-tab-content-94425151019\" role=\"tabpanel\" aria-labelledby=\"e-n-tab-title-94425151019\" data-tab-index=\"19\" style=\"--n-tabs-title-order: 19;\" class=\" elementor-element elementor-element-4c3e25db e-flex e-con-boxed e-con e-child\" data-id=\"4c3e25db\" data-element_type=\"container\" data-e-type=\"container\">\n\t\t\t\t\t<div class=\"e-con-inner\">\n\t\t\t\t<div class=\"elementor-element elementor-element-e59fe2e elementor-widget__width-initial elementor-widget elementor-widget-text-editor\" data-id=\"e59fe2e\" data-element_type=\"widget\" data-e-type=\"widget\" data-widget_type=\"text-editor.default\">\n\t\t\t\t<div class=\"elementor-widget-container\">\n\t\t\t\t\t\t\t\t\t<p><strong><span style=\"color: #547c46;\">\u00bb <a style=\"color: #547c46;\" href=\"http:\/\/uenf.br\/posgraduacao\/politicas-sociais\/wp-content\/uploads\/sites\/11\/2015\/06\/BEATRIZ-MATEUS-PEREIRA.pdf\" target=\"_blank\" rel=\"noopener\">BEATRIZ MATEUS PEREIRA<\/a><\/span><\/strong><\/p>\n<p><span style=\"color: #547c46;\">\u201cSE CONSELHO FOSSE BOM: UM ESTUDO DE CASO SOBRE OS CONSELHOS MUNICIPAIS DOS DIREITOS DA CRIAN\u00c7A E DO ADOLESCENTE DA REGI\u00c3O NORTE E NOROESTE FLUMINENSE\u201d<\/span><br \/><span style=\"color: #547c46;\"><strong>Orientador:<\/strong> Ailton Mota de Carvalho<\/span><br \/><span style=\"color: #547c46;\">Data da defesa: 27\/02\/2008<\/span><\/p>\n<hr \/>\n<p><strong><span style=\"color: #547c46;\">\u00bb <a style=\"color: #547c46;\" href=\"http:\/\/uenf.br\/posgraduacao\/politicas-sociais\/wp-content\/uploads\/sites\/11\/2015\/06\/DANIELLE-BARROS-DUARTE.pdf\" target=\"_blank\" rel=\"noopener\">DANIELLE BARROS DUARTE<\/a><\/span><\/strong><\/p>\n<p><span style=\"color: #547c46;\">\u201cA DESCENTRALIZA\u00c7\u00c3O DA POL\u00cdTICA HABITACIONAL: O CASO DE CAMPOS DOS GOYTACAZES\u201d<\/span><br \/><span style=\"color: #547c46;\"><strong>Orientador:<\/strong> Ailton Mota de Carvalho<\/span><br \/><span style=\"color: #547c46;\">Data da defesa: 05\/12\/2008<\/span><\/p>\n<hr \/>\n<p><strong><span style=\"color: #547c46;\">\u00bb <a style=\"color: #547c46;\" href=\"http:\/\/uenf.br\/posgraduacao\/politicas-sociais\/wp-content\/uploads\/sites\/11\/2015\/06\/EDUARDO-MACHADO-SOARES.pdf\" target=\"_blank\" rel=\"noopener\">EDUARDO MACHADO SOARES<\/a><\/span><\/strong><\/p>\n<p><span style=\"color: #547c46;\">\u201cPARTICIPA\u00c7\u00c3O E OPOSI\u00c7\u00c3O: UMA AN\u00c1LISE DAS A\u00c7\u00d5ES S\u00d3CIO-POL\u00cdTICAS DAS ONGs EM CANAIS PARTICIPATIVOS, MUNICIPAIS NO NORTE FLUMINENSE\u201d<\/span><br \/><span style=\"color: #547c46;\"><strong>Orientador:<\/strong> Teresa de Jesus Peixoto Faria<\/span><br \/><span style=\"color: #547c46;\">Data da defesa: 26\/02\/2008<\/span><\/p>\n<hr \/>\n<p><strong><span style=\"color: #547c46;\">\u00bb <a style=\"color: #547c46;\" href=\"http:\/\/uenf.br\/posgraduacao\/politicas-sociais\/wp-content\/uploads\/sites\/11\/2015\/06\/RICA-COSTANTINI-DAS-CHAGAS-RIBEIRO.pdf\" target=\"_blank\" rel=\"noopener\">\u00c9RICA COSTANTINI DAS CHAGAS RIBEIRO<\/a><\/span><\/strong><\/p>\n<p><span style=\"color: #547c46;\">\u201cA\u00c7\u00d5ES POL\u00cdTICAS DE MELHORIA DA QUALIDADE DO ENSINO: DESCRI\u00c7\u00c3O E AN\u00c1LISE DA IMPLEMENTA\u00c7\u00c3O DA POL\u00cdTICA DE ACELERA\u00c7\u00c3O DE APRENDIZAGEM NA REGI\u00c3O NORTE FLUMINENSE (2004-2007)<\/span><br \/><span style=\"color: #547c46;\"><strong>Orientador:<\/strong> Sonia Martins de Almeida Nogueira<\/span><br \/><span style=\"color: #547c46;\">Data da defesa: 29\/10\/2008<\/span><\/p>\n<hr \/>\n<p><strong><span style=\"color: #547c46;\">\u00bb <a style=\"color: #547c46;\" href=\"http:\/\/uenf.br\/posgraduacao\/politicas-sociais\/wp-content\/uploads\/sites\/11\/2015\/06\/FL%C3%9AVIA-MARIA-DALESSANDRI-MUYLAERT.pdf\" target=\"_blank\" rel=\"noopener\">FL\u00daVIA MARIA D\u2019ALESSANDRI MUYLAERT<\/a><\/span><\/strong><\/p>\n<p><span style=\"color: #547c46;\">\u201cCI\u00caNCIA E SOCIEDADE: UMA AN\u00c1LISE DA COMPREENS\u00c3O P\u00daBLICA DA CI\u00caNCIA ENTRE LEITORES E JORNALISTAS DE CAMPOS DOS GOYTACAZES\u201d<\/span><br \/><span style=\"color: #547c46;\"><strong>Orientador:<\/strong> Simonne Teixeira<\/span><br \/><span style=\"color: #547c46;\">Data da defesa: 26\/02\/2008<\/span><\/p>\n<hr \/>\n<p><strong><span style=\"color: #547c46;\">\u00bb <a style=\"color: #547c46;\" href=\"http:\/\/uenf.br\/posgraduacao\/politicas-sociais\/wp-content\/uploads\/sites\/11\/2015\/06\/GILENO-DOMINGOS-DE-AZEREDO.pdf\" target=\"_blank\" rel=\"noopener\">GILENO DOMINGOS DE AZEREDO<\/a><\/span><\/strong><\/p>\n<p><span style=\"color: #547c46;\">\u201cOS LIMITES DA PARTICIPA\u00c7\u00c3O CONSENTIDA. O CASO DO PLANO DIRETOR MUNICIPAL DE CAMPOS DOS GOYTACAZES\u201d<\/span><br \/><span style=\"color: #547c46;\"><strong>Orientador:<\/strong> Marcos Ant\u00f4nio Pedlowski<\/span><br \/><span style=\"color: #547c46;\">Data da defesa: 21\/02\/2008<\/span><\/p>\n<hr \/>\n<p><strong><span style=\"color: #547c46;\">\u00bb <a style=\"color: #547c46;\" href=\"http:\/\/uenf.br\/posgraduacao\/politicas-sociais\/wp-content\/uploads\/sites\/11\/2015\/06\/BEATRIZ-MATEUS-PEREIRA.pdf\" target=\"_blank\" rel=\"noopener\">BEATRIZ MATEUS PEREIRA<\/a><\/span><\/strong><\/p>\n<p><span style=\"color: #547c46;\">\u201cSE CONSELHO FOSSE BOM: UM ESTUDO DE CASO SOBRE OS CONSELHOS MUNICIPAIS DOS DIREITOS DA CRIAN\u00c7A E DO ADOLESCENTE DA REGI\u00c3O NORTE E NOROESTE FLUMINENSE\u201d<\/span><br \/><span style=\"color: #547c46;\"><strong>Orientador:<\/strong> Ailton Mota de Carvalho<\/span><br \/><span style=\"color: #547c46;\">Data da defesa: 27\/02\/2008<\/span><\/p>\n<hr \/>\n<p><strong><span style=\"color: #547c46;\">\u00bb <a style=\"color: #547c46;\" href=\"http:\/\/uenf.br\/posgraduacao\/politicas-sociais\/wp-content\/uploads\/sites\/11\/2015\/06\/GLAUSCIA-PRADO-DE-SOUZA.compressed.pdf\" target=\"_blank\" rel=\"noopener\">GLAUSCIA PRADO DE SOUZA.compressed<\/a><\/span><\/strong><\/p>\n<p><span style=\"color: #547c46;\">\u201cO DESENVOLVIMENTO DO PROGRAMA HABITAR BRASIL NO CONJUNTO HABITACIONAL HOMERO LINHARES: UMA AN\u00c1LISE DA PARTICIPA\u00c7\u00c3O SOCIAL E DA QUALIDADE DE VIDA\u201d<\/span><br \/><span style=\"color: #547c46;\"><strong>Orientador:<\/strong> Teresa de Jesus Peixoto Faria<\/span><br \/><span style=\"color: #547c46;\">Data da defesa: 14\/11\/2008<\/span><\/p>\n<hr \/>\n<p><strong><span style=\"color: #547c46;\">\u00bb <a style=\"color: #547c46;\" href=\"http:\/\/uenf.br\/posgraduacao\/politicas-sociais\/wp-content\/uploads\/sites\/11\/2015\/06\/GUTI%C3%89LLE-CARVALHAL-BOTELHO-BUSTILHO-FARIA.pdf\" target=\"_blank\" rel=\"noopener\">GUTI\u00c9LLE CARVALHAL BOTELHO BUSTILHO FARIA<\/a><\/span><\/strong><\/p>\n<p><span style=\"color: #547c46;\">\u201cPROTE\u00c7\u00c3O SOCIAL DE CIDADANIA: UM ESTUDO SOBRE A CONTRIBUI\u00c7\u00c3O DO BENEF\u00cdCIO DE PRESTA\u00c7\u00c3O CONTINUADA \u2013 BPC PARA A VIDA DOS IDOSOS NO MUNIC\u00cdPIO DE ITAPERUNA\u201d<\/span><br \/><span style=\"color: #547c46;\"><strong>Orientador:<\/strong> Sonia Martins de Almeida Nogueira<\/span><br \/><span style=\"color: #547c46;\">Data da defesa: 29\/10\/2008<\/span><\/p>\n<hr \/>\n<p><strong><span style=\"color: #547c46;\">\u00bb <a style=\"color: #547c46;\" href=\"http:\/\/uenf.br\/posgraduacao\/politicas-sociais\/wp-content\/uploads\/sites\/11\/2015\/06\/HALISSON-DOS-SANTOS-PAES.pdf\" target=\"_blank\" rel=\"noopener\">HALISSON DOS SANTOS PAES<\/a><\/span><\/strong><\/p>\n<p><span style=\"color: #547c46;\">\u201cJUSTI\u00c7A COMO RECONHECIMENTO: A EXPERI\u00caNCIA DOS JUIZADOS ESPECIAIS C\u00cdVEIS EM CAMPOS DOS GOYTACAZES\u201d<\/span><br \/><span style=\"color: #547c46;\"><strong>Orientador:<\/strong> Marcos Ant\u00f4nio Pedlowski<\/span><br \/><span style=\"color: #547c46;\">Data da defesa: 28\/04\/2008<\/span><\/p>\n<hr \/>\n<p><strong><span style=\"color: #547c46;\">\u00bb <a style=\"color: #547c46;\" href=\"http:\/\/uenf.br\/posgraduacao\/politicas-sociais\/wp-content\/uploads\/sites\/11\/2015\/06\/JAILSE-VASCONCELOS-TOUGEIRO.pdf\" target=\"_blank\" rel=\"noopener\">JAILSE VASCONCELOS TOUGEIRO<\/a><\/span><\/strong><\/p>\n<p><span style=\"color: #547c46;\">\u201cCONFLITOS S\u00d3CIO-AMBIENTAIS MOTIVADOS POR OCUPA\u00c7\u00c3O PARA FINS DE MORADIA EM \u00c1REAS DE MANGUE E RESTINGAS NO ESPA\u00c7O URBANO DE MACA\u00c9\/1997-2007\u201d<\/span><br \/><span style=\"color: #547c46;\"><strong>Orientador:<\/strong> Teresa de Jesus Peixoto Faria<\/span><br \/><span style=\"color: #547c46;\">Data da defesa: 04\/12\/2008<\/span><\/p>\n<hr \/>\n<p><span style=\"color: #547c46;\"><strong>\u00bb JAMES SOARES DE ARA\u00daJO<\/strong><\/span><\/p>\n<p><span style=\"color: #547c46;\">\u201cPOL\u00cdTICAS S\u00d3CIO-AMBIENTAIS E SEUS IMPACTOS PARA OS CATADORES DE CARANGUEJO DA GRANDE VIT\u00d3RIA (ES)\u201d<\/span><br \/><span style=\"color: #547c46;\"><strong>Orientador:<\/strong> Marcelo Carlos Gantos<\/span><br \/><span style=\"color: #547c46;\">Data da defesa: 18\/03\/2008<\/span><\/p>\n<hr \/>\n<p><strong><span style=\"color: #547c46;\">\u00bb <a style=\"color: #547c46;\" href=\"http:\/\/uenf.br\/posgraduacao\/politicas-sociais\/wp-content\/uploads\/sites\/11\/2015\/06\/JOSE-FERNANDO-DE-SOUZA-SILVA.pdf\" target=\"_blank\" rel=\"noopener\">JOSE FERNANDO DE SOUZA SILVA<\/a><\/span><\/strong><\/p>\n<p><span style=\"color: #547c46;\">\u201cAN\u00c1LISE DO PROCESSO DE REDU\u00c7\u00c3O DA PRECARIZA\u00c7\u00c3O NAS RELA\u00c7\u00d5ES DO TRABALHO FLEX\u00cdVEL NA IND\u00daSTRIA DO PETR\u00d3LEO\u201d<\/span><br \/><span style=\"color: #547c46;\"><strong>Orientador:<\/strong> Andr\u00e9 Laino<\/span><br \/><span style=\"color: #547c46;\">Data da defesa: 21\/02\/2008<\/span><\/p>\n<hr \/>\n<p><strong><span style=\"color: #547c46;\">\u00bb <a style=\"color: #547c46;\" href=\"http:\/\/uenf.br\/posgraduacao\/politicas-sociais\/wp-content\/uploads\/sites\/11\/2015\/06\/JULIANA-TRIGUEIRO-CAROCA-DE-QUEIROGA-LOPES.pdf\" target=\"_blank\" rel=\"noopener\">JULIANA TRIGUEIRO CAROCA DE QUEIROGA LOPES<\/a><\/span><\/strong><\/p>\n<p><span style=\"color: #547c46;\">\u201cA FORMA\u00c7\u00c3O DOCENTE NAS POL\u00cdTICAS EDUCACIONAIS INCLUSIVAS: UM DESAFIO PR\u00c1TICO\u201d<\/span><br \/><span style=\"color: #547c46;\"><strong>Orientador:<\/strong> Li\u00e9te de Oliveira Acc\u00e1cio<\/span><br \/><span style=\"color: #547c46;\">Data da defesa: 02\/10\/2008<\/span><\/p>\n<hr \/>\n<p><strong><span style=\"color: #547c46;\">\u00bb <a style=\"color: #547c46;\" href=\"http:\/\/uenf.br\/posgraduacao\/politicas-sociais\/wp-content\/uploads\/sites\/11\/2015\/06\/KARINA-BARRA-GOMES.pdf\" target=\"_blank\" rel=\"noopener\">KARINA BARRA GOMES<\/a><\/span><\/strong><\/p>\n<p><span style=\"color: #547c46;\">\u201cE HOJE, QUEM \u00c9 QUE V\u00ca A BANDA PASSAR? UM ESTUDO DE PR\u00c1TICAS E POL\u00cdTICAS CULTURAIS A PARTIR DO CASO DAS BANDAS CIVIS CENTEN\u00c1RIAS EM CAMPOS DOS GOYTACAZES\u201d<\/span><br \/><span style=\"color: #547c46;\"><strong>Orientador:<\/strong> Simonne Teixeira<\/span><br \/><span style=\"color: #547c46;\">Data da defesa: 27\/02\/2008<\/span><\/p>\n<hr \/>\n<p><strong><span style=\"color: #547c46;\">\u00bb <a style=\"color: #547c46;\" href=\"http:\/\/uenf.br\/posgraduacao\/politicas-sociais\/wp-content\/uploads\/sites\/11\/2015\/06\/M%C3%81RCIA-REGINA-CHRYS%C3%93STOMO-SILVA.pdf\" target=\"_blank\" rel=\"noopener\">M\u00c1RCIA REGINA CHRYS\u00d3STOMO SILVA<\/a><\/span><\/strong><\/p>\n<p><span style=\"color: #547c46;\">\u201cA EDUCA\u00c7\u00c3O PROFISSIONAL INCLUSIVA COMO POL\u00cdTICA DE ACESSIBILIDADE E PERMAN\u00caNCIA DAS PESSOAS COM DEFICI\u00caNCIA NO MERCADO DE TRABALHO: A EXPERI\u00caNCIA DO CEFET CAMPOS\u201d.<\/span><br \/><span style=\"color: #547c46;\"><strong>Orientador:<\/strong> Sonia Martins de Almeida Nogueira<\/span><br \/><span style=\"color: #547c46;\">Data da Defesa: 19\/11\/2008<\/span><\/p>\n<hr \/>\n<p><strong><span style=\"color: #547c46;\">\u00bb <a style=\"color: #547c46;\" href=\"http:\/\/uenf.br\/posgraduacao\/politicas-sociais\/wp-content\/uploads\/sites\/11\/2015\/06\/MARIANA-PASSOS-COSTA-SILVA.pdf\" target=\"_blank\" rel=\"noopener\">MARIANA PASSOS COSTA SILVA<\/a><\/span><\/strong><\/p>\n<p><span style=\"color: #547c46;\">\u201cCAMINHOS ALTERNATIVOS: EMPREENDEDORISMO, INFORMALIDADE E INCLUS\u00c3O SOCIAL\u201d<\/span><br \/><span style=\"color: #547c46;\"><strong>Orientador:<\/strong> Ailton Mota de Carvalho<\/span><br \/><span style=\"color: #547c46;\">Data da defesa: 27\/05\/2008<\/span><\/p>\n<hr \/>\n<p><strong><span style=\"color: #547c46;\">\u00bb <a style=\"color: #547c46;\" href=\"http:\/\/uenf.br\/posgraduacao\/politicas-sociais\/wp-content\/uploads\/sites\/11\/2015\/06\/RICA-COSTANTINI-DAS-CHAGAS-RIBEIRO.pdf\" target=\"_blank\" rel=\"noopener\">\u00c9RICA COSTANTINI DAS CHAGAS RIBEIRO<\/a><\/span><\/strong><\/p>\n<p><span style=\"color: #547c46;\">\u201cA\u00c7\u00d5ES POL\u00cdTICAS DE MELHORIA DA QUALIDADE DO ENSINO: DESCRI\u00c7\u00c3O E AN\u00c1LISE DA IMPLEMENTA\u00c7\u00c3O DA POL\u00cdTICA DE ACELERA\u00c7\u00c3O DE APRENDIZAGEM NA REGI\u00c3O NORTE FLUMINENSE (2004-2007)<\/span><br \/><span style=\"color: #547c46;\"><strong>Orientador:<\/strong> Sonia Martins de Almeida Nogueira<\/span><br \/><span style=\"color: #547c46;\">Data da defesa: 29\/10\/2008<\/span><\/p>\n<hr \/>\n<p><strong><span style=\"color: #547c46;\">\u00bb <a style=\"color: #547c46;\" href=\"http:\/\/uenf.br\/posgraduacao\/politicas-sociais\/wp-content\/uploads\/sites\/11\/2015\/06\/MONICA-ATHAYDE-GON%C3%87ALVES.pdf\" target=\"_blank\" rel=\"noopener\">MONICA ATHAYDE GON\u00c7ALVES<\/a><\/span><\/strong><\/p>\n<p><span style=\"color: #547c46;\">\u201cCONHECIMENTO E CIDADANIA: UM ESTUDO SOBRE A CONSTRU\u00c7\u00c3O DA CONSCI\u00caNCIA AMBIENTAL NO CONTEXTOO DO DESENVOLVIMENTO SUSTENT\u00c1VEL\u201d<\/span><br \/><span style=\"color: #547c46;\"><strong>Orientador:<\/strong> Marcelo Carlos Gantos<\/span><br \/><span style=\"color: #547c46;\">Data da defesa: 24\/11\/2008<\/span><\/p>\n<hr \/>\n<p><strong><span style=\"color: #547c46;\">\u00bb <a style=\"color: #547c46;\" href=\"http:\/\/uenf.br\/posgraduacao\/politicas-sociais\/wp-content\/uploads\/sites\/11\/2015\/06\/NADIA-MARIA-DA-CONCEI%C3%87%C3%83O.compressed.pdf\" target=\"_blank\" rel=\"noopener\">NADIA MARIA DA CONCEI\u00c7\u00c3O.compressed<\/a><\/span><\/strong><\/p>\n<p><span style=\"color: #547c46;\">\u201cPR\u00c1TICAS SANIT\u00c1RIAS E MUNICIPALIZA\u00c7\u00c3O \u2013 UM OLHAR DOS ATORES LOCAIS EM S\u00c3O JO\u00c3O DA BARRA\u201d<\/span><br \/><span style=\"color: #547c46;\"><strong>Orientador:<\/strong> Ailton Mota de Carvalho<\/span><br \/><span style=\"color: #547c46;\">Data da Defesa: 03\/12\/2008<\/span><\/p>\t\t\t\t\t\t\t\t<\/div>\n\t\t\t\t<\/div>\n\t\t\t\t\t<\/div>\n\t\t\t\t<\/div>\n\t\t<div id=\"e-n-tab-content-94425151020\" role=\"tabpanel\" aria-labelledby=\"e-n-tab-title-94425151020\" data-tab-index=\"20\" style=\"--n-tabs-title-order: 20;\" class=\" elementor-element elementor-element-5263fec7 e-flex e-con-boxed e-con e-child\" data-id=\"5263fec7\" data-element_type=\"container\" data-e-type=\"container\">\n\t\t\t\t\t<div class=\"e-con-inner\">\n\t\t\t\t<div class=\"elementor-element elementor-element-718cfd4 elementor-widget__width-initial elementor-widget elementor-widget-text-editor\" data-id=\"718cfd4\" data-element_type=\"widget\" data-e-type=\"widget\" data-widget_type=\"text-editor.default\">\n\t\t\t\t<div class=\"elementor-widget-container\">\n\t\t\t\t\t\t\t\t\t<p><strong><span style=\"color: #547c46;\">\u00bb<a style=\"color: #547c46;\" href=\"http:\/\/uenf.br\/posgraduacao\/politicas-sociais\/wp-content\/uploads\/sites\/11\/2015\/06\/FABRICIO-BARBOSA-MACIEL.pdf\" target=\"_blank\" rel=\"noopener\">FABRICIO BARBOSA MACIEL<\/a><\/span><\/strong><\/p>\n<p><span style=\"color: #547c46;\">\u201cTRABALHO E RECONHECIMENTO NA MODERNIDADE PERIF\u00c9RICA UM ESTUDO SOBRE OCUPA\u00c7\u00d5ES MORALMENTE DESQUALIFICADAS EM CAMPOS DOS GOYTACAZES\/RJ\u201d<\/span><br \/><span style=\"color: #547c46;\"><strong>Orientador:<\/strong> Hernan Armando Mamani<\/span><br \/><span style=\"color: #547c46;\">Data da defesa: 03\/08\/2007<\/span><\/p>\n<hr \/>\n<p><strong><span style=\"color: #547c46;\">\u00bb <a style=\"color: #547c46;\" href=\"http:\/\/uenf.br\/posgraduacao\/politicas-sociais\/wp-content\/uploads\/sites\/11\/2015\/06\/GEORGE-GOMES-COUTINHO.pdf\" target=\"_blank\" rel=\"noopener\">GEORGE GOMES COUTINHO<\/a><\/span><\/strong><\/p>\n<p><span style=\"color: #547c46;\">\u201cO MUNDO COM F\u00c1BRICA DE ENGANO: O ESTADO DO DEBATE ACERCA DA DEMOCRACIA EM CONTEXTOS P\u00d3S-NACIONAIS\u201d<\/span><br \/><span style=\"color: #547c46;\"><strong>Orientador:<\/strong> Ad\u00e9lia Maria Miglievich Ribeiro<\/span><br \/><span style=\"color: #547c46;\">Data da defesa: 30\/08\/2007<\/span><\/p>\n<hr \/>\n<p><strong><span style=\"color: #547c46;\">\u00bb <a style=\"color: #547c46;\" href=\"http:\/\/uenf.br\/posgraduacao\/politicas-sociais\/wp-content\/uploads\/sites\/11\/2015\/06\/LEONARDO-BIS-DOS-SANTOS.pdf\">LEONARDO BIS DOS SANTOS<\/a><\/span><\/strong><\/p>\n<p><span style=\"color: #547c46;\">\u201cCONFLITOS E AGENDAS NAS TRILHAS DA POL\u00cdTICA AMBIENTAL: DEBATES ACERCA DO PROCESSO DE CRIA\u00c7\u00c3O DA APA COSTA DAS ALGAS E DO REVIS DE SANTA CRUZ \u2013 ES\u201d<\/span><br \/><span style=\"color: #547c46;\"><strong>Orientador:<\/strong> Ailton Mota de Carvalho<\/span><br \/><span style=\"color: #547c46;\">Data da defesa: 14\/06\/2007<\/span><\/p>\n<hr \/>\n<p><strong><span style=\"color: #547c46;\">\u00bb LEONARDO FERREIRA BARRETO<\/span><\/strong><\/p>\n<p><span style=\"color: #547c46;\">\u201cDESVIRTUAMENTO DA INTERDI\u00c7\u00c3O JUDICIAL: O INTERC\u00c2MBIO ENTRE O PLENO EXERC\u00cdCIO DA CIDADANIA E A OBTEN\u00c7\u00c3O DE DIREITOS SOCIAIS \u2013 CAMPOS DOS GOYTACAZES\u201d<\/span><br \/><span style=\"color: #547c46;\"><strong>Orientador:<\/strong> Teresa de Jesus Peixoto Faria<\/span><br \/><span style=\"color: #547c46;\">Data da defesa: 10\/07\/2007<\/span><\/p>\n<hr \/>\n<p><strong><span style=\"color: #547c46;\">\u00bb <a style=\"color: #547c46;\" href=\"http:\/\/uenf.br\/posgraduacao\/politicas-sociais\/wp-content\/uploads\/sites\/11\/2015\/06\/GEORGE-GOMES-COUTINHO.pdf\" target=\"_blank\" rel=\"noopener\">GEORGE GOMES COUTINHO<\/a><\/span><\/strong><\/p>\n<p><span style=\"color: #547c46;\">\u201cO MUNDO COM F\u00c1BRICA DE ENGANO: O ESTADO DO DEBATE ACERCA DA DEMOCRACIA EM CONTEXTOS P\u00d3S-NACIONAIS\u201d<\/span><br \/><span style=\"color: #547c46;\"><strong>Orientador:<\/strong> Ad\u00e9lia Maria Miglievich Ribeiro<\/span><br \/><span style=\"color: #547c46;\">Data da defesa: 30\/08\/2007<\/span><\/p>\n<hr \/>\n<p><strong><span style=\"color: #547c46;\">\u00bb <a style=\"color: #547c46;\" href=\"http:\/\/uenf.br\/posgraduacao\/politicas-sociais\/wp-content\/uploads\/sites\/11\/2015\/06\/MIRIAM-L%C3%9ACIA-VIEIRA.pdf\" target=\"_blank\" rel=\"noopener\">MIRIAM L\u00daCIA VIEIRA<\/a><\/span><\/strong><\/p>\n<p><span style=\"color: #547c46;\">\u201cO CONS\u00d3RCIO CEDERJ E O PAPEL DA UENF NA PROMO\u00c7\u00c3O DE POL\u00cdTICAS DE FORMA\u00c7\u00c3O DE PROFESSORES: EDUCA\u00c7\u00c3O A DIST\u00c2NCIA NA PERSPECTIVA DE INCLUS\u00c3O SOCIAL\u201d<\/span><br \/><span style=\"color: #547c46;\"><strong>Orientador:<\/strong> Sonia Martins de Almeida Nogueira<\/span><br \/><span style=\"color: #547c46;\">Data da defesa: 06\/12\/2007<\/span><\/p>\n<hr \/>\n<p><strong><span style=\"color: #547c46;\">\u00bb <a style=\"color: #547c46;\" href=\"http:\/\/uenf.br\/posgraduacao\/politicas-sociais\/wp-content\/uploads\/sites\/11\/2015\/06\/ROBERTO-DUTRA-TORRES-JUNIOR.pdf\" target=\"_blank\" rel=\"noopener\">ROBERTO DUTRA TORRES JUNIOR<\/a><\/span><\/strong><\/p>\n<p><span style=\"color: #547c46;\">\u201cA MAGIA NO BRASIL MODERNO: O DILEMA DO APRENDIZADO MORAL NA CULTURA BRASILEIRA\u201d<\/span><br \/><span style=\"color: #547c46;\"><strong>Orientador:<\/strong> Marcelo Carlos Gantos<\/span><br \/><span style=\"color: #547c46;\">Data da Defesa: 19\/10\/2007<\/span><\/p>\t\t\t\t\t\t\t\t<\/div>\n\t\t\t\t<\/div>\n\t\t\t\t\t<\/div>\n\t\t\t\t<\/div>\n\t\t<div id=\"e-n-tab-content-94425151021\" role=\"tabpanel\" aria-labelledby=\"e-n-tab-title-94425151021\" data-tab-index=\"21\" style=\"--n-tabs-title-order: 21;\" class=\" elementor-element elementor-element-314bdeee e-flex e-con-boxed e-con e-child\" data-id=\"314bdeee\" data-element_type=\"container\" data-e-type=\"container\">\n\t\t\t\t\t<div class=\"e-con-inner\">\n\t\t\t\t<div class=\"elementor-element elementor-element-6ceaa879 elementor-widget__width-initial elementor-widget elementor-widget-text-editor\" data-id=\"6ceaa879\" data-element_type=\"widget\" data-e-type=\"widget\" data-widget_type=\"text-editor.default\">\n\t\t\t\t<div class=\"elementor-widget-container\">\n\t\t\t\t\t\t\t\t\t<p><strong><span style=\"color: #547c46;\">\u00bb <a style=\"color: #547c46;\" href=\"http:\/\/uenf.br\/posgraduacao\/politicas-sociais\/wp-content\/uploads\/sites\/11\/2015\/06\/CARLOS-ROBERTO-BASTOS-FREITAS.pdf\">CARLOS ROBERTO BASTOS FREITAS<\/a><\/span><\/strong><\/p>\n<p><span style=\"color: #547c46;\">\u201cO MERCADO MUNICIPAL DE CAMPOS DOS GOYTACAZES: A SEDU\u00c7\u00c3O PERSISTENTE DE UMA INSTITUI\u00c7\u00c3O URBANA\u201d<\/span><br \/><span style=\"color: #547c46;\"><strong>Orientador:<\/strong> Arno Vogel<\/span><br \/><span style=\"color: #547c46;\">Data da defesa: 29\/05\/2006<\/span><\/p>\n<hr \/>\n<p><strong><span style=\"color: #547c46;\">\u00bb <a style=\"color: #547c46;\" href=\"http:\/\/uenf.br\/posgraduacao\/politicas-sociais\/wp-content\/uploads\/sites\/11\/2015\/06\/C%C3%81SSIA-REGINA-MELO-DE-SOUZA.pdf\">C\u00c1SSIA REGINA MELO DE SOUZA<\/a><\/span><\/strong><\/p>\n<p><span style=\"color: #547c46;\">\u201cPOL\u00cdTICAS P\u00daBLICAS E O ADOLESCENTE INFRATOR \u2013 OS DESAFIOS DA LIBERDADE ASSISTIDA: EDUCA\u00c7\u00c3O, PROFISSIONALIZA\u00c7\u00c3O E MERCADO DE TRABALHO\u201d<\/span><br \/><span style=\"color: #547c46;\"><strong>Orientador:<\/strong> Sonia Martins de Almeida Nogueira<\/span><br \/><span style=\"color: #547c46;\">Data da defesa: 01\/08\/2006<\/span><\/p>\n<hr \/>\n<p><strong><span style=\"color: #547c46;\">\u00bb CATHERINE SOARES NEVES<\/span><\/strong><\/p>\n<p><span style=\"color: #547c46;\">\u201cPARTICIPA\u00c7\u00c3O CIDAD\u00c3 E CONTROLE SOCIAL ATRAV\u00c9S DO MINIST\u00c9RIO P\u00daBLICO NA REGI\u00c3O NORTE-NOROESTE FLUMINENSE\u201d<\/span><br \/><span style=\"color: #547c46;\"><strong>Orientador:<\/strong> Ailton Mota de Carvalho<\/span><br \/><span style=\"color: #547c46;\">Data da defesa: 16\/08\/2006<\/span><\/p>\n<hr \/>\n<p><span style=\"color: #547c46;\"><strong>\u00bb DAURO DOS SANTOS FRANCO<\/strong><\/span><\/p>\n<p><span style=\"color: #547c46;\">\u201cDEMOCRACIA E PODER LOCAL: ALGUMAS CONSIDERA\u00c7\u00d5ES SOBRE O CASO DE CAMPOS DOS GOYTACAZES\u201d<\/span><br \/><span style=\"color: #547c46;\"><strong>Orientador:<\/strong> Sonia Martins de ALmeida Nogueira<\/span><br \/><span style=\"color: #547c46;\">Data da defesa: 27\/09\/2006<\/span><\/p>\n<hr \/>\n<p><strong><span style=\"color: #547c46;\">\u00bb <a style=\"color: #547c46;\" href=\"http:\/\/uenf.br\/posgraduacao\/politicas-sociais\/wp-content\/uploads\/sites\/11\/2015\/06\/FERNANDA-PACHECO-DA-SILVA-HUGUENIN.pdf\" target=\"_blank\" rel=\"noopener\">FERNANDA PACHECO DA SILVA HUGUENIN<\/a><\/span><\/strong><\/p>\n<p><span style=\"color: #547c46;\">\u201cDESASTRES AMBIENTAIS NO RIO PARA\u00cdBA DO SUL DO PONTO DE VISTA DOS PESCADORES DE GARGA\u00da: DRAMAS E OFENSAS PARA UMA ANTROPOLOGIA POL\u00cdTICA\u201d<\/span><br \/><span style=\"color: #547c46;\"><strong>Orientador:<\/strong> Arno Vogel<\/span><br \/><span style=\"color: #547c46;\">Data da defesa: 07\/02\/2006<\/span><\/p>\n<hr \/>\n<p><strong><span style=\"color: #547c46;\">\u00bb GEC\u00c9A MARIA DA SILVA BERTO<\/span><\/strong><\/p>\n<p><span style=\"color: #547c46;\">\u201cPROCESSO DE DESCENTRALIZA\u00c7\u00c3O E DE MUNICIPALIZA\u00c7\u00c3O: A CRIA\u00c7\u00c3O DE S\u00c3O FRANCISCO DE ITABAPOANA\u201d<\/span><br \/><span style=\"color: #547c46;\"><strong>Orientador:<\/strong> Ailton Mota de Carvalho<\/span><br \/><span style=\"color: #547c46;\">Data da defesa: 05\/06\/2006<\/span><\/p>\n<hr \/>\n<p><strong><span style=\"color: #547c46;\">\u00bb <a style=\"color: #547c46;\" href=\"http:\/\/uenf.br\/posgraduacao\/politicas-sociais\/wp-content\/uploads\/sites\/11\/2015\/06\/JANETE-APARECIDA-DE-SOUZA-DINIZ.pdf\" target=\"_blank\" rel=\"noopener\">JANETE APARECIDA DE SOUZA DINIZ<\/a><\/span><\/strong><\/p>\n<p><span style=\"color: #547c46;\">\u201cDA LAMA AO CAOS, DO CAOS \u00c0 LAMA: ESTUDO ANTROPOL\u00d3GICO DOS IMPACTOS DA CHEGADA DA DOEN\u00c7A DO CARANGUEJO LET\u00c1RGICO AO LITORAL CAPIXABA\u201d<\/span><br \/><span style=\"color: #547c46;\"><strong>Orientador:<\/strong> Arno Vogel<\/span><br \/><span style=\"color: #547c46;\">Data da defesa: 28\/07\/2006<\/span><\/p>\n<hr \/>\n<p><strong><span style=\"color: #547c46;\">\u00bb <a style=\"color: #547c46;\" href=\"http:\/\/uenf.br\/posgraduacao\/politicas-sociais\/wp-content\/uploads\/sites\/11\/2015\/06\/LEONARDO-AMARO-NOLASCO-DA-SILVA.pdf\" target=\"_blank\" rel=\"noopener\">LEONARDO AMARO NOLASCO DA SILVA<\/a><\/span><\/strong><\/p>\n<p><span style=\"color: #547c46;\">\u201cO P\u00daBLICO DE UM CRIME PRIVADO: ESTUPRO, MASCULINIDADES E CONDICIONANTES CULTURAIS \u2013 APONTAMENTOS PARA POL\u00cdTICAS P\u00daBLICAS DE REINTEGRA\u00c7\u00c3O DE INFRATORES E ATENDIMENTO A MULHERES\u201d.<\/span><br \/><span style=\"color: #547c46;\"><strong>Orientador:<\/strong> S\u00edlvia Al\u00edcia Martinez<\/span><br \/><span style=\"color: #547c46;\">Data da defesa: 13\/02\/2006<\/span><\/p>\n<hr \/>\n<p><strong><span style=\"color: #547c46;\">\u00bb MARIA HELENA RIBEIRO DE BARROS BARBOSA<\/span><\/strong><\/p>\n<p><span style=\"color: #547c46;\">\u201cENTRE A SUBMISS\u00c3O E O PRAZER: MULHERES E DST\/AIDS NA COMUNIDADE DO MATADOURO\/CAMPOS DOS GOYTACAZES\u201d<\/span><br \/><span style=\"color: #547c46;\"><strong>Orientador:<\/strong> Marinete dos Santos Silva<\/span><br \/><span style=\"color: #547c46;\">Data da defesa: 28\/07\/2006<\/span><\/p>\n<hr \/>\n<p><strong><span style=\"color: #547c46;\">\u00bb PAULO EM\u00cdLIO DE AZEVEDO<\/span><\/strong><\/p>\n<p><span style=\"color: #547c46;\">\u201cNOVAS GRAM\u00c1TICAS POL\u00cdTICAS: A EXPERI\u00caNCIA DO HIP HOP NO CRIAM DE CAMPOS DOS GOYTACAZES\u201d<\/span><br \/><span style=\"color: #547c46;\"><strong>Orientador:<\/strong> Marcelo Carlos Gantos<\/span><br \/><span style=\"color: #547c46;\">Data da defesa: 03\/05\/2006<\/span><\/p>\n<hr \/>\n<p><strong><span style=\"color: #547c46;\">\u00bb <a style=\"color: #547c46;\" href=\"http:\/\/uenf.br\/posgraduacao\/politicas-sociais\/wp-content\/uploads\/sites\/11\/2015\/06\/SALVADOR-MARCOS-RIBEIRO-MARTINS.pdf\" target=\"_blank\" rel=\"noopener\">SALVADOR MARCOS RIBEIRO MARTINS<\/a><\/span><\/strong><\/p>\n<p><span style=\"color: #547c46;\">\u201cO TRABALHADOR OFF-SHORE: UM ESTUDO SOBRE AS REPERCUSS\u00d5ES DO CONFINAMENTO NOS TRABALHADORES DAS PLATAFORMAS DE PETR\u00d3LEO NA BACIA DE CAMPOS \u2013 RJ\u201d<\/span><br \/><span style=\"color: #547c46;\"><strong>Orientador:<\/strong> Andr\u00e9 Laino<\/span><br \/><span style=\"color: #547c46;\">Data da defesa: 11\/12\/2006<\/span><\/p>\n<hr \/>\n<p><strong><span style=\"color: #547c46;\">\u00bb <a style=\"color: #547c46;\" href=\"http:\/\/uenf.br\/posgraduacao\/politicas-sociais\/wp-content\/uploads\/sites\/11\/2015\/06\/SERGIO-RANGEL-RISSO.pdf\" target=\"_blank\" rel=\"noopener\">SERGIO RANGEL RISSO<\/a><\/span><\/strong><\/p>\n<p><span style=\"color: #547c46;\">\u201cSA\u00daDE P\u00daBLICA EM CAMPOS DOS GOYTACAZES: DA EPIDEMIA DE C\u00d3LERA DE 1855 \u00c0S POL\u00cdTICAS DE SA\u00daDE NA REP\u00daBLICA VELHA (1855-1930)\u201d<\/span><br \/><span style=\"color: #547c46;\"><strong>Orientador:<\/strong> Carlos Henrique Aguiar Serra<\/span><br \/><span style=\"color: #547c46;\">Data da defesa: 28\/04\/2006<\/span><\/p>\n<hr \/>\n<p><span style=\"color: #547c46;\"><strong>\u00bb TARC\u00cdSIO JOS\u00c9 F\u00d6EGER<\/strong><\/span><\/p>\n<p><span style=\"color: #547c46;\">\u201cTERRITORIALIDADE E CONFLITO ESPACIAL: O CASO DAS COMUNIDADES IND\u00cdGENAS DE ARACRUZ\u201d<\/span><br \/><span style=\"color: #547c46;\"><strong>Orientador:<\/strong> Simonne Teixeira<\/span><br \/><span style=\"color: #547c46;\">Data da defesa: 30\/08\/2006<\/span><\/p>\n<hr \/>\n<p><strong><span style=\"color: #547c46;\">\u00bb <a style=\"color: #547c46;\" href=\"http:\/\/uenf.br\/posgraduacao\/politicas-sociais\/wp-content\/uploads\/sites\/11\/2015\/06\/SHIRLENA-CAMPOS-DE-SOUZA-AMARAL.pdf\" target=\"_blank\" rel=\"noopener\">SHIRLENA CAMPOS DE SOUZA AMARAL<\/a><\/span><\/strong><\/p>\n<p><span style=\"color: #547c46;\">\u201cO ACESSO DO NEGRO \u00c0S INSTITUI\u00c7\u00d5ES DE ENSINO SUPERIOR E A POL\u00cdTICA DE COTAS: POSSIBILIDADES E LIMITES A PARTIR DO CASO UENF\u201d<\/span><br \/><span style=\"color: #547c46;\"><strong>Orientador:<\/strong> Ad\u00e9lia Maria Miglievich Ribeiro<\/span><br \/><span style=\"color: #547c46;\">Data da defesa: 14\/12\/2006<\/span><\/p>\t\t\t\t\t\t\t\t<\/div>\n\t\t\t\t<\/div>\n\t\t\t\t\t<\/div>\n\t\t\t\t<\/div>\n\t\t<div id=\"e-n-tab-content-94425151022\" role=\"tabpanel\" aria-labelledby=\"e-n-tab-title-94425151022\" data-tab-index=\"22\" style=\"--n-tabs-title-order: 22;\" class=\" elementor-element elementor-element-1ea82cdd e-flex e-con-boxed e-con e-child\" data-id=\"1ea82cdd\" data-element_type=\"container\" data-e-type=\"container\">\n\t\t\t\t\t<div class=\"e-con-inner\">\n\t\t\t\t<div class=\"elementor-element elementor-element-63036967 elementor-widget__width-initial elementor-widget elementor-widget-text-editor\" data-id=\"63036967\" data-element_type=\"widget\" data-e-type=\"widget\" data-widget_type=\"text-editor.default\">\n\t\t\t\t<div class=\"elementor-widget-container\">\n\t\t\t\t\t\t\t\t\t<p><span style=\"color: #547c46;\"><strong>\u00bb CARLA\u00a0 APARECIDA LOURDES DOS SANTOS DE AZEVEDO<\/strong><\/span><\/p>\n<p><span style=\"color: #547c46;\">\u201cMULHER GOSTA DE APANHAR? VIOL\u00caNCIA CONTRA A MULHER E CONDICIONANTES JUR\u00cdDICOS\u201d<\/span><br \/><span style=\"color: #547c46;\"><strong>Orientador:<\/strong> Marinete S. Silva<\/span><br \/><span style=\"color: #547c46;\">Data da defesa: 24\/05\/2005<\/span><\/p>\n<hr \/>\n<p><span style=\"color: #547c46;\"><strong>\u00bb ANA CL\u00c1UDIA BORGES CAMPOS<\/strong><\/span><\/p>\n<p><span style=\"color: #547c46;\">\u201cPOL\u00cdTICAS DE A\u00c7\u00c3O AFIRMATIVA? A IMPLEMENTA\u00c7\u00c3O DAS \u201cCOTAS\u201d NA UNIVERSIDADE ESTADUAL DO NORTE FLUMINENSE NOS VESTIBULARES 2003 E 2004\u2033<\/span><br \/><span style=\"color: #547c46;\"><strong>Orientador:<\/strong> Carlos Henrique Aguiar Serra<\/span><br \/><span style=\"color: #547c46;\">Data da defesa: 27\/06\/2005<\/span><\/p>\n<hr \/>\n<p><span style=\"color: #547c46;\"><strong>\u00bb ANA PAULA SANTOS SAMPAIO<\/strong><\/span><\/p>\n<p><span style=\"color: #547c46;\">\u201cOR\u00c7AMENTO PARTICIPATIVO DE VIT\u00d3RIA (ES): ELEMENTOS PARA UMA ABORDAGEM INSTITUCIONAL\u201d<\/span><br \/><span style=\"color: #547c46;\"><strong>Orientador:<\/strong> S\u00e9rgio de Azevedo<\/span><br \/><span style=\"color: #547c46;\">Data da defesa: 08\/11\/2005<\/span><\/p>\n<hr \/>\n<p><strong><span style=\"color: #547c46;\">\u00bb CARLA\u00a0 APARECIDA LOURDES DOS SANTOS DE AZEVEDO<\/span><\/strong><\/p>\n<p><span style=\"color: #547c46;\">\u201cMULHER GOSTA DE APANHAR? VIOL\u00caNCIA CONTRA A MULHER E CONDICIONANTES JUR\u00cdDICOS\u201d<\/span><br \/><span style=\"color: #547c46;\"><strong>Orientador:<\/strong> Marinete S. Silva<\/span><br \/><span style=\"color: #547c46;\">Data da defesa: 24\/05\/2005<\/span><\/p>\n<hr \/>\n<p><strong><span style=\"color: #547c46;\">\u00bb <a style=\"color: #547c46;\" href=\"http:\/\/uenf.br\/posgraduacao\/politicas-sociais\/wp-content\/uploads\/sites\/11\/2015\/06\/MARCIA-CRISTINA-MERIDA-AGUIAR.pdf\" target=\"_blank\" rel=\"noopener\">MARCIA CRISTINA MERIDA AGUIAR<\/a><\/span><\/strong><\/p>\n<p><span style=\"color: #547c46;\">\u201cCI\u00caNCIA COMO POL\u00cdTICA. UM ESTUDO DOS \u2018H\u00cdBRIDOS\u2019,DA MODERNIDADE NA UNIVERSIDADE DO TERCEIRO MIL\u00caNIO\u201d<\/span><br \/><span style=\"color: #547c46;\"><strong>Orientador:<\/strong> Ad\u00e9lia Miglievich<\/span><br \/><span style=\"color: #547c46;\">Data da defesa: 30\/09\/2005<\/span><\/p>\n<hr \/>\n<p><span style=\"color: #547c46;\"><strong>\u00bb RENATA CAMILE CARLOS REIS<\/strong><\/span><\/p>\n<p><span style=\"color: #547c46;\">\u201cAS VOZES DO LABORAT\u00d3RIO: A PERSPECTIVA DOS PESQUISADORES DE BIOTECNOLOGIA NA UNIVERSIDADE ESTADUAL NORTE FLUMINENSE DARCY RIBEIRO E UNIVERSIDADE LIVRE DE BRUXELAS SOBRE PATENTES E PESQUISAS EM INOVA\u00c7\u00c3O\u201d<\/span><br \/><span style=\"color: #547c46;\"><strong>Orientador:<\/strong> Carlos Henrique A. Serra<\/span><br \/><span style=\"color: #547c46;\">Data da defesa: 25\/10\/2005<\/span><\/p>\n<hr \/>\n<p><strong><span style=\"color: #547c46;\">\u00bb <a style=\"color: #547c46;\" href=\"http:\/\/uenf.br\/posgraduacao\/politicas-sociais\/wp-content\/uploads\/sites\/11\/2015\/06\/ROG%C3%89RO-ARMSTRONG-VASCONCELOS-SILVA-DE-OLIVEIRA.pdf\" target=\"_blank\" rel=\"noopener\">ROG\u00c9RO ARMSTRONG VASCONCELOS SILVA DE OLIVEIRA<\/a><\/span><\/strong><\/p>\n<p><span style=\"color: #547c46;\">\u201cO PROGRAMA BOLSA ESCOLA FEDERAL NO SISTEMA DE PROTE\u00c7\u00c3O SOCIAL BRASILEIRO\u201d<\/span><br \/><span style=\"color: #547c46;\"><strong>Orientador:<\/strong> Carlos Henrique A. Serra<\/span><br \/><span style=\"color: #547c46;\">Data da defesa: 24\/10\/2005<\/span><\/p>\t\t\t\t\t\t\t\t<\/div>\n\t\t\t\t<\/div>\n\t\t\t\t\t<\/div>\n\t\t\t\t<\/div>\n\t\t<div id=\"e-n-tab-content-94425151023\" role=\"tabpanel\" aria-labelledby=\"e-n-tab-title-94425151023\" data-tab-index=\"23\" style=\"--n-tabs-title-order: 23;\" class=\" elementor-element elementor-element-5881d706 e-flex e-con-boxed e-con e-child\" data-id=\"5881d706\" data-element_type=\"container\" data-e-type=\"container\">\n\t\t\t\t\t<div class=\"e-con-inner\">\n\t\t\t\t<div class=\"elementor-element elementor-element-bc1334d elementor-widget__width-initial elementor-widget elementor-widget-text-editor\" data-id=\"bc1334d\" data-element_type=\"widget\" data-e-type=\"widget\" data-widget_type=\"text-editor.default\">\n\t\t\t\t<div class=\"elementor-widget-container\">\n\t\t\t\t\t\t\t\t\t<p><strong><span style=\"color: #547c46;\">\u00bb ALEX CAMPOS DE SOUZA<\/span><\/strong><\/p>\n<p><span style=\"color: #547c46;\">\u201cPERCEP\u00c7\u00d5ES SOBRE QUALIDADE DE VIDA SEGUNDO O N\u00cdVEL SOCIOECON\u00d4MICO EM CAMPOS DOS GOYTACAZES\u201d<\/span><br \/><span style=\"color: #547c46;\"><strong>Orientador:<\/strong> Hugo Borsani<\/span><br \/><span style=\"color: #547c46;\">Data da defesa: 19\/07\/2004<\/span><\/p>\n<hr \/>\n<p><strong><span style=\"color: #547c46;\">\u00bb <a style=\"color: #547c46;\" href=\"http:\/\/uenf.br\/posgraduacao\/politicas-sociais\/wp-content\/uploads\/sites\/11\/2015\/06\/CARLOS-GUSTAVO-SARMET-MOREIRA-SMIDERLE.pdf\" target=\"_blank\" rel=\"noopener\">CARLOS GUSTAVO SARMET MOREIRA SMIDERLE<\/a><\/span><\/strong><\/p>\n<p><span style=\"color: #547c46;\">\u201cUENF E CAMPOS, ENCONTRO DE DOIS MUNDOS: UMA ETNOGRAFIA DA INTERA\u00c7\u00c3O ENTRE A COLETIVIDADE DA UNIVERSIDADE ESTADUAL DO NORTE FLUMINENSE DARCY RIBEIRO E A SOCIEDADE DE CAMPOS DOS GOYTACAZES (RJ), 2002-2004\u201d<\/span><br \/><span style=\"color: #547c46;\"><strong>Orientador:<\/strong> Marcelo C. Gantos<\/span><br \/><span style=\"color: #547c46;\">Data da defesa: 08\/10\/2004<\/span><\/p>\n<hr \/>\n<p><strong><span style=\"color: #547c46;\">\u00bb C\u00c9LIA JAQUELINE SANZ RODRIGUES<\/span><\/strong><\/p>\n<p><span style=\"color: #547c46;\">TARTARUGAS MARINHAS E SUA PROTE\u00c7\u00c3O: ENCONTROS E DESENCONTROS ENTRE A POPULA\u00c7\u00c3O DE REG\u00caNCIA E O PROJETO TAMAR\u201d<\/span><br \/><span style=\"color: #547c46;\"><strong>Orientador:<\/strong> M\u00e1rcio D. Olney<\/span><br \/><span style=\"color: #547c46;\">Data da defesa: 15\/10\/2004<\/span><\/p>\n<hr \/>\n<p><strong><span style=\"color: #547c46;\">\u00bb <a style=\"color: #547c46;\" href=\"https:\/\/uenf.br\/posgraduacao\/politicas-sociais\/wp-content\/uploads\/sites\/11\/2021\/07\/DENISE-ROSA-XAVIER.pdf\" target=\"_blank\" rel=\"noopener\">DENISE ROSA XAVIER<\/a><\/span><\/strong><\/p>\n<p><span style=\"color: #547c46;\">\u201cPOL\u00cdTICAS DE LAZER E SEGREGA\u00c7\u00c3O S\u00d3CIO-ESPACIAL: O CASO DE CAMPOS DOS GOYTACAZES -RJ\u201d<\/span><br \/><span style=\"color: #547c46;\"><strong>Orientador:<\/strong> Marcos Pedlowski<\/span><br \/><span style=\"color: #547c46;\">Data da defesa: 18\/02\/2004<\/span><\/p>\n<hr \/>\n<p><span style=\"color: #547c46;\"><strong>\u00bb DESIANE DE OLIVEIRA ROSA LAMONICA<\/strong><\/span><\/p>\n<p><span style=\"color: #547c46;\">\u201cCONSELHO DE DIREITOS E CONSELHOS TUTELARES. ETNOGRAFIA DE \u201cUMA EXPERI\u00caNCIA DE POL\u00cdTICA SOCIAL PARA A INF\u00c2NCIA E ADOLESC\u00caNCIA: O CASO DO MUNIC\u00cdPIO DE CAMPOS DOS GOYTACAZES\/RJ (1990-2003)\u201d<\/span><br \/><span style=\"color: #547c46;\"><strong>Orientador:<\/strong> Arno Vogel<\/span><br \/><span style=\"color: #547c46;\">Data da defesa: 29\/04\/2004<\/span><\/p>\n<hr \/>\n<p><strong><span style=\"color: #547c46;\">\u00bb <a style=\"color: #547c46;\" href=\"http:\/\/uenf.br\/posgraduacao\/politicas-sociais\/wp-content\/uploads\/sites\/11\/2015\/06\/FABRICIO-MONTEIRO-NEVES.pdf\" target=\"_blank\" rel=\"noopener\">FABRICIO MONTEIRO NEVES<\/a><\/span><\/strong><\/p>\n<p><span style=\"color: #547c46;\">\u201cA CONSTRU\u00c7\u00c3O DE GRUPOS DE PESQUISA EM BIOTECNOLOGIA DA CANA-DE-A\u00c7\u00daCAR EM CAMPOS DOS GOYTACAZES-RJ SOB A PERSPECTIVA DO \u201cNOVO SISTEMISMO\u201d\u201d<\/span><br \/><span style=\"color: #547c46;\"><strong>Orientador:<\/strong> Ad\u00e9lia Miglievich<\/span><br \/><span style=\"color: #547c46;\">Data da defesa: 16\/09\/2004<\/span><\/p>\n<hr \/>\n<p><strong><span style=\"color: #547c46;\">\u00bb JUAREZ DE ANDRADE SOARES<\/span><\/strong><\/p>\n<p><span style=\"color: #547c46;\">\u201cA REESTRUTURA\u00c7\u00c3O DO FAZER T\u00c9CNICO A PARTIR DAS COMPET\u00caNCIAS ESTABELECIDAS NAS EMPRESAS: UMA ABORDAGEM DA EDUCA\u00c7\u00c3O PROFISSIONAL NO CEFET \u2013 CAMPOS DOS GOYTACAZES\u201d<\/span><br \/><span style=\"color: #547c46;\"><strong>Orientador:<\/strong> Sonia Nogueira<\/span><br \/><span style=\"color: #547c46;\">Data da defesa: 25\/03\/2004<\/span><\/p>\n<hr \/>\n<p><strong><span style=\"color: #547c46;\">\u00bb MARCELO BARBOSA CARVALHO<\/span><\/strong><\/p>\n<p><span style=\"color: #547c46;\">\u201cPROXIMIDADE ESPACIAL E DISTANCIAMENTO SOCIAL: DETERMINANTES DA SEGREGA\u00c7\u00c3O S\u00d3CIO-ESPACIAL, A PERCEP\u00c7\u00c3O ENTRE SEGREGADOS E AUTO-SEGREGADOS \u2013 UM ESTUDO DE CASO SOBRE A FAVELA MATADOURO E SEU ENTORNO\u201d<\/span><br \/><span style=\"color: #547c46;\"><strong>Orientador:<\/strong> Teresa Peixoto<\/span><br \/><span style=\"color: #547c46;\">Data da defesa: 30\/04\/2004<\/span><\/p>\n<hr \/>\n<p><span style=\"color: #547c46;\"><strong>\u00bb MARCUS VIN\u00cdCIUS MACHADO MELO<\/strong><\/span><\/p>\n<p><span style=\"color: #547c46;\">\u201cIMPACTOS DA \u2018CONSULTA SOCIAL\u2019,NO ACESSO AO SISTEMA DE SA\u00daDE NO MUNIC\u00cdPIO DE CAMPOS DOS GOYTACAZES-RJ\u201d<\/span><br \/><span style=\"color: #547c46;\"><strong>Orientador:<\/strong> S\u00e9rgio de Azevedo<\/span><br \/><span style=\"color: #547c46;\">Data da defesa: 30\/06\/2004<\/span><\/p>\n<hr \/>\n<p><strong><span style=\"color: #547c46;\">\u00bb MARIA DO CARMO PETRUCCI RANGEL<\/span><\/strong><\/p>\n<p><span style=\"color: #547c46;\">\u201cO ABORTO EM CAMPOS DOS GOYTACAZES: O CASO DO HOSPITAL DOS PLANTADORES DE CANA\u201d<\/span><br \/><span style=\"color: #547c46;\"><strong>Orientador:<\/strong> Marinete S. Silva<\/span><br \/><span style=\"color: #547c46;\">Data da defesa: 09\/11\/2004<\/span><\/p>\n<hr \/>\n<p><strong><span style=\"color: #547c46;\">\u00bb MARIA HELENA PETRUCCI RANGEL DE AZEVEDO<\/span><\/strong><\/p>\n<p><span style=\"color: #547c46;\">\u201cJUIZADO ESPECIAL CRIMINAL: DEMOCRATIZA\u00c7\u00c3O DA JUSTI\u00c7A OU ABAFAMENTO DOS CONFLITOS\u201d<\/span><br \/><span style=\"color: #547c46;\"><strong>Orientador:<\/strong> Hugo Borsani<\/span><br \/><span style=\"color: #547c46;\">Data da defesa: 29\/04\/2004<\/span><\/p>\n<hr \/>\n<p><span style=\"color: #547c46;\"><strong>\u00bb <\/strong><a style=\"color: #547c46;\" href=\"http:\/\/uenf.br\/posgraduacao\/politicas-sociais\/wp-content\/uploads\/sites\/11\/2015\/06\/MIGUEL-RAUL-MAZISSA-ZINGA.pdf\" target=\"_blank\" rel=\"noopener\"><strong>MIGUEL RAUL MAZISSA ZINGA<\/strong><\/a><\/span><\/p>\n<p><span style=\"color: #547c46;\">\u201cUM ESTUDO DE CASO SOBRE AS CAUSAS DA PERMAN\u00caNCIA E DA DESIST\u00caNCIA NO ASSENTAMENTO ZUMBI DOS PALMARES, CAMPOS DOS GOYTACAZES, RJ\u201d<\/span><br \/><span style=\"color: #547c46;\"><strong>Orientador:<\/strong> Marcos Pedlowski<\/span><br \/><span style=\"color: #547c46;\">Data da defesa: 28\/06\/2004<\/span><\/p>\n<hr \/>\n<p><span style=\"color: #547c46;\"><strong>\u00bb PEDRO ERNESTO FAGUNDES<\/strong><\/span><\/p>\n<p><span style=\"color: #547c46;\">\u201cA RECOSNTRU\u00c7\u00c3O DA NACIONALIDADE: UMA AN\u00c1LISE DO LICEU DE HUMANIDADES DE CAMPOS \u2013 RJ (1931-1942)\u201d<\/span><br \/><span style=\"color: #547c46;\"><strong>Orientador:<\/strong> Silvia Martinez<\/span><br \/><span style=\"color: #547c46;\">Data da defesa: 17\/05\/2004<\/span><\/p>\n<hr \/>\n<p><span style=\"color: #547c46;\"><strong>\u00bb RENATO BARRETO DE SOUZA<\/strong><\/span><\/p>\n<p><span style=\"color: #547c46;\">\u201cCLIENTELISMO E VOTO EM CAMPOS DOS GOYATACAZES\u201d<\/span><br \/><span style=\"color: #547c46;\">Orientador: S\u00e9rgio de Azevedo<\/span><br \/><span style=\"color: #547c46;\">Data da defesa: 21\/07\/2004<\/span><\/p>\t\t\t\t\t\t\t\t<\/div>\n\t\t\t\t<\/div>\n\t\t\t\t\t<\/div>\n\t\t\t\t<\/div>\n\t\t<div id=\"e-n-tab-content-94425151024\" role=\"tabpanel\" aria-labelledby=\"e-n-tab-title-94425151024\" data-tab-index=\"24\" style=\"--n-tabs-title-order: 24;\" class=\" elementor-element elementor-element-52daf5ae e-flex e-con-boxed e-con e-child\" data-id=\"52daf5ae\" data-element_type=\"container\" data-e-type=\"container\">\n\t\t\t\t\t<div class=\"e-con-inner\">\n\t\t\t\t<div class=\"elementor-element elementor-element-7c5fe6f1 elementor-widget__width-initial elementor-widget elementor-widget-text-editor\" data-id=\"7c5fe6f1\" data-element_type=\"widget\" data-e-type=\"widget\" data-widget_type=\"text-editor.default\">\n\t\t\t\t<div class=\"elementor-widget-container\">\n\t\t\t\t\t\t\t\t\t<p><strong><span style=\"color: #547c46;\">\u00bb ANGELA MARIA SANGES DE ALVARENGA ROSA GHETTI<\/span><\/strong><\/p>\n<p><span style=\"color: #547c46;\">\u201cEMERG\u00caNCIA DA PARTICIPA\u00c7\u00c3O: A COMPLEXIDADE (RE) VELADA \u2013 UM DEVIR NA EDUCA\u00c7\u00c3O DE ADULTOS E JOVENS RURAIS EM CAMPOS DOS GOYTACAZES\u201d<\/span><br \/><span style=\"color: #547c46;\"><strong>Orientador:<\/strong> Sonia Nogueira<\/span><br \/><span style=\"color: #547c46;\">Data da defesa: 14\/11\/2003<\/span><\/p>\n<hr \/>\n<p><strong><span style=\"color: #547c46;\">\u00bb ANA MARIA BATISTA AGUIAR<\/span><\/strong><\/p>\n<p><span style=\"color: #547c46;\">\u201cHIST\u00d3RIAS E REPRESENTA\u00c7\u00d5ES DA DOC\u00caNCIA NO MAGIST\u00c9RIO PRIM\u00c1RIO: UMA ABORDAGEM DE G\u00caNERO \u2013 RELATOS DE PROFESSORAS DO INSTITUTO DE EDUCA\u00c7\u00c3O PROF. ALDO MUYLAERT EM CAMPOS DOS GOYTACAZES\u201d<\/span><br \/><span style=\"color: #547c46;\">Orientador: Yolanda Lobo<\/span><br \/><span style=\"color: #547c46;\">Data da defesa: 25\/07\/2003<\/span><\/p>\n<hr \/>\n<p><strong><span style=\"color: #547c46;\">\u00bb <a style=\"color: #547c46;\" href=\"http:\/\/uenf.br\/posgraduacao\/politicas-sociais\/wp-content\/uploads\/sites\/11\/2015\/06\/ELIANE-SIQUEIRA-PEDLOWSKI.pdf\" target=\"_blank\" rel=\"noopener\">ELIANE SIQUEIRA PEDLOWSKI<\/a><\/span><\/strong><\/p>\n<p><span style=\"color: #547c46;\">\u201cC\u00cdRCULOS SOCIAIS E INTERA\u00c7\u00d5ES NO ESTUDO DA FORMULA\u00c7\u00c3O DE POL\u00cdTICAS: SEGURAN\u00c7A ALIMENTAR NO BRASIL NAS D\u00c9CADAS DE 80 E 90\u201d<\/span><br \/><span style=\"color: #547c46;\"><strong>Orientador:<\/strong> Ad\u00e9lia Miglievich<\/span><br \/><span style=\"color: #547c46;\">Data da defesa: 25\/02\/2003<\/span><\/p>\n<hr \/>\n<p><strong><span style=\"color: #547c46;\">\u00bb ELKA CRUZ CAMPOS<\/span><\/strong><\/p>\n<p><span style=\"color: #547c46;\">\u201cPOBREZA, EXCLUS\u00c3O E POL\u00cdTICAS DE ASSIST\u00caNCIA SOCIAL: O CASO DAS POPULA\u00c7\u00d5ES ADULTAS DE RUA EM CAMPOS DOS GOYTACAZES\u201d<\/span><br \/><span style=\"color: #547c46;\"><strong>Orientador:<\/strong> Ad\u00e9lia Miglievich<\/span><br \/><span style=\"color: #547c46;\">Data da defesa: 18\/07\/2003<\/span><\/p>\n<hr \/>\n<p><strong><span style=\"color: #547c46;\">\u00bb LUIZ ANT\u00d4NIO MARTINS DE SOUZA<\/span><\/strong><\/p>\n<p><span style=\"color: #547c46;\">\u201cPOL\u00cdTICA E PARANTELA EM CAMPOS DOS GOYTACAZES\u201d<\/span><br \/><span style=\"color: #547c46;\"><strong>Orientador:<\/strong> M\u00e1rcio Dolne\/ Arno Vogel<\/span><br \/><span style=\"color: #547c46;\">Data da defesa: 21\/08\/2003<\/span><\/p>\n<hr \/>\n<p><strong><span style=\"color: #547c46;\">\u00bb <a style=\"color: #547c46;\" href=\"http:\/\/uenf.br\/posgraduacao\/politicas-sociais\/wp-content\/uploads\/sites\/11\/2015\/06\/SILVIANE-DE-SOUZA-VIEIRA.pdf\" target=\"_blank\" rel=\"noopener\">MARIA ALICE RIBEIRO DE OLIVEIRA POHLMANN<\/a><\/span><\/strong><\/p>\n<p><span style=\"color: #547c46;\">\u201cO DISCURSO HIGIENISTA NA CONSTRU\u00c7\u00c3O DA CIDADE MODERNA: O PAPEL DA REVISTA A AURORA-LETTRAS-ARTES-SCI\u00caNCIAS\u201d<\/span><br \/><span style=\"color: #547c46;\"><strong>Orientador:<\/strong> Teresa Peixoto<\/span><br \/><span style=\"color: #547c46;\">Data da defesa: 23\/06\/2003<\/span><\/p>\n<hr \/>\n<p><strong><span style=\"color: #547c46;\">\u00bb MARIA C\u00c9LIA PINTO COELHO<\/span><\/strong><\/p>\n<p><span style=\"color: #547c46;\">\u201cO CONSELHO MUNICIPAL DE SA\u00daDE EM CAMPOS DOS GOYTACAZES: A GEST\u00c3O 1998-2000\u201d<\/span><br \/><span style=\"color: #547c46;\"><strong>Orientador:<\/strong> S\u00e9rgio de Azevedo<\/span><br \/><span style=\"color: #547c46;\">Data da defesa: 21\/02\/2003<\/span><\/p>\n<hr \/>\n<p><strong><span style=\"color: #547c46;\">\u00bb ROSEVELT ROSA MAIA VIEIRA<\/span><\/strong><\/p>\n<p><span style=\"color: #547c46;\">\u201cALOCA\u00c7\u00c3O DE RECURSOS FINANCEIROS NUM ASSENTAMENTO DE REFORMA AGR\u00c1RIA: A DICOTOMIA ENTRE O DISCURSO GOVERNAMENTAL E A PR\u00c1TICA DOS ASSENTADOS. UM ESTUDO DE CASO NO PA ZUMBI DOS PALMARES, RJ\u201d<\/span><br \/><span style=\"color: #547c46;\"><strong>Orientador:<\/strong> Marcos Pedlowski<\/span><br \/><span style=\"color: #547c46;\">Data da defesa: 28\/02\/2003<\/span><\/p>\n<hr \/>\n<p><strong><span style=\"color: #547c46;\">\u00bb <a style=\"color: #547c46;\" href=\"http:\/\/uenf.br\/posgraduacao\/politicas-sociais\/wp-content\/uploads\/sites\/11\/2015\/06\/SILVIANE-DE-SOUZA-VIEIRA.pdf\" target=\"_blank\" rel=\"noopener\">MARIA ALICE RIBEIRO DE OLIVEIRA POHLMANN<\/a><\/span><\/strong><\/p>\n<p><span style=\"color: #547c46;\">\u201cO TOMBAMENTO COMO PR\u00c1TICA SOCIAL: A ATUA\u00c7\u00c3O DO IPHAN EM CAMPOS DOS GOYTACAZES\u201d<\/span><br \/><span style=\"color: #547c46;\"><strong>Orientador:<\/strong> Simonne Teixeira<\/span><br \/><span style=\"color: #547c46;\">Data da defesa: 21\/10\/2003<\/span><\/p>\n<hr \/>\n<p><strong><span style=\"color: #547c46;\">\u00bb VERA L\u00daCIA MARQUES DA SILVA<\/span><\/strong><\/p>\n<p><span style=\"color: #547c46;\">\u201cPOL\u00cdTICA SOCIAL DE ATEN\u00c7\u00c3O B\u00c1SICA: O CASO DO PROGRAMA DE SA\u00daDE DA FAM\u00cdLIA NO MUNIC\u00cdPIO DE CAMPOS DOS GOYTACAZES 1999-2001\u201d<\/span><br \/><span style=\"color: #547c46;\"><strong>Orientador:<\/strong> S\u00e9rgio de Azevedo<\/span><br \/><span style=\"color: #547c46;\">Data da defesa: 26\/02\/2003<\/span><\/p>\n<hr \/>\n<p><strong><span style=\"color: #547c46;\">\u00bb GUSTAVO LANDIM SOFFIATI<\/span><\/strong><\/p>\n<p><span style=\"color: #547c46;\">\u201cDISCURSO DE RUPTURA EM DISCURSO: UMA APROXIMA\u00c7\u00c3O \u00c0S POL\u00cdTICAS DO PODER P\u00daBLICO MUNICIPAL PARA O SETOR DE CULTURA EM CAMPOS DOS GOYTACAZES ENTRE 1989 E 2003\u201d<\/span><br \/><span style=\"color: #547c46;\"><strong>Orientador:<\/strong> Ailton Mota de Carvalho<\/span><br \/><span style=\"color: #547c46;\">Data da defesa: 17\/03\/2003<\/span><\/p>\t\t\t\t\t\t\t\t<\/div>\n\t\t\t\t<\/div>\n\t\t\t\t\t<\/div>\n\t\t\t\t<\/div>\n\t\t<div id=\"e-n-tab-content-94425151025\" role=\"tabpanel\" aria-labelledby=\"e-n-tab-title-94425151025\" data-tab-index=\"25\" style=\"--n-tabs-title-order: 25;\" class=\" elementor-element elementor-element-4b3ae95 e-flex e-con-boxed e-con e-child\" data-id=\"4b3ae95\" data-element_type=\"container\" data-e-type=\"container\">\n\t\t\t\t\t<div class=\"e-con-inner\">\n\t\t\t\t<div class=\"elementor-element elementor-element-48479326 elementor-widget__width-initial elementor-widget elementor-widget-text-editor\" data-id=\"48479326\" data-element_type=\"widget\" data-e-type=\"widget\" data-widget_type=\"text-editor.default\">\n\t\t\t\t<div class=\"elementor-widget-container\">\n\t\t\t\t\t\t\t\t\t<p><strong><span style=\"color: #547c46;\">\u00bb FABIANA MACHADO RANGEL P\u00d3VOA<\/span><\/strong><\/p>\n<p><span style=\"color: #547c46;\">\u201cA MUNICIPALIZA\u00c7\u00c3O DA POL\u00cdTICA DE HABITA\u00c7\u00c3O POPULAR EM CAMPOS DOS GOYTACAZES\/RJ (1989\/2001)\u201d<\/span><br \/><span style=\"color: #547c46;\"><strong>Orientador:<\/strong> Berenice Guimar\u00e3es<\/span><br \/><span style=\"color: #547c46;\">Data da defesa: 30\/04\/2002<\/span><\/p>\t\t\t\t\t\t\t\t<\/div>\n\t\t\t\t<\/div>\n\t\t\t\t\t<\/div>\n\t\t\t\t<\/div>\n\t\t<div id=\"e-n-tab-content-94425151026\" role=\"tabpanel\" aria-labelledby=\"e-n-tab-title-94425151026\" data-tab-index=\"26\" style=\"--n-tabs-title-order: 26;\" class=\" elementor-element elementor-element-2e17a01a e-flex e-con-boxed e-con e-child\" data-id=\"2e17a01a\" data-element_type=\"container\" data-e-type=\"container\">\n\t\t\t\t\t<div class=\"e-con-inner\">\n\t\t<div class=\"elementor-element elementor-element-790c421b e-con-full e-flex e-con e-child\" data-id=\"790c421b\" data-element_type=\"container\" data-e-type=\"container\">\n\t\t\t\t<div class=\"elementor-element elementor-element-4fecab1 elementor-widget__width-initial elementor-widget elementor-widget-text-editor\" data-id=\"4fecab1\" data-element_type=\"widget\" data-e-type=\"widget\" data-widget_type=\"text-editor.default\">\n\t\t\t\t<div class=\"elementor-widget-container\">\n\t\t\t\t\t\t\t\t\t<p><strong><span style=\"color: #547c46;\">\u00bb BERNADETTE BARBEITAS GUSM\u00c3O<\/span><\/strong><\/p>\n<p><span style=\"color: #547c46;\">\u201cQUEST\u00c3O RACIAL E ENSINO JUR\u00cdDICO E CAMPOS: UMA INVESTIGA\u00c7\u00c3O SOBRE O FEN\u00d4MENO DO RACISMO NO BRASIL PARA OS OPERADORES DE DIREITO\u201d<\/span><br \/><span style=\"color: #547c46;\"><strong>Orientador:<\/strong> Ailton Mota<\/span><br \/><span style=\"color: #547c46;\">Data da defesa: 30\/03\/2001<\/span><\/p>\n<hr \/>\n<p><strong><span style=\"color: #547c46;\">\u00bb <a style=\"color: #547c46;\" href=\"http:\/\/uenf.br\/posgraduacao\/politicas-sociais\/wp-content\/uploads\/sites\/11\/2015\/06\/VICTOR-ANDRADE-CARNEIRO-DA-SILVA.pdf\" target=\"_blank\" rel=\"noopener\">VICTOR ANDRADE CARNEIRO DA SILVA<\/a><\/span><\/strong><\/p>\n<p><span style=\"color: #547c46;\">\u201cO PAPEL DO P\u00daBLICO E DO PRIVADO NA DISTRIBUI\u00c7\u00c3O DE AMENIDADES AMBIENTAIS. UM ESTUDO DE CASO SOBRE A ARBORIZA\u00c7\u00c3O P\u00daBLICA EM CAMPOS DOS GOYTACAZES\u201d<\/span><br \/><span style=\"color: #547c46;\"><strong>Orientador:<\/strong> Marcos Pedlowski<\/span><br \/><span style=\"color: #547c46;\">Data da defesa: 27\/04\/2001<\/span><\/p>\n<hr \/>\n<p><strong><span style=\"color: #547c46;\">\u00bb L\u00daCIA BASTOS LEMOS BARRETO<\/span><\/strong><\/p>\n<p><span style=\"color: #547c46;\">\u201cOS (DES)CAMINHOS DA LIBERDADE: UMA AN\u00c1LISE DE POL\u00cdTICAS EDUCACIONAIS NO PROCESSO DE DESENVOLVIMENTO\u201d<\/span><br \/><span style=\"color: #547c46;\"><strong>Orientador:<\/strong> Sonia Nogueira<\/span><br \/><span style=\"color: #547c46;\">Data da defesa: 22\/06\/2001<\/span><\/p>\n<hr \/>\n<p><strong><span style=\"color: #547c46;\">\u00bb CAROLINA DE C\u00c1SSIA RIBEIRO DE ABREU<\/span><\/strong><\/p>\n<p><span style=\"color: #547c46;\">\u201cO TRABALHO INFANTO-JUVENIL E SUA ERRADICA\u00c7\u00c3O: REPERCUSS\u00d5ES E PERSPECTIVAS\u201d<\/span><br \/><strong><span style=\"color: #547c46;\">Orientador:<\/span><\/strong><br \/><span style=\"color: #547c46;\">Data da defesa: 08\/06\/2001<\/span><\/p>\n<hr \/>\n<p><strong><span style=\"color: #547c46;\">\u00bb ISABELLA MARTINS DE AZEVEDO FARIA NOGUEIRA<\/span><\/strong><\/p>\n<p><span style=\"color: #547c46;\">\u201cPOL\u00cdTICAS P\u00daBLICAS E CIDADANIA NA ATEN\u00c7\u00c3O EM SA\u00daDE MENTAL NO MUNIC\u00cdPIO DE CAMPOS DOS GOYTACAZES\u201d<\/span><br \/><span style=\"color: #547c46;\"><strong>Orientador:<\/strong> Ana Figueiredo<\/span><br \/><span style=\"color: #547c46;\">Data da defesa: 04\/07\/2001<\/span><\/p>\t\t\t\t\t\t\t\t<\/div>\n\t\t\t\t<\/div>\n\t\t\t\t<\/div>\n\t\t\t\t\t<\/div>\n\t\t\t\t<\/div>\n\t\t\t\t\t<\/div>\n\t\t<\/div>\n\t\t\t\t\t\t<\/div>\n\t\t\t\t<\/div>\n\t\t\t\t\t<\/div>\n\t\t\t\t<\/div>\n\t\t\t\t<\/div>\n\t\t","protected":false},"excerpt":{"rendered":"<p>+ Teses de Doutorado Defendidas 2026 2025 2024 2023 2022 2021 2020 2019 2018 \u00bb LUCIANA PEREIRA DE MORAES POL\u00cdTICAS P\u00daBLICAS DE ENFRENTAMENTO \u00c0 VIOL\u00caNC<\/p>\n","protected":false},"author":1,"featured_media":0,"parent":0,"menu_order":0,"comment_status":"closed","ping_status":"closed","template":"","meta":{"footnotes":""},"class_list":["post-1909","page","type-page","status-publish","hentry"],"_links":{"self":[{"href":"https:\/\/ppgps.uenf.br\/index.php?rest_route=\/wp\/v2\/pages\/1909","targetHints":{"allow":["GET"]}}],"collection":[{"href":"https:\/\/ppgps.uenf.br\/index.php?rest_route=\/wp\/v2\/pages"}],"about":[{"href":"https:\/\/ppgps.uenf.br\/index.php?rest_route=\/wp\/v2\/types\/page"}],"author":[{"embeddable":true,"href":"https:\/\/ppgps.uenf.br\/index.php?rest_route=\/wp\/v2\/users\/1"}],"replies":[{"embeddable":true,"href":"https:\/\/ppgps.uenf.br\/index.php?rest_route=%2Fwp%2Fv2%2Fcomments&post=1909"}],"version-history":[{"count":8,"href":"https:\/\/ppgps.uenf.br\/index.php?rest_route=\/wp\/v2\/pages\/1909\/revisions"}],"predecessor-version":[{"id":1918,"href":"https:\/\/ppgps.uenf.br\/index.php?rest_route=\/wp\/v2\/pages\/1909\/revisions\/1918"}],"wp:attachment":[{"href":"https:\/\/ppgps.uenf.br\/index.php?rest_route=%2Fwp%2Fv2%2Fmedia&parent=1909"}],"curies":[{"name":"wp","href":"https:\/\/api.w.org\/{rel}","templated":true}]}}