{"id":522,"date":"2025-10-08T13:40:11","date_gmt":"2025-10-08T16:40:11","guid":{"rendered":"https:\/\/developerwordpress.com.br\/?page_id=522"},"modified":"2025-10-14T19:21:31","modified_gmt":"2025-10-14T22:21:31","slug":"apresentacao","status":"publish","type":"page","link":"https:\/\/ppgps.uenf.br\/?page_id=522","title":{"rendered":"Apresenta\u00e7\u00e3o"},"content":{"rendered":"\t\t<div data-elementor-type=\"wp-page\" data-elementor-id=\"522\" class=\"elementor elementor-522\" data-elementor-post-type=\"page\">\n\t\t\t\t<div class=\"elementor-element elementor-element-2b071e2 e-flex e-con-boxed e-con e-parent\" data-id=\"2b071e2\" data-element_type=\"container\" data-e-type=\"container\">\n\t\t\t\t\t<div class=\"e-con-inner\">\n\t\t\t\t<div class=\"elementor-element elementor-element-289e3163 elementor-widget elementor-widget-n-accordion\" data-id=\"289e3163\" data-element_type=\"widget\" data-e-type=\"widget\" data-settings=\"{&quot;default_state&quot;:&quot;all_collapsed&quot;,&quot;max_items_expended&quot;:&quot;one&quot;,&quot;n_accordion_animation_duration&quot;:{&quot;unit&quot;:&quot;ms&quot;,&quot;size&quot;:400,&quot;sizes&quot;:[]}}\" data-widget_type=\"nested-accordion.default\">\n\t\t\t\t<div class=\"elementor-widget-container\">\n\t\t\t\t\t\t\t<div class=\"e-n-accordion\" aria-label=\"Accordion. Open links with Enter or Space, close with Escape, and navigate with Arrow Keys\">\n\t\t\t\t\t\t<details id=\"e-n-accordion-item-6810\" class=\"e-n-accordion-item\" >\n\t\t\t\t<summary class=\"e-n-accordion-item-title\" data-accordion-index=\"1\" tabindex=\"0\" aria-expanded=\"false\" aria-controls=\"e-n-accordion-item-6810\" >\n\t\t\t\t\t<span class='e-n-accordion-item-title-header'><div class=\"e-n-accordion-item-title-text\"> Apresenta\u00e7\u00e3o <\/div><\/span>\n\t\t\t\t\t\t\t<span class='e-n-accordion-item-title-icon'>\n\t\t\t<span class='e-opened' ><svg aria-hidden=\"true\" class=\"e-font-icon-svg e-fas-minus\" viewBox=\"0 0 448 512\" xmlns=\"http:\/\/www.w3.org\/2000\/svg\"><path d=\"M416 208H32c-17.67 0-32 14.33-32 32v32c0 17.67 14.33 32 32 32h384c17.67 0 32-14.33 32-32v-32c0-17.67-14.33-32-32-32z\"><\/path><\/svg><\/span>\n\t\t\t<span class='e-closed'><svg aria-hidden=\"true\" class=\"e-font-icon-svg e-fas-plus\" viewBox=\"0 0 448 512\" xmlns=\"http:\/\/www.w3.org\/2000\/svg\"><path d=\"M416 208H272V64c0-17.67-14.33-32-32-32h-32c-17.67 0-32 14.33-32 32v144H32c-17.67 0-32 14.33-32 32v32c0 17.67 14.33 32 32 32h144v144c0 17.67 14.33 32 32 32h32c17.67 0 32-14.33 32-32V304h144c17.67 0 32-14.33 32-32v-32c0-17.67-14.33-32-32-32z\"><\/path><\/svg><\/span>\n\t\t<\/span>\n\n\t\t\t\t\t\t<\/summary>\n\t\t\t\t<div role=\"region\" aria-labelledby=\"e-n-accordion-item-6810\" class=\"elementor-element elementor-element-41a31f6 e-con-full e-flex e-con e-child\" data-id=\"41a31f6\" data-element_type=\"container\" data-e-type=\"container\">\n\t\t<div role=\"region\" aria-labelledby=\"e-n-accordion-item-6810\" class=\"elementor-element elementor-element-55bb03c7 e-flex e-con-boxed e-con e-child\" data-id=\"55bb03c7\" data-element_type=\"container\" data-e-type=\"container\">\n\t\t\t\t\t<div class=\"e-con-inner\">\n\t\t\t\t<div class=\"elementor-element elementor-element-22fed60b elementor-widget elementor-widget-text-editor\" data-id=\"22fed60b\" data-element_type=\"widget\" data-e-type=\"widget\" data-widget_type=\"text-editor.default\">\n\t\t\t\t<div class=\"elementor-widget-container\">\n\t\t\t\t\t\t\t\t\t<p>O Programa de P\u00f3s Gradua\u00e7\u00e3o (Mestrado) em Pol\u00edticas Sociais\/PPGPS foi criado em 1999, vinculado \u00e0s origens do Comit\u00ea Multidisciplinar \u2013 hoje Interdisciplinar \u2013 da CAPES.\u00a0No ano de 2014, depois de 14 anos formando mestres e de mais de 135 disserta\u00e7\u00f5es defendidas, foi aprovado o curso de Doutorado, tendo iniciado em 2015.<\/p><p>Institucionalmente, o PPGPS, com a incorpora\u00e7\u00e3o do Doutorado, vem fortalecer a participa\u00e7\u00e3o da UENF na C\u00e2mara II do CA Inter (Sociais e Humanidades), com a particularidade e potencialidade de ser o \u00fanico programa na regi\u00e3o que promove, atrav\u00e9s da interdisciplinaridade no campo das Pol\u00edticas Sociais, a converg\u00eancia de v\u00e1rias \u00e1reas de conhecimento, contribuindo para o avan\u00e7o das fronteiras da ci\u00eancia e tecnologia, transferindo m\u00e9todos entre \u00e1reas e buscando gerar novos conhecimentos e novas disciplinas. O car\u00e1ter interdisciplinar do curso visa, estrategicamente, o aproveitamento integral das potencialidades de um corpo docente de alto n\u00edvel, atentando para as singularidades presentes, contribuindo para uma significativa articula\u00e7\u00e3o de percep\u00e7\u00f5es, saberes e pr\u00e1ticas diversas que\u00a0 caracterizam a atua\u00e7\u00e3o dos docentes e pesquisadores que participam do PPGPS.<\/p><p>O PPGPS tem optado como proposta pelo fortalecimento do compromisso de atendimento das necessidades formativas profissionais da Regi\u00e3o Norte e Noroeste Fluminense, uma \u00e1rea estrat\u00e9gica do Estado do Rio de Janeiro que testemunha um fren\u00e9tico processo de transforma\u00e7\u00e3o estrutural de suas voca\u00e7\u00f5es econ\u00f4micas e estrutura demogr\u00e1fica. Os dilemas e desafios do atual ciclo de desenvolvimento social, econ\u00f4mico e pol\u00edtico (principalmente o regional) mobilizam a maioria dos esfor\u00e7os dos pesquisadores do PPGPS, atentos \u00e0s complexidades dos problemas contempor\u00e2neos. Deste modo, as pesquisas desenvolvidas pelos docentes do Programa e suas equipes t\u00eam procurado dar conta dos grandes temas e questionamentos da realidade social contempor\u00e2nea, buscando contribuir para a supera\u00e7\u00e3o da denominada crise do Estado, considerando-se suas especificidades e contradi\u00e7\u00f5es nos pa\u00edses de modernidade perif\u00e9rica e, ainda mais nitidamente focado, na regi\u00e3o norte-fluminense, cujos contrastes entre a pujan\u00e7a da economia do petr\u00f3leo, os mega-empreendimentos e os indicadores sociais, especificamente os educacionais, de distribui\u00e7\u00e3o de renda e viol\u00eancia evidenciam uma situa\u00e7\u00e3o de inequidade, pobreza e vulnerabilidade social alarmante.<\/p><p>Com efeito, as atividades de pesquisa do PPGPS contemplam, a partir de uma abordagem interdisciplinar, v\u00e1rios projetos dedicados \u00e0 investiga\u00e7\u00e3o de pol\u00edticas sociais que visam analisar e-ou superar problemas regionais, sobretudo aqueles voltados para:<\/p><p style=\"margin-bottom: 20px;\">\u2013 a quest\u00e3o urbana (em suas diversas vertentes);<br \/>\u2013 a quest\u00e3o rural (agricultura familiar;<br \/>\u2013 o desenvolvimento s\u00f3cio-econ\u00f4mico;<br \/>\u2013 os movimentos sociais (no campo e na cidade);<br \/>\u2013 a problem\u00e1tica socioambiental;<br \/>\u2013 os impactos sociais decorrentes dos processos de explora\u00e7\u00e3o e\u00a0 produ\u00e7\u00e3o de g\u00e1s e\u00a0 petr\u00f3leo na bacia de Campos;<br \/>\u2013 o desenvolvimento sustentado do polo cer\u00e2mico e da fruticultura;<br \/>\u2013 os saberes natural\u00edsticos das popula\u00e7\u00f5es tradicionais;<br \/>\u2013 as rela\u00e7\u00f5es Inter \u00e9tnicas em diversas esferas;<br \/>\u2013 as pol\u00edticas educacionais, seus atores e seus impactos sociais;<br \/>\u2013 quest\u00f5es que envolvem a gera\u00e7\u00e3o de trabalho e renda;<br \/>\u2013 os programas e as pol\u00edticas de atendimento \u00e0 sa\u00fade, assist\u00eancia social, habita\u00e7\u00e3o, transporte, entre outros;<br \/>\u2013 as rela\u00e7\u00f5es entre comunica\u00e7\u00e3o e conhecimento, ci\u00eancia, tecnologia e inova\u00e7\u00e3o;<br \/>\u2013 temas relacionados \u00e0s Pol\u00edticas Culturais e de Preserva\u00e7\u00e3o e Mem\u00f3ria;<br \/>\u2013 problem\u00e1ticas relacionadas \u00e0 Educa\u00e7\u00e3o B\u00e1sica e Superior.<\/p>\t\t\t\t\t\t\t\t<\/div>\n\t\t\t\t<\/div>\n\t\t\t\t\t<\/div>\n\t\t\t\t<\/div>\n\t\t\t\t<\/div>\n\t\t\t\t\t<\/details>\n\t\t\t\t\t<\/div>\n\t\t\t\t\t\t<\/div>\n\t\t\t\t<\/div>\n\t\t\t\t<div class=\"elementor-element elementor-element-72f820c9 elementor-widget elementor-widget-n-accordion\" data-id=\"72f820c9\" data-element_type=\"widget\" data-e-type=\"widget\" data-settings=\"{&quot;default_state&quot;:&quot;all_collapsed&quot;,&quot;max_items_expended&quot;:&quot;one&quot;,&quot;n_accordion_animation_duration&quot;:{&quot;unit&quot;:&quot;ms&quot;,&quot;size&quot;:400,&quot;sizes&quot;:[]}}\" data-widget_type=\"nested-accordion.default\">\n\t\t\t\t<div class=\"elementor-widget-container\">\n\t\t\t\t\t\t\t<div class=\"e-n-accordion\" aria-label=\"Accordion. Open links with Enter or Space, close with Escape, and navigate with Arrow Keys\">\n\t\t\t\t\t\t<details id=\"e-n-accordion-item-1920\" class=\"e-n-accordion-item\" >\n\t\t\t\t<summary class=\"e-n-accordion-item-title\" data-accordion-index=\"1\" tabindex=\"0\" aria-expanded=\"false\" aria-controls=\"e-n-accordion-item-1920\" >\n\t\t\t\t\t<span class='e-n-accordion-item-title-header'><div class=\"e-n-accordion-item-title-text\"> \u00c1rea de Concentra\u00e7\u00e3o e Linhas de Pesquisa <\/div><\/span>\n\t\t\t\t\t\t\t<span class='e-n-accordion-item-title-icon'>\n\t\t\t<span class='e-opened' ><svg aria-hidden=\"true\" class=\"e-font-icon-svg e-fas-minus\" viewBox=\"0 0 448 512\" xmlns=\"http:\/\/www.w3.org\/2000\/svg\"><path d=\"M416 208H32c-17.67 0-32 14.33-32 32v32c0 17.67 14.33 32 32 32h384c17.67 0 32-14.33 32-32v-32c0-17.67-14.33-32-32-32z\"><\/path><\/svg><\/span>\n\t\t\t<span class='e-closed'><svg aria-hidden=\"true\" class=\"e-font-icon-svg e-fas-plus\" viewBox=\"0 0 448 512\" xmlns=\"http:\/\/www.w3.org\/2000\/svg\"><path d=\"M416 208H272V64c0-17.67-14.33-32-32-32h-32c-17.67 0-32 14.33-32 32v144H32c-17.67 0-32 14.33-32 32v32c0 17.67 14.33 32 32 32h144v144c0 17.67 14.33 32 32 32h32c17.67 0 32-14.33 32-32V304h144c17.67 0 32-14.33 32-32v-32c0-17.67-14.33-32-32-32z\"><\/path><\/svg><\/span>\n\t\t<\/span>\n\n\t\t\t\t\t\t<\/summary>\n\t\t\t\t<div role=\"region\" aria-labelledby=\"e-n-accordion-item-1920\" class=\"elementor-element elementor-element-79a57062 e-con-full e-flex e-con e-child\" data-id=\"79a57062\" data-element_type=\"container\" data-e-type=\"container\">\n\t\t<div role=\"region\" aria-labelledby=\"e-n-accordion-item-1920\" class=\"elementor-element elementor-element-54b15420 e-flex e-con-boxed e-con e-child\" data-id=\"54b15420\" data-element_type=\"container\" data-e-type=\"container\">\n\t\t\t\t\t<div class=\"e-con-inner\">\n\t\t\t\t<div class=\"elementor-element elementor-element-70facebc elementor-widget elementor-widget-text-editor\" data-id=\"70facebc\" data-element_type=\"widget\" data-e-type=\"widget\" data-widget_type=\"text-editor.default\">\n\t\t\t\t<div class=\"elementor-widget-container\">\n\t\t\t\t\t\t\t\t\t<h1 class=\"wp-block-heading has-text-color has-link-color\" style=\"color: #547c46;\"><span style=\"color: #547c46; font-size: 27px; text-align: var(--text-align);\">\u00c1REA DE CONCENTRA\u00c7\u00c3O: PARTICIPA\u00c7\u00c3O E REGULA\u00c7\u00c3O<\/span><\/h1>\n<p><span style=\"color: #547c46;\"><strong>LINHAS DE PESQUISA<\/strong><\/span><\/p>\n<p><span style=\"color: #547c46;\"><strong>1 EDUCA\u00c7\u00c3O, CULTURA, POLITICA E CIDADANIA<\/strong><\/span><br \/>Trata questoes relativas as formas emergentes de cidadania, inclusao e participacao social, sua relacao com as diferentes modalidades de conhecimento e saberes e sua importancia na consolidacao da sociedade democratica. O foco se situa nas tensoes decorrentes da participacao e regulacao na producao, distribuicao e apropriacao diferenciada dos bens sociais, educacionais, culturais e politicos pelos individuos e coletividades. Discutem-se as politicas educacionais e culturais no contexto do Estado democratico, o problema da desigualdade e seu papel na construcao do espaco publico republicano. Reune ainda estudos culturais, historicos e de memoria social, dando enfase ao debate contemporaneo sobre patrimonio, identidade, diversidade cultural, genero e universalizacao dos direitos de cidadania. Focaliza o estudo de quest\u00f5es e tem\u00e1ticas do campo da educa\u00e7\u00e3o relativas ao agendamento da politica educacional, a historia da educa\u00e7\u00e3o e aos direitos sociais.<\/p>\n<p style=\"margin-bottom: 20px;\"><span style=\"color: #547c46;\"><strong>2 ESTADO, SOCIEDADE, MEIO AMBIENTE E TERRIT\u00d3RIO<\/strong><\/span><br \/>Visa aprofundar a reflexao critica sobre as relacoes entre Estado, Sociedade, Meio Ambiente e territorio que permeiam o debate contemporaneo das politicas sociais em escala nacional e regional. A analise recai sobre o estudo, monitoramento e avaliacao de politicas setoriais espacialmente localizadas. Volta-se para o estudo dos impactos sociais destas transformacoes e as formas de gestao do territorio, do meio ambiente e do sistema produtivo. Aborda questoes concernentes ao desenvolvimento e a sustentabilidade indagando as interacoes do Estado com organizacoes da Sociedade civil, movimentos sociais e comunidades humanas em ambientes urbanos e rurais. Discute tematicas correlatas, tais como os ordenamentos territoriais e ambientais, estrategias de apropriacao, gerenciamento de recursos naturais e conflitos socio-ambientais em diferentes escalas de analise. Incorpora e articula nesta dimens\u00e3o quest\u00f5es do agendamento das politicas sociais como bem estar, sa\u00fade, trabalho e moradia.<\/p>\t\t\t\t\t\t\t\t<\/div>\n\t\t\t\t<\/div>\n\t\t\t\t\t<\/div>\n\t\t\t\t<\/div>\n\t\t\t\t<\/div>\n\t\t\t\t\t<\/details>\n\t\t\t\t\t<\/div>\n\t\t\t\t\t\t<\/div>\n\t\t\t\t<\/div>\n\t\t\t\t\t<\/div>\n\t\t\t\t<\/div>\n\t\t\t\t<\/div>\n\t\t","protected":false},"excerpt":{"rendered":"<p>Apresenta\u00e7\u00e3o O Programa de P\u00f3s Gradua\u00e7\u00e3o (Mestrado) em Pol\u00edticas Sociais\/PPGPS foi criado em 1999, vinculado \u00e0s origens do Comit\u00ea Multidisciplinar <\/p>\n","protected":false},"author":1,"featured_media":0,"parent":0,"menu_order":0,"comment_status":"closed","ping_status":"closed","template":"fullwidth.php","meta":{"footnotes":""},"class_list":["post-522","page","type-page","status-publish","hentry"],"_links":{"self":[{"href":"https:\/\/ppgps.uenf.br\/index.php?rest_route=\/wp\/v2\/pages\/522","targetHints":{"allow":["GET"]}}],"collection":[{"href":"https:\/\/ppgps.uenf.br\/index.php?rest_route=\/wp\/v2\/pages"}],"about":[{"href":"https:\/\/ppgps.uenf.br\/index.php?rest_route=\/wp\/v2\/types\/page"}],"author":[{"embeddable":true,"href":"https:\/\/ppgps.uenf.br\/index.php?rest_route=\/wp\/v2\/users\/1"}],"replies":[{"embeddable":true,"href":"https:\/\/ppgps.uenf.br\/index.php?rest_route=%2Fwp%2Fv2%2Fcomments&post=522"}],"version-history":[{"count":4,"href":"https:\/\/ppgps.uenf.br\/index.php?rest_route=\/wp\/v2\/pages\/522\/revisions"}],"predecessor-version":[{"id":1470,"href":"https:\/\/ppgps.uenf.br\/index.php?rest_route=\/wp\/v2\/pages\/522\/revisions\/1470"}],"wp:attachment":[{"href":"https:\/\/ppgps.uenf.br\/index.php?rest_route=%2Fwp%2Fv2%2Fmedia&parent=522"}],"curies":[{"name":"wp","href":"https:\/\/api.w.org\/{rel}","templated":true}]}}