{"id":559,"date":"2024-09-17T17:28:13","date_gmt":"2024-09-17T20:28:13","guid":{"rendered":"https:\/\/developerwordpress.com.br\/?page_id=559"},"modified":"2026-03-09T19:32:11","modified_gmt":"2026-03-09T22:32:11","slug":"processos-seletivos","status":"publish","type":"page","link":"https:\/\/ppgps.uenf.br\/?page_id=559","title":{"rendered":"Processos Seletivos"},"content":{"rendered":"\t\t<div data-elementor-type=\"wp-page\" data-elementor-id=\"559\" class=\"elementor elementor-559\" data-elementor-post-type=\"page\">\n\t\t\t\t<div class=\"elementor-element elementor-element-0c8045a e-flex e-con-boxed e-con e-parent\" data-id=\"0c8045a\" data-element_type=\"container\" data-e-type=\"container\">\n\t\t\t\t\t<div class=\"e-con-inner\">\n\t\t\t\t<div class=\"elementor-element elementor-element-a810726 elementor-widget elementor-widget-text-editor\" data-id=\"a810726\" data-element_type=\"widget\" data-e-type=\"widget\" data-widget_type=\"text-editor.default\">\n\t\t\t\t<div class=\"elementor-widget-container\">\n\t\t\t\t\t\t\t\t\t<blockquote><h2 style=\"font-family: var( --e-global-typography-primary-font-family ), Sans-serif; font-weight: var( --e-global-typography-primary-font-weight ); color: var( --e-global-color-primary );\" data-elementor-setting-key=\"title\" data-pen-placeholder=\"Digite aqui...\"><strong><span style=\"color: #547c46;\">+ O Programa de P\u00f3s-gradua\u00e7\u00e3o em Pol\u00edticas Sociais oferece vagas para:<\/span><\/strong><\/h2><\/blockquote><div style=\"margin: 0px; padding: 0px; border: 0px; outline: 0px; font-variant-numeric: inherit; font-variant-east-asian: inherit; font-variant-alternates: inherit; font-variant-position: inherit; font-stretch: inherit; line-height: inherit; font-optical-sizing: inherit; font-size-adjust: inherit; font-kerning: inherit; font-feature-settings: inherit; font-variation-settings: inherit; vertical-align: baseline;\"><p style=\"color: #2b2b2b; font-family: inherit; font-size: 16px; padding: 0px; border: 0px; outline: 0px; font-variant: inherit; font-stretch: inherit; line-height: inherit; font-optical-sizing: inherit; font-size-adjust: inherit; font-kerning: inherit; font-feature-settings: inherit; font-variation-settings: inherit; vertical-align: baseline; font-style: inherit; font-weight: inherit;\"><strong><span style=\"margin: 0px; padding: 0px; border: 0px; outline: 0px; font-variant: inherit; font-stretch: inherit; line-height: inherit; font-optical-sizing: inherit; font-size-adjust: inherit; font-kerning: inherit; font-feature-settings: inherit; font-variation-settings: inherit; vertical-align: baseline; font-family: inherit; font-style: inherit; color: #547c46;\">Aluno Regular<\/span><\/strong>\u00a0\u2013 O aluno regular \u00e9 aquele que participa do processo seletivo via edital e obt\u00e9m aprova\u00e7\u00e3o segundo os crit\u00e9rios do referido edital tornando-se assim, ap\u00f3s sua matr\u00edcula, um aluno regular do mestrado, ou seja, mestrando em Pol\u00edticas Sociais. Segundo o\u00a0<a style=\"margin: 0px; padding: 0px; border: 0px; outline: 0px; font-variant: inherit; font-stretch: inherit; line-height: inherit; font-optical-sizing: inherit; font-size-adjust: inherit; font-kerning: inherit; font-feature-settings: inherit; font-variation-settings: inherit; vertical-align: baseline; font-family: inherit; font-style: inherit; font-weight: inherit; color: #333333; transition: 0.3s; cursor: pointer; text-underline-offset: 3px;\" href=\"https:\/\/uenf.br\/posgraduacao\/wp-content\/uploads\/2020\/10\/REGIMENTO-GERAL-DA-POS-GRADUACAO-RESOLUCAO-CONSUNI-No-02-DE-25.02.2011-PUBLICADA-DOERJ-DE-08.09.2011.pdf\" target=\"_blank\" rel=\"noopener\">Regimento geral da P\u00f3s-gradua\u00e7\u00e3o<\/a>:<\/p><p style=\"color: #2b2b2b; font-family: inherit; font-size: 16px; padding: 0px; border: 0px; outline: 0px; font-variant: inherit; font-stretch: inherit; line-height: inherit; font-optical-sizing: inherit; font-size-adjust: inherit; font-kerning: inherit; font-feature-settings: inherit; font-variation-settings: inherit; vertical-align: baseline; font-style: inherit; font-weight: inherit;\">\u201c<em style=\"margin: 0px; padding: 0px; border: 0px; outline: 0px; font-variant: inherit; font-stretch: inherit; line-height: inherit; font-optical-sizing: inherit; font-size-adjust: inherit; font-kerning: inherit; font-feature-settings: inherit; font-variation-settings: inherit; vertical-align: baseline; font-family: inherit; font-weight: inherit;\">Art. 17 \u2013 Poder\u00e3o ser admitidos nos Programas de P\u00f3s-Gradua\u00e7\u00e3o os candidatos graduados em curso de n\u00edvel superior, com disponibilidade para dedicarem tempo integral ao Programa.<\/em><br \/><em style=\"margin: 0px; padding: 0px; border: 0px; outline: 0px; font-variant: inherit; font-stretch: inherit; line-height: inherit; font-optical-sizing: inherit; font-size-adjust: inherit; font-kerning: inherit; font-feature-settings: inherit; font-variation-settings: inherit; vertical-align: baseline; font-family: inherit; font-weight: inherit;\">\u00a7 1\u00ba \u2013 S\u00f3 ser\u00e3o aceitos candidatos graduados em curso superior autorizado que atenda aos seguintes quesitos:<\/em><br \/><em style=\"margin: 0px; padding: 0px; border: 0px; outline: 0px; font-variant: inherit; font-stretch: inherit; line-height: inherit; font-optical-sizing: inherit; font-size-adjust: inherit; font-kerning: inherit; font-feature-settings: inherit; font-variation-settings: inherit; vertical-align: baseline; font-family: inherit; font-weight: inherit;\">I \u2013 2400 (duas mil e quatrocentas) horas de dura\u00e7\u00e3o, no m\u00ednimo;<\/em><br \/><em style=\"margin: 0px; padding: 0px; border: 0px; outline: 0px; font-variant: inherit; font-stretch: inherit; line-height: inherit; font-optical-sizing: inherit; font-size-adjust: inherit; font-kerning: inherit; font-feature-settings: inherit; font-variation-settings: inherit; vertical-align: baseline; font-family: inherit; font-weight: inherit;\">II \u2013 e\/ou dura\u00e7\u00e3o regular de 08 (oito) semestres letivos, no m\u00ednimo, este a crit\u00e9rio do Programa<\/em>\u201d<\/p><p style=\"color: #2b2b2b; font-family: inherit; font-size: 16px; padding: 0px; border: 0px; outline: 0px; font-variant: inherit; font-stretch: inherit; line-height: inherit; font-optical-sizing: inherit; font-size-adjust: inherit; font-kerning: inherit; font-feature-settings: inherit; font-variation-settings: inherit; vertical-align: baseline; font-style: inherit; font-weight: inherit;\"><span style=\"margin: 0px; padding: 0px; border: 0px; outline: 0px; font-variant: inherit; font-stretch: inherit; line-height: inherit; font-optical-sizing: inherit; font-size-adjust: inherit; font-kerning: inherit; font-feature-settings: inherit; font-variation-settings: inherit; vertical-align: baseline; font-family: inherit; font-style: inherit; font-weight: 600;\"><strong><span style=\"color: #547c46;\">Aluno Especial<\/span><\/strong><\/span>\u00a0\u2013 O aluno especial \u00e9 aquele que cursa disciplinas no Programa, sem contudo ter v\u00ednculo com o Programa, ou seja, sem almejar certifica\u00e7\u00e3o de P\u00f3s-gradua\u00e7\u00e3o. O aluno especial pode cursar at\u00e9 duas disciplinas por semestre e no m\u00e1ximo dois semestres. Os cr\u00e9ditos obtidos como aluno especial poder\u00e3o ser aproveitados no caso de aprova\u00e7\u00e3o com grau \u201cA\u201d nas disciplinas cursadas, e quando da aprova\u00e7\u00e3o deste via processo seletivo para aluno regular os cr\u00e9ditos t\u00eam validade de 5 anos).<\/p><p style=\"color: #2b2b2b; font-family: inherit; font-size: 16px; padding: 0px; border: 0px; outline: 0px; font-variant: inherit; font-stretch: inherit; line-height: inherit; font-optical-sizing: inherit; font-size-adjust: inherit; font-kerning: inherit; font-feature-settings: inherit; font-variation-settings: inherit; vertical-align: baseline; font-style: inherit; font-weight: inherit;\"><em style=\"margin: 0px; padding: 0px; border: 0px; outline: 0px; font-variant: inherit; font-stretch: inherit; line-height: inherit; font-optical-sizing: inherit; font-size-adjust: inherit; font-kerning: inherit; font-feature-settings: inherit; font-variation-settings: inherit; vertical-align: baseline; font-family: inherit; font-weight: inherit;\">\u201cArt. 76 \u2013 A UENF poder\u00e1 aceitar estudantes graduados em cursos superiores de dura\u00e7\u00e3o plena com interesse em aperfei\u00e7oar seus conhecimentos sem, contudo, visarem \u00e0 obten\u00e7\u00e3o de um t\u00edtulo ou certificado de P\u00f3s-Gradua\u00e7\u00e3o\u201d.<\/em><\/p><p style=\"color: #2b2b2b; font-family: inherit; font-size: 16px; padding: 0px; border: 0px; outline: 0px; font-variant: inherit; font-stretch: inherit; line-height: inherit; font-optical-sizing: inherit; font-size-adjust: inherit; font-kerning: inherit; font-feature-settings: inherit; font-variation-settings: inherit; vertical-align: baseline; font-style: inherit; font-weight: inherit;\">Consulte o\u00a0<a style=\"margin: 0px; padding: 0px; border: 0px; outline: 0px; font-variant: inherit; font-stretch: inherit; line-height: inherit; font-optical-sizing: inherit; font-size-adjust: inherit; font-kerning: inherit; font-feature-settings: inherit; font-variation-settings: inherit; vertical-align: baseline; font-family: inherit; font-style: inherit; font-weight: inherit; color: #333333; transition: 0.3s; cursor: pointer; text-underline-offset: 3px;\" href=\"https:\/\/uenf.br\/posgraduacao\/wp-content\/uploads\/2020\/10\/REGIMENTO-GERAL-DA-POS-GRADUACAO-RESOLUCAO-CONSUNI-No-02-DE-25.02.2011-PUBLICADA-DOERJ-DE-08.09.2011.pdf\" target=\"_blank\" rel=\"noopener\">Regimento Geral da P\u00f3s-gradua\u00e7\u00e3o<\/a>\u00a0para maiores esclarecimentos.<\/p><p style=\"color: #2b2b2b; font-family: inherit; font-size: 16px; padding: 0px; border: 0px; outline: 0px; font-variant: inherit; font-stretch: inherit; line-height: inherit; font-optical-sizing: inherit; font-size-adjust: inherit; font-kerning: inherit; font-feature-settings: inherit; font-variation-settings: inherit; vertical-align: baseline; font-style: inherit; font-weight: inherit;\">O Programa de P\u00f3s-Gradua\u00e7\u00e3o em Pol\u00edticas Sociais da Uenf informa que inicia no dia de hoje (02\/09) o seu processo seletivo para os seus cursos de Mestrado e Doutorado referente ao primeiro semestre de 2025.<\/p><p style=\"color: #2b2b2b; font-family: inherit; font-size: 16px; padding: 0px; border: 0px; outline: 0px; font-variant: inherit; font-stretch: inherit; line-height: inherit; font-optical-sizing: inherit; font-size-adjust: inherit; font-kerning: inherit; font-feature-settings: inherit; font-variation-settings: inherit; vertical-align: baseline; font-style: inherit; font-weight: inherit;\">Todos os detalhes estar\u00e3o dispon\u00edveis no Edital que segue logo abaixo. Pedimos toda a aten\u00e7\u00e3o ao que est\u00e1 disposto nele para que todos os interessados possam se inscrever e concorrer em qualquer tipo de impedimento.<\/p><\/div>\t\t\t\t\t\t\t\t<\/div>\n\t\t\t\t<\/div>\n\t\t\t\t<div class=\"elementor-element elementor-element-cfb1b74 elementor-widget-divider--view-line elementor-widget elementor-widget-divider\" data-id=\"cfb1b74\" data-element_type=\"widget\" data-e-type=\"widget\" data-widget_type=\"divider.default\">\n\t\t\t\t<div class=\"elementor-widget-container\">\n\t\t\t\t\t\t\t<div class=\"elementor-divider\">\n\t\t\t<span class=\"elementor-divider-separator\">\n\t\t\t\t\t\t<\/span>\n\t\t<\/div>\n\t\t\t\t\t\t<\/div>\n\t\t\t\t<\/div>\n\t\t\t\t<div class=\"elementor-element elementor-element-6470816 elementor-widget elementor-widget-text-editor\" data-id=\"6470816\" data-element_type=\"widget\" data-e-type=\"widget\" data-widget_type=\"text-editor.default\">\n\t\t\t\t<div class=\"elementor-widget-container\">\n\t\t\t\t\t\t\t\t\t<div style=\"margin: 0px; padding: 0px; border: 0px; outline: 0px; font-variant-numeric: inherit; font-variant-east-asian: inherit; font-variant-alternates: inherit; font-variant-position: inherit; font-stretch: inherit; line-height: inherit; font-optical-sizing: inherit; font-size-adjust: inherit; font-kerning: inherit; font-feature-settings: inherit; font-variation-settings: inherit; vertical-align: baseline;\"><blockquote style=\"color: #2b2b2b; font-family: 'Open Sans'; font-size: 16px;\"><h2 style=\"font-family: var( --e-global-typography-primary-font-family ), Sans-serif; font-weight: var( --e-global-typography-primary-font-weight ); color: var( --e-global-color-primary );\" data-elementor-setting-key=\"title\" data-pen-placeholder=\"Digite aqui...\"><strong><span style=\"color: #547c46;\">+ Lan\u00e7ado Edital de Proceso Seletivo 2026\/01<\/span><\/strong><\/h2><\/blockquote><p style=\"color: #2b2b2b; font-family: inherit; font-size: 16px; padding: 0px; border: 0px; outline: 0px; font-variant: inherit; font-stretch: inherit; line-height: inherit; font-optical-sizing: inherit; font-size-adjust: inherit; font-kerning: inherit; font-feature-settings: inherit; font-variation-settings: inherit; vertical-align: baseline; font-style: inherit; font-weight: inherit;\"><a href=\"https:\/\/ppgps.uenf.br\/wp-content\/uploads\/2025\/12\/RESULTADO-FINAL-PROCESSO-SELETIVO-PPGPS.pdf\" target=\"_blank\" rel=\"noopener\"><span style=\"color: #547c46;\"><strong><span style=\"color: #547c46;\">\u00bb RESULTADO FINAL &#8211; PROCESSO SELETIVO (2026\/1)<\/span><\/strong><\/span><\/a><\/p><hr \/><p style=\"color: #2b2b2b; font-family: inherit; font-size: 16px; padding: 0px; border: 0px; outline: 0px; font-variant: inherit; font-stretch: inherit; line-height: inherit; font-optical-sizing: inherit; font-size-adjust: inherit; font-kerning: inherit; font-feature-settings: inherit; font-variation-settings: inherit; vertical-align: baseline; font-style: inherit; font-weight: inherit;\"><a href=\"https:\/\/ppgps.uenf.br\/wp-content\/uploads\/2025\/11\/RESULTADO-FINAL-ETAPA-3-PROCESSO-SELETIVO.pdf\" target=\"_blank\" rel=\"noopener\"><span style=\"color: #547c46;\"><strong><span style=\"color: #547c46;\">\u00bb RESULTADO FINAL &#8211; TERCEIRA ETAPA (ELIMINAT\u00d3RIA)<\/span><\/strong><\/span><\/a><\/p><hr \/><p style=\"color: #2b2b2b; font-family: inherit; font-size: 16px; padding: 0px; border: 0px; outline: 0px; font-variant: inherit; font-stretch: inherit; line-height: inherit; font-optical-sizing: inherit; font-size-adjust: inherit; font-kerning: inherit; font-feature-settings: inherit; font-variation-settings: inherit; vertical-align: baseline; font-style: inherit; font-weight: inherit;\"><span style=\"color: #547c46;\"><strong><span style=\"color: #547c46;\"><a style=\"color: #547c46;\" href=\"https:\/\/ppgps.uenf.br\/wp-content\/uploads\/2025\/11\/RESULTADO-PRELIMINAR-ETAPA-3-PROCESSO-SELETIVO.pdf\" target=\"_blank\" rel=\"noopener\">\u00bb RESULTADO PRELIMINAR &#8211; TERCEIRA ETAPA (ELIMINAT\u00d3RIA)<\/a><\/span><\/strong><\/span><\/p><hr \/><p style=\"color: #2b2b2b; font-family: inherit; font-size: 16px; padding: 0px; border: 0px; outline: 0px; font-variant: inherit; font-stretch: inherit; line-height: inherit; font-optical-sizing: inherit; font-size-adjust: inherit; font-kerning: inherit; font-feature-settings: inherit; font-variation-settings: inherit; vertical-align: baseline; font-style: inherit; font-weight: inherit;\"><a href=\"https:\/\/ppgps.uenf.br\/wp-content\/uploads\/2025\/11\/ENTREVISTAS-ETAPA-3-PROCESSO-SELETIVO.pdf\" target=\"_blank\" rel=\"noopener\"><span style=\"color: #547c46;\"><strong>\u00bb CRONOGRAMA DAS ENTREVISTAS &#8211; TERCEIRA ETAPA<\/strong><\/span><\/a><\/p><hr \/><p style=\"color: #2b2b2b; font-family: inherit; font-size: 16px; padding: 0px; border: 0px; outline: 0px; font-variant: inherit; font-stretch: inherit; line-height: inherit; font-optical-sizing: inherit; font-size-adjust: inherit; font-kerning: inherit; font-feature-settings: inherit; font-variation-settings: inherit; vertical-align: baseline; font-style: inherit; font-weight: inherit;\"><span style=\"color: #547c46;\"><a style=\"color: #547c46;\" href=\"https:\/\/ppgps.uenf.br\/wp-content\/uploads\/2025\/11\/RESULTADO-FINAL-ETAPA-2-PROCESSO-SELETIVO.pdf\" target=\"_blank\" rel=\"noopener\"><strong>\u00bb RESULTADO FINAL &#8211; SEGUNDA ETAPA (ELIMINAT\u00d3RIA)<\/strong><\/a><\/span><\/p><hr \/><p style=\"color: #2b2b2b; font-family: inherit; font-size: 16px; padding: 0px; border: 0px; outline: 0px; font-variant: inherit; font-stretch: inherit; line-height: inherit; font-optical-sizing: inherit; font-size-adjust: inherit; font-kerning: inherit; font-feature-settings: inherit; font-variation-settings: inherit; vertical-align: baseline; font-style: inherit; font-weight: inherit;\"><span style=\"color: #547c46;\"><a style=\"color: #547c46;\" href=\"https:\/\/ppgps.uenf.br\/wp-content\/uploads\/2025\/11\/RESULTADO-PRELIMINAR-ETAPA-2-PROCESSO-SELETIVO.pdf\" target=\"_blank\" rel=\"noopener\"><strong>\u00bb RESULTADO PRELIMINAR &#8211; SEGUNDA ETAPA (ELIMINAT\u00d3RIA)<\/strong><\/a><\/span><\/p><hr \/><p style=\"color: #2b2b2b; font-family: inherit; font-size: 16px; padding: 0px; border: 0px; outline: 0px; font-variant: inherit; font-stretch: inherit; line-height: inherit; font-optical-sizing: inherit; font-size-adjust: inherit; font-kerning: inherit; font-feature-settings: inherit; font-variation-settings: inherit; vertical-align: baseline; font-style: inherit; font-weight: inherit;\"><a href=\"https:\/\/ppgps.uenf.br\/wp-content\/uploads\/2025\/10\/RESULTADO-FINAL-ETAPA-1-PROCESSO-SELETIVO-PPGPS.pdf\" target=\"_blank\" rel=\"noopener\"><span style=\"color: #547c46;\"><strong>\u00bb RESULTADO FINAL &#8211; PRIMEIRA ETAPA (ELIMINAT\u00d3RIA)<\/strong><\/span><\/a><\/p><hr \/><p style=\"color: #2b2b2b; font-family: inherit; font-size: 16px; padding: 0px; border: 0px; outline: 0px; font-variant: inherit; font-stretch: inherit; line-height: inherit; font-optical-sizing: inherit; font-size-adjust: inherit; font-kerning: inherit; font-feature-settings: inherit; font-variation-settings: inherit; vertical-align: baseline; font-style: inherit; font-weight: inherit;\"><a href=\"https:\/\/ppgps.uenf.br\/wp-content\/uploads\/2025\/10\/RESULTADO-PRELIMINAR-ETAPA-1-PROCESSO-SELETIVO-PPGPS.pdf\" target=\"_blank\" rel=\"noopener\"><span style=\"color: #547c46;\"><strong>\u00bb <span style=\"color: #547c46;\">RESULTADO<\/span> PRELIMINAR &#8211; PRIMEIRA ETAPA (ELIMINAT\u00d3RIA)<\/strong><\/span><\/a><\/p><hr \/><p style=\"color: #2b2b2b; font-family: inherit; font-size: 16px; padding: 0px; border: 0px; outline: 0px; font-variant: inherit; font-stretch: inherit; line-height: inherit; font-optical-sizing: inherit; font-size-adjust: inherit; font-kerning: inherit; font-feature-settings: inherit; font-variation-settings: inherit; vertical-align: baseline; font-style: inherit; font-weight: inherit;\"><a href=\"https:\/\/ppgps.uenf.br\/wp-content\/uploads\/2025\/10\/DIVULGACAO-HOMOLOGACAO-INSCRICOES-2-PPGPS2026-Resultado-final.pdf\" target=\"_blank\" rel=\"noopener\"><span style=\"color: #547c46;\"><strong>\u00bb RESULTADO FINAL DA HOMOLOGA\u00c7\u00c3O DAS INSCRI\u00c7\u00d5ES DO PROCESSO SELETIVO DO PROGRAMA DE P\u00d3S-GRADUA\u00c7\u00c3O EM POL\u00cdTICAS SOCIAIS (2026\/01)<\/strong><\/span><\/a><\/p><hr \/><p style=\"color: #2b2b2b; font-family: inherit; font-size: 16px; padding: 0px; border: 0px; outline: 0px; font-variant: inherit; font-stretch: inherit; line-height: inherit; font-optical-sizing: inherit; font-size-adjust: inherit; font-kerning: inherit; font-feature-settings: inherit; font-variation-settings: inherit; vertical-align: baseline; font-style: inherit; font-weight: inherit;\"><a href=\"https:\/\/ppgps.uenf.br\/wp-content\/uploads\/2025\/10\/DIVULGACAO-HOMOLOGACAO-INSCRICOES-2-PPGPS2026.pdf\" target=\"_blank\" rel=\"noopener\"><span style=\"color: #547c46;\"><span style=\"margin: 0px; padding: 0px; border: 0px; outline: 0px; font-variant: inherit; font-stretch: inherit; line-height: inherit; font-optical-sizing: inherit; font-size-adjust: inherit; font-kerning: inherit; font-feature-settings: inherit; font-variation-settings: inherit; vertical-align: baseline; font-family: inherit; font-style: inherit; font-weight: 600;\"><span style=\"margin: 0px; padding: 0px; border: 0px; outline: 0px; font-variant: inherit; font-stretch: inherit; line-height: inherit; font-optical-sizing: inherit; font-size-adjust: inherit; font-kerning: inherit; font-feature-settings: inherit; font-variation-settings: inherit; vertical-align: baseline; font-family: inherit; font-style: inherit; font-weight: inherit;\"><strong>\u00bb RESULTADO DA HOMOLOGA\u00c7\u00c3O DAS INSCRI\u00c7\u00d5ES DO PROCESSO SELETIVO PROGRAMA DE P\u00d3S-GRADUA\u00c7\u00c3O EM POL\u00cdTICAS SOCIAIS (2026\/01)<\/strong><\/span><\/span><\/span><\/a><\/p><hr \/><p style=\"color: #2b2b2b; font-family: inherit; font-size: 16px; padding: 0px; border: 0px; outline: 0px; font-variant: inherit; font-stretch: inherit; line-height: inherit; font-optical-sizing: inherit; font-size-adjust: inherit; font-kerning: inherit; font-feature-settings: inherit; font-variation-settings: inherit; vertical-align: baseline; font-style: inherit; font-weight: inherit;\"><span style=\"color: #547c46;\"><a style=\"color: #547c46;\" href=\"https:\/\/ppgps.uenf.br\/wp-content\/uploads\/2025\/10\/ERRATA-4-2026.pdf\" target=\"_blank\" rel=\"noopener\"><span style=\"margin: 0px; padding: 0px; border: 0px; outline: 0px; font-variant: inherit; font-stretch: inherit; line-height: inherit; font-optical-sizing: inherit; font-size-adjust: inherit; font-kerning: inherit; font-feature-settings: inherit; font-variation-settings: inherit; vertical-align: baseline; font-family: inherit; font-style: inherit; font-weight: 600;\"><span style=\"margin: 0px; padding: 0px; border: 0px; outline: 0px; font-variant: inherit; font-stretch: inherit; line-height: inherit; font-optical-sizing: inherit; font-size-adjust: inherit; font-kerning: inherit; font-feature-settings: inherit; font-variation-settings: inherit; vertical-align: baseline; font-family: inherit; font-style: inherit; font-weight: inherit;\"><strong>\u00bb ERRATA 4: edital do processo seletivo do PPGPS (<em>2026\/01<\/em>)<\/strong><\/span><\/span><\/a><\/span><\/p><hr \/><p style=\"color: #2b2b2b; font-family: inherit; font-size: 16px; padding: 0px; border: 0px; outline: 0px; font-variant: inherit; font-stretch: inherit; line-height: inherit; font-optical-sizing: inherit; font-size-adjust: inherit; font-kerning: inherit; font-feature-settings: inherit; font-variation-settings: inherit; vertical-align: baseline; font-style: inherit; font-weight: inherit;\"><span style=\"margin: 0px; padding: 0px; border: 0px; outline: 0px; font-variant: inherit; font-stretch: inherit; line-height: inherit; font-optical-sizing: inherit; font-size-adjust: inherit; font-kerning: inherit; font-feature-settings: inherit; font-variation-settings: inherit; vertical-align: baseline; font-family: inherit; font-style: inherit; font-weight: 600; color: #547c46;\"><span style=\"margin: 0px; padding: 0px; border: 0px; outline: 0px; font-variant: inherit; font-stretch: inherit; line-height: inherit; font-optical-sizing: inherit; font-size-adjust: inherit; font-kerning: inherit; font-feature-settings: inherit; font-variation-settings: inherit; vertical-align: baseline; font-family: inherit; font-style: inherit; font-weight: inherit;\"><strong><a style=\"color: #547c46;\" href=\"https:\/\/ppgps.uenf.br\/wp-content\/uploads\/2025\/09\/ERRATAS-3-2026.pdf\" target=\"_blank\" rel=\"noopener\">\u00bb ERRATA 3: edital do processo seletivo do PPGPS (<em>2026\/01<\/em>)<\/a><\/strong><\/span><\/span><\/p><hr \/><p style=\"color: #2b2b2b; font-family: inherit; font-size: 16px; padding: 0px; border: 0px; outline: 0px; font-variant: inherit; font-stretch: inherit; line-height: inherit; font-optical-sizing: inherit; font-size-adjust: inherit; font-kerning: inherit; font-feature-settings: inherit; font-variation-settings: inherit; vertical-align: baseline; font-style: inherit; font-weight: inherit;\"><a href=\"https:\/\/ppgps.uenf.br\/wp-content\/uploads\/2025\/09\/ERRATAS-1-e-2-2026.pdf\" target=\"_blank\" rel=\"noopener\"><span style=\"margin: 0px; padding: 0px; border: 0px; outline: 0px; font-variant: inherit; font-stretch: inherit; line-height: inherit; font-optical-sizing: inherit; font-size-adjust: inherit; font-kerning: inherit; font-feature-settings: inherit; font-variation-settings: inherit; vertical-align: baseline; font-family: inherit; font-style: inherit; font-weight: 600; color: #547c46;\"><span style=\"margin: 0px; padding: 0px; border: 0px; outline: 0px; font-variant: inherit; font-stretch: inherit; line-height: inherit; font-optical-sizing: inherit; font-size-adjust: inherit; font-kerning: inherit; font-feature-settings: inherit; font-variation-settings: inherit; vertical-align: baseline; font-family: inherit; font-style: inherit; font-weight: inherit;\"><strong>\u00bb ERRATAS 1 e 2: edital do processo seletivo do PPGPS (<em>2026\/01<\/em>)<\/strong><\/span><\/span><\/a><\/p><hr \/><p style=\"color: #2b2b2b; font-family: inherit; font-size: 16px; padding: 0px; border: 0px; outline: 0px; font-variant: inherit; font-stretch: inherit; line-height: inherit; font-optical-sizing: inherit; font-size-adjust: inherit; font-kerning: inherit; font-feature-settings: inherit; font-variation-settings: inherit; vertical-align: baseline; font-style: inherit; font-weight: inherit;\"><span style=\"color: #547c46;\"><span style=\"margin: 0px; padding: 0px; border: 0px; outline: 0px; font-variant: inherit; font-stretch: inherit; line-height: inherit; font-optical-sizing: inherit; font-size-adjust: inherit; font-kerning: inherit; font-feature-settings: inherit; font-variation-settings: inherit; vertical-align: baseline; font-family: inherit; font-style: inherit; font-weight: 600;\"><span style=\"margin: 0px; padding: 0px; border: 0px; outline: 0px; font-variant: inherit; font-stretch: inherit; line-height: inherit; font-optical-sizing: inherit; font-size-adjust: inherit; font-kerning: inherit; font-feature-settings: inherit; font-variation-settings: inherit; vertical-align: baseline; font-family: inherit; font-style: inherit; font-weight: inherit;\"><a href=\"https:\/\/ppgps.uenf.br\/wp-content\/uploads\/2025\/09\/Novo-edital-2026_Formatado.pdf\" target=\"_blank\" rel=\"noopener\"><span style=\"margin: 0px; padding: 0px; border: 0px; outline: 0px; font-variant: inherit; font-stretch: inherit; line-height: inherit; font-optical-sizing: inherit; font-size-adjust: inherit; font-kerning: inherit; font-feature-settings: inherit; font-variation-settings: inherit; vertical-align: baseline; font-family: inherit; font-style: inherit; font-weight: 600; color: #547c46;\"><strong>\u00bb EDITAL PARA O PROCESSO SELETIVO PROGRAMA DE P\u00d3S-GRADUA\u00c7\u00c3O EM POL\u00cdTICAS SOCIAIS (<em>2026\/01<\/em>)<\/strong><\/span><\/a><\/span><\/span><\/span><span style=\"color: #547c46;\"><span style=\"margin: 0px; padding: 0px; border: 0px; outline: 0px; font-variant: inherit; font-stretch: inherit; line-height: inherit; font-optical-sizing: inherit; font-size-adjust: inherit; font-kerning: inherit; font-feature-settings: inherit; font-variation-settings: inherit; vertical-align: baseline; font-family: inherit; font-style: inherit;\"><br \/>1- Formul\u00e1rio de inscri\u00e7\u00e3o para aluno regular <em>(<a style=\"color: #547c46;\" href=\"http:\/\/uenf.br\/posgraduacao\/wp-content\/uploads\/2019\/12\/Fomulario-inscricao-Processo-seletivo_PG.pdf\" target=\"_blank\" rel=\"noopener\">Clique aqui<\/a>).<\/em><br \/><\/span><\/span><span style=\"color: #547c46;\"><span style=\"margin: 0px; padding: 0px; border: 0px; outline: 0px; font-variant: inherit; font-stretch: inherit; line-height: inherit; font-optical-sizing: inherit; font-size-adjust: inherit; font-kerning: inherit; font-feature-settings: inherit; font-variation-settings: inherit; vertical-align: baseline; font-family: inherit; font-style: inherit;\">2- Formul\u00e1rio para carta de recomenda\u00e7\u00e3o <em>(<a style=\"color: #547c46;\" href=\"http:\/\/uenf.br\/posgraduacao\/wp-content\/uploads\/2019\/12\/Fomulario-inscricao-Processo-seletivo_Carta.pdf\" target=\"_blank\" rel=\"noopener\">Clique aqui<\/a>)<\/em>.<\/span><\/span><\/p><\/div>\t\t\t\t\t\t\t\t<\/div>\n\t\t\t\t<\/div>\n\t\t\t\t\t<\/div>\n\t\t\t\t<\/div>\n\t\t\t\t<\/div>\n\t\t","protected":false},"excerpt":{"rendered":"<p>+ O Programa de P\u00f3s-gradua\u00e7\u00e3o em Pol\u00edticas Sociais oferece vagas para: Aluno Regular\u00a0\u2013 O aluno regular \u00e9 aquele que participa do processo seletivo <\/p>\n","protected":false},"author":1,"featured_media":0,"parent":0,"menu_order":0,"comment_status":"closed","ping_status":"closed","template":"fullwidth.php","meta":{"footnotes":""},"class_list":["post-559","page","type-page","status-publish","hentry"],"_links":{"self":[{"href":"https:\/\/ppgps.uenf.br\/index.php?rest_route=\/wp\/v2\/pages\/559","targetHints":{"allow":["GET"]}}],"collection":[{"href":"https:\/\/ppgps.uenf.br\/index.php?rest_route=\/wp\/v2\/pages"}],"about":[{"href":"https:\/\/ppgps.uenf.br\/index.php?rest_route=\/wp\/v2\/types\/page"}],"author":[{"embeddable":true,"href":"https:\/\/ppgps.uenf.br\/index.php?rest_route=\/wp\/v2\/users\/1"}],"replies":[{"embeddable":true,"href":"https:\/\/ppgps.uenf.br\/index.php?rest_route=%2Fwp%2Fv2%2Fcomments&post=559"}],"version-history":[{"count":128,"href":"https:\/\/ppgps.uenf.br\/index.php?rest_route=\/wp\/v2\/pages\/559\/revisions"}],"predecessor-version":[{"id":1842,"href":"https:\/\/ppgps.uenf.br\/index.php?rest_route=\/wp\/v2\/pages\/559\/revisions\/1842"}],"wp:attachment":[{"href":"https:\/\/ppgps.uenf.br\/index.php?rest_route=%2Fwp%2Fv2%2Fmedia&parent=559"}],"curies":[{"name":"wp","href":"https:\/\/api.w.org\/{rel}","templated":true}]}}