{"id":568,"date":"2024-09-17T17:57:30","date_gmt":"2024-09-17T20:57:30","guid":{"rendered":"https:\/\/developerwordpress.com.br\/?page_id=568"},"modified":"2024-09-17T18:01:13","modified_gmt":"2024-09-17T21:01:13","slug":"disciplinas","status":"publish","type":"page","link":"https:\/\/ppgps.uenf.br\/?page_id=568","title":{"rendered":"Disciplinas"},"content":{"rendered":"\n<p><strong><em>IMPORTANTE!<\/em><\/strong> As disciplinas n\u00e3o s\u00e3o oferecidas todos os semestres. Em caso de aluno especial favor consultar as disciplinas ofertadas no semestre. Os alunos regulares podem ter acesso a oferta de disciplina no sistema acad\u00eamico.<\/p>\n\n\n\n<figure class=\"wp-block-table is-style-stripes\"><table class=\"has-text-color has-link-color\" style=\"color:#547c46\"><tbody><tr><td class=\"has-text-align-center\" data-align=\"center\"><strong>C\u00f3digo<\/strong><\/td><td><strong>Nome<\/strong><\/td><td><strong>Tipo<\/strong><\/td><td><strong>N\u00edvel<\/strong><\/td><td><strong>Cr\u00e9ditos<\/strong><\/td><td><strong>Status<\/strong><\/td><\/tr><tr><td class=\"has-text-align-center\" data-align=\"center\"><a href=\"https:\/\/uenf.br\/posgraduacao\/politicas-sociais\/wp-content\/uploads\/sites\/11\/2023\/09\/PPS4701.pdf\" target=\"_blank\" rel=\"noreferrer noopener\">PPS4701<\/a><\/td><td>ESTUDO DIRIGIDO<\/td><td>OPTATIVA<\/td><td>Mestrado\/Doutorado<\/td><td><strong>1<\/strong><\/td><td>Ativa<\/td><\/tr><tr><td class=\"has-text-align-center\" data-align=\"center\"><a href=\"https:\/\/uenf.br\/posgraduacao\/politicas-sociais\/wp-content\/uploads\/sites\/11\/2023\/09\/PPS4702.pdf\" target=\"_blank\" rel=\"noreferrer noopener\">PPS4702<\/a><\/td><td>POL\u00cdTICAS SOCIAIS<\/td><td>OBRIGAT\u00d3RIA<\/td><td>Mestrado\/Doutorado<\/td><td>3<\/td><td>Ativa<\/td><\/tr><tr><td class=\"has-text-align-center\" data-align=\"center\"><a href=\"https:\/\/uenf.br\/posgraduacao\/politicas-sociais\/wp-content\/uploads\/sites\/11\/2023\/09\/PPS4703.pdf\" target=\"_blank\" rel=\"noreferrer noopener\">PPS4703<\/a><\/td><td>TEORIA SOCIAL<\/td><td>OBRIGAT\u00d3RIA<\/td><td>Mestrado<\/td><td>3<\/td><td>Ativa<\/td><\/tr><tr><td class=\"has-text-align-center\" data-align=\"center\">PPS4704<\/td><td>FORMA\u00c7\u00c3O SOCIAL BRASILEIRA<\/td><td>OPTATIVA<\/td><td>Mestrado\/Doutorado<\/td><td>3<\/td><td>Ativa<\/td><\/tr><tr><td class=\"has-text-align-center\" data-align=\"center\"><a href=\"https:\/\/uenf.br\/posgraduacao\/politicas-sociais\/wp-content\/uploads\/sites\/11\/2023\/09\/PPS4705.pdf\" target=\"_blank\" rel=\"noreferrer noopener\">PPS4705<\/a><\/td><td>SEMIN\u00c1RIO<\/td><td>OBRIGAT\u00d3RIA<\/td><td>Mestrado<\/td><td>1<\/td><td>Ativa<\/td><\/tr><tr><td class=\"has-text-align-center\" data-align=\"center\"><a href=\"https:\/\/uenf.br\/posgraduacao\/politicas-sociais\/wp-content\/uploads\/sites\/11\/2023\/09\/PPS4706.pdf\" target=\"_blank\" rel=\"noreferrer noopener\">PPS4706<\/a><\/td><td>ATIVIDADES PROGRAMADAS I<\/td><td>OBRIGAT\u00d3RIA<\/td><td>Mestrado<\/td><td>1<\/td><td>Ativa<\/td><\/tr><tr><td class=\"has-text-align-center\" data-align=\"center\"><a href=\"https:\/\/uenf.br\/posgraduacao\/politicas-sociais\/wp-content\/uploads\/sites\/11\/2023\/09\/PPS4707.pdf\" target=\"_blank\" rel=\"noreferrer noopener\">PPS4707<\/a><\/td><td>ATIVIDADES PROGRAMADAS II<\/td><td>OBRIGAT\u00d3RIA<\/td><td>Mestrado<\/td><td>1<\/td><td>Ativa<\/td><\/tr><tr><td class=\"has-text-align-center\" data-align=\"center\"><a href=\"https:\/\/uenf.br\/posgraduacao\/politicas-sociais\/wp-content\/uploads\/sites\/11\/2023\/09\/PPS4708.pdf\" target=\"_blank\" rel=\"noreferrer noopener\">PPS4708<\/a><\/td><td>FUNDAMENTOS EM METOLOGIA CIENT\u00cdFICA<\/td><td>OBRIGAT\u00d3RIA<\/td><td>Mestrado<\/td><td>4<\/td><td>Ativa<\/td><\/tr><tr><td class=\"has-text-align-center\" data-align=\"center\"><a href=\"https:\/\/uenf.br\/posgraduacao\/politicas-sociais\/wp-content\/uploads\/sites\/11\/2023\/09\/PPS4709.pdf\" target=\"_blank\" rel=\"noreferrer noopener\">PPS4709<\/a><\/td><td>ESTADO E POL\u00cdTITICAS P\u00daBLICAS NO BRASIL<\/td><td>OPTATIVA<\/td><td>Mestrado\/Doutorado<\/td><td>3<\/td><td>Ativa<\/td><\/tr><tr><td class=\"has-text-align-center\" data-align=\"center\"><a href=\"https:\/\/uenf.br\/posgraduacao\/politicas-sociais\/wp-content\/uploads\/sites\/11\/2023\/09\/PPS4720.pdf\" target=\"_blank\" rel=\"noreferrer noopener\">PPS4720<\/a><\/td><td>TE EM ESTUDOS URBANOS<\/td><td>OPTATIVA<\/td><td>Mestrado\/Doutorado<\/td><td>3<\/td><td>Ativa<\/td><\/tr><tr><td class=\"has-text-align-center\" data-align=\"center\"><a href=\"https:\/\/uenf.br\/posgraduacao\/politicas-sociais\/wp-content\/uploads\/sites\/11\/2023\/09\/PPS4722.pdf\" target=\"_blank\" rel=\"noreferrer noopener\">PPS4722<\/a><\/td><td>POL\u00cdTICA EDUCACIONAL<\/td><td>OPTATIVA<\/td><td>Mestrado\/Doutorado<\/td><td>3<\/td><td>Ativa<\/td><\/tr><tr><td class=\"has-text-align-center\" data-align=\"center\"><a href=\"https:\/\/uenf.br\/posgraduacao\/politicas-sociais\/wp-content\/uploads\/sites\/11\/2023\/09\/PPS4733.pdf\" target=\"_blank\" rel=\"noreferrer noopener\">PPS4733<\/a><\/td><td>T\u00d3PICOS ESPECIAIS: PATRIM\u00d4NIO E POL\u00cdTICA CULTURAL<\/td><td>OPTATIVA<\/td><td>Mestrado\/Doutorado<\/td><td>3<\/td><td>Ativa<\/td><\/tr><tr><td class=\"has-text-align-center\" data-align=\"center\"><a href=\"https:\/\/uenf.br\/posgraduacao\/politicas-sociais\/wp-content\/uploads\/sites\/11\/2023\/09\/PPS4735.pdf\" target=\"_blank\" rel=\"noreferrer noopener\">PPS4735<\/a><\/td><td>HIST\u00d3RIA DAS POL\u00cdTICAS SOCIAIS NA AM\u00c9RICA LATIMA (S\u00c9CULO XX)<\/td><td>OPTATIVA<\/td><td>Mestrado\/Doutorado<\/td><td>3<\/td><td>Ativa<\/td><\/tr><tr><td class=\"has-text-align-center\" data-align=\"center\"><a href=\"https:\/\/uenf.br\/posgraduacao\/politicas-sociais\/wp-content\/uploads\/sites\/11\/2023\/09\/PPS4736.pdf\" target=\"_blank\" rel=\"noreferrer noopener\">PPS4736<\/a><\/td><td>CURR\u00cdLO, CULTURA, HIST\u00d3RIA E POL\u00cdTICA<\/td><td>OPTATIVA<\/td><td>Mestrado\/Doutorado<\/td><td>3<\/td><td>Ativa<\/td><\/tr><tr><td class=\"has-text-align-center\" data-align=\"center\"><a href=\"https:\/\/uenf.br\/posgraduacao\/politicas-sociais\/wp-content\/uploads\/sites\/11\/2023\/09\/PPS4737.pdf\" target=\"_blank\" rel=\"noreferrer noopener\">PPS4737<\/a><\/td><td>POL\u00cdTICA P\u00daBLICA DA EDUCA\u00c7\u00c3O BRASILEIRA HIST\u00d3RIA E ORGANIZA\u00c7\u00c3O<\/td><td>OPTATIVA<\/td><td>Mestrado\/Doutorado<\/td><td>3<\/td><td>Ativa<\/td><\/tr><tr><td class=\"has-text-align-center\" data-align=\"center\"><a href=\"https:\/\/uenf.br\/posgraduacao\/politicas-sociais\/wp-content\/uploads\/sites\/11\/2023\/09\/PPS4739.pdf\" target=\"_blank\" rel=\"noreferrer noopener\">PPS4739<\/a><\/td><td>PROCESSO DE URBANIZA\u00c7\u00c3O E QUEST\u00c3O AMBIENTAL<\/td><td>OPTATIVA<\/td><td>Mestrado\/Doutorado<\/td><td>3<\/td><td>Ativa<\/td><\/tr><tr><td class=\"has-text-align-center\" data-align=\"center\"><a href=\"https:\/\/uenf.br\/posgraduacao\/politicas-sociais\/wp-content\/uploads\/sites\/11\/2023\/09\/PPS4740.pdf\" target=\"_blank\" rel=\"noreferrer noopener\">PPS4740<\/a><\/td><td>LINGUAGEM: TERRIT\u00d3RIO DE INCLUS\u00c3O E EXCLUS\u00c3O<\/td><td>OPTATIVA<\/td><td>Mestrado\/Doutorado<\/td><td>3<\/td><td>Ativa<\/td><\/tr><tr><td class=\"has-text-align-center\" data-align=\"center\"><a href=\"https:\/\/uenf.br\/posgraduacao\/politicas-sociais\/wp-content\/uploads\/sites\/11\/2023\/09\/PPS4741.pdf\" target=\"_blank\" rel=\"noreferrer noopener\">PPS4741<\/a><\/td><td>AGRICULTURA E DESENVOLVIMENTO ECON\u00d4MICO<\/td><td>OPTATIVA<\/td><td>Mestrado\/Doutorado<\/td><td>3<\/td><td>Ativa<\/td><\/tr><tr><td class=\"has-text-align-center\" data-align=\"center\"><a href=\"https:\/\/uenf.br\/posgraduacao\/politicas-sociais\/wp-content\/uploads\/sites\/11\/2023\/09\/PPS4742.pdf\" target=\"_blank\" rel=\"noreferrer noopener\">PPS4742<\/a><\/td><td>GEST\u00c3O AMBIENTAL<\/td><td>OPTATIVA<\/td><td>Mestrado\/Doutorado<\/td><td>3<\/td><td>Ativa<\/td><\/tr><tr><td class=\"has-text-align-center\" data-align=\"center\"><a href=\"https:\/\/uenf.br\/posgraduacao\/politicas-sociais\/wp-content\/uploads\/sites\/11\/2023\/09\/PPS4743.pdf\" target=\"_blank\" rel=\"noreferrer noopener\">PPS4743<\/a><\/td><td>T\u00d3PICOS ESPECIAIS: HIST\u00d3RIA DA CI\u00caNCIA<\/td><td>OPTATIVA<\/td><td>Mestrado\/Doutorado<\/td><td>3<\/td><td>Ativa<\/td><\/tr><tr><td class=\"has-text-align-center\" data-align=\"center\"><a href=\"https:\/\/uenf.br\/posgraduacao\/politicas-sociais\/wp-content\/uploads\/sites\/11\/2023\/09\/PPS4744.pdf\" target=\"_blank\" rel=\"noreferrer noopener\">PPS4744<\/a><\/td><td>MEIO AMBIENTE, POLUI\u00c7\u00c3O E SOCIEDADE<\/td><td>OPTATIVA<\/td><td>Mestrado\/Doutorado<\/td><td>2<\/td><td>Ativa<\/td><\/tr><tr><td class=\"has-text-align-center\" data-align=\"center\"><a href=\"https:\/\/uenf.br\/posgraduacao\/politicas-sociais\/wp-content\/uploads\/sites\/11\/2023\/09\/PPS4745.pdf\" target=\"_blank\" rel=\"noreferrer noopener\">PPS4745<\/a><\/td><td>POL\u00cdTICA, FORMA\u00c7\u00c3O E PROFISS\u00c3O DOCENTE<\/td><td>OPTATIVA<\/td><td>Mestrado\/Doutorado<\/td><td>3<\/td><td>Ativa<\/td><\/tr><tr><td class=\"has-text-align-center\" data-align=\"center\"><a href=\"https:\/\/uenf.br\/posgraduacao\/politicas-sociais\/wp-content\/uploads\/sites\/11\/2023\/09\/PPS4746.pdf\" target=\"_blank\" rel=\"noreferrer noopener\">PPS4746<\/a><\/td><td>T\u00d3PICOS ESPECIAIS: HIST\u00d3RIA DA CI\u00caNCIA<\/td><td>OPTATIVA<\/td><td>Mestrado\/Doutorado<\/td><td>4<\/td><td>Ativa<\/td><\/tr><tr><td class=\"has-text-align-center\" data-align=\"center\"><a href=\"https:\/\/uenf.br\/posgraduacao\/politicas-sociais\/wp-content\/uploads\/sites\/11\/2023\/09\/PPS4747.pdf\" target=\"_blank\" rel=\"noreferrer noopener\">PPS4747<\/a><\/td><td>POL\u00cdTICA CULTURAIS, CIDADE E PATRIM\u00d4NIO<\/td><td>OPTATIVA<\/td><td>Mestrado\/Doutorado<\/td><td>3<\/td><td>Ativa<\/td><\/tr><tr><td class=\"has-text-align-center\" data-align=\"center\"><a href=\"https:\/\/uenf.br\/posgraduacao\/politicas-sociais\/wp-content\/uploads\/sites\/11\/2023\/09\/PPS4748.pdf\" target=\"_blank\" rel=\"noreferrer noopener\">PPS4748<\/a><\/td><td>TRABALHO, MERCADO DE TRABALHO E ECONOMIA INFORMAL<\/td><td>OPTATIVA<\/td><td>Mestrado\/Doutorado<\/td><td>3<\/td><td>Ativa<\/td><\/tr><tr><td class=\"has-text-align-center\" data-align=\"center\">PPS4749<\/td><td>AGRICUTURA FAMILIAR E DESENVOLVIMENTO LOCAL<\/td><td>OPTATIVA<\/td><td>Mestrado\/Doutorado<\/td><td>3<\/td><td>Ativa<\/td><\/tr><tr><td class=\"has-text-align-center\" data-align=\"center\"><a href=\"https:\/\/uenf.br\/posgraduacao\/politicas-sociais\/wp-content\/uploads\/sites\/11\/2023\/09\/PPS4751.pdf\" target=\"_blank\" rel=\"noreferrer noopener\">PPS4751<\/a><\/td><td>OFICINA DE DIVULGA\u00c7\u00c3O CIENT\u00cdFICA<\/td><td>OPTATIVA<\/td><td>Mestrado\/Doutorado<\/td><td>3<\/td><td>Ativa<\/td><\/tr><tr><td class=\"has-text-align-center\" data-align=\"center\"><a href=\"https:\/\/uenf.br\/posgraduacao\/politicas-sociais\/wp-content\/uploads\/sites\/11\/2023\/09\/PPS4752.pdf\" target=\"_blank\" rel=\"noreferrer noopener\">PPS4752<\/a><\/td><td>PESQUISA QUALITATIVA EM EDUCA\u00c7\u00c3O<\/td><td>OPTATIVA<\/td><td>Mestrado\/Doutorado<\/td><td>3<\/td><td>Ativa<\/td><\/tr><tr><td class=\"has-text-align-center\" data-align=\"center\"><a href=\"https:\/\/uenf.br\/posgraduacao\/politicas-sociais\/wp-content\/uploads\/sites\/11\/2023\/09\/PPS4754.pdf\" target=\"_blank\" rel=\"noreferrer noopener\">PPS4754<\/a><\/td><td>PESQUISA DISCENTE<\/td><td>OPTATIVA<\/td><td>Mestrado\/Doutorado<\/td><td>1<\/td><td>Ativa<\/td><\/tr><tr><td class=\"has-text-align-center\" data-align=\"center\"><a href=\"https:\/\/uenf.br\/posgraduacao\/politicas-sociais\/wp-content\/uploads\/sites\/11\/2023\/09\/PPS4755.pdf\" target=\"_blank\" rel=\"noreferrer noopener\">PPS4755<\/a><\/td><td>T\u00d3PICOS ESPECIAIS EM METODOLOGIA<\/td><td>OPTATIVA<\/td><td>Mestrado\/Doutorado<\/td><td>3<\/td><td>Ativa<\/td><\/tr><tr><td class=\"has-text-align-center\" data-align=\"center\"><a href=\"https:\/\/uenf.br\/posgraduacao\/politicas-sociais\/wp-content\/uploads\/sites\/11\/2023\/09\/PPS4756.pdf\" target=\"_blank\" rel=\"noreferrer noopener\">PPS4756<\/a><\/td><td>T\u00d3PICOS ESPECIAIS EM OIL\u00cdTICAS SOCIAIS<\/td><td>OPTATIVA<\/td><td>Mestrado\/Doutorado<\/td><td>3<\/td><td>Ativa<\/td><\/tr><tr><td class=\"has-text-align-center\" data-align=\"center\"><a href=\"https:\/\/uenf.br\/posgraduacao\/politicas-sociais\/wp-content\/uploads\/sites\/11\/2023\/09\/PPS4757.pdf\" target=\"_blank\" rel=\"noreferrer noopener\">PPS4757<\/a><\/td><td>LEITURAS EM FILOSOFIA E HIST\u00d3RIA DA CI\u00caNCIA I<\/td><td>OPTATIVA<\/td><td>Mestrado\/Doutorado<\/td><td>3<\/td><td>Ativa<\/td><\/tr><tr><td class=\"has-text-align-center\" data-align=\"center\"><a href=\"https:\/\/uenf.br\/posgraduacao\/politicas-sociais\/wp-content\/uploads\/sites\/11\/2023\/09\/PPS4758.pdf\" target=\"_blank\" rel=\"noreferrer noopener\">PPS4758<\/a><\/td><td>LEITURAS EM FILOSOFIA E HIST\u00d3RIA DA CI\u00caNCIA II<\/td><td>OPTATIVA<\/td><td>Mestrado\/Doutorado<\/td><td>3<\/td><td>Ativa<\/td><\/tr><tr><td class=\"has-text-align-center\" data-align=\"center\">PPS 4759<\/td><td>TEORIA SOCIAL AVAN\u00c7ADA<\/td><td>OPTATIVA<\/td><td>Mestrado\/Doutorado<\/td><td>3<\/td><td>Ativa<\/td><\/tr><tr><td class=\"has-text-align-center\" data-align=\"center\">PPS 4761<\/td><td>FUNDAMENTOS FILOS\u00d3FICOS DA EDUCA\u00c7\u00c3O CONTEMPOR\u00c2NEA \u2013 3C<\/td><td>OPTATIVA<\/td><td>Mestrado\/Doutorado<\/td><td>3<\/td><td>Ativa<\/td><\/tr><tr><td class=\"has-text-align-center\" data-align=\"center\"><a href=\"https:\/\/uenf.br\/posgraduacao\/politicas-sociais\/wp-content\/uploads\/sites\/11\/2023\/09\/PPS4762.pdf\" target=\"_blank\" rel=\"noreferrer noopener\">PPS4762<\/a><\/td><td>POL\u00cdTICA EDUCACIONAL NA PRIMEIRA D\u00c9CADA DO S\u00c9CULO XXI: DIRETIZES E PERSPECTIVAS \u2013 3C<\/td><td>OPTATIVA<\/td><td>Mestrado\/Doutorado<\/td><td>3<\/td><td>Ativa<\/td><\/tr><tr><td class=\"has-text-align-center\" data-align=\"center\"><a href=\"https:\/\/uenf.br\/posgraduacao\/politicas-sociais\/wp-content\/uploads\/sites\/11\/2023\/09\/PPS4763.pdf\" target=\"_blank\" rel=\"noreferrer noopener\">PPS4763<\/a><\/td><td>FORMA\u00c7\u00c3O ECON\u00d4MICA E DESIGUALDADES SOCIAIS NO BRASIL<\/td><td>OPTATIVA<\/td><td>Mestrado\/Doutorado<\/td><td>3<\/td><td>Ativa<\/td><\/tr><tr><td class=\"has-text-align-center\" data-align=\"center\"><a href=\"https:\/\/uenf.br\/posgraduacao\/politicas-sociais\/wp-content\/uploads\/sites\/11\/2023\/09\/PPS4765.pdf\" target=\"_blank\" rel=\"noreferrer noopener\">PPS4765<\/a><\/td><td>TE EM FENOMENOLOGIA<\/td><td>OPTATIVA<\/td><td>Mestrado\/Doutorado<\/td><td>3<\/td><td>Ativa<\/td><\/tr><tr><td class=\"has-text-align-center\" data-align=\"center\"><a href=\"https:\/\/uenf.br\/posgraduacao\/politicas-sociais\/wp-content\/uploads\/sites\/11\/2023\/09\/PPS4766.pdf\" target=\"_blank\" rel=\"noreferrer noopener\">PPS4766<\/a><\/td><td>T\u00d3PICOS ESPECIAIS EM POL\u00cdTICAS E SISTEMAS DE SA\u00daDE \u2013 M\u00d3DULO 2<\/td><td>OPTATIVA<\/td><td>Mestrado\/Doutorado<\/td><td>3<\/td><td>Ativa<\/td><\/tr><tr><td class=\"has-text-align-center\" data-align=\"center\">PPS 4767<\/td><td>T\u00d3PICOS ESPECIAIS EM PATRIM\u00d4NIO CULTURAL: RESGATE DE SABERES POPULARES PARA O ENSINO<\/td><td>OPTATIVA<\/td><td>Mestrado\/Doutorado<\/td><td>3<\/td><td>Ativa<\/td><\/tr><tr><td class=\"has-text-align-center\" data-align=\"center\">PPS 4768<\/td><td>QUEST\u00c3O DE \u00c9TICA E BIO\u00c9TICA<\/td><td>OPTATIVA<\/td><td>Mestrado\/Doutorado<\/td><td>3<\/td><td>Ativa<\/td><\/tr><tr><td class=\"has-text-align-center\" data-align=\"center\"><a href=\"https:\/\/uenf.br\/posgraduacao\/politicas-sociais\/wp-content\/uploads\/sites\/11\/2023\/09\/PPS4770.pdf\" target=\"_blank\" rel=\"noreferrer noopener\">PPS4770<\/a><\/td><td>ESTUDO DIRIGIDO<\/td><td>OPTATIVA<\/td><td>Mestrado\/Doutorado<\/td><td>1<\/td><td>Ativa<\/td><\/tr><tr><td class=\"has-text-align-center\" data-align=\"center\"><a href=\"https:\/\/uenf.br\/posgraduacao\/politicas-sociais\/wp-content\/uploads\/sites\/11\/2023\/09\/PPS4771.pdf\" target=\"_blank\" rel=\"noreferrer noopener\">PPS4771<\/a><\/td><td>PLANEJAMENTO AMBIENTAL<\/td><td>OPTATIVA<\/td><td>Mestrado\/Doutorado<\/td><td>3<\/td><td>Ativa<\/td><\/tr><tr><td class=\"has-text-align-center\" data-align=\"center\"><a href=\"https:\/\/uenf.br\/posgraduacao\/politicas-sociais\/wp-content\/uploads\/sites\/11\/2023\/09\/PPS4772.pdf\" target=\"_blank\" rel=\"noreferrer noopener\">PPS4772<\/a><\/td><td>GEOGRAFIA DA POPULA\u00c7\u00c3O : CONCEITO, PROJETOS E DEBATES<\/td><td>OPTATIVA<\/td><td>Mestrado\/Doutorado<\/td><td>3<\/td><td>Ativa<\/td><\/tr><tr><td class=\"has-text-align-center\" data-align=\"center\">PPS 4773<\/td><td>SOCIOLOGIA DO TRABALHO<\/td><td>OPTATIVA<\/td><td>Mestrado\/Doutorado<\/td><td>4<\/td><td>Ativa<\/td><\/tr><tr><td class=\"has-text-align-center\" data-align=\"center\"><a href=\"https:\/\/uenf.br\/posgraduacao\/politicas-sociais\/wp-content\/uploads\/sites\/11\/2023\/09\/PPS4774.pdf\" target=\"_blank\" rel=\"noreferrer noopener\">PPS4774<\/a><\/td><td>SOCIOLOGIA DO TRABALHO BRASILEIRA<\/td><td>OPTATIVA<\/td><td>Mestrado\/Doutorado<\/td><td>4<\/td><td>Ativa<\/td><\/tr><tr><td class=\"has-text-align-center\" data-align=\"center\">PPS4775<\/td><td>T\u00d3PICOS ESPECIAIS EM METODOLOGIA: ESCRITA \u2013 PODER E SUBJETIVIDADES<\/td><td>OPTATIVA<\/td><td>Mestrado\/Doutorado<\/td><td>3<\/td><td>Ativa<\/td><\/tr><tr><td class=\"has-text-align-center\" data-align=\"center\"><a href=\"https:\/\/uenf.br\/posgraduacao\/politicas-sociais\/wp-content\/uploads\/sites\/11\/2023\/09\/PPS4776.pdf\" target=\"_blank\" rel=\"noreferrer noopener\">PPS4776<\/a><\/td><td>INFORMALIDADE, CONFLITO E CIDADANIA<\/td><td>OPTATIVA<\/td><td>Mestrado\/Doutorado<\/td><td>3<\/td><td>Ativa<\/td><\/tr><tr><td class=\"has-text-align-center\" data-align=\"center\"><a href=\"https:\/\/uenf.br\/posgraduacao\/politicas-sociais\/wp-content\/uploads\/sites\/11\/2023\/09\/PPS4777.pdf\" target=\"_blank\" rel=\"noreferrer noopener\">PPS4777<\/a><\/td><td>HIST\u00d3RIA DA EDUCA\u00c7\u00c3O BRASILEIRA<\/td><td>OPTATIVA<\/td><td>Mestrado\/Doutorado<\/td><td>3<\/td><td>Ativa<\/td><\/tr><tr><td class=\"has-text-align-center\" data-align=\"center\">PPS 4778<\/td><td>TE EM POL\u00cdTICAS CULTURAIS: IMAGEM E MEM\u00d3RIA<\/td><td>OPTATIVA<\/td><td>Mestrado\/Doutorado<\/td><td>3<\/td><td>Ativa<\/td><\/tr><tr><td class=\"has-text-align-center\" data-align=\"center\"><a href=\"https:\/\/uenf.br\/posgraduacao\/politicas-sociais\/wp-content\/uploads\/sites\/11\/2023\/09\/PPS4779.pdf\" target=\"_blank\" rel=\"noreferrer noopener\">PPS4779<\/a><\/td><td>OBJETOS E PROJETOS<\/td><td>OPTATIVA<\/td><td>Mestrado\/Doutorado<\/td><td>3<\/td><td>Ativa<\/td><\/tr><tr><td class=\"has-text-align-center\" data-align=\"center\"><a href=\"https:\/\/uenf.br\/posgraduacao\/politicas-sociais\/wp-content\/uploads\/sites\/11\/2023\/09\/PPS4780.pdf\" target=\"_blank\" rel=\"noreferrer noopener\">PPS4780<\/a><\/td><td>SEMIN\u00c1RIO II<\/td><td>OBRIGAT\u00d3RIA<\/td><td>Mestrado<\/td><td>1<\/td><td>Ativa<\/td><\/tr><tr><td class=\"has-text-align-center\" data-align=\"center\"><a href=\"https:\/\/uenf.br\/posgraduacao\/politicas-sociais\/wp-content\/uploads\/sites\/11\/2023\/09\/PPS4781.pdf\" target=\"_blank\" rel=\"noreferrer noopener\">PPS4781<\/a><\/td><td>PROCESSO DE FORMA\u00c7\u00c3O HUMANA NA ANTIGUIDADE \u2013 PAID\u00c9IA ARISTOT\u00c9LICA<\/td><td>OPTATIVA<\/td><td>Mestrado\/Doutorado<\/td><td>3<\/td><td>Ativa<\/td><\/tr><tr><td class=\"has-text-align-center\" data-align=\"center\"><a href=\"https:\/\/uenf.br\/posgraduacao\/politicas-sociais\/wp-content\/uploads\/sites\/11\/2023\/09\/PPS4782.pdf\" target=\"_blank\" rel=\"noreferrer noopener\">PPS4782<\/a><\/td><td>DIVERSIDADE CULTURAL E COMUNICA\u00c7\u00c3O<\/td><td>OPTATIVA<\/td><td>Mestrado\/Doutorado<\/td><td>4<\/td><td>Ativa<\/td><\/tr><tr><td class=\"has-text-align-center\" data-align=\"center\"><a href=\"https:\/\/uenf.br\/posgraduacao\/politicas-sociais\/wp-content\/uploads\/sites\/11\/2023\/09\/PPS4783.pdf\" target=\"_blank\" rel=\"noreferrer noopener\">PPS4783<\/a><\/td><td>HABITA\u00c7\u00c3O E POL\u00cdTACA HABITACIONAL&nbsp; NAS PERIFERIAS<\/td><td>OPTATIVA<\/td><td>Mestrado\/Doutorado<\/td><td>3<\/td><td>Ativa<\/td><\/tr><tr><td class=\"has-text-align-center\" data-align=\"center\"><a href=\"https:\/\/uenf.br\/posgraduacao\/politicas-sociais\/wp-content\/uploads\/sites\/11\/2023\/09\/PPS4784.pdf\" target=\"_blank\" rel=\"noreferrer noopener\">PPS4784<\/a><\/td><td>T\u00d3PICOS ESPECIAIS DE POL\u00cdTICAS SOCIAIS: EJA\/PROEJA I \u2013 CONCEP\u00c7\u00d5ES E PR\u00c1TICAS NA REGI\u00c3O NORTE NOROESTE FLUMINENSE<\/td><td>OPTATIVA<\/td><td>Mestrado\/Doutorado<\/td><td>4<\/td><td>Ativa<\/td><\/tr><tr><td class=\"has-text-align-center\" data-align=\"center\"><a href=\"https:\/\/uenf.br\/posgraduacao\/politicas-sociais\/wp-content\/uploads\/sites\/11\/2023\/09\/PPS4785.pdf\" target=\"_blank\" rel=\"noreferrer noopener\">PPS4785<\/a><\/td><td>POL\u00cdTICAS SOCIAIS E ESPA\u00c7O P\u00daBLICO NAS PERIFERIAS<\/td><td>OPTATIVA<\/td><td>Mestrado\/Doutorado<\/td><td>3<\/td><td>Ativa<\/td><\/tr><tr><td class=\"has-text-align-center\" data-align=\"center\">PPS 4786<\/td><td>T\u00d3PICOS ESPECIAIS DE POL\u00cdTICAS SOCIAIS: EJA\/PROEJA II \u2013 CONCEP\u00c7\u00d5ES E PR\u00c1TICAS NA REGI\u00c3O NORTE NOROESTE FLUMINENSE<\/td><td>OPTATIVA<\/td><td>Mestrado\/Doutorado<\/td><td>4<\/td><td>Ativa<\/td><\/tr><tr><td class=\"has-text-align-center\" data-align=\"center\">PPS 4787<\/td><td>HIST\u00d3RIA E POL\u00cdTICA DA EDUCA\u00c7\u00c3O BRASILEIRA<\/td><td>OPTATIVA<\/td><td>Mestrado\/Doutorado<\/td><td>3<\/td><td>Ativa<\/td><\/tr><tr><td class=\"has-text-align-center\" data-align=\"center\"><a href=\"https:\/\/uenf.br\/posgraduacao\/politicas-sociais\/wp-content\/uploads\/sites\/11\/2023\/09\/PPS4789.pdf\" target=\"_blank\" rel=\"noreferrer noopener\">PPS4789<\/a><\/td><td>T\u00d3PICOS ESPECIAIS DE POL\u00cdTICAS SOCIAIS: EJA\/PROEJA III \u2013 CONCEP\u00c7\u00d5ES E PR\u00c1TICAS NA REGI\u00c3O NORTE NOROESTE FLUMINENSE<\/td><td>OPTATIVA<\/td><td>Mestrado\/Doutorado<\/td><td>4<\/td><td>Ativa<\/td><\/tr><tr><td class=\"has-text-align-center\" data-align=\"center\">PPS 4790<\/td><td>POL\u00cdTICAS P\u00daBLICAS, DIREITO \u00c0 CIDADE E JUSTI\u00c7A SOCIOESPACIAL<\/td><td>OPTATIVA<\/td><td>Mestrado\/Doutorado<\/td><td>3<\/td><td>Ativa<\/td><\/tr><tr><td class=\"has-text-align-center\" data-align=\"center\"><a href=\"https:\/\/uenf.br\/posgraduacao\/politicas-sociais\/wp-content\/uploads\/sites\/11\/2023\/09\/PPS4791.pdf\" target=\"_blank\" rel=\"noreferrer noopener\">PPS4791<\/a><\/td><td>SOCIOLOGIA DA POBREZA<\/td><td>OPTATIVA<\/td><td>Mestrado\/Doutorado<\/td><td>4<\/td><td>Ativa<\/td><\/tr><tr><td class=\"has-text-align-center\" data-align=\"center\">PPS 4792<\/td><td>T\u00d3PICOS ESPECIAIS DE POL\u00cdTICAS SOCIAIS: EJA\/PROEJA IV \u2013 QUALIDADE DO ENSINO, INDICADORES E INSTRUMENTOS PRA DIAGN\u00d3STICO<\/td><td>OPTATIVA<\/td><td>Mestrado\/Doutorado<\/td><td>4<\/td><td>Ativa<\/td><\/tr><tr><td class=\"has-text-align-center\" data-align=\"center\"><a href=\"https:\/\/uenf.br\/posgraduacao\/politicas-sociais\/wp-content\/uploads\/sites\/11\/2023\/09\/PPS4793.pdf\" target=\"_blank\" rel=\"noreferrer noopener\">PPS4793<\/a><\/td><td>T\u00d3PICOS ESPECIAIS DE POL\u00cdTICAS SOCIAIS: EDUCA\u00c7\u00c3O E A\u00c7\u00d5ES AFIRMATIVAS<\/td><td>OPTATIVA<\/td><td>Mestrado\/Doutorado<\/td><td>3<\/td><td>Ativa<\/td><\/tr><tr><td class=\"has-text-align-center\" data-align=\"center\">PPS 4794<\/td><td>TE EM FISOLOFIA: QUEST\u00d5ES DE \u00c9TICA E EDUCA\u00c7\u00c3O AMBIENTAL<\/td><td>OPTATIVA<\/td><td>Mestrado\/Doutorado<\/td><td>3<\/td><td>Ativa<\/td><\/tr><tr><td class=\"has-text-align-center\" data-align=\"center\"><a href=\"https:\/\/uenf.br\/posgraduacao\/politicas-sociais\/wp-content\/uploads\/sites\/11\/2023\/09\/PPS4795.pdf\" target=\"_blank\" rel=\"noreferrer noopener\">PPS4795<\/a><\/td><td>T\u00d3PICOS ESPECIAIS DE POL\u00cdTICAS EDUCACIONAIS: AS NOVAS CONFIGURA\u00c7\u00d5ES DA EDUCA\u00c7\u00c3O P\u00d3S 1990<\/td><td>OPTATIVA<\/td><td>Mestrado\/Doutorado<\/td><td>3<\/td><td>Ativa<\/td><\/tr><tr><td class=\"has-text-align-center\" data-align=\"center\"><a href=\"https:\/\/uenf.br\/posgraduacao\/politicas-sociais\/wp-content\/uploads\/sites\/11\/2023\/09\/PPS4797.pdf\" target=\"_blank\" rel=\"noreferrer noopener\">PPS4797<\/a><\/td><td>T\u00d3PICOS ESPECIAIS EM DEMOGRAFIA<\/td><td>OPTATIVA<\/td><td>Mestrado\/Doutorado<\/td><td>3<\/td><td>Ativa<\/td><\/tr><tr><td class=\"has-text-align-center\" data-align=\"center\"><a href=\"https:\/\/uenf.br\/posgraduacao\/politicas-sociais\/wp-content\/uploads\/sites\/11\/2023\/09\/PPS4798.pdf\" target=\"_blank\" rel=\"noreferrer noopener\">PPS4798<\/a><\/td><td>T\u00d3PICOS ESPECIAIS EM PESQUISA: ESTADO DA ARTE SOBRE PERMAN\u00caNCIA NA EDUCA\u00c7\u00c3O<\/td><td>OPTATIVA<\/td><td>Mestrado\/Doutorado<\/td><td>3<\/td><td>Ativa<\/td><\/tr><tr><td class=\"has-text-align-center\" data-align=\"center\"><a href=\"https:\/\/uenf.br\/posgraduacao\/politicas-sociais\/wp-content\/uploads\/sites\/11\/2023\/09\/PPS4799.pdf\" target=\"_blank\" rel=\"noreferrer noopener\">PPS4799<\/a><\/td><td>T\u00d3PICOS ESPECIAIS EM ARTE E EDUCA\u00c7\u00c3O: PERCEP\u00c7\u00c3O, CULTURA E CRIA\u00c7\u00c3O<\/td><td>OPTATIVA<\/td><td>Mestrado\/Doutorado<\/td><td>3<\/td><td>Ativa<\/td><\/tr><tr><td class=\"has-text-align-center\" data-align=\"center\"><a href=\"https:\/\/uenf.br\/posgraduacao\/politicas-sociais\/wp-content\/uploads\/sites\/11\/2023\/09\/PPS4801.pdf\" target=\"_blank\" rel=\"noreferrer noopener\">PPS4801<\/a><\/td><td>QUEST\u00d5ES ATUAIS EM POL\u00cdTICAS SOCIAIS<\/td><td>OBRIGAT\u00d3RIA<\/td><td>Doutorado<\/td><td>4<\/td><td>Ativa<\/td><\/tr><tr><td class=\"has-text-align-center\" data-align=\"center\"><a href=\"https:\/\/uenf.br\/posgraduacao\/politicas-sociais\/wp-content\/uploads\/sites\/11\/2023\/09\/PPS4802.pdf\" target=\"_blank\" rel=\"noreferrer noopener\">PPS4802<\/a><\/td><td>M\u00c9TODOS E PLANEJAMENTOS DE PESQUISAS<\/td><td>OBRIGAT\u00d3RIA<\/td><td>Doutorado<\/td><td>3<\/td><td>Ativa<\/td><\/tr><tr><td class=\"has-text-align-center\" data-align=\"center\"><a href=\"https:\/\/uenf.br\/posgraduacao\/politicas-sociais\/wp-content\/uploads\/sites\/11\/2023\/09\/PPS4803.pdf\" target=\"_blank\" rel=\"noreferrer noopener\">PPS4803<\/a><\/td><td>COL\u00d3QUIOS INTERDISCIPLINARES DE PESQUISA<\/td><td>OBRIGAT\u00d3RIA<\/td><td>Doutorado<\/td><td>4<\/td><td>Ativa<\/td><\/tr><tr><td class=\"has-text-align-center\" data-align=\"center\"><a href=\"https:\/\/uenf.br\/posgraduacao\/politicas-sociais\/wp-content\/uploads\/sites\/11\/2023\/09\/PPS4804.pdf\" target=\"_blank\" rel=\"noreferrer noopener\">PPS4804<\/a><\/td><td>PRODU\u00c7\u00c3O CIENT\u00cdFICA INTERDISCIPLINAR<\/td><td>OBRIGAT\u00d3RIA<\/td><td>Doutorado<\/td><td>2<\/td><td>Ativa<\/td><\/tr><tr><td class=\"has-text-align-center\" data-align=\"center\"><a href=\"https:\/\/uenf.br\/posgraduacao\/politicas-sociais\/wp-content\/uploads\/sites\/11\/2023\/09\/PPS4805.pdf\" target=\"_blank\" rel=\"noreferrer noopener\">PPS4805<\/a><\/td><td>SEMIN\u00c1RIO DE PESQUISA I<\/td><td>OBRIGAT\u00d3RIA<\/td><td>Doutorado<\/td><td>1<\/td><td>Ativa<\/td><\/tr><tr><td class=\"has-text-align-center\" data-align=\"center\"><a href=\"https:\/\/uenf.br\/posgraduacao\/politicas-sociais\/wp-content\/uploads\/sites\/11\/2023\/09\/PPS4806.pdf\" target=\"_blank\" rel=\"noreferrer noopener\">PPS4806<\/a><\/td><td>SEMIN\u00c1RIO DE PESQUISA II<\/td><td>OBRIGAT\u00d3RIA<\/td><td>Doutorado<\/td><td>1<\/td><td>Ativa<\/td><\/tr><tr><td class=\"has-text-align-center\" data-align=\"center\"><a href=\"https:\/\/uenf.br\/posgraduacao\/politicas-sociais\/wp-content\/uploads\/sites\/11\/2023\/09\/PPS4807.pdf\" target=\"_blank\" rel=\"noreferrer noopener\">PPS4807<\/a><\/td><td>SEMIN\u00c1RIO DE PESQUISA III<\/td><td>OBRIGAT\u00d3RIA<\/td><td>Doutorado<\/td><td>1<\/td><td>Ativa<\/td><\/tr><tr><td class=\"has-text-align-center\" data-align=\"center\"><a href=\"https:\/\/uenf.br\/posgraduacao\/politicas-sociais\/wp-content\/uploads\/sites\/11\/2023\/09\/PPS4808.pdf\" target=\"_blank\" rel=\"noreferrer noopener\">PPS4808<\/a><\/td><td>SEMIN\u00c1RIO DE PESQUISA IV<\/td><td>OBRIGAT\u00d3RIA<\/td><td>Doutorado<\/td><td>2<\/td><td>Ativa<\/td><\/tr><tr><td class=\"has-text-align-center\" data-align=\"center\"><a href=\"https:\/\/uenf.br\/posgraduacao\/politicas-sociais\/wp-content\/uploads\/sites\/11\/2023\/09\/PPS4809.pdf\" target=\"_blank\" rel=\"noreferrer noopener\">PPS4809<\/a><\/td><td>PESQUISA DE TESE I<\/td><td>OBRIGAT\u00d3RIA<\/td><td>Doutorado<\/td><td>2<\/td><td>Ativa<\/td><\/tr><tr><td class=\"has-text-align-center\" data-align=\"center\"><a href=\"https:\/\/uenf.br\/posgraduacao\/politicas-sociais\/wp-content\/uploads\/sites\/11\/2023\/09\/PPS4810.pdf\" target=\"_blank\" rel=\"noreferrer noopener\">PPS4810<\/a><\/td><td>PESQUISA DE TESE II<\/td><td>OBRIGAT\u00d3RIA<\/td><td>Doutorado<\/td><td>2<\/td><td>Ativa<\/td><\/tr><tr><td class=\"has-text-align-center\" data-align=\"center\"><a href=\"https:\/\/uenf.br\/posgraduacao\/politicas-sociais\/wp-content\/uploads\/sites\/11\/2023\/09\/PPS4811.pdf\" target=\"_blank\" rel=\"noreferrer noopener\">PPS4811<\/a><\/td><td>PESQUISA DE TESE III<\/td><td>OBRIGAT\u00d3RIA<\/td><td>Doutorado<\/td><td>2<\/td><td>Ativa<\/td><\/tr><tr><td class=\"has-text-align-center\" data-align=\"center\"><a href=\"https:\/\/uenf.br\/posgraduacao\/politicas-sociais\/wp-content\/uploads\/sites\/11\/2023\/09\/PPS4812.pdf\" target=\"_blank\" rel=\"noreferrer noopener\">PPS4812<\/a><\/td><td>PESQUISA DE TESE IV<\/td><td>OBRIGAT\u00d3RIA<\/td><td>Doutorado<\/td><td>2<\/td><td>Ativa<\/td><\/tr><tr><td class=\"has-text-align-center\" data-align=\"center\"><a href=\"https:\/\/uenf.br\/posgraduacao\/politicas-sociais\/wp-content\/uploads\/sites\/11\/2023\/09\/PPS4813.pdf\" target=\"_blank\" rel=\"noreferrer noopener\">PPS4813<\/a><\/td><td>EST\u00c1GIO DOC\u00caNCIA NA GRADUA\u00c7\u00c3O<\/td><td>OBRIGAT\u00d3RIA<\/td><td>Doutorado<\/td><td>1<\/td><td>Ativa<\/td><\/tr><tr><td class=\"has-text-align-center\" data-align=\"center\"><a href=\"https:\/\/uenf.br\/posgraduacao\/politicas-sociais\/wp-content\/uploads\/sites\/11\/2023\/09\/PPS4814.pdf\" target=\"_blank\" rel=\"noreferrer noopener\">PPS4814<\/a><\/td><td>AS INTERFACES DO RURAL E DO URBANO NA SOCIOLOGIA BRASILEIRA<\/td><td>OPTATIVA<\/td><td>Mestrado\/Doutorado<\/td><td>4<\/td><td>Ativa<\/td><\/tr><tr><td class=\"has-text-align-center\" data-align=\"center\"><a href=\"https:\/\/uenf.br\/posgraduacao\/politicas-sociais\/wp-content\/uploads\/sites\/11\/2023\/09\/PPS4815.pdf\" target=\"_blank\" rel=\"noreferrer noopener\">PPS4815<\/a><\/td><td>T\u00d3PICOS ESPECIAIS EM POL\u00cdTICAS SOCIAIS: AGENDA P\u00daBLICA, PARTICIPA\u00c7\u00c3O E MOBILIZA\u00c7\u00c3O COLETIVA<\/td><td>OPTATIVA<\/td><td>Mestrado\/Doutorado<\/td><td>3<\/td><td>Ativa<\/td><\/tr><tr><td class=\"has-text-align-center\" data-align=\"center\"><a href=\"https:\/\/uenf.br\/posgraduacao\/politicas-sociais\/wp-content\/uploads\/sites\/11\/2023\/09\/PPS4816.pdf\" target=\"_blank\" rel=\"noreferrer noopener\">PPS4816<\/a><\/td><td>ROYALTIES E REGI\u00c3O<\/td><td>OPTATIVA<\/td><td>Mestrado\/Doutorado<\/td><td>3<\/td><td>Ativa<\/td><\/tr><tr><td class=\"has-text-align-center\" data-align=\"center\"><a href=\"https:\/\/uenf.br\/posgraduacao\/politicas-sociais\/wp-content\/uploads\/sites\/11\/2023\/09\/PPS4817.pdf\" target=\"_blank\" rel=\"noreferrer noopener\">PPS4817<\/a><\/td><td>LINGUAGEM MUSICAL NA CULTURA POPULAR<\/td><td>OPTATIVA<\/td><td>Mestrado\/Doutorado<\/td><td>3<\/td><td>Ativa<\/td><\/tr><tr><td class=\"has-text-align-center\" data-align=\"center\"><a href=\"https:\/\/uenf.br\/posgraduacao\/politicas-sociais\/wp-content\/uploads\/sites\/11\/2023\/09\/PPS4818.pdf\" target=\"_blank\" rel=\"noreferrer noopener\">PPS4818<\/a><\/td><td>GEOGRAFIA, AMBIENTE E POL\u00cdTICAS EM SA\u00daDE<\/td><td>OPTATIVA<\/td><td>Mestrado\/Doutorado<\/td><td>3<\/td><td>Ativa<\/td><\/tr><tr><td class=\"has-text-align-center\" data-align=\"center\"><a href=\"https:\/\/uenf.br\/posgraduacao\/politicas-sociais\/wp-content\/uploads\/sites\/11\/2023\/09\/PPS4819.pdf\" target=\"_blank\" rel=\"noreferrer noopener\">PPS4819<\/a><\/td><td>T\u00d3PICOS ESPECIAIS EM POL\u00cdTICAS SOCIAIS: INCLUS\u00c3O E JUSTI\u00c7A SOCIAL<\/td><td>OPTATIVA<\/td><td>Mestrado\/Doutorado<\/td><td>3<\/td><td>Ativa<\/td><\/tr><tr><td class=\"has-text-align-center\" data-align=\"center\"><a href=\"https:\/\/uenf.br\/posgraduacao\/politicas-sociais\/wp-content\/uploads\/sites\/11\/2023\/09\/PPS4820.pdf\" target=\"_blank\" rel=\"noreferrer noopener\">PPS4820<\/a><\/td><td>T\u00d3PICOS ESPECIAIS EM ESTUDOS URBANOS: A POL\u00cdTICA URBANA BRASILEIRA<\/td><td>OPTATIVA<\/td><td>Mestrado\/Doutorado<\/td><td>3<\/td><td>Ativa<\/td><\/tr><tr><td class=\"has-text-align-center\" data-align=\"center\"><a href=\"https:\/\/uenf.br\/posgraduacao\/politicas-sociais\/wp-content\/uploads\/sites\/11\/2023\/09\/PPS4821.pdf\" target=\"_blank\" rel=\"noreferrer noopener\">PPS4821<\/a><\/td><td>POL\u00cdTICAS SOCIAIS E PENSAMENTO CR\u00cdTICO<\/td><td>OPTATIVA<\/td><td>Mestrado\/Doutorado<\/td><td>3<\/td><td>Ativa<\/td><\/tr><tr><td class=\"has-text-align-center\" data-align=\"center\"><a href=\"https:\/\/uenf.br\/posgraduacao\/politicas-sociais\/wp-content\/uploads\/sites\/11\/2023\/09\/PPS4822.pdf\" target=\"_blank\" rel=\"noreferrer noopener\">PPS4822<\/a><\/td><td>T\u00d3PICOS ESPECIAIS: LEITURAS SOBRE NATUREZA, CULTURA, ARTES E CONHECIMENTO<\/td><td>OPTATIVA<\/td><td>Mestrado\/Doutorado<\/td><td>2<\/td><td>Ativa<\/td><\/tr><tr><td class=\"has-text-align-center\" data-align=\"center\"><a href=\"https:\/\/uenf.br\/posgraduacao\/politicas-sociais\/wp-content\/uploads\/sites\/11\/2023\/09\/PPS4823.pdf\" target=\"_blank\" rel=\"noreferrer noopener\">PPS4823<\/a><\/td><td>DESENVOLVIMENTO, NEOEXTRATIVISMO E CONFLITOS<\/td><td>OPTATIVA<\/td><td>Mestrado\/Doutorado<\/td><td>3<\/td><td>Ativa<\/td><\/tr><tr><td class=\"has-text-align-center\" data-align=\"center\"><a href=\"https:\/\/uenf.br\/posgraduacao\/politicas-sociais\/wp-content\/uploads\/sites\/11\/2023\/09\/PPS4824.pdf\" target=\"_blank\" rel=\"noreferrer noopener\">PPS4824<\/a><\/td><td>INTRODU\u00c7\u00c3O INTERDISCIPLINAR AOS ESTUDOS SOBRE MULHERES E G\u00caNERO<\/td><td>OPTATIVA<\/td><td>Mestrado\/Doutorado<\/td><td>3<\/td><td>Ativa<\/td><\/tr><tr><td class=\"has-text-align-center\" data-align=\"center\"><a href=\"https:\/\/uenf.br\/posgraduacao\/politicas-sociais\/wp-content\/uploads\/sites\/11\/2023\/09\/PPS4825.pdf\" target=\"_blank\" rel=\"noreferrer noopener\">PPS4825<\/a><\/td><td>URBANIZA\u00c7\u00c3O, POL\u00cdTICA E ESPA\u00c7O: O PENSAMENTO DE L\u00c9F\u00c8BVRE E SEUS CR\u00cdTICO<\/td><td>OPTATIVA<\/td><td>Mestrado\/Doutorado<\/td><td>3<\/td><td>Ativa<\/td><\/tr><tr><td class=\"has-text-align-center\" data-align=\"center\"><a href=\"https:\/\/uenf.br\/posgraduacao\/politicas-sociais\/wp-content\/uploads\/sites\/11\/2023\/09\/PPS4826.pdf\" target=\"_blank\" rel=\"noreferrer noopener\">PPS4826<\/a><\/td><td>\u00c9TICA NA PESQUISA NAS CI\u00caNCIAS SOCIAIS E HUMANAS<\/td><td>OPTATIVA<\/td><td>Mestrado\/Doutorado<\/td><td>1<\/td><td>Ativa<\/td><\/tr><tr><td class=\"has-text-align-center\" data-align=\"center\"><a href=\"https:\/\/uenf.br\/posgraduacao\/politicas-sociais\/wp-content\/uploads\/sites\/11\/2023\/09\/PPS4827.pdf\" target=\"_blank\" rel=\"noreferrer noopener\">PPS4827<\/a><\/td><td>T\u00d3PICOS ESPECIAIS DE METODOLOGIA QUALITATIVA: O M\u00c9TODO DE ENTREVISTA<\/td><td>OPTATIVA<\/td><td>Mestrado\/Doutorado<\/td><td>3<\/td><td>Ativa<\/td><\/tr><tr><td class=\"has-text-align-center\" data-align=\"center\"><a href=\"https:\/\/uenf.br\/posgraduacao\/politicas-sociais\/wp-content\/uploads\/sites\/11\/2023\/09\/PPS4828.pdf\" target=\"_blank\" rel=\"noreferrer noopener\">PPS4828<\/a><\/td><td>T\u00d3PICOS ESPECIAIS: METODOLOGIA QUANTITATIVA<\/td><td>OPTATIVA<\/td><td>Mestrado\/Doutorado<\/td><td>3<\/td><td>Ativa<\/td><\/tr><tr><td class=\"has-text-align-center\" data-align=\"center\"><a href=\"https:\/\/uenf.br\/posgraduacao\/politicas-sociais\/wp-content\/uploads\/sites\/11\/2023\/09\/PPS4829.pdf\" target=\"_blank\" rel=\"noreferrer noopener\">PPS4829<\/a><\/td><td>T\u00d3PICOS ESPECIAIS EM EDUCA\u00c7\u00c3O E QUILOMBOS NO CONTEXTO DAS POL\u00cdTICAS SOCIAIS PARA A PROMO\u00c7\u00c3O DA IGUALDADE RACIAL<\/td><td>OPTATIVA<\/td><td>Mestrado\/Doutorado<\/td><td>3<\/td><td>Ativa<\/td><\/tr><tr><td class=\"has-text-align-center\" data-align=\"center\"><a href=\"https:\/\/uenf.br\/posgraduacao\/politicas-sociais\/wp-content\/uploads\/sites\/11\/2023\/09\/PPS4830.pdf\" target=\"_blank\" rel=\"noreferrer noopener\">PPS4830<\/a><\/td><td>POLITICA RELIGIOSA<\/td><td>OPTATIVA<\/td><td>Mestrado\/Doutorado<\/td><td>3<\/td><td>Ativa<\/td><\/tr><tr><td class=\"has-text-align-center\" data-align=\"center\"><a href=\"https:\/\/uenf.br\/posgraduacao\/politicas-sociais\/wp-content\/uploads\/sites\/11\/2023\/09\/PPS4831.pdf\" target=\"_blank\" rel=\"noreferrer noopener\">PPS4831<\/a><\/td><td>EDUCA\u00c7\u00c3O, RELA\u00c7\u00d5ES \u00c9TNICO-RACIAIS E POL\u00cdTICAS SOCIAIS<\/td><td>OPTATIVA<\/td><td>Mestrado\/Doutorado<\/td><td>3<\/td><td>Ativa<\/td><\/tr><tr><td class=\"has-text-align-center\" data-align=\"center\"><a href=\"https:\/\/uenf.br\/posgraduacao\/politicas-sociais\/wp-content\/uploads\/sites\/11\/2023\/09\/PPS4832.pdf\" target=\"_blank\" rel=\"noreferrer noopener\">PPS4832<\/a><\/td><td>T\u00d3PICOS ESPECIAIS EM EDUCA\u00c7\u00c3O: DEBATES CONTEMPOR\u00c2NEOS<\/td><td>OPTATIVA<\/td><td>Mestrado\/Doutorado<\/td><td>3<\/td><td>Ativa<\/td><\/tr><tr><td class=\"has-text-align-center\" data-align=\"center\"><a href=\"https:\/\/uenf.br\/posgraduacao\/politicas-sociais\/wp-content\/uploads\/sites\/11\/2023\/09\/PPS4833.pdf\" target=\"_blank\" rel=\"noreferrer noopener\">PPS4833<\/a><\/td><td>HIST\u00d3RIA DA INSTITUCIONALIZA\u00c7\u00c3O DAS CI\u00caNCIAS SOCIAIS NO BRASIL<\/td><td>OPTATIVA<\/td><td>Mestrado\/Doutorado<\/td><td>3<\/td><td>Ativa<\/td><\/tr><tr><td class=\"has-text-align-center\" data-align=\"center\"><a href=\"https:\/\/uenf.br\/posgraduacao\/politicas-sociais\/wp-content\/uploads\/sites\/11\/2023\/09\/PPS4834.pdf\" target=\"_blank\" rel=\"noreferrer noopener\">PPS4834<\/a><\/td><td>POL\u00cdTICAS P\u00daBLICAS E PESCA ARTESANAL<\/td><td>OPTATIVA<\/td><td>Mestrado\/Doutorado<\/td><td>4<\/td><td>Ativa<\/td><\/tr><tr><td class=\"has-text-align-center\" data-align=\"center\"><a href=\"https:\/\/uenf.br\/posgraduacao\/politicas-sociais\/wp-content\/uploads\/sites\/11\/2023\/09\/PPS4835.pdf\" target=\"_blank\" rel=\"noreferrer noopener\">PPS4835<\/a><\/td><td>POL\u00cdTICAS P\u00daBLICAS E DESENVOLVIMENTO NO BRASIL<\/td><td>OPTATIVA<\/td><td>Mestrado\/Doutorado<\/td><td>3<\/td><td>Ativa<\/td><\/tr><tr><td class=\"has-text-align-center\" data-align=\"center\"><a href=\"https:\/\/uenf.br\/posgraduacao\/politicas-sociais\/wp-content\/uploads\/sites\/11\/2023\/09\/PPS4836.pdf\" target=\"_blank\" rel=\"noreferrer noopener\">PPS4836<\/a><\/td><td>T\u00d3PICOS ESPECIAIS: NATUREZA E CULTURA, CI\u00caNCIA E ARTE: NOVAS EPISTEMOLOGIAS<\/td><td>OPTATIVA<\/td><td>Mestrado\/Doutorado<\/td><td>3<\/td><td>Ativa<\/td><\/tr><tr><td class=\"has-text-align-center\" data-align=\"center\"><a href=\"https:\/\/uenf.br\/posgraduacao\/politicas-sociais\/wp-content\/uploads\/sites\/11\/2023\/09\/PPS4837.pdf\" target=\"_blank\" rel=\"noreferrer noopener\">PPS4837<\/a><\/td><td>FUNDAMENTOS DO DESENVOLVIMENTO REGIONAL TERRITORIAL NO BRASIL<\/td><td>OPTATIVA<\/td><td>Mestrado\/Doutorado<\/td><td>3<\/td><td>Ativa<\/td><\/tr><tr><td class=\"has-text-align-center\" data-align=\"center\"><a href=\"https:\/\/uenf.br\/posgraduacao\/politicas-sociais\/wp-content\/uploads\/sites\/11\/2023\/09\/PPS4838.pdf\" target=\"_blank\" rel=\"noreferrer noopener\">PPS4838<\/a><\/td><td>T\u00d3PICOS ESPECIAIS EM ESTUDOS URBANOS: CIDADE E POBREZA URBANA NO PENSAMENTO SOCIAL BRASILEIRO<\/td><td>OPTATIVA<\/td><td>Mestrado\/Doutorado<\/td><td>3<\/td><td>Ativa<\/td><\/tr><tr><td class=\"has-text-align-center\" data-align=\"center\"><a href=\"https:\/\/uenf.br\/posgraduacao\/politicas-sociais\/wp-content\/uploads\/sites\/11\/2023\/09\/PPS4839.pdf\" target=\"_blank\" rel=\"noreferrer noopener\">PPS4839<\/a><\/td><td>T\u00d3PICOS ESPECIAIS EM ESTUDOS URBANOS: CINEMA E CIDADE, A CIDADE NO CINEMA<\/td><td>OPTATIVA<\/td><td>Mestrado\/Doutorado<\/td><td>3<\/td><td>Ativa<\/td><\/tr><tr><td class=\"has-text-align-center\" data-align=\"center\"><a href=\"https:\/\/uenf.br\/posgraduacao\/politicas-sociais\/wp-content\/uploads\/sites\/11\/2023\/09\/PPS4840.pdf\" target=\"_blank\" rel=\"noreferrer noopener\">PPS4840<\/a><\/td><td>T\u00d3PICOS ESPECIAIS EM METODOLOGIA DE SURVEY<\/td><td>OPTATIVA<\/td><td>Mestrado\/Doutorado<\/td><td>4<\/td><td>Ativa<\/td><\/tr><tr><td class=\"has-text-align-center\" data-align=\"center\"><a href=\"https:\/\/uenf.br\/posgraduacao\/politicas-sociais\/wp-content\/uploads\/sites\/11\/2023\/09\/PPS4841.pdf\" target=\"_blank\" rel=\"noreferrer noopener\">PPS4841<\/a><\/td><td>T\u00d3PICOS ESPECIAIS EM METODOLOGIA QUALITATIVA<\/td><td>OPTATIVA<\/td><td>Mestrado\/Doutorado<\/td><td>3<\/td><td>Ativa<\/td><\/tr><tr><td class=\"has-text-align-center\" data-align=\"center\"><a href=\"https:\/\/uenf.br\/posgraduacao\/politicas-sociais\/wp-content\/uploads\/sites\/11\/2023\/09\/PPS4842.pdf\" target=\"_blank\" rel=\"noreferrer noopener\">PPS4842<\/a><\/td><td>T\u00d3PICOS ESPECIAIS EM FILOSOFIA: PENSAMENTO CR\u00cdTICO E EPISTEMOLOGIA DA ARGUMENTA\u00c7\u00c3O<\/td><td>OPTATIVA<\/td><td>Mestrado\/Doutorado<\/td><td>3<\/td><td>Ativa<\/td><\/tr><tr><td class=\"has-text-align-center\" data-align=\"center\"><a href=\"https:\/\/uenf.br\/posgraduacao\/politicas-sociais\/wp-content\/uploads\/sites\/11\/2023\/09\/PPS4843.pdf\" target=\"_blank\" rel=\"noreferrer noopener\">PPS4843<\/a><\/td><td>T\u00d3PICOS ESPECIAIS EM ARTE E EDUCA\u00c7\u00c3O: PERCEP\u00c7\u00c3O, CULTURA E CRIA\u00c7\u00c3O<\/td><td>OPTATIVA<\/td><td>Mestrado\/Doutorado<\/td><td>2<\/td><td>Ativa<\/td><\/tr><tr><td class=\"has-text-align-center\" data-align=\"center\"><a href=\"https:\/\/uenf.br\/posgraduacao\/politicas-sociais\/wp-content\/uploads\/sites\/11\/2023\/09\/PPS4844.pdf\" target=\"_blank\" rel=\"noreferrer noopener\">PPS4844<\/a><\/td><td>MEM\u00d3RIA, IMAGEM E ITINER\u00c1RIOS COM M\u00c9TODOS EXPERIMENTAIS<\/td><td>OPTATIVA<\/td><td>Mestrado\/Doutorado<\/td><td>2<\/td><td>Ativa<\/td><\/tr><tr><td class=\"has-text-align-center\" data-align=\"center\"><a href=\"https:\/\/uenf.br\/posgraduacao\/politicas-sociais\/wp-content\/uploads\/sites\/11\/2023\/09\/PPS4845.pdf\" target=\"_blank\" rel=\"noreferrer noopener\">PPS4845<\/a><\/td><td>M\u00c9TODOS QUANTITATIVOS APLICADOS \u00c0S POL\u00cdTICAS SOCIAIS<\/td><td>OPTATIVA<\/td><td>Mestrado\/Doutorado<\/td><td>3<\/td><td>Ativa<\/td><\/tr><tr><td class=\"has-text-align-center\" data-align=\"center\"><a href=\"https:\/\/uenf.br\/posgraduacao\/politicas-sociais\/wp-content\/uploads\/sites\/11\/2023\/09\/PPS4846.pdf\" target=\"_blank\" rel=\"noreferrer noopener\">PPS4846<\/a><\/td><td>DESENVOLVIMENTO ECON\u00d4MICO, INOVA\u00c7\u00c3O SOCIAL E COMUNIDADE TRADICIONAL<\/td><td>OPTATIVA<\/td><td>Mestrado\/Doutorado<\/td><td>3<\/td><td>Ativa<\/td><\/tr><tr><td class=\"has-text-align-center\" data-align=\"center\"><a href=\"https:\/\/uenf.br\/posgraduacao\/politicas-sociais\/wp-content\/uploads\/sites\/11\/2023\/09\/PPS4847.pdf\" target=\"_blank\" rel=\"noreferrer noopener\">PPS4847<\/a><\/td><td>T\u00d3PICOS ESPECIAIS EM ESTUDOS URBANOS: POL\u00cdTICA REGIONAL E URBANA BRASILEIRA<\/td><td>OPTATIVA<\/td><td>Mestrado\/Doutorado<\/td><td>3<\/td><td>Ativa<\/td><\/tr><tr><td class=\"has-text-align-center\" data-align=\"center\"><a href=\"https:\/\/uenf.br\/posgraduacao\/politicas-sociais\/wp-content\/uploads\/sites\/11\/2023\/09\/PPS4848.pdf\" target=\"_blank\" rel=\"noreferrer noopener\">PPS4848<\/a><\/td><td>MEIO AMBIENTE, POL\u00cdTICAS P\u00daBLICAS, DESIGUALDADE E JUSTI\u00c7A AMBIENTAL<\/td><td>OPTATIVA<\/td><td>Mestrado\/Doutorado<\/td><td>3<\/td><td>Ativa<\/td><\/tr><tr><td class=\"has-text-align-center\" data-align=\"center\"><a href=\"https:\/\/uenf.br\/posgraduacao\/politicas-sociais\/wp-content\/uploads\/sites\/11\/2023\/09\/PPS4849.pdf\" target=\"_blank\" rel=\"noreferrer noopener\">PPS4849<\/a><\/td><td>T\u00d3PICOS ESPECIAIS EM ESTUDOS URBANOS: CONFLITOS URBANOS E SOCIOAMBIENTAIS<\/td><td>OPTATIVA<\/td><td>Mestrado\/Doutorado<\/td><td>4<\/td><td>Ativa<\/td><\/tr><tr><td class=\"has-text-align-center\" data-align=\"center\"><a href=\"https:\/\/uenf.br\/posgraduacao\/politicas-sociais\/wp-content\/uploads\/sites\/11\/2023\/09\/PPS4850.pdf\" target=\"_blank\" rel=\"noreferrer noopener\">PPS4850<\/a><\/td><td>ESTUDOS EM EMANCIPA\u00c7\u00c3O E COOPERA\u00c7\u00c3O<\/td><td>OPTATIVA<\/td><td>Mestrado\/Doutorado<\/td><td>3<\/td><td>Ativa<\/td><\/tr><tr><td class=\"has-text-align-center\" data-align=\"center\"><a href=\"https:\/\/uenf.br\/posgraduacao\/politicas-sociais\/wp-content\/uploads\/sites\/11\/2023\/09\/PPS4851.pdf\" target=\"_blank\" rel=\"noreferrer noopener\">PPS4851<\/a><\/td><td>T\u00d3PICOS ESPECIAIS EM EDUCA\u00c7\u00c3O: EMBATES E DISPUTAS NO CONTEXTO DA REDEMOCRATIZA\u00c7\u00c3O BRASILEIRA<\/td><td>OPTATIVA<\/td><td>Mestrado\/Doutorado<\/td><td>3<\/td><td>Ativa<\/td><\/tr><\/tbody><\/table><\/figure>\n","protected":false},"excerpt":{"rendered":"<p>IMPORTANTE! As disciplinas n\u00e3o s\u00e3o oferecidas todos os semestres. Em caso de aluno especial favor consultar as disciplinas ofertadas no semestre. Os alun<\/p>\n","protected":false},"author":1,"featured_media":0,"parent":0,"menu_order":0,"comment_status":"closed","ping_status":"closed","template":"fullwidth.php","meta":{"footnotes":""},"class_list":["post-568","page","type-page","status-publish","hentry"],"_links":{"self":[{"href":"https:\/\/ppgps.uenf.br\/index.php?rest_route=\/wp\/v2\/pages\/568","targetHints":{"allow":["GET"]}}],"collection":[{"href":"https:\/\/ppgps.uenf.br\/index.php?rest_route=\/wp\/v2\/pages"}],"about":[{"href":"https:\/\/ppgps.uenf.br\/index.php?rest_route=\/wp\/v2\/types\/page"}],"author":[{"embeddable":true,"href":"https:\/\/ppgps.uenf.br\/index.php?rest_route=\/wp\/v2\/users\/1"}],"replies":[{"embeddable":true,"href":"https:\/\/ppgps.uenf.br\/index.php?rest_route=%2Fwp%2Fv2%2Fcomments&post=568"}],"version-history":[{"count":3,"href":"https:\/\/ppgps.uenf.br\/index.php?rest_route=\/wp\/v2\/pages\/568\/revisions"}],"predecessor-version":[{"id":573,"href":"https:\/\/ppgps.uenf.br\/index.php?rest_route=\/wp\/v2\/pages\/568\/revisions\/573"}],"wp:attachment":[{"href":"https:\/\/ppgps.uenf.br\/index.php?rest_route=%2Fwp%2Fv2%2Fmedia&parent=568"}],"curies":[{"name":"wp","href":"https:\/\/api.w.org\/{rel}","templated":true}]}}